{"id":2097,"date":"2021-10-06T17:22:37","date_gmt":"2021-10-06T15:22:37","guid":{"rendered":"http:\/\/xn--choeurprlude-ieb.be\/?page_id=2097"},"modified":"2025-12-17T18:20:21","modified_gmt":"2025-12-17T17:20:21","slug":"2021-2","status":"publish","type":"page","link":"https:\/\/xn--choeurprlude-ieb.be\/?page_id=2097","title":{"rendered":"ANNEES 2022-2023-2024"},"content":{"rendered":"<p><strong><em>R\u00e9alisation fichiers: Claudy CHAUVAUX<\/em><\/strong><\/p>\n<p style=\"padding-left: 40px;\"><span style=\"color: #800000;\"><strong><span style=\"text-decoration: underline;\"><em>REMARQUE:<\/em><\/span><\/strong><\/span><\/p>\n<p style=\"padding-left: 40px;\"><span style=\"color: #800000;\">Si vous souhaitez r\u00e9p\u00e9ter ces partitions avec un tempo plus lent, vous pouvez les ouvrir avec le logiciel gratuit \u00ab\u00a0VLC media player\u00a0\u00bb<\/span><\/p>\n<p style=\"padding-left: 40px;\"><span style=\"color: #800000;\">Comment faire ?<\/span><\/p>\n<ol>\n<li style=\"list-style-type: none;\">\n<ol>\n<li><span style=\"color: #800000;\">T\u00e9l\u00e9charger le fichier qui vous int\u00e9resse.<\/span><br \/>\n<span style=\"color: #800000;\">Pour cela, s\u00e9lectionner l&rsquo;URL du fichier, mentionn\u00e9 en caract\u00e8res gras sous la barre de lecture.<\/span><br \/>\n<span style=\"color: #800000;\">Coller cet URL dans la case de recherche de votre navigateur et l&rsquo;ouvrir.<\/span><br \/>\n<span style=\"color: #800000;\">Le fichier d\u00e9marre alors sur un \u00e9cran noir avec une zone blanche au milieu.<\/span><br \/>\n<span style=\"color: #800000;\">Cliquez alors sur les 3 petits points qui figurent \u00e0 droite de la zone blanche.<\/span><br \/>\n<span style=\"color: #800000;\">Un menu s&rsquo;ouvre alors dans lequel figure l&rsquo;option \u00ab\u00a0t\u00e9l\u00e9charger\u00a0\u00bb<\/span><\/li>\n<li><span style=\"color: #800000;\">Une fois t\u00e9l\u00e9charg\u00e9, enregistrez le fichier dans un r\u00e9pertoire appropri\u00e9 si vous voulez le conserver.<\/span><br \/>\n<span style=\"color: #800000;\">Vous pouvez alors l&rsquo;ouvrir avec VLC<\/span><br \/>\n<span style=\"color: #800000;\">Rep\u00e9rez l&rsquo;option \u00ab\u00a0lecture\u00a0\u00bb dans le menu sup\u00e9rieur et s\u00e9lectionnez la.<\/span><br \/>\n<span style=\"color: #800000;\">Un second menu s&rsquo;ouvre dans lequel il y a l&rsquo;option \u00ab\u00a0vitesse\u00a0\u00bb<\/span><br \/>\n<span style=\"color: #800000;\">En cliquant sur cette option, vous avez diff\u00e9rentes possibilit\u00e9s, ralentir, acc\u00e9l\u00e9rer&#8230;..<\/span><\/li>\n<\/ol>\n<\/li>\n<\/ol>\n<p style=\"padding-left: 40px;\"><span style=\"color: #800000;\">Bonne r\u00e9p\u00e9tition<\/span><\/p>\n<p style=\"padding-left: 40px;\">\n<p>&#8212;&#8212;&#8212;&#8212;&#8212;&#8212;&#8212;&#8212;&#8212;&#8212;&#8212;&#8212;&#8212;&#8212;&#8212;&#8212;&#8212;&#8212;&#8212;&#8212;&#8212;&#8212;&#8212;&#8212;&#8212;&#8212;&#8212;<\/p>\n[toggle title=\u00a0\u00bb<strong>BACH Johann Christoph- Der mensch<\/strong>\u00ab\u00a0]\n<p>Soprano 1: <div class=\"su-audio\" data-id=\"su_audio_player_69f2fed87ae7a\" data-audio=\"http:\/\/xn--choeurprlude-ieb.be\/wp-content\/uploads\/2023\/11\/1a-sopr1_Der-Mensch-vom-Weibe-geboren.mp3\" data-swf=\"https:\/\/xn--choeurprlude-ieb.be\/wp-content\/plugins\/shortcodes-ultimate\/vendor\/jplayer\/jplayer.swf\" data-autoplay=\"no\" data-loop=\"no\" style=\"\"><div id=\"su_audio_player_69f2fed87ae7a\" class=\"jp-jplayer\"><\/div><div id=\"su_audio_player_69f2fed87ae7a_container\" class=\"jp-audio\"><div class=\"jp-type-single\"><div class=\"jp-gui jp-interface\"><div class=\"jp-controls\"><span class=\"jp-play\"><\/span><span class=\"jp-pause\"><\/span><span class=\"jp-stop\"><\/span><span class=\"jp-mute\"><\/span><span class=\"jp-unmute\"><\/span><span class=\"jp-volume-max\"><\/span><\/div><div class=\"jp-progress\"><div class=\"jp-seek-bar\"><div class=\"jp-play-bar\"><\/div><\/div><\/div><div class=\"jp-volume-bar\"><div class=\"jp-volume-bar-value\"><\/div><\/div><div class=\"jp-current-time\"><\/div><div class=\"jp-duration\"><\/div><\/div><div class=\"jp-title\"><\/div><\/div><\/div><\/div>\n<p>URL fichier: http:\/\/xn--choeurprlude-ieb.be\/wp-content\/uploads\/2023\/11\/1a-sopr1_Der-Mensch-vom-Weibe-geboren.mp3<\/p>\n<p>Soprano 2: <div class=\"su-audio\" data-id=\"su_audio_player_69f2fed87aedc\" data-audio=\"http:\/\/xn--choeurprlude-ieb.be\/wp-content\/uploads\/2023\/11\/1b-sopr2_Der-Mensch-vom-Weibe-geboren.mp3\" data-swf=\"https:\/\/xn--choeurprlude-ieb.be\/wp-content\/plugins\/shortcodes-ultimate\/vendor\/jplayer\/jplayer.swf\" data-autoplay=\"no\" data-loop=\"no\" style=\"\"><div id=\"su_audio_player_69f2fed87aedc\" class=\"jp-jplayer\"><\/div><div id=\"su_audio_player_69f2fed87aedc_container\" class=\"jp-audio\"><div class=\"jp-type-single\"><div class=\"jp-gui jp-interface\"><div class=\"jp-controls\"><span class=\"jp-play\"><\/span><span class=\"jp-pause\"><\/span><span class=\"jp-stop\"><\/span><span class=\"jp-mute\"><\/span><span class=\"jp-unmute\"><\/span><span class=\"jp-volume-max\"><\/span><\/div><div class=\"jp-progress\"><div class=\"jp-seek-bar\"><div class=\"jp-play-bar\"><\/div><\/div><\/div><div class=\"jp-volume-bar\"><div class=\"jp-volume-bar-value\"><\/div><\/div><div class=\"jp-current-time\"><\/div><div class=\"jp-duration\"><\/div><\/div><div class=\"jp-title\"><\/div><\/div><\/div><\/div>\n<p>URL fichier: http:\/\/xn--choeurprlude-ieb.be\/wp-content\/uploads\/2023\/11\/1b-sopr2_Der-Mensch-vom-Weibe-geboren.mp3<\/p>\n<p>Alto : <div class=\"su-audio\" data-id=\"su_audio_player_69f2fed87af28\" data-audio=\"http:\/\/xn--choeurprlude-ieb.be\/wp-content\/uploads\/2023\/11\/2-alto_Der-Mensch-vom-Weibe-geboren.mp3\" data-swf=\"https:\/\/xn--choeurprlude-ieb.be\/wp-content\/plugins\/shortcodes-ultimate\/vendor\/jplayer\/jplayer.swf\" data-autoplay=\"no\" data-loop=\"no\" style=\"\"><div id=\"su_audio_player_69f2fed87af28\" class=\"jp-jplayer\"><\/div><div id=\"su_audio_player_69f2fed87af28_container\" class=\"jp-audio\"><div class=\"jp-type-single\"><div class=\"jp-gui jp-interface\"><div class=\"jp-controls\"><span class=\"jp-play\"><\/span><span class=\"jp-pause\"><\/span><span class=\"jp-stop\"><\/span><span class=\"jp-mute\"><\/span><span class=\"jp-unmute\"><\/span><span class=\"jp-volume-max\"><\/span><\/div><div class=\"jp-progress\"><div class=\"jp-seek-bar\"><div class=\"jp-play-bar\"><\/div><\/div><\/div><div class=\"jp-volume-bar\"><div class=\"jp-volume-bar-value\"><\/div><\/div><div class=\"jp-current-time\"><\/div><div class=\"jp-duration\"><\/div><\/div><div class=\"jp-title\"><\/div><\/div><\/div><\/div>\n<p>URL fichier: http:\/\/xn--choeurprlude-ieb.be\/wp-content\/uploads\/2023\/11\/2-alto_Der-Mensch-vom-Weibe-geboren.mp3<\/p>\n<p>Tenor : <div class=\"su-audio\" data-id=\"su_audio_player_69f2fed87af71\" data-audio=\"http:\/\/xn--choeurprlude-ieb.be\/wp-content\/uploads\/2023\/11\/3-teno_Der-Mensch-vom-Weibe-geboren.mp3\" data-swf=\"https:\/\/xn--choeurprlude-ieb.be\/wp-content\/plugins\/shortcodes-ultimate\/vendor\/jplayer\/jplayer.swf\" data-autoplay=\"no\" data-loop=\"no\" style=\"\"><div id=\"su_audio_player_69f2fed87af71\" class=\"jp-jplayer\"><\/div><div id=\"su_audio_player_69f2fed87af71_container\" class=\"jp-audio\"><div class=\"jp-type-single\"><div class=\"jp-gui jp-interface\"><div class=\"jp-controls\"><span class=\"jp-play\"><\/span><span class=\"jp-pause\"><\/span><span class=\"jp-stop\"><\/span><span class=\"jp-mute\"><\/span><span class=\"jp-unmute\"><\/span><span class=\"jp-volume-max\"><\/span><\/div><div class=\"jp-progress\"><div class=\"jp-seek-bar\"><div class=\"jp-play-bar\"><\/div><\/div><\/div><div class=\"jp-volume-bar\"><div class=\"jp-volume-bar-value\"><\/div><\/div><div class=\"jp-current-time\"><\/div><div class=\"jp-duration\"><\/div><\/div><div class=\"jp-title\"><\/div><\/div><\/div><\/div>\n<p>URL fichier: http:\/\/xn--choeurprlude-ieb.be\/wp-content\/uploads\/2023\/11\/3-teno_Der-Mensch-vom-Weibe-geboren.mp3<\/p>\n<p>Basse : <div class=\"su-audio\" data-id=\"su_audio_player_69f2fed87afb7\" data-audio=\"http:\/\/xn--choeurprlude-ieb.be\/wp-content\/uploads\/2023\/11\/4-bass_Der-Mensch-vom-Weibe-geboren.mp3\" data-swf=\"https:\/\/xn--choeurprlude-ieb.be\/wp-content\/plugins\/shortcodes-ultimate\/vendor\/jplayer\/jplayer.swf\" data-autoplay=\"no\" data-loop=\"no\" style=\"\"><div id=\"su_audio_player_69f2fed87afb7\" class=\"jp-jplayer\"><\/div><div id=\"su_audio_player_69f2fed87afb7_container\" class=\"jp-audio\"><div class=\"jp-type-single\"><div class=\"jp-gui jp-interface\"><div class=\"jp-controls\"><span class=\"jp-play\"><\/span><span class=\"jp-pause\"><\/span><span class=\"jp-stop\"><\/span><span class=\"jp-mute\"><\/span><span class=\"jp-unmute\"><\/span><span class=\"jp-volume-max\"><\/span><\/div><div class=\"jp-progress\"><div class=\"jp-seek-bar\"><div class=\"jp-play-bar\"><\/div><\/div><\/div><div class=\"jp-volume-bar\"><div class=\"jp-volume-bar-value\"><\/div><\/div><div class=\"jp-current-time\"><\/div><div class=\"jp-duration\"><\/div><\/div><div class=\"jp-title\"><\/div><\/div><\/div><\/div>\n<p>URL fichier: http:\/\/xn--choeurprlude-ieb.be\/wp-content\/uploads\/2023\/11\/4-bass_Der-Mensch-vom-Weibe-geboren.mp3<\/p>\n<p>TUTTI : <div class=\"su-audio\" data-id=\"su_audio_player_69f2fed87affd\" data-audio=\"http:\/\/xn--choeurprlude-ieb.be\/wp-content\/uploads\/2023\/11\/0-tutti_Der-Mensch-vom-Weibe-geboren.mp3\" data-swf=\"https:\/\/xn--choeurprlude-ieb.be\/wp-content\/plugins\/shortcodes-ultimate\/vendor\/jplayer\/jplayer.swf\" data-autoplay=\"no\" data-loop=\"no\" style=\"\"><div id=\"su_audio_player_69f2fed87affd\" class=\"jp-jplayer\"><\/div><div id=\"su_audio_player_69f2fed87affd_container\" class=\"jp-audio\"><div class=\"jp-type-single\"><div class=\"jp-gui jp-interface\"><div class=\"jp-controls\"><span class=\"jp-play\"><\/span><span class=\"jp-pause\"><\/span><span class=\"jp-stop\"><\/span><span class=\"jp-mute\"><\/span><span class=\"jp-unmute\"><\/span><span class=\"jp-volume-max\"><\/span><\/div><div class=\"jp-progress\"><div class=\"jp-seek-bar\"><div class=\"jp-play-bar\"><\/div><\/div><\/div><div class=\"jp-volume-bar\"><div class=\"jp-volume-bar-value\"><\/div><\/div><div class=\"jp-current-time\"><\/div><div class=\"jp-duration\"><\/div><\/div><div class=\"jp-title\"><\/div><\/div><\/div><\/div>\n<p>URL fichier: http:\/\/xn--choeurprlude-ieb.be\/wp-content\/uploads\/2023\/11\/0-tutti_Der-Mensch-vom-Weibe-geboren.mp3<\/p>\n<p>VERSION CHANTEE : <div class=\"su-audio\" data-id=\"su_audio_player_69f2fed87b042\" data-audio=\"http:\/\/xn--choeurprlude-ieb.be\/wp-content\/uploads\/2023\/11\/0-tutti-CHANTE_Der-Mensch-vom-Weibe-geboren.mp3\" data-swf=\"https:\/\/xn--choeurprlude-ieb.be\/wp-content\/plugins\/shortcodes-ultimate\/vendor\/jplayer\/jplayer.swf\" data-autoplay=\"no\" data-loop=\"no\" style=\"\"><div id=\"su_audio_player_69f2fed87b042\" class=\"jp-jplayer\"><\/div><div id=\"su_audio_player_69f2fed87b042_container\" class=\"jp-audio\"><div class=\"jp-type-single\"><div class=\"jp-gui jp-interface\"><div class=\"jp-controls\"><span class=\"jp-play\"><\/span><span class=\"jp-pause\"><\/span><span class=\"jp-stop\"><\/span><span class=\"jp-mute\"><\/span><span class=\"jp-unmute\"><\/span><span class=\"jp-volume-max\"><\/span><\/div><div class=\"jp-progress\"><div class=\"jp-seek-bar\"><div class=\"jp-play-bar\"><\/div><\/div><\/div><div class=\"jp-volume-bar\"><div class=\"jp-volume-bar-value\"><\/div><\/div><div class=\"jp-current-time\"><\/div><div class=\"jp-duration\"><\/div><\/div><div class=\"jp-title\"><\/div><\/div><\/div><\/div>\n<p>URL fichier: http:\/\/xn--choeurprlude-ieb.be\/wp-content\/uploads\/2023\/11\/0-tutti-CHANTE_Der-Mensch-vom-Weibe-geboren.mp3<\/p>\n[toggle title=\u00a0\u00bb<strong>BACH J-S. &#8211; Ich steh an deiner Krippe hier<\/strong>\u00ab\u00a0]\n<p>Soprano : <div class=\"su-audio\" data-id=\"su_audio_player_69f2fed87b087\" data-audio=\"http:\/\/xn--choeurprlude-ieb.be\/wp-content\/uploads\/2022\/11\/AUDIO_1-sopr_Ich-steh-an-deiner-Krippe-hier.mp3\" data-swf=\"https:\/\/xn--choeurprlude-ieb.be\/wp-content\/plugins\/shortcodes-ultimate\/vendor\/jplayer\/jplayer.swf\" data-autoplay=\"no\" data-loop=\"no\" style=\"\"><div id=\"su_audio_player_69f2fed87b087\" class=\"jp-jplayer\"><\/div><div id=\"su_audio_player_69f2fed87b087_container\" class=\"jp-audio\"><div class=\"jp-type-single\"><div class=\"jp-gui jp-interface\"><div class=\"jp-controls\"><span class=\"jp-play\"><\/span><span class=\"jp-pause\"><\/span><span class=\"jp-stop\"><\/span><span class=\"jp-mute\"><\/span><span class=\"jp-unmute\"><\/span><span class=\"jp-volume-max\"><\/span><\/div><div class=\"jp-progress\"><div class=\"jp-seek-bar\"><div class=\"jp-play-bar\"><\/div><\/div><\/div><div class=\"jp-volume-bar\"><div class=\"jp-volume-bar-value\"><\/div><\/div><div class=\"jp-current-time\"><\/div><div class=\"jp-duration\"><\/div><\/div><div class=\"jp-title\"><\/div><\/div><\/div><\/div>\n<p>URL fichier: <strong>http:\/\/xn--choeurprlude-ieb.be\/wp-content\/uploads\/2022\/11\/AUDIO_1-sopr_Ich-steh-an-deiner-Krippe-hier.mp3<\/strong><\/p>\n<p>Alto : <div class=\"su-audio\" data-id=\"su_audio_player_69f2fed87b0cd\" data-audio=\"http:\/\/xn--choeurprlude-ieb.be\/wp-content\/uploads\/2022\/11\/AUDIO_2-alto_Ich-steh-an-deiner-Krippe-hier.mp3\" data-swf=\"https:\/\/xn--choeurprlude-ieb.be\/wp-content\/plugins\/shortcodes-ultimate\/vendor\/jplayer\/jplayer.swf\" data-autoplay=\"no\" data-loop=\"no\" style=\"\"><div id=\"su_audio_player_69f2fed87b0cd\" class=\"jp-jplayer\"><\/div><div id=\"su_audio_player_69f2fed87b0cd_container\" class=\"jp-audio\"><div class=\"jp-type-single\"><div class=\"jp-gui jp-interface\"><div class=\"jp-controls\"><span class=\"jp-play\"><\/span><span class=\"jp-pause\"><\/span><span class=\"jp-stop\"><\/span><span class=\"jp-mute\"><\/span><span class=\"jp-unmute\"><\/span><span class=\"jp-volume-max\"><\/span><\/div><div class=\"jp-progress\"><div class=\"jp-seek-bar\"><div class=\"jp-play-bar\"><\/div><\/div><\/div><div class=\"jp-volume-bar\"><div class=\"jp-volume-bar-value\"><\/div><\/div><div class=\"jp-current-time\"><\/div><div class=\"jp-duration\"><\/div><\/div><div class=\"jp-title\"><\/div><\/div><\/div><\/div>\n<p>URL fichier: <strong>http:\/\/xn--choeurprlude-ieb.be\/wp-content\/uploads\/2022\/11\/AUDIO_2-alto_Ich-steh-an-deiner-Krippe-hier.mp3<\/strong><\/p>\n<p>Hommes : <div class=\"su-audio\" data-id=\"su_audio_player_69f2fed87b111\" data-audio=\"http:\/\/xn--choeurprlude-ieb.be\/wp-content\/uploads\/2022\/11\/AUDIO_3-hom_Ich-steh-an-deiner-Krippe-hier.mp3\" data-swf=\"https:\/\/xn--choeurprlude-ieb.be\/wp-content\/plugins\/shortcodes-ultimate\/vendor\/jplayer\/jplayer.swf\" data-autoplay=\"no\" data-loop=\"no\" style=\"\"><div id=\"su_audio_player_69f2fed87b111\" class=\"jp-jplayer\"><\/div><div id=\"su_audio_player_69f2fed87b111_container\" class=\"jp-audio\"><div class=\"jp-type-single\"><div class=\"jp-gui jp-interface\"><div class=\"jp-controls\"><span class=\"jp-play\"><\/span><span class=\"jp-pause\"><\/span><span class=\"jp-stop\"><\/span><span class=\"jp-mute\"><\/span><span class=\"jp-unmute\"><\/span><span class=\"jp-volume-max\"><\/span><\/div><div class=\"jp-progress\"><div class=\"jp-seek-bar\"><div class=\"jp-play-bar\"><\/div><\/div><\/div><div class=\"jp-volume-bar\"><div class=\"jp-volume-bar-value\"><\/div><\/div><div class=\"jp-current-time\"><\/div><div class=\"jp-duration\"><\/div><\/div><div class=\"jp-title\"><\/div><\/div><\/div><\/div>\n<p>URL fichier: <strong>http:\/\/xn--choeurprlude-ieb.be\/wp-content\/uploads\/2022\/11\/AUDIO_3-hom_Ich-steh-an-deiner-Krippe-hier.mp3<\/strong><\/p>\n<p>TUTTI : <div class=\"su-audio\" data-id=\"su_audio_player_69f2fed87b156\" data-audio=\"http:\/\/xn--choeurprlude-ieb.be\/wp-content\/uploads\/2022\/11\/AUDIO_0-tutti_Ich-steh-an-deiner-Krippe-hier.mp3\" data-swf=\"https:\/\/xn--choeurprlude-ieb.be\/wp-content\/plugins\/shortcodes-ultimate\/vendor\/jplayer\/jplayer.swf\" data-autoplay=\"no\" data-loop=\"no\" style=\"\"><div id=\"su_audio_player_69f2fed87b156\" class=\"jp-jplayer\"><\/div><div id=\"su_audio_player_69f2fed87b156_container\" class=\"jp-audio\"><div class=\"jp-type-single\"><div class=\"jp-gui jp-interface\"><div class=\"jp-controls\"><span class=\"jp-play\"><\/span><span class=\"jp-pause\"><\/span><span class=\"jp-stop\"><\/span><span class=\"jp-mute\"><\/span><span class=\"jp-unmute\"><\/span><span class=\"jp-volume-max\"><\/span><\/div><div class=\"jp-progress\"><div class=\"jp-seek-bar\"><div class=\"jp-play-bar\"><\/div><\/div><\/div><div class=\"jp-volume-bar\"><div class=\"jp-volume-bar-value\"><\/div><\/div><div class=\"jp-current-time\"><\/div><div class=\"jp-duration\"><\/div><\/div><div class=\"jp-title\"><\/div><\/div><\/div><\/div>\n<p>URL fichier: <strong>http:\/\/xn--choeurprlude-ieb.be\/wp-content\/uploads\/2022\/11\/AUDIO_0-tutti_Ich-steh-an-deiner-Krippe-hier.mp3<\/strong><\/p>\n[\/toggle]\n[toggle title=\u00a0\u00bb<strong>BUXTEHUDE D. &#8211; Alleluia extrait de Der Herr ist mit mir<\/strong>\u00ab\u00a0]\n<p><span style=\"color: #ff0000;\"><span style=\"text-decoration: underline;\"><strong>Remarque:<\/strong><\/span> L&rsquo;int\u00e9gralite de cette \u0153uvre se trouve dans la saison 2018-2019 &#8211; lien direct: http:\/\/xn--choeurprlude-ieb.be\/?page_id=1034<\/span><\/p>\n<p>Soprano : <div class=\"su-audio\" data-id=\"su_audio_player_69f2fed87b19b\" data-audio=\"http:\/\/xn--choeurprlude-ieb.be\/wp-content\/uploads\/2022\/11\/1-sopr-Alleluia_Buxtehude.mp3\" data-swf=\"https:\/\/xn--choeurprlude-ieb.be\/wp-content\/plugins\/shortcodes-ultimate\/vendor\/jplayer\/jplayer.swf\" data-autoplay=\"no\" data-loop=\"no\" style=\"\"><div id=\"su_audio_player_69f2fed87b19b\" class=\"jp-jplayer\"><\/div><div id=\"su_audio_player_69f2fed87b19b_container\" class=\"jp-audio\"><div class=\"jp-type-single\"><div class=\"jp-gui jp-interface\"><div class=\"jp-controls\"><span class=\"jp-play\"><\/span><span class=\"jp-pause\"><\/span><span class=\"jp-stop\"><\/span><span class=\"jp-mute\"><\/span><span class=\"jp-unmute\"><\/span><span class=\"jp-volume-max\"><\/span><\/div><div class=\"jp-progress\"><div class=\"jp-seek-bar\"><div class=\"jp-play-bar\"><\/div><\/div><\/div><div class=\"jp-volume-bar\"><div class=\"jp-volume-bar-value\"><\/div><\/div><div class=\"jp-current-time\"><\/div><div class=\"jp-duration\"><\/div><\/div><div class=\"jp-title\"><\/div><\/div><\/div><\/div>\n<p>URL fichier: <strong>http:\/\/xn--choeurprlude-ieb.be\/wp-content\/uploads\/2022\/11\/1-sopr-Alleluia_Buxtehude.mp3<\/strong><\/p>\n<p>Alto : <div class=\"su-audio\" data-id=\"su_audio_player_69f2fed87b1df\" data-audio=\"http:\/\/xn--choeurprlude-ieb.be\/wp-content\/uploads\/2022\/11\/2-alto-Alleluia_Buxtehude.mp3\" data-swf=\"https:\/\/xn--choeurprlude-ieb.be\/wp-content\/plugins\/shortcodes-ultimate\/vendor\/jplayer\/jplayer.swf\" data-autoplay=\"no\" data-loop=\"no\" style=\"\"><div id=\"su_audio_player_69f2fed87b1df\" class=\"jp-jplayer\"><\/div><div id=\"su_audio_player_69f2fed87b1df_container\" class=\"jp-audio\"><div class=\"jp-type-single\"><div class=\"jp-gui jp-interface\"><div class=\"jp-controls\"><span class=\"jp-play\"><\/span><span class=\"jp-pause\"><\/span><span class=\"jp-stop\"><\/span><span class=\"jp-mute\"><\/span><span class=\"jp-unmute\"><\/span><span class=\"jp-volume-max\"><\/span><\/div><div class=\"jp-progress\"><div class=\"jp-seek-bar\"><div class=\"jp-play-bar\"><\/div><\/div><\/div><div class=\"jp-volume-bar\"><div class=\"jp-volume-bar-value\"><\/div><\/div><div class=\"jp-current-time\"><\/div><div class=\"jp-duration\"><\/div><\/div><div class=\"jp-title\"><\/div><\/div><\/div><\/div>\n<p>URL fichier: <strong>http:\/\/xn--choeurprlude-ieb.be\/wp-content\/uploads\/2022\/11\/2-alto-Alleluia_Buxtehude.mp3<\/strong><\/p>\n<p>Tenor : <div class=\"su-audio\" data-id=\"su_audio_player_69f2fed87b224\" data-audio=\"http:\/\/xn--choeurprlude-ieb.be\/wp-content\/uploads\/2022\/11\/3-teno-Alleluia_Buxtehude.mp3\" data-swf=\"https:\/\/xn--choeurprlude-ieb.be\/wp-content\/plugins\/shortcodes-ultimate\/vendor\/jplayer\/jplayer.swf\" data-autoplay=\"no\" data-loop=\"no\" style=\"\"><div id=\"su_audio_player_69f2fed87b224\" class=\"jp-jplayer\"><\/div><div id=\"su_audio_player_69f2fed87b224_container\" class=\"jp-audio\"><div class=\"jp-type-single\"><div class=\"jp-gui jp-interface\"><div class=\"jp-controls\"><span class=\"jp-play\"><\/span><span class=\"jp-pause\"><\/span><span class=\"jp-stop\"><\/span><span class=\"jp-mute\"><\/span><span class=\"jp-unmute\"><\/span><span class=\"jp-volume-max\"><\/span><\/div><div class=\"jp-progress\"><div class=\"jp-seek-bar\"><div class=\"jp-play-bar\"><\/div><\/div><\/div><div class=\"jp-volume-bar\"><div class=\"jp-volume-bar-value\"><\/div><\/div><div class=\"jp-current-time\"><\/div><div class=\"jp-duration\"><\/div><\/div><div class=\"jp-title\"><\/div><\/div><\/div><\/div>\n<p>URL fichier: <strong>http:\/\/xn--choeurprlude-ieb.be\/wp-content\/uploads\/2022\/11\/3-teno-Alleluia_Buxtehude.mp3<\/strong><\/p>\n<p>Basse : <div class=\"su-audio\" data-id=\"su_audio_player_69f2fed87b268\" data-audio=\"http:\/\/xn--choeurprlude-ieb.be\/wp-content\/uploads\/2022\/11\/4-bass-Alleluia_Buxtehude.mp3\" data-swf=\"https:\/\/xn--choeurprlude-ieb.be\/wp-content\/plugins\/shortcodes-ultimate\/vendor\/jplayer\/jplayer.swf\" data-autoplay=\"no\" data-loop=\"no\" style=\"\"><div id=\"su_audio_player_69f2fed87b268\" class=\"jp-jplayer\"><\/div><div id=\"su_audio_player_69f2fed87b268_container\" class=\"jp-audio\"><div class=\"jp-type-single\"><div class=\"jp-gui jp-interface\"><div class=\"jp-controls\"><span class=\"jp-play\"><\/span><span class=\"jp-pause\"><\/span><span class=\"jp-stop\"><\/span><span class=\"jp-mute\"><\/span><span class=\"jp-unmute\"><\/span><span class=\"jp-volume-max\"><\/span><\/div><div class=\"jp-progress\"><div class=\"jp-seek-bar\"><div class=\"jp-play-bar\"><\/div><\/div><\/div><div class=\"jp-volume-bar\"><div class=\"jp-volume-bar-value\"><\/div><\/div><div class=\"jp-current-time\"><\/div><div class=\"jp-duration\"><\/div><\/div><div class=\"jp-title\"><\/div><\/div><\/div><\/div>\n<p>URL fichier: <strong>http:\/\/xn--choeurprlude-ieb.be\/wp-content\/uploads\/2022\/11\/4-bass-Alleluia_Buxtehude.mp3<\/strong><\/p>\n<p>TUTTI : <div class=\"su-audio\" data-id=\"su_audio_player_69f2fed87b2ad\" data-audio=\"http:\/\/xn--choeurprlude-ieb.be\/wp-content\/uploads\/2022\/11\/0-tutti-Alleluia_Buxtehude.mp3\" data-swf=\"https:\/\/xn--choeurprlude-ieb.be\/wp-content\/plugins\/shortcodes-ultimate\/vendor\/jplayer\/jplayer.swf\" data-autoplay=\"no\" data-loop=\"no\" style=\"\"><div id=\"su_audio_player_69f2fed87b2ad\" class=\"jp-jplayer\"><\/div><div id=\"su_audio_player_69f2fed87b2ad_container\" class=\"jp-audio\"><div class=\"jp-type-single\"><div class=\"jp-gui jp-interface\"><div class=\"jp-controls\"><span class=\"jp-play\"><\/span><span class=\"jp-pause\"><\/span><span class=\"jp-stop\"><\/span><span class=\"jp-mute\"><\/span><span class=\"jp-unmute\"><\/span><span class=\"jp-volume-max\"><\/span><\/div><div class=\"jp-progress\"><div class=\"jp-seek-bar\"><div class=\"jp-play-bar\"><\/div><\/div><\/div><div class=\"jp-volume-bar\"><div class=\"jp-volume-bar-value\"><\/div><\/div><div class=\"jp-current-time\"><\/div><div class=\"jp-duration\"><\/div><\/div><div class=\"jp-title\"><\/div><\/div><\/div><\/div>\n<p>URL fichier: <strong>http:\/\/xn--choeurprlude-ieb.be\/wp-content\/uploads\/2022\/11\/0-tutti-Alleluia_Buxtehude.mp3<\/strong><\/p>\n<p>VERSION CHANTEE VIDEO (orchestrale):<\/p>\n<p><iframe loading=\"lazy\" title=\"Buxtehude Alleluia\" width=\"640\" height=\"480\" src=\"https:\/\/www.youtube.com\/embed\/crGdezCHud8?feature=oembed\" frameborder=\"0\" allow=\"accelerometer; autoplay; clipboard-write; encrypted-media; gyroscope; picture-in-picture; web-share\" referrerpolicy=\"strict-origin-when-cross-origin\" allowfullscreen><\/iframe><\/p>\n[\/toggle]\n[toggle title=\u00a0\u00bb<strong>BUXTEHUDE D. &#8211; Jesu, Meines Lebens Leben &#8211; Version Isabelle avec m\u00e9lange T\u00e9nors &#8211; Basses<\/strong>\u00ab\u00a0]\n<p>Soprano : <div class=\"su-audio\" data-id=\"su_audio_player_69f2fed87b2f3\" data-audio=\"http:\/\/xn--choeurprlude-ieb.be\/wp-content\/uploads\/2018\/01\/bx04-1se.mp3\" data-swf=\"https:\/\/xn--choeurprlude-ieb.be\/wp-content\/plugins\/shortcodes-ultimate\/vendor\/jplayer\/jplayer.swf\" data-autoplay=\"no\" data-loop=\"no\" style=\"\"><div id=\"su_audio_player_69f2fed87b2f3\" class=\"jp-jplayer\"><\/div><div id=\"su_audio_player_69f2fed87b2f3_container\" class=\"jp-audio\"><div class=\"jp-type-single\"><div class=\"jp-gui jp-interface\"><div class=\"jp-controls\"><span class=\"jp-play\"><\/span><span class=\"jp-pause\"><\/span><span class=\"jp-stop\"><\/span><span class=\"jp-mute\"><\/span><span class=\"jp-unmute\"><\/span><span class=\"jp-volume-max\"><\/span><\/div><div class=\"jp-progress\"><div class=\"jp-seek-bar\"><div class=\"jp-play-bar\"><\/div><\/div><\/div><div class=\"jp-volume-bar\"><div class=\"jp-volume-bar-value\"><\/div><\/div><div class=\"jp-current-time\"><\/div><div class=\"jp-duration\"><\/div><\/div><div class=\"jp-title\"><\/div><\/div><\/div><\/div>\n<p>Alto :\u00a0<div class=\"su-audio\" data-id=\"su_audio_player_69f2fed87b337\" data-audio=\"http:\/\/xn--choeurprlude-ieb.be\/wp-content\/uploads\/2018\/01\/bx04-1ae.mp3\" data-swf=\"https:\/\/xn--choeurprlude-ieb.be\/wp-content\/plugins\/shortcodes-ultimate\/vendor\/jplayer\/jplayer.swf\" data-autoplay=\"no\" data-loop=\"no\" style=\"\"><div id=\"su_audio_player_69f2fed87b337\" class=\"jp-jplayer\"><\/div><div id=\"su_audio_player_69f2fed87b337_container\" class=\"jp-audio\"><div class=\"jp-type-single\"><div class=\"jp-gui jp-interface\"><div class=\"jp-controls\"><span class=\"jp-play\"><\/span><span class=\"jp-pause\"><\/span><span class=\"jp-stop\"><\/span><span class=\"jp-mute\"><\/span><span class=\"jp-unmute\"><\/span><span class=\"jp-volume-max\"><\/span><\/div><div class=\"jp-progress\"><div class=\"jp-seek-bar\"><div class=\"jp-play-bar\"><\/div><\/div><\/div><div class=\"jp-volume-bar\"><div class=\"jp-volume-bar-value\"><\/div><\/div><div class=\"jp-current-time\"><\/div><div class=\"jp-duration\"><\/div><\/div><div class=\"jp-title\"><\/div><\/div><\/div><\/div>\n<p>Tenor (+ Basse partiel): <div class=\"su-audio\" data-id=\"su_audio_player_69f2fed87b37c\" data-audio=\"http:\/\/xn--choeurprlude-ieb.be\/wp-content\/uploads\/2023\/05\/3-V2_TENORBasse_Jesu-meines-Lebens-Leben.mp3\" data-swf=\"https:\/\/xn--choeurprlude-ieb.be\/wp-content\/plugins\/shortcodes-ultimate\/vendor\/jplayer\/jplayer.swf\" data-autoplay=\"no\" data-loop=\"no\" style=\"\"><div id=\"su_audio_player_69f2fed87b37c\" class=\"jp-jplayer\"><\/div><div id=\"su_audio_player_69f2fed87b37c_container\" class=\"jp-audio\"><div class=\"jp-type-single\"><div class=\"jp-gui jp-interface\"><div class=\"jp-controls\"><span class=\"jp-play\"><\/span><span class=\"jp-pause\"><\/span><span class=\"jp-stop\"><\/span><span class=\"jp-mute\"><\/span><span class=\"jp-unmute\"><\/span><span class=\"jp-volume-max\"><\/span><\/div><div class=\"jp-progress\"><div class=\"jp-seek-bar\"><div class=\"jp-play-bar\"><\/div><\/div><\/div><div class=\"jp-volume-bar\"><div class=\"jp-volume-bar-value\"><\/div><\/div><div class=\"jp-current-time\"><\/div><div class=\"jp-duration\"><\/div><\/div><div class=\"jp-title\"><\/div><\/div><\/div><\/div>\n<p>Basse ( + Tenor partiel) : <div class=\"su-audio\" data-id=\"su_audio_player_69f2fed87b3c0\" data-audio=\"http:\/\/xn--choeurprlude-ieb.be\/wp-content\/uploads\/2023\/05\/4-V2_BASSETenor_Jesu-meines-Lebens-Leben.mp3\" data-swf=\"https:\/\/xn--choeurprlude-ieb.be\/wp-content\/plugins\/shortcodes-ultimate\/vendor\/jplayer\/jplayer.swf\" data-autoplay=\"no\" data-loop=\"no\" style=\"\"><div id=\"su_audio_player_69f2fed87b3c0\" class=\"jp-jplayer\"><\/div><div id=\"su_audio_player_69f2fed87b3c0_container\" class=\"jp-audio\"><div class=\"jp-type-single\"><div class=\"jp-gui jp-interface\"><div class=\"jp-controls\"><span class=\"jp-play\"><\/span><span class=\"jp-pause\"><\/span><span class=\"jp-stop\"><\/span><span class=\"jp-mute\"><\/span><span class=\"jp-unmute\"><\/span><span class=\"jp-volume-max\"><\/span><\/div><div class=\"jp-progress\"><div class=\"jp-seek-bar\"><div class=\"jp-play-bar\"><\/div><\/div><\/div><div class=\"jp-volume-bar\"><div class=\"jp-volume-bar-value\"><\/div><\/div><div class=\"jp-current-time\"><\/div><div class=\"jp-duration\"><\/div><\/div><div class=\"jp-title\"><\/div><\/div><\/div><\/div>\n<p>TUTTI: voir <a href=\"http:\/\/xn--choeurprlude-ieb.be\/?page_id=811\">ICI<\/a><\/p>\n[\/toggle]\n<p>&#8212;&#8212;&#8212;&#8212;&#8212;&#8212;&#8212;&#8212;&#8212;&#8212;&#8212;&#8212;&#8212;&#8212;&#8212;&#8212;&#8212;&#8212;&#8212;&#8212;&#8212;&#8212;&#8212;&#8212;&#8212;&#8212;&#8212;<\/p>\n<p><span style=\"text-decoration: underline; font-size: 12pt;\"><em><strong>DURANTE F.\u00a0 &#8211; MAGNIFICAT en Sib<\/strong><\/em><\/span><\/p>\n[toggle title=\u00a0\u00bb<strong>1\u00e8re partie &#8211; Chor<\/strong>\u00ab\u00a0]\n<p>Soprano : <div class=\"su-audio\" data-id=\"su_audio_player_69f2fed87b405\" data-audio=\"http:\/\/xn--choeurprlude-ieb.be\/wp-content\/uploads\/2022\/05\/1-sopr_Magnificat-Sib_Durante.mp3\" data-swf=\"https:\/\/xn--choeurprlude-ieb.be\/wp-content\/plugins\/shortcodes-ultimate\/vendor\/jplayer\/jplayer.swf\" data-autoplay=\"no\" data-loop=\"no\" style=\"\"><div id=\"su_audio_player_69f2fed87b405\" class=\"jp-jplayer\"><\/div><div id=\"su_audio_player_69f2fed87b405_container\" class=\"jp-audio\"><div class=\"jp-type-single\"><div class=\"jp-gui jp-interface\"><div class=\"jp-controls\"><span class=\"jp-play\"><\/span><span class=\"jp-pause\"><\/span><span class=\"jp-stop\"><\/span><span class=\"jp-mute\"><\/span><span class=\"jp-unmute\"><\/span><span class=\"jp-volume-max\"><\/span><\/div><div class=\"jp-progress\"><div class=\"jp-seek-bar\"><div class=\"jp-play-bar\"><\/div><\/div><\/div><div class=\"jp-volume-bar\"><div class=\"jp-volume-bar-value\"><\/div><\/div><div class=\"jp-current-time\"><\/div><div class=\"jp-duration\"><\/div><\/div><div class=\"jp-title\"><\/div><\/div><\/div><\/div>\n<p>URL fichier: http:\/\/xn--choeurprlude-ieb.be\/wp-content\/uploads\/2022\/05\/1-sopr_Magnificat-Sib_Durante.mp3<\/p>\n<p>Soprano lent: <div class=\"su-audio\" data-id=\"su_audio_player_69f2fed87b449\" data-audio=\"http:\/\/xn--choeurprlude-ieb.be\/wp-content\/uploads\/2022\/05\/1-soprlent_Magnificat-Sib_Durante.mp3\" data-swf=\"https:\/\/xn--choeurprlude-ieb.be\/wp-content\/plugins\/shortcodes-ultimate\/vendor\/jplayer\/jplayer.swf\" data-autoplay=\"no\" data-loop=\"no\" style=\"\"><div id=\"su_audio_player_69f2fed87b449\" class=\"jp-jplayer\"><\/div><div id=\"su_audio_player_69f2fed87b449_container\" class=\"jp-audio\"><div class=\"jp-type-single\"><div class=\"jp-gui jp-interface\"><div class=\"jp-controls\"><span class=\"jp-play\"><\/span><span class=\"jp-pause\"><\/span><span class=\"jp-stop\"><\/span><span class=\"jp-mute\"><\/span><span class=\"jp-unmute\"><\/span><span class=\"jp-volume-max\"><\/span><\/div><div class=\"jp-progress\"><div class=\"jp-seek-bar\"><div class=\"jp-play-bar\"><\/div><\/div><\/div><div class=\"jp-volume-bar\"><div class=\"jp-volume-bar-value\"><\/div><\/div><div class=\"jp-current-time\"><\/div><div class=\"jp-duration\"><\/div><\/div><div class=\"jp-title\"><\/div><\/div><\/div><\/div>\n<p>URL fichier: http:\/\/xn--choeurprlude-ieb.be\/wp-content\/uploads\/2022\/05\/1-soprlent_Magnificat-Sib_Durante.mp3<\/p>\n<p>Alto : <div class=\"su-audio\" data-id=\"su_audio_player_69f2fed87b48e\" data-audio=\"http:\/\/xn--choeurprlude-ieb.be\/wp-content\/uploads\/2022\/05\/2-alto_Magnificat-Sib_Durante.mp3\" data-swf=\"https:\/\/xn--choeurprlude-ieb.be\/wp-content\/plugins\/shortcodes-ultimate\/vendor\/jplayer\/jplayer.swf\" data-autoplay=\"no\" data-loop=\"no\" style=\"\"><div id=\"su_audio_player_69f2fed87b48e\" class=\"jp-jplayer\"><\/div><div id=\"su_audio_player_69f2fed87b48e_container\" class=\"jp-audio\"><div class=\"jp-type-single\"><div class=\"jp-gui jp-interface\"><div class=\"jp-controls\"><span class=\"jp-play\"><\/span><span class=\"jp-pause\"><\/span><span class=\"jp-stop\"><\/span><span class=\"jp-mute\"><\/span><span class=\"jp-unmute\"><\/span><span class=\"jp-volume-max\"><\/span><\/div><div class=\"jp-progress\"><div class=\"jp-seek-bar\"><div class=\"jp-play-bar\"><\/div><\/div><\/div><div class=\"jp-volume-bar\"><div class=\"jp-volume-bar-value\"><\/div><\/div><div class=\"jp-current-time\"><\/div><div class=\"jp-duration\"><\/div><\/div><div class=\"jp-title\"><\/div><\/div><\/div><\/div>\n<p>URL fichier: http:\/\/xn--choeurprlude-ieb.be\/wp-content\/uploads\/2022\/05\/2-alto_Magnificat-Sib_Durante.mp3<\/p>\n<p>Alto lent: <div class=\"su-audio\" data-id=\"su_audio_player_69f2fed87b4d2\" data-audio=\"http:\/\/xn--choeurprlude-ieb.be\/wp-content\/uploads\/2022\/05\/2-altolent_Magnificat-Sib_Durante.mp3\" data-swf=\"https:\/\/xn--choeurprlude-ieb.be\/wp-content\/plugins\/shortcodes-ultimate\/vendor\/jplayer\/jplayer.swf\" data-autoplay=\"no\" data-loop=\"no\" style=\"\"><div id=\"su_audio_player_69f2fed87b4d2\" class=\"jp-jplayer\"><\/div><div id=\"su_audio_player_69f2fed87b4d2_container\" class=\"jp-audio\"><div class=\"jp-type-single\"><div class=\"jp-gui jp-interface\"><div class=\"jp-controls\"><span class=\"jp-play\"><\/span><span class=\"jp-pause\"><\/span><span class=\"jp-stop\"><\/span><span class=\"jp-mute\"><\/span><span class=\"jp-unmute\"><\/span><span class=\"jp-volume-max\"><\/span><\/div><div class=\"jp-progress\"><div class=\"jp-seek-bar\"><div class=\"jp-play-bar\"><\/div><\/div><\/div><div class=\"jp-volume-bar\"><div class=\"jp-volume-bar-value\"><\/div><\/div><div class=\"jp-current-time\"><\/div><div class=\"jp-duration\"><\/div><\/div><div class=\"jp-title\"><\/div><\/div><\/div><\/div>\n<p>URL fichier: http:\/\/xn--choeurprlude-ieb.be\/wp-content\/uploads\/2022\/05\/2-altolent_Magnificat-Sib_Durante.mp3<\/p>\n<p>Tenor : <div class=\"su-audio\" data-id=\"su_audio_player_69f2fed87b51e\" data-audio=\"http:\/\/xn--choeurprlude-ieb.be\/wp-content\/uploads\/2022\/05\/3-teno_Magnificat-Sib_Durante.mp3\" data-swf=\"https:\/\/xn--choeurprlude-ieb.be\/wp-content\/plugins\/shortcodes-ultimate\/vendor\/jplayer\/jplayer.swf\" data-autoplay=\"no\" data-loop=\"no\" style=\"\"><div id=\"su_audio_player_69f2fed87b51e\" class=\"jp-jplayer\"><\/div><div id=\"su_audio_player_69f2fed87b51e_container\" class=\"jp-audio\"><div class=\"jp-type-single\"><div class=\"jp-gui jp-interface\"><div class=\"jp-controls\"><span class=\"jp-play\"><\/span><span class=\"jp-pause\"><\/span><span class=\"jp-stop\"><\/span><span class=\"jp-mute\"><\/span><span class=\"jp-unmute\"><\/span><span class=\"jp-volume-max\"><\/span><\/div><div class=\"jp-progress\"><div class=\"jp-seek-bar\"><div class=\"jp-play-bar\"><\/div><\/div><\/div><div class=\"jp-volume-bar\"><div class=\"jp-volume-bar-value\"><\/div><\/div><div class=\"jp-current-time\"><\/div><div class=\"jp-duration\"><\/div><\/div><div class=\"jp-title\"><\/div><\/div><\/div><\/div>\n<p>URL fichier: http:\/\/xn--choeurprlude-ieb.be\/wp-content\/uploads\/2022\/05\/3-teno_Magnificat-Sib_Durante.mp3<\/p>\n<p>Tenor lent: <div class=\"su-audio\" data-id=\"su_audio_player_69f2fed87b563\" data-audio=\"http:\/\/xn--choeurprlude-ieb.be\/wp-content\/uploads\/2022\/05\/3-tenolent_Magnificat-Sib_Durante.mp3\" data-swf=\"https:\/\/xn--choeurprlude-ieb.be\/wp-content\/plugins\/shortcodes-ultimate\/vendor\/jplayer\/jplayer.swf\" data-autoplay=\"no\" data-loop=\"no\" style=\"\"><div id=\"su_audio_player_69f2fed87b563\" class=\"jp-jplayer\"><\/div><div id=\"su_audio_player_69f2fed87b563_container\" class=\"jp-audio\"><div class=\"jp-type-single\"><div class=\"jp-gui jp-interface\"><div class=\"jp-controls\"><span class=\"jp-play\"><\/span><span class=\"jp-pause\"><\/span><span class=\"jp-stop\"><\/span><span class=\"jp-mute\"><\/span><span class=\"jp-unmute\"><\/span><span class=\"jp-volume-max\"><\/span><\/div><div class=\"jp-progress\"><div class=\"jp-seek-bar\"><div class=\"jp-play-bar\"><\/div><\/div><\/div><div class=\"jp-volume-bar\"><div class=\"jp-volume-bar-value\"><\/div><\/div><div class=\"jp-current-time\"><\/div><div class=\"jp-duration\"><\/div><\/div><div class=\"jp-title\"><\/div><\/div><\/div><\/div>\n<p>URL fichier: http:\/\/xn--choeurprlude-ieb.be\/wp-content\/uploads\/2022\/05\/3-tenolent_Magnificat-Sib_Durante.mp3<\/p>\n<p>Basse : <div class=\"su-audio\" data-id=\"su_audio_player_69f2fed87b5a7\" data-audio=\"http:\/\/xn--choeurprlude-ieb.be\/wp-content\/uploads\/2022\/05\/4-bass_Magnificat-Sib_Durante.mp3\" data-swf=\"https:\/\/xn--choeurprlude-ieb.be\/wp-content\/plugins\/shortcodes-ultimate\/vendor\/jplayer\/jplayer.swf\" data-autoplay=\"no\" data-loop=\"no\" style=\"\"><div id=\"su_audio_player_69f2fed87b5a7\" class=\"jp-jplayer\"><\/div><div id=\"su_audio_player_69f2fed87b5a7_container\" class=\"jp-audio\"><div class=\"jp-type-single\"><div class=\"jp-gui jp-interface\"><div class=\"jp-controls\"><span class=\"jp-play\"><\/span><span class=\"jp-pause\"><\/span><span class=\"jp-stop\"><\/span><span class=\"jp-mute\"><\/span><span class=\"jp-unmute\"><\/span><span class=\"jp-volume-max\"><\/span><\/div><div class=\"jp-progress\"><div class=\"jp-seek-bar\"><div class=\"jp-play-bar\"><\/div><\/div><\/div><div class=\"jp-volume-bar\"><div class=\"jp-volume-bar-value\"><\/div><\/div><div class=\"jp-current-time\"><\/div><div class=\"jp-duration\"><\/div><\/div><div class=\"jp-title\"><\/div><\/div><\/div><\/div>\n<p>URL fichier: http:\/\/xn--choeurprlude-ieb.be\/wp-content\/uploads\/2022\/05\/4-bass_Magnificat-Sib_Durante.mp3<\/p>\n<p>Basse lent: <div class=\"su-audio\" data-id=\"su_audio_player_69f2fed87b5eb\" data-audio=\"http:\/\/xn--choeurprlude-ieb.be\/wp-content\/uploads\/2022\/05\/4-basslent_Magnificat-Sib_Durante.mp3\" data-swf=\"https:\/\/xn--choeurprlude-ieb.be\/wp-content\/plugins\/shortcodes-ultimate\/vendor\/jplayer\/jplayer.swf\" data-autoplay=\"no\" data-loop=\"no\" style=\"\"><div id=\"su_audio_player_69f2fed87b5eb\" class=\"jp-jplayer\"><\/div><div id=\"su_audio_player_69f2fed87b5eb_container\" class=\"jp-audio\"><div class=\"jp-type-single\"><div class=\"jp-gui jp-interface\"><div class=\"jp-controls\"><span class=\"jp-play\"><\/span><span class=\"jp-pause\"><\/span><span class=\"jp-stop\"><\/span><span class=\"jp-mute\"><\/span><span class=\"jp-unmute\"><\/span><span class=\"jp-volume-max\"><\/span><\/div><div class=\"jp-progress\"><div class=\"jp-seek-bar\"><div class=\"jp-play-bar\"><\/div><\/div><\/div><div class=\"jp-volume-bar\"><div class=\"jp-volume-bar-value\"><\/div><\/div><div class=\"jp-current-time\"><\/div><div class=\"jp-duration\"><\/div><\/div><div class=\"jp-title\"><\/div><\/div><\/div><\/div>\n<p>URL fichier: http:\/\/xn--choeurprlude-ieb.be\/wp-content\/uploads\/2022\/05\/4-basslent_Magnificat-Sib_Durante.mp3<\/p>\n<p>TUTTI : <div class=\"su-audio\" data-id=\"su_audio_player_69f2fed87b62f\" data-audio=\"http:\/\/xn--choeurprlude-ieb.be\/wp-content\/uploads\/2022\/05\/0-tutti_Magnificat-Sib_Durante.mp3\" data-swf=\"https:\/\/xn--choeurprlude-ieb.be\/wp-content\/plugins\/shortcodes-ultimate\/vendor\/jplayer\/jplayer.swf\" data-autoplay=\"no\" data-loop=\"no\" style=\"\"><div id=\"su_audio_player_69f2fed87b62f\" class=\"jp-jplayer\"><\/div><div id=\"su_audio_player_69f2fed87b62f_container\" class=\"jp-audio\"><div class=\"jp-type-single\"><div class=\"jp-gui jp-interface\"><div class=\"jp-controls\"><span class=\"jp-play\"><\/span><span class=\"jp-pause\"><\/span><span class=\"jp-stop\"><\/span><span class=\"jp-mute\"><\/span><span class=\"jp-unmute\"><\/span><span class=\"jp-volume-max\"><\/span><\/div><div class=\"jp-progress\"><div class=\"jp-seek-bar\"><div class=\"jp-play-bar\"><\/div><\/div><\/div><div class=\"jp-volume-bar\"><div class=\"jp-volume-bar-value\"><\/div><\/div><div class=\"jp-current-time\"><\/div><div class=\"jp-duration\"><\/div><\/div><div class=\"jp-title\"><\/div><\/div><\/div><\/div>\n<p>URL fichier: http:\/\/xn--choeurprlude-ieb.be\/wp-content\/uploads\/2022\/05\/0-tutti_Magnificat-Sib_Durante.mp3<\/p>\n<p>TUTTI lent: <div class=\"su-audio\" data-id=\"su_audio_player_69f2fed87b673\" data-audio=\"http:\/\/xn--choeurprlude-ieb.be\/wp-content\/uploads\/2022\/05\/0-tuttilent_Magnificat-Sib_Durante.mp3\" data-swf=\"https:\/\/xn--choeurprlude-ieb.be\/wp-content\/plugins\/shortcodes-ultimate\/vendor\/jplayer\/jplayer.swf\" data-autoplay=\"no\" data-loop=\"no\" style=\"\"><div id=\"su_audio_player_69f2fed87b673\" class=\"jp-jplayer\"><\/div><div id=\"su_audio_player_69f2fed87b673_container\" class=\"jp-audio\"><div class=\"jp-type-single\"><div class=\"jp-gui jp-interface\"><div class=\"jp-controls\"><span class=\"jp-play\"><\/span><span class=\"jp-pause\"><\/span><span class=\"jp-stop\"><\/span><span class=\"jp-mute\"><\/span><span class=\"jp-unmute\"><\/span><span class=\"jp-volume-max\"><\/span><\/div><div class=\"jp-progress\"><div class=\"jp-seek-bar\"><div class=\"jp-play-bar\"><\/div><\/div><\/div><div class=\"jp-volume-bar\"><div class=\"jp-volume-bar-value\"><\/div><\/div><div class=\"jp-current-time\"><\/div><div class=\"jp-duration\"><\/div><\/div><div class=\"jp-title\"><\/div><\/div><\/div><\/div>\n<p>URL fichier: http:\/\/xn--choeurprlude-ieb.be\/wp-content\/uploads\/2022\/05\/0-tuttilent_Magnificat-Sib_Durante.mp3<\/p>\n<p>VERSION CHANTEE : <div class=\"su-audio\" data-id=\"su_audio_player_69f2fed87b6b8\" data-audio=\"http:\/\/xn--choeurprlude-ieb.be\/wp-content\/uploads\/2022\/05\/00CHANTE_Magnificat_Durante.mp3\" data-swf=\"https:\/\/xn--choeurprlude-ieb.be\/wp-content\/plugins\/shortcodes-ultimate\/vendor\/jplayer\/jplayer.swf\" data-autoplay=\"no\" data-loop=\"no\" style=\"\"><div id=\"su_audio_player_69f2fed87b6b8\" class=\"jp-jplayer\"><\/div><div id=\"su_audio_player_69f2fed87b6b8_container\" class=\"jp-audio\"><div class=\"jp-type-single\"><div class=\"jp-gui jp-interface\"><div class=\"jp-controls\"><span class=\"jp-play\"><\/span><span class=\"jp-pause\"><\/span><span class=\"jp-stop\"><\/span><span class=\"jp-mute\"><\/span><span class=\"jp-unmute\"><\/span><span class=\"jp-volume-max\"><\/span><\/div><div class=\"jp-progress\"><div class=\"jp-seek-bar\"><div class=\"jp-play-bar\"><\/div><\/div><\/div><div class=\"jp-volume-bar\"><div class=\"jp-volume-bar-value\"><\/div><\/div><div class=\"jp-current-time\"><\/div><div class=\"jp-duration\"><\/div><\/div><div class=\"jp-title\"><\/div><\/div><\/div><\/div>\n<p>URL fichier: http:\/\/xn--choeurprlude-ieb.be\/wp-content\/uploads\/2022\/05\/00CHANTE_Magnificat_Durante.mp3<\/p>\n<p>VERSION CHANTEE VIDEO avec vue de la cheffe:<\/p>\n<p><iframe loading=\"lazy\" title=\"Francesco Durante - Magnificat\" width=\"640\" height=\"360\" src=\"https:\/\/www.youtube.com\/embed\/HcAu2pegc8I?feature=oembed\" frameborder=\"0\" allow=\"accelerometer; autoplay; clipboard-write; encrypted-media; gyroscope; picture-in-picture; web-share\" referrerpolicy=\"strict-origin-when-cross-origin\" allowfullscreen><\/iframe><\/p>\n[\/toggle]\n[toggle title=\u00a0\u00bb<strong>2\u00e8me partie &#8211; Et misecordia<\/strong>\u00ab\u00a0]\n<p>Soprano : <div class=\"su-audio\" data-id=\"su_audio_player_69f2fed87b6fc\" data-audio=\"http:\/\/xn--choeurprlude-ieb.be\/wp-content\/uploads\/2022\/07\/2.1-sopr_Et-misericordia_Magnificat_Durante.mp3\" data-swf=\"https:\/\/xn--choeurprlude-ieb.be\/wp-content\/plugins\/shortcodes-ultimate\/vendor\/jplayer\/jplayer.swf\" data-autoplay=\"no\" data-loop=\"no\" style=\"\"><div id=\"su_audio_player_69f2fed87b6fc\" class=\"jp-jplayer\"><\/div><div id=\"su_audio_player_69f2fed87b6fc_container\" class=\"jp-audio\"><div class=\"jp-type-single\"><div class=\"jp-gui jp-interface\"><div class=\"jp-controls\"><span class=\"jp-play\"><\/span><span class=\"jp-pause\"><\/span><span class=\"jp-stop\"><\/span><span class=\"jp-mute\"><\/span><span class=\"jp-unmute\"><\/span><span class=\"jp-volume-max\"><\/span><\/div><div class=\"jp-progress\"><div class=\"jp-seek-bar\"><div class=\"jp-play-bar\"><\/div><\/div><\/div><div class=\"jp-volume-bar\"><div class=\"jp-volume-bar-value\"><\/div><\/div><div class=\"jp-current-time\"><\/div><div class=\"jp-duration\"><\/div><\/div><div class=\"jp-title\"><\/div><\/div><\/div><\/div>\n<p>URL fichier: http:\/\/xn--choeurprlude-ieb.be\/wp-content\/uploads\/2022\/07\/2.1-sopr_Et-misericordia_Magnificat_Durante.mp3<\/p>\n<p>Alto : <div class=\"su-audio\" data-id=\"su_audio_player_69f2fed87b741\" data-audio=\"http:\/\/xn--choeurprlude-ieb.be\/wp-content\/uploads\/2022\/07\/2.2-alto_Et-misericordia_Magnificat_Durante.mp3\" data-swf=\"https:\/\/xn--choeurprlude-ieb.be\/wp-content\/plugins\/shortcodes-ultimate\/vendor\/jplayer\/jplayer.swf\" data-autoplay=\"no\" data-loop=\"no\" style=\"\"><div id=\"su_audio_player_69f2fed87b741\" class=\"jp-jplayer\"><\/div><div id=\"su_audio_player_69f2fed87b741_container\" class=\"jp-audio\"><div class=\"jp-type-single\"><div class=\"jp-gui jp-interface\"><div class=\"jp-controls\"><span class=\"jp-play\"><\/span><span class=\"jp-pause\"><\/span><span class=\"jp-stop\"><\/span><span class=\"jp-mute\"><\/span><span class=\"jp-unmute\"><\/span><span class=\"jp-volume-max\"><\/span><\/div><div class=\"jp-progress\"><div class=\"jp-seek-bar\"><div class=\"jp-play-bar\"><\/div><\/div><\/div><div class=\"jp-volume-bar\"><div class=\"jp-volume-bar-value\"><\/div><\/div><div class=\"jp-current-time\"><\/div><div class=\"jp-duration\"><\/div><\/div><div class=\"jp-title\"><\/div><\/div><\/div><\/div>\n<p>URL fichier: http:\/\/xn--choeurprlude-ieb.be\/wp-content\/uploads\/2022\/07\/2.2-alto_Et-misericordia_Magnificat_Durante.mp3<\/p>\n<p>Tenor : <div class=\"su-audio\" data-id=\"su_audio_player_69f2fed87b788\" data-audio=\"http:\/\/xn--choeurprlude-ieb.be\/wp-content\/uploads\/2022\/07\/2.3-teno_Et-misericordia_Magnificat_Durante.mp3\" data-swf=\"https:\/\/xn--choeurprlude-ieb.be\/wp-content\/plugins\/shortcodes-ultimate\/vendor\/jplayer\/jplayer.swf\" data-autoplay=\"no\" data-loop=\"no\" style=\"\"><div id=\"su_audio_player_69f2fed87b788\" class=\"jp-jplayer\"><\/div><div id=\"su_audio_player_69f2fed87b788_container\" class=\"jp-audio\"><div class=\"jp-type-single\"><div class=\"jp-gui jp-interface\"><div class=\"jp-controls\"><span class=\"jp-play\"><\/span><span class=\"jp-pause\"><\/span><span class=\"jp-stop\"><\/span><span class=\"jp-mute\"><\/span><span class=\"jp-unmute\"><\/span><span class=\"jp-volume-max\"><\/span><\/div><div class=\"jp-progress\"><div class=\"jp-seek-bar\"><div class=\"jp-play-bar\"><\/div><\/div><\/div><div class=\"jp-volume-bar\"><div class=\"jp-volume-bar-value\"><\/div><\/div><div class=\"jp-current-time\"><\/div><div class=\"jp-duration\"><\/div><\/div><div class=\"jp-title\"><\/div><\/div><\/div><\/div>\n<p>URL fichier: http:\/\/xn--choeurprlude-ieb.be\/wp-content\/uploads\/2022\/07\/2.3-teno_Et-misericordia_Magnificat_Durante.mp3<\/p>\n<p>Basse : <div class=\"su-audio\" data-id=\"su_audio_player_69f2fed87b7cd\" data-audio=\"http:\/\/xn--choeurprlude-ieb.be\/wp-content\/uploads\/2022\/07\/2.4-bass_Et-misericordia_Magnificat_Durante.mp3\" data-swf=\"https:\/\/xn--choeurprlude-ieb.be\/wp-content\/plugins\/shortcodes-ultimate\/vendor\/jplayer\/jplayer.swf\" data-autoplay=\"no\" data-loop=\"no\" style=\"\"><div id=\"su_audio_player_69f2fed87b7cd\" class=\"jp-jplayer\"><\/div><div id=\"su_audio_player_69f2fed87b7cd_container\" class=\"jp-audio\"><div class=\"jp-type-single\"><div class=\"jp-gui jp-interface\"><div class=\"jp-controls\"><span class=\"jp-play\"><\/span><span class=\"jp-pause\"><\/span><span class=\"jp-stop\"><\/span><span class=\"jp-mute\"><\/span><span class=\"jp-unmute\"><\/span><span class=\"jp-volume-max\"><\/span><\/div><div class=\"jp-progress\"><div class=\"jp-seek-bar\"><div class=\"jp-play-bar\"><\/div><\/div><\/div><div class=\"jp-volume-bar\"><div class=\"jp-volume-bar-value\"><\/div><\/div><div class=\"jp-current-time\"><\/div><div class=\"jp-duration\"><\/div><\/div><div class=\"jp-title\"><\/div><\/div><\/div><\/div>\n<p>URL fichier: http:\/\/xn--choeurprlude-ieb.be\/wp-content\/uploads\/2022\/05\/4-bass_Magnificat-Sib_Durante.mp3<\/p>\n<p>TUTTI : <div class=\"su-audio\" data-id=\"su_audio_player_69f2fed87b812\" data-audio=\"http:\/\/xn--choeurprlude-ieb.be\/wp-content\/uploads\/2022\/07\/2.0-tutti_Et-misericordia_Magnificat_Durante.mp3\" data-swf=\"https:\/\/xn--choeurprlude-ieb.be\/wp-content\/plugins\/shortcodes-ultimate\/vendor\/jplayer\/jplayer.swf\" data-autoplay=\"no\" data-loop=\"no\" style=\"\"><div id=\"su_audio_player_69f2fed87b812\" class=\"jp-jplayer\"><\/div><div id=\"su_audio_player_69f2fed87b812_container\" class=\"jp-audio\"><div class=\"jp-type-single\"><div class=\"jp-gui jp-interface\"><div class=\"jp-controls\"><span class=\"jp-play\"><\/span><span class=\"jp-pause\"><\/span><span class=\"jp-stop\"><\/span><span class=\"jp-mute\"><\/span><span class=\"jp-unmute\"><\/span><span class=\"jp-volume-max\"><\/span><\/div><div class=\"jp-progress\"><div class=\"jp-seek-bar\"><div class=\"jp-play-bar\"><\/div><\/div><\/div><div class=\"jp-volume-bar\"><div class=\"jp-volume-bar-value\"><\/div><\/div><div class=\"jp-current-time\"><\/div><div class=\"jp-duration\"><\/div><\/div><div class=\"jp-title\"><\/div><\/div><\/div><\/div>\n<p>URL fichier: http:\/\/xn--choeurprlude-ieb.be\/wp-content\/uploads\/2022\/07\/2.0-tutti_Et-misericordia_Magnificat_Durante.mp3<\/p>\n<p>VERSION CHANTEE : <div class=\"su-audio\" data-id=\"su_audio_player_69f2fed87b85e\" data-audio=\"http:\/\/xn--choeurprlude-ieb.be\/wp-content\/uploads\/2022\/07\/0.2Chante_ET-MISERICORDIA_Magnificat-Sib_Durante.mp3\" data-swf=\"https:\/\/xn--choeurprlude-ieb.be\/wp-content\/plugins\/shortcodes-ultimate\/vendor\/jplayer\/jplayer.swf\" data-autoplay=\"no\" data-loop=\"no\" style=\"\"><div id=\"su_audio_player_69f2fed87b85e\" class=\"jp-jplayer\"><\/div><div id=\"su_audio_player_69f2fed87b85e_container\" class=\"jp-audio\"><div class=\"jp-type-single\"><div class=\"jp-gui jp-interface\"><div class=\"jp-controls\"><span class=\"jp-play\"><\/span><span class=\"jp-pause\"><\/span><span class=\"jp-stop\"><\/span><span class=\"jp-mute\"><\/span><span class=\"jp-unmute\"><\/span><span class=\"jp-volume-max\"><\/span><\/div><div class=\"jp-progress\"><div class=\"jp-seek-bar\"><div class=\"jp-play-bar\"><\/div><\/div><\/div><div class=\"jp-volume-bar\"><div class=\"jp-volume-bar-value\"><\/div><\/div><div class=\"jp-current-time\"><\/div><div class=\"jp-duration\"><\/div><\/div><div class=\"jp-title\"><\/div><\/div><\/div><\/div>\n<p>URL fichier: http:\/\/xn--choeurprlude-ieb.be\/wp-content\/uploads\/2022\/07\/0.2Chante_ET-MISERICORDIA_Magnificat-Sib_Durante.mp3<\/p>\n[\/toggle]\n[toggle title=\u00a0\u00bb<strong>3\u00e8me partie &#8211; Deposuit<\/strong>\u00ab\u00a0]\n<p>Soprano : <div class=\"su-audio\" data-id=\"su_audio_player_69f2fed87b8a3\" data-audio=\"http:\/\/xn--choeurprlude-ieb.be\/wp-content\/uploads\/2022\/09\/3.1-sopr_DEPOSUIT_Magnificat_Durante.mp3\" data-swf=\"https:\/\/xn--choeurprlude-ieb.be\/wp-content\/plugins\/shortcodes-ultimate\/vendor\/jplayer\/jplayer.swf\" data-autoplay=\"no\" data-loop=\"no\" style=\"\"><div id=\"su_audio_player_69f2fed87b8a3\" class=\"jp-jplayer\"><\/div><div id=\"su_audio_player_69f2fed87b8a3_container\" class=\"jp-audio\"><div class=\"jp-type-single\"><div class=\"jp-gui jp-interface\"><div class=\"jp-controls\"><span class=\"jp-play\"><\/span><span class=\"jp-pause\"><\/span><span class=\"jp-stop\"><\/span><span class=\"jp-mute\"><\/span><span class=\"jp-unmute\"><\/span><span class=\"jp-volume-max\"><\/span><\/div><div class=\"jp-progress\"><div class=\"jp-seek-bar\"><div class=\"jp-play-bar\"><\/div><\/div><\/div><div class=\"jp-volume-bar\"><div class=\"jp-volume-bar-value\"><\/div><\/div><div class=\"jp-current-time\"><\/div><div class=\"jp-duration\"><\/div><\/div><div class=\"jp-title\"><\/div><\/div><\/div><\/div>\n<p>URL fichier: http:\/\/xn--choeurprlude-ieb.be\/wp-content\/uploads\/2022\/09\/3.1-sopr_DEPOSUIT_Magnificat_Durante.mp3<\/p>\n<p>Alto : <div class=\"su-audio\" data-id=\"su_audio_player_69f2fed87b8e7\" data-audio=\"http:\/\/xn--choeurprlude-ieb.be\/wp-content\/uploads\/2022\/09\/3.2-alto_DEPOSUIT_Magnificat_Durante.mp3\" data-swf=\"https:\/\/xn--choeurprlude-ieb.be\/wp-content\/plugins\/shortcodes-ultimate\/vendor\/jplayer\/jplayer.swf\" data-autoplay=\"no\" data-loop=\"no\" style=\"\"><div id=\"su_audio_player_69f2fed87b8e7\" class=\"jp-jplayer\"><\/div><div id=\"su_audio_player_69f2fed87b8e7_container\" class=\"jp-audio\"><div class=\"jp-type-single\"><div class=\"jp-gui jp-interface\"><div class=\"jp-controls\"><span class=\"jp-play\"><\/span><span class=\"jp-pause\"><\/span><span class=\"jp-stop\"><\/span><span class=\"jp-mute\"><\/span><span class=\"jp-unmute\"><\/span><span class=\"jp-volume-max\"><\/span><\/div><div class=\"jp-progress\"><div class=\"jp-seek-bar\"><div class=\"jp-play-bar\"><\/div><\/div><\/div><div class=\"jp-volume-bar\"><div class=\"jp-volume-bar-value\"><\/div><\/div><div class=\"jp-current-time\"><\/div><div class=\"jp-duration\"><\/div><\/div><div class=\"jp-title\"><\/div><\/div><\/div><\/div>\n<p>URL fichier: http:\/\/xn--choeurprlude-ieb.be\/wp-content\/uploads\/2022\/09\/3.2-alto_DEPOSUIT_Magnificat_Durante.mp3<\/p>\n<p>Tenor : <div class=\"su-audio\" data-id=\"su_audio_player_69f2fed87b92b\" data-audio=\"http:\/\/xn--choeurprlude-ieb.be\/wp-content\/uploads\/2022\/09\/3.3-teno_DEPOSUIT_Magnificat_Durante.mp3\" data-swf=\"https:\/\/xn--choeurprlude-ieb.be\/wp-content\/plugins\/shortcodes-ultimate\/vendor\/jplayer\/jplayer.swf\" data-autoplay=\"no\" data-loop=\"no\" style=\"\"><div id=\"su_audio_player_69f2fed87b92b\" class=\"jp-jplayer\"><\/div><div id=\"su_audio_player_69f2fed87b92b_container\" class=\"jp-audio\"><div class=\"jp-type-single\"><div class=\"jp-gui jp-interface\"><div class=\"jp-controls\"><span class=\"jp-play\"><\/span><span class=\"jp-pause\"><\/span><span class=\"jp-stop\"><\/span><span class=\"jp-mute\"><\/span><span class=\"jp-unmute\"><\/span><span class=\"jp-volume-max\"><\/span><\/div><div class=\"jp-progress\"><div class=\"jp-seek-bar\"><div class=\"jp-play-bar\"><\/div><\/div><\/div><div class=\"jp-volume-bar\"><div class=\"jp-volume-bar-value\"><\/div><\/div><div class=\"jp-current-time\"><\/div><div class=\"jp-duration\"><\/div><\/div><div class=\"jp-title\"><\/div><\/div><\/div><\/div>\n<p>URL fichier: http:\/\/xn--choeurprlude-ieb.be\/wp-content\/uploads\/2022\/09\/3.3-teno_DEPOSUIT_Magnificat_Durante.mp3<\/p>\n<p>Basse : <div class=\"su-audio\" data-id=\"su_audio_player_69f2fed87b96f\" data-audio=\"http:\/\/xn--choeurprlude-ieb.be\/wp-content\/uploads\/2022\/09\/3.4-bass_DEPOSUIT_Magnificat_Durante.mp3\" data-swf=\"https:\/\/xn--choeurprlude-ieb.be\/wp-content\/plugins\/shortcodes-ultimate\/vendor\/jplayer\/jplayer.swf\" data-autoplay=\"no\" data-loop=\"no\" style=\"\"><div id=\"su_audio_player_69f2fed87b96f\" class=\"jp-jplayer\"><\/div><div id=\"su_audio_player_69f2fed87b96f_container\" class=\"jp-audio\"><div class=\"jp-type-single\"><div class=\"jp-gui jp-interface\"><div class=\"jp-controls\"><span class=\"jp-play\"><\/span><span class=\"jp-pause\"><\/span><span class=\"jp-stop\"><\/span><span class=\"jp-mute\"><\/span><span class=\"jp-unmute\"><\/span><span class=\"jp-volume-max\"><\/span><\/div><div class=\"jp-progress\"><div class=\"jp-seek-bar\"><div class=\"jp-play-bar\"><\/div><\/div><\/div><div class=\"jp-volume-bar\"><div class=\"jp-volume-bar-value\"><\/div><\/div><div class=\"jp-current-time\"><\/div><div class=\"jp-duration\"><\/div><\/div><div class=\"jp-title\"><\/div><\/div><\/div><\/div>\n<p>URL fichier: http:\/\/xn--choeurprlude-ieb.be\/wp-content\/uploads\/2022\/09\/3.4-bass_DEPOSUIT_Magnificat_Durante.mp3<\/p>\n<p>TUTTI : <div class=\"su-audio\" data-id=\"su_audio_player_69f2fed87b9b4\" data-audio=\"http:\/\/xn--choeurprlude-ieb.be\/wp-content\/uploads\/2022\/09\/3.0-tutti_DEPOSUIT_Magnificat_Durante.mp3\" data-swf=\"https:\/\/xn--choeurprlude-ieb.be\/wp-content\/plugins\/shortcodes-ultimate\/vendor\/jplayer\/jplayer.swf\" data-autoplay=\"no\" data-loop=\"no\" style=\"\"><div id=\"su_audio_player_69f2fed87b9b4\" class=\"jp-jplayer\"><\/div><div id=\"su_audio_player_69f2fed87b9b4_container\" class=\"jp-audio\"><div class=\"jp-type-single\"><div class=\"jp-gui jp-interface\"><div class=\"jp-controls\"><span class=\"jp-play\"><\/span><span class=\"jp-pause\"><\/span><span class=\"jp-stop\"><\/span><span class=\"jp-mute\"><\/span><span class=\"jp-unmute\"><\/span><span class=\"jp-volume-max\"><\/span><\/div><div class=\"jp-progress\"><div class=\"jp-seek-bar\"><div class=\"jp-play-bar\"><\/div><\/div><\/div><div class=\"jp-volume-bar\"><div class=\"jp-volume-bar-value\"><\/div><\/div><div class=\"jp-current-time\"><\/div><div class=\"jp-duration\"><\/div><\/div><div class=\"jp-title\"><\/div><\/div><\/div><\/div>\n<p>URL fichier: http:\/\/xn--choeurprlude-ieb.be\/wp-content\/uploads\/2022\/09\/3.0-tutti_DEPOSUIT_Magnificat_Durante.mp3<\/p>\n<p>VERSION CHANTEE : <div class=\"su-audio\" data-id=\"su_audio_player_69f2fed87b9f8\" data-audio=\"http:\/\/xn--choeurprlude-ieb.be\/wp-content\/uploads\/2022\/09\/3-Chante_DEPOSUIT_Magnificat-Sib_Durante.mp3\" data-swf=\"https:\/\/xn--choeurprlude-ieb.be\/wp-content\/plugins\/shortcodes-ultimate\/vendor\/jplayer\/jplayer.swf\" data-autoplay=\"no\" data-loop=\"no\" style=\"\"><div id=\"su_audio_player_69f2fed87b9f8\" class=\"jp-jplayer\"><\/div><div id=\"su_audio_player_69f2fed87b9f8_container\" class=\"jp-audio\"><div class=\"jp-type-single\"><div class=\"jp-gui jp-interface\"><div class=\"jp-controls\"><span class=\"jp-play\"><\/span><span class=\"jp-pause\"><\/span><span class=\"jp-stop\"><\/span><span class=\"jp-mute\"><\/span><span class=\"jp-unmute\"><\/span><span class=\"jp-volume-max\"><\/span><\/div><div class=\"jp-progress\"><div class=\"jp-seek-bar\"><div class=\"jp-play-bar\"><\/div><\/div><\/div><div class=\"jp-volume-bar\"><div class=\"jp-volume-bar-value\"><\/div><\/div><div class=\"jp-current-time\"><\/div><div class=\"jp-duration\"><\/div><\/div><div class=\"jp-title\"><\/div><\/div><\/div><\/div>\n<p>URL fichier: http:\/\/xn--choeurprlude-ieb.be\/wp-content\/uploads\/2022\/09\/3-Chante_DEPOSUIT_Magnificat-Sib_Durante.mp3<\/p>\n[\/toggle]\n[toggle title=\u00a0\u00bb<strong>4\u00e8me partie &#8211; Suscepit Israel<\/strong>\u00ab\u00a0]\n<p>Tenor : <div class=\"su-audio\" data-id=\"su_audio_player_69f2fed87ba3c\" data-audio=\"http:\/\/xn--choeurprlude-ieb.be\/wp-content\/uploads\/2022\/09\/4.3-teno_SUSCEPIT-ISRAEL_Magnificat_Durante.mp3\" data-swf=\"https:\/\/xn--choeurprlude-ieb.be\/wp-content\/plugins\/shortcodes-ultimate\/vendor\/jplayer\/jplayer.swf\" data-autoplay=\"no\" data-loop=\"no\" style=\"\"><div id=\"su_audio_player_69f2fed87ba3c\" class=\"jp-jplayer\"><\/div><div id=\"su_audio_player_69f2fed87ba3c_container\" class=\"jp-audio\"><div class=\"jp-type-single\"><div class=\"jp-gui jp-interface\"><div class=\"jp-controls\"><span class=\"jp-play\"><\/span><span class=\"jp-pause\"><\/span><span class=\"jp-stop\"><\/span><span class=\"jp-mute\"><\/span><span class=\"jp-unmute\"><\/span><span class=\"jp-volume-max\"><\/span><\/div><div class=\"jp-progress\"><div class=\"jp-seek-bar\"><div class=\"jp-play-bar\"><\/div><\/div><\/div><div class=\"jp-volume-bar\"><div class=\"jp-volume-bar-value\"><\/div><\/div><div class=\"jp-current-time\"><\/div><div class=\"jp-duration\"><\/div><\/div><div class=\"jp-title\"><\/div><\/div><\/div><\/div>\n<p>URL fichier: http:\/\/xn--choeurprlude-ieb.be\/wp-content\/uploads\/2022\/09\/4.3-teno_SUSCEPIT-ISRAEL_Magnificat_Durante.mp3<\/p>\n<p>Basse : <div class=\"su-audio\" data-id=\"su_audio_player_69f2fed87ba81\" data-audio=\"http:\/\/xn--choeurprlude-ieb.be\/wp-content\/uploads\/2022\/09\/4.4-bass_SUSCEPIT-ISRAEL_Magnificat_Durante.mp3\" data-swf=\"https:\/\/xn--choeurprlude-ieb.be\/wp-content\/plugins\/shortcodes-ultimate\/vendor\/jplayer\/jplayer.swf\" data-autoplay=\"no\" data-loop=\"no\" style=\"\"><div id=\"su_audio_player_69f2fed87ba81\" class=\"jp-jplayer\"><\/div><div id=\"su_audio_player_69f2fed87ba81_container\" class=\"jp-audio\"><div class=\"jp-type-single\"><div class=\"jp-gui jp-interface\"><div class=\"jp-controls\"><span class=\"jp-play\"><\/span><span class=\"jp-pause\"><\/span><span class=\"jp-stop\"><\/span><span class=\"jp-mute\"><\/span><span class=\"jp-unmute\"><\/span><span class=\"jp-volume-max\"><\/span><\/div><div class=\"jp-progress\"><div class=\"jp-seek-bar\"><div class=\"jp-play-bar\"><\/div><\/div><\/div><div class=\"jp-volume-bar\"><div class=\"jp-volume-bar-value\"><\/div><\/div><div class=\"jp-current-time\"><\/div><div class=\"jp-duration\"><\/div><\/div><div class=\"jp-title\"><\/div><\/div><\/div><\/div>\n<p>URL fichier: http:\/\/xn--choeurprlude-ieb.be\/wp-content\/uploads\/2022\/09\/4.4-bass_SUSCEPIT-ISRAEL_Magnificat_Durante.mp3<\/p>\n<p>TUTTI : <div class=\"su-audio\" data-id=\"su_audio_player_69f2fed87bac6\" data-audio=\"http:\/\/xn--choeurprlude-ieb.be\/wp-content\/uploads\/2022\/09\/4.0-tutti_SUSCEPIT-ISRAEL_Magnificat_Durante.mp3\" data-swf=\"https:\/\/xn--choeurprlude-ieb.be\/wp-content\/plugins\/shortcodes-ultimate\/vendor\/jplayer\/jplayer.swf\" data-autoplay=\"no\" data-loop=\"no\" style=\"\"><div id=\"su_audio_player_69f2fed87bac6\" class=\"jp-jplayer\"><\/div><div id=\"su_audio_player_69f2fed87bac6_container\" class=\"jp-audio\"><div class=\"jp-type-single\"><div class=\"jp-gui jp-interface\"><div class=\"jp-controls\"><span class=\"jp-play\"><\/span><span class=\"jp-pause\"><\/span><span class=\"jp-stop\"><\/span><span class=\"jp-mute\"><\/span><span class=\"jp-unmute\"><\/span><span class=\"jp-volume-max\"><\/span><\/div><div class=\"jp-progress\"><div class=\"jp-seek-bar\"><div class=\"jp-play-bar\"><\/div><\/div><\/div><div class=\"jp-volume-bar\"><div class=\"jp-volume-bar-value\"><\/div><\/div><div class=\"jp-current-time\"><\/div><div class=\"jp-duration\"><\/div><\/div><div class=\"jp-title\"><\/div><\/div><\/div><\/div>\n<p>URL fichier: http:\/\/xn--choeurprlude-ieb.be\/wp-content\/uploads\/2022\/09\/4.0-tutti_SUSCEPIT-ISRAEL_Magnificat_Durante.mp3<\/p>\n<p>VERSION CHANTEE : <div class=\"su-audio\" data-id=\"su_audio_player_69f2fed87bb0a\" data-audio=\"http:\/\/xn--choeurprlude-ieb.be\/wp-content\/uploads\/2022\/09\/4.0-Chante_SUSCEPIT-ISRAEL_Magnificat-Sib_Durante.mp3\" data-swf=\"https:\/\/xn--choeurprlude-ieb.be\/wp-content\/plugins\/shortcodes-ultimate\/vendor\/jplayer\/jplayer.swf\" data-autoplay=\"no\" data-loop=\"no\" style=\"\"><div id=\"su_audio_player_69f2fed87bb0a\" class=\"jp-jplayer\"><\/div><div id=\"su_audio_player_69f2fed87bb0a_container\" class=\"jp-audio\"><div class=\"jp-type-single\"><div class=\"jp-gui jp-interface\"><div class=\"jp-controls\"><span class=\"jp-play\"><\/span><span class=\"jp-pause\"><\/span><span class=\"jp-stop\"><\/span><span class=\"jp-mute\"><\/span><span class=\"jp-unmute\"><\/span><span class=\"jp-volume-max\"><\/span><\/div><div class=\"jp-progress\"><div class=\"jp-seek-bar\"><div class=\"jp-play-bar\"><\/div><\/div><\/div><div class=\"jp-volume-bar\"><div class=\"jp-volume-bar-value\"><\/div><\/div><div class=\"jp-current-time\"><\/div><div class=\"jp-duration\"><\/div><\/div><div class=\"jp-title\"><\/div><\/div><\/div><\/div>\n<p>URL fichier: http:\/\/xn--choeurprlude-ieb.be\/wp-content\/uploads\/2022\/09\/4.0-Chante_SUSCEPIT-ISRAEL_Magnificat-Sib_Durante.mp3<\/p>\n[\/toggle]\n[toggle title=\u00a0\u00bb<strong>5\u00e8me partie &#8211; Sicut locutus est<\/strong>\u00ab\u00a0]\n<p>Soprano : <div class=\"su-audio\" data-id=\"su_audio_player_69f2fed87bb4f\" data-audio=\"http:\/\/xn--choeurprlude-ieb.be\/wp-content\/uploads\/2022\/09\/5.1-Sopr_SICUT-LOCUTUS-EST_Magnificat-Sib_Durante.mp3\" data-swf=\"https:\/\/xn--choeurprlude-ieb.be\/wp-content\/plugins\/shortcodes-ultimate\/vendor\/jplayer\/jplayer.swf\" data-autoplay=\"no\" data-loop=\"no\" style=\"\"><div id=\"su_audio_player_69f2fed87bb4f\" class=\"jp-jplayer\"><\/div><div id=\"su_audio_player_69f2fed87bb4f_container\" class=\"jp-audio\"><div class=\"jp-type-single\"><div class=\"jp-gui jp-interface\"><div class=\"jp-controls\"><span class=\"jp-play\"><\/span><span class=\"jp-pause\"><\/span><span class=\"jp-stop\"><\/span><span class=\"jp-mute\"><\/span><span class=\"jp-unmute\"><\/span><span class=\"jp-volume-max\"><\/span><\/div><div class=\"jp-progress\"><div class=\"jp-seek-bar\"><div class=\"jp-play-bar\"><\/div><\/div><\/div><div class=\"jp-volume-bar\"><div class=\"jp-volume-bar-value\"><\/div><\/div><div class=\"jp-current-time\"><\/div><div class=\"jp-duration\"><\/div><\/div><div class=\"jp-title\"><\/div><\/div><\/div><\/div>\n<p>Soprano plus lent: <div class=\"su-audio\" data-id=\"su_audio_player_69f2fed87bb93\" data-audio=\"http:\/\/xn--choeurprlude-ieb.be\/wp-content\/uploads\/2022\/09\/5.1lent-Sopr_SICUT-LOCUTUS-EST_Magnificat-Sib_Durante.mp3\" data-swf=\"https:\/\/xn--choeurprlude-ieb.be\/wp-content\/plugins\/shortcodes-ultimate\/vendor\/jplayer\/jplayer.swf\" data-autoplay=\"no\" data-loop=\"no\" style=\"\"><div id=\"su_audio_player_69f2fed87bb93\" class=\"jp-jplayer\"><\/div><div id=\"su_audio_player_69f2fed87bb93_container\" class=\"jp-audio\"><div class=\"jp-type-single\"><div class=\"jp-gui jp-interface\"><div class=\"jp-controls\"><span class=\"jp-play\"><\/span><span class=\"jp-pause\"><\/span><span class=\"jp-stop\"><\/span><span class=\"jp-mute\"><\/span><span class=\"jp-unmute\"><\/span><span class=\"jp-volume-max\"><\/span><\/div><div class=\"jp-progress\"><div class=\"jp-seek-bar\"><div class=\"jp-play-bar\"><\/div><\/div><\/div><div class=\"jp-volume-bar\"><div class=\"jp-volume-bar-value\"><\/div><\/div><div class=\"jp-current-time\"><\/div><div class=\"jp-duration\"><\/div><\/div><div class=\"jp-title\"><\/div><\/div><\/div><\/div>\n<p>Alto : <div class=\"su-audio\" data-id=\"su_audio_player_69f2fed87bbd8\" data-audio=\"http:\/\/xn--choeurprlude-ieb.be\/wp-content\/uploads\/2022\/09\/5.2-Alto_SICUT-LOCUTUS-EST_Magnificat-Sib_Durante.mp3\" data-swf=\"https:\/\/xn--choeurprlude-ieb.be\/wp-content\/plugins\/shortcodes-ultimate\/vendor\/jplayer\/jplayer.swf\" data-autoplay=\"no\" data-loop=\"no\" style=\"\"><div id=\"su_audio_player_69f2fed87bbd8\" class=\"jp-jplayer\"><\/div><div id=\"su_audio_player_69f2fed87bbd8_container\" class=\"jp-audio\"><div class=\"jp-type-single\"><div class=\"jp-gui jp-interface\"><div class=\"jp-controls\"><span class=\"jp-play\"><\/span><span class=\"jp-pause\"><\/span><span class=\"jp-stop\"><\/span><span class=\"jp-mute\"><\/span><span class=\"jp-unmute\"><\/span><span class=\"jp-volume-max\"><\/span><\/div><div class=\"jp-progress\"><div class=\"jp-seek-bar\"><div class=\"jp-play-bar\"><\/div><\/div><\/div><div class=\"jp-volume-bar\"><div class=\"jp-volume-bar-value\"><\/div><\/div><div class=\"jp-current-time\"><\/div><div class=\"jp-duration\"><\/div><\/div><div class=\"jp-title\"><\/div><\/div><\/div><\/div>\n<p>Alto plus lent: <div class=\"su-audio\" data-id=\"su_audio_player_69f2fed87bc22\" data-audio=\"http:\/\/xn--choeurprlude-ieb.be\/wp-content\/uploads\/2022\/09\/5.2lent-Alto_SICUT-LOCUTUS-EST_Magnificat-Sib_Durante.mp3\" data-swf=\"https:\/\/xn--choeurprlude-ieb.be\/wp-content\/plugins\/shortcodes-ultimate\/vendor\/jplayer\/jplayer.swf\" data-autoplay=\"no\" data-loop=\"no\" style=\"\"><div id=\"su_audio_player_69f2fed87bc22\" class=\"jp-jplayer\"><\/div><div id=\"su_audio_player_69f2fed87bc22_container\" class=\"jp-audio\"><div class=\"jp-type-single\"><div class=\"jp-gui jp-interface\"><div class=\"jp-controls\"><span class=\"jp-play\"><\/span><span class=\"jp-pause\"><\/span><span class=\"jp-stop\"><\/span><span class=\"jp-mute\"><\/span><span class=\"jp-unmute\"><\/span><span class=\"jp-volume-max\"><\/span><\/div><div class=\"jp-progress\"><div class=\"jp-seek-bar\"><div class=\"jp-play-bar\"><\/div><\/div><\/div><div class=\"jp-volume-bar\"><div class=\"jp-volume-bar-value\"><\/div><\/div><div class=\"jp-current-time\"><\/div><div class=\"jp-duration\"><\/div><\/div><div class=\"jp-title\"><\/div><\/div><\/div><\/div>\n<p>Tenor : <div class=\"su-audio\" data-id=\"su_audio_player_69f2fed87bc66\" data-audio=\"http:\/\/xn--choeurprlude-ieb.be\/wp-content\/uploads\/2022\/09\/5.3-Teno_SICUT-LOCUTUS-EST_Magnificat-Sib_Durante.mp3\" data-swf=\"https:\/\/xn--choeurprlude-ieb.be\/wp-content\/plugins\/shortcodes-ultimate\/vendor\/jplayer\/jplayer.swf\" data-autoplay=\"no\" data-loop=\"no\" style=\"\"><div id=\"su_audio_player_69f2fed87bc66\" class=\"jp-jplayer\"><\/div><div id=\"su_audio_player_69f2fed87bc66_container\" class=\"jp-audio\"><div class=\"jp-type-single\"><div class=\"jp-gui jp-interface\"><div class=\"jp-controls\"><span class=\"jp-play\"><\/span><span class=\"jp-pause\"><\/span><span class=\"jp-stop\"><\/span><span class=\"jp-mute\"><\/span><span class=\"jp-unmute\"><\/span><span class=\"jp-volume-max\"><\/span><\/div><div class=\"jp-progress\"><div class=\"jp-seek-bar\"><div class=\"jp-play-bar\"><\/div><\/div><\/div><div class=\"jp-volume-bar\"><div class=\"jp-volume-bar-value\"><\/div><\/div><div class=\"jp-current-time\"><\/div><div class=\"jp-duration\"><\/div><\/div><div class=\"jp-title\"><\/div><\/div><\/div><\/div>\n<p>Tenor plus lent: <div class=\"su-audio\" data-id=\"su_audio_player_69f2fed87bcb6\" data-audio=\"http:\/\/xn--choeurprlude-ieb.be\/wp-content\/uploads\/2022\/09\/5.3lent-Teno_SICUT-LOCUTUS-EST_Magnificat-Sib_Durante.mp3\" data-swf=\"https:\/\/xn--choeurprlude-ieb.be\/wp-content\/plugins\/shortcodes-ultimate\/vendor\/jplayer\/jplayer.swf\" data-autoplay=\"no\" data-loop=\"no\" style=\"\"><div id=\"su_audio_player_69f2fed87bcb6\" class=\"jp-jplayer\"><\/div><div id=\"su_audio_player_69f2fed87bcb6_container\" class=\"jp-audio\"><div class=\"jp-type-single\"><div class=\"jp-gui jp-interface\"><div class=\"jp-controls\"><span class=\"jp-play\"><\/span><span class=\"jp-pause\"><\/span><span class=\"jp-stop\"><\/span><span class=\"jp-mute\"><\/span><span class=\"jp-unmute\"><\/span><span class=\"jp-volume-max\"><\/span><\/div><div class=\"jp-progress\"><div class=\"jp-seek-bar\"><div class=\"jp-play-bar\"><\/div><\/div><\/div><div class=\"jp-volume-bar\"><div class=\"jp-volume-bar-value\"><\/div><\/div><div class=\"jp-current-time\"><\/div><div class=\"jp-duration\"><\/div><\/div><div class=\"jp-title\"><\/div><\/div><\/div><\/div>\n<p>Basse : <div class=\"su-audio\" data-id=\"su_audio_player_69f2fed87bcfc\" data-audio=\"http:\/\/xn--choeurprlude-ieb.be\/wp-content\/uploads\/2022\/09\/5.4-Bass_SICUT-LOCUTUS-EST_Magnificat-Sib_Durante.mp3\" data-swf=\"https:\/\/xn--choeurprlude-ieb.be\/wp-content\/plugins\/shortcodes-ultimate\/vendor\/jplayer\/jplayer.swf\" data-autoplay=\"no\" data-loop=\"no\" style=\"\"><div id=\"su_audio_player_69f2fed87bcfc\" class=\"jp-jplayer\"><\/div><div id=\"su_audio_player_69f2fed87bcfc_container\" class=\"jp-audio\"><div class=\"jp-type-single\"><div class=\"jp-gui jp-interface\"><div class=\"jp-controls\"><span class=\"jp-play\"><\/span><span class=\"jp-pause\"><\/span><span class=\"jp-stop\"><\/span><span class=\"jp-mute\"><\/span><span class=\"jp-unmute\"><\/span><span class=\"jp-volume-max\"><\/span><\/div><div class=\"jp-progress\"><div class=\"jp-seek-bar\"><div class=\"jp-play-bar\"><\/div><\/div><\/div><div class=\"jp-volume-bar\"><div class=\"jp-volume-bar-value\"><\/div><\/div><div class=\"jp-current-time\"><\/div><div class=\"jp-duration\"><\/div><\/div><div class=\"jp-title\"><\/div><\/div><\/div><\/div>\n<p>Basse plus lent: <div class=\"su-audio\" data-id=\"su_audio_player_69f2fed87bd40\" data-audio=\"http:\/\/xn--choeurprlude-ieb.be\/wp-content\/uploads\/2022\/09\/5.4lent-Bass_SICUT-LOCUTUS-EST_Magnificat-Sib_Durante.mp3\" data-swf=\"https:\/\/xn--choeurprlude-ieb.be\/wp-content\/plugins\/shortcodes-ultimate\/vendor\/jplayer\/jplayer.swf\" data-autoplay=\"no\" data-loop=\"no\" style=\"\"><div id=\"su_audio_player_69f2fed87bd40\" class=\"jp-jplayer\"><\/div><div id=\"su_audio_player_69f2fed87bd40_container\" class=\"jp-audio\"><div class=\"jp-type-single\"><div class=\"jp-gui jp-interface\"><div class=\"jp-controls\"><span class=\"jp-play\"><\/span><span class=\"jp-pause\"><\/span><span class=\"jp-stop\"><\/span><span class=\"jp-mute\"><\/span><span class=\"jp-unmute\"><\/span><span class=\"jp-volume-max\"><\/span><\/div><div class=\"jp-progress\"><div class=\"jp-seek-bar\"><div class=\"jp-play-bar\"><\/div><\/div><\/div><div class=\"jp-volume-bar\"><div class=\"jp-volume-bar-value\"><\/div><\/div><div class=\"jp-current-time\"><\/div><div class=\"jp-duration\"><\/div><\/div><div class=\"jp-title\"><\/div><\/div><\/div><\/div>\n<p>TUTTI + instruments: <div class=\"su-audio\" data-id=\"su_audio_player_69f2fed87bd85\" data-audio=\"http:\/\/xn--choeurprlude-ieb.be\/wp-content\/uploads\/2022\/09\/5.0-TuttiInstruments_SICUT-LOCUTUS-EST_Magnificat-Sib_Durante.mp3\" data-swf=\"https:\/\/xn--choeurprlude-ieb.be\/wp-content\/plugins\/shortcodes-ultimate\/vendor\/jplayer\/jplayer.swf\" data-autoplay=\"no\" data-loop=\"no\" style=\"\"><div id=\"su_audio_player_69f2fed87bd85\" class=\"jp-jplayer\"><\/div><div id=\"su_audio_player_69f2fed87bd85_container\" class=\"jp-audio\"><div class=\"jp-type-single\"><div class=\"jp-gui jp-interface\"><div class=\"jp-controls\"><span class=\"jp-play\"><\/span><span class=\"jp-pause\"><\/span><span class=\"jp-stop\"><\/span><span class=\"jp-mute\"><\/span><span class=\"jp-unmute\"><\/span><span class=\"jp-volume-max\"><\/span><\/div><div class=\"jp-progress\"><div class=\"jp-seek-bar\"><div class=\"jp-play-bar\"><\/div><\/div><\/div><div class=\"jp-volume-bar\"><div class=\"jp-volume-bar-value\"><\/div><\/div><div class=\"jp-current-time\"><\/div><div class=\"jp-duration\"><\/div><\/div><div class=\"jp-title\"><\/div><\/div><\/div><\/div>\n<p>TUTTI + instruments plus lent: <div class=\"su-audio\" data-id=\"su_audio_player_69f2fed87bdc9\" data-audio=\"http:\/\/xn--choeurprlude-ieb.be\/wp-content\/uploads\/2022\/09\/5.0lent-TuttiInstruments_SICUT-LOCUTUS-EST_Magnificat-Sib_Durante.mp3\" data-swf=\"https:\/\/xn--choeurprlude-ieb.be\/wp-content\/plugins\/shortcodes-ultimate\/vendor\/jplayer\/jplayer.swf\" data-autoplay=\"no\" data-loop=\"no\" style=\"\"><div id=\"su_audio_player_69f2fed87bdc9\" class=\"jp-jplayer\"><\/div><div id=\"su_audio_player_69f2fed87bdc9_container\" class=\"jp-audio\"><div class=\"jp-type-single\"><div class=\"jp-gui jp-interface\"><div class=\"jp-controls\"><span class=\"jp-play\"><\/span><span class=\"jp-pause\"><\/span><span class=\"jp-stop\"><\/span><span class=\"jp-mute\"><\/span><span class=\"jp-unmute\"><\/span><span class=\"jp-volume-max\"><\/span><\/div><div class=\"jp-progress\"><div class=\"jp-seek-bar\"><div class=\"jp-play-bar\"><\/div><\/div><\/div><div class=\"jp-volume-bar\"><div class=\"jp-volume-bar-value\"><\/div><\/div><div class=\"jp-current-time\"><\/div><div class=\"jp-duration\"><\/div><\/div><div class=\"jp-title\"><\/div><\/div><\/div><\/div>\n<p>TUTTI sans violon: <div class=\"su-audio\" data-id=\"su_audio_player_69f2fed87be0e\" data-audio=\"http:\/\/xn--choeurprlude-ieb.be\/wp-content\/uploads\/2022\/09\/5.0-TuttiSans-Violon_SICUT-LOCUTUS-EST_Magnificat-Sib_Durante.mp3\" data-swf=\"https:\/\/xn--choeurprlude-ieb.be\/wp-content\/plugins\/shortcodes-ultimate\/vendor\/jplayer\/jplayer.swf\" data-autoplay=\"no\" data-loop=\"no\" style=\"\"><div id=\"su_audio_player_69f2fed87be0e\" class=\"jp-jplayer\"><\/div><div id=\"su_audio_player_69f2fed87be0e_container\" class=\"jp-audio\"><div class=\"jp-type-single\"><div class=\"jp-gui jp-interface\"><div class=\"jp-controls\"><span class=\"jp-play\"><\/span><span class=\"jp-pause\"><\/span><span class=\"jp-stop\"><\/span><span class=\"jp-mute\"><\/span><span class=\"jp-unmute\"><\/span><span class=\"jp-volume-max\"><\/span><\/div><div class=\"jp-progress\"><div class=\"jp-seek-bar\"><div class=\"jp-play-bar\"><\/div><\/div><\/div><div class=\"jp-volume-bar\"><div class=\"jp-volume-bar-value\"><\/div><\/div><div class=\"jp-current-time\"><\/div><div class=\"jp-duration\"><\/div><\/div><div class=\"jp-title\"><\/div><\/div><\/div><\/div>\n<p>VERSION CHANTEE : <div class=\"su-audio\" data-id=\"su_audio_player_69f2fed87be52\" data-audio=\"http:\/\/xn--choeurprlude-ieb.be\/wp-content\/uploads\/2022\/09\/0.5Chante_SICUT-LOCUTUS-EST_Magnificat-Sib_Durante.mp3\" data-swf=\"https:\/\/xn--choeurprlude-ieb.be\/wp-content\/plugins\/shortcodes-ultimate\/vendor\/jplayer\/jplayer.swf\" data-autoplay=\"no\" data-loop=\"no\" style=\"\"><div id=\"su_audio_player_69f2fed87be52\" class=\"jp-jplayer\"><\/div><div id=\"su_audio_player_69f2fed87be52_container\" class=\"jp-audio\"><div class=\"jp-type-single\"><div class=\"jp-gui jp-interface\"><div class=\"jp-controls\"><span class=\"jp-play\"><\/span><span class=\"jp-pause\"><\/span><span class=\"jp-stop\"><\/span><span class=\"jp-mute\"><\/span><span class=\"jp-unmute\"><\/span><span class=\"jp-volume-max\"><\/span><\/div><div class=\"jp-progress\"><div class=\"jp-seek-bar\"><div class=\"jp-play-bar\"><\/div><\/div><\/div><div class=\"jp-volume-bar\"><div class=\"jp-volume-bar-value\"><\/div><\/div><div class=\"jp-current-time\"><\/div><div class=\"jp-duration\"><\/div><\/div><div class=\"jp-title\"><\/div><\/div><\/div><\/div>\n<p>VERSION CHANTEE plus lent : <div class=\"su-audio\" data-id=\"su_audio_player_69f2fed87be96\" data-audio=\"http:\/\/xn--choeurprlude-ieb.be\/wp-content\/uploads\/2022\/09\/0.5lentChante_SICUT-LOCUTUS-EST_Magnificat-Sib_Durante.mp3\" data-swf=\"https:\/\/xn--choeurprlude-ieb.be\/wp-content\/plugins\/shortcodes-ultimate\/vendor\/jplayer\/jplayer.swf\" data-autoplay=\"no\" data-loop=\"no\" style=\"\"><div id=\"su_audio_player_69f2fed87be96\" class=\"jp-jplayer\"><\/div><div id=\"su_audio_player_69f2fed87be96_container\" class=\"jp-audio\"><div class=\"jp-type-single\"><div class=\"jp-gui jp-interface\"><div class=\"jp-controls\"><span class=\"jp-play\"><\/span><span class=\"jp-pause\"><\/span><span class=\"jp-stop\"><\/span><span class=\"jp-mute\"><\/span><span class=\"jp-unmute\"><\/span><span class=\"jp-volume-max\"><\/span><\/div><div class=\"jp-progress\"><div class=\"jp-seek-bar\"><div class=\"jp-play-bar\"><\/div><\/div><\/div><div class=\"jp-volume-bar\"><div class=\"jp-volume-bar-value\"><\/div><\/div><div class=\"jp-current-time\"><\/div><div class=\"jp-duration\"><\/div><\/div><div class=\"jp-title\"><\/div><\/div><\/div><\/div>\n[\/toggle]\n[toggle title=\u00a0\u00bb<strong>6\u00e8me partie &#8211; Gloria<\/strong>\u00ab\u00a0]\n<p>Soprano : <div class=\"su-audio\" data-id=\"su_audio_player_69f2fed87bedb\" data-audio=\"http:\/\/xn--choeurprlude-ieb.be\/wp-content\/uploads\/2022\/09\/6.1_sopr_GLORIA_Magnificat-Sib_Durante.mp3\" data-swf=\"https:\/\/xn--choeurprlude-ieb.be\/wp-content\/plugins\/shortcodes-ultimate\/vendor\/jplayer\/jplayer.swf\" data-autoplay=\"no\" data-loop=\"no\" style=\"\"><div id=\"su_audio_player_69f2fed87bedb\" class=\"jp-jplayer\"><\/div><div id=\"su_audio_player_69f2fed87bedb_container\" class=\"jp-audio\"><div class=\"jp-type-single\"><div class=\"jp-gui jp-interface\"><div class=\"jp-controls\"><span class=\"jp-play\"><\/span><span class=\"jp-pause\"><\/span><span class=\"jp-stop\"><\/span><span class=\"jp-mute\"><\/span><span class=\"jp-unmute\"><\/span><span class=\"jp-volume-max\"><\/span><\/div><div class=\"jp-progress\"><div class=\"jp-seek-bar\"><div class=\"jp-play-bar\"><\/div><\/div><\/div><div class=\"jp-volume-bar\"><div class=\"jp-volume-bar-value\"><\/div><\/div><div class=\"jp-current-time\"><\/div><div class=\"jp-duration\"><\/div><\/div><div class=\"jp-title\"><\/div><\/div><\/div><\/div>\n<p>URL fichier: http:\/\/xn--choeurprlude-ieb.be\/wp-content\/uploads\/2022\/09\/6.1_sopr_GLORIA_Magnificat-Sib_Durante.mp3<\/p>\n<p>Alto : <div class=\"su-audio\" data-id=\"su_audio_player_69f2fed87bf1f\" data-audio=\"http:\/\/xn--choeurprlude-ieb.be\/wp-content\/uploads\/2022\/09\/6.2_alto_GLORIA_Magnificat-Sib_Durante.mp3\" data-swf=\"https:\/\/xn--choeurprlude-ieb.be\/wp-content\/plugins\/shortcodes-ultimate\/vendor\/jplayer\/jplayer.swf\" data-autoplay=\"no\" data-loop=\"no\" style=\"\"><div id=\"su_audio_player_69f2fed87bf1f\" class=\"jp-jplayer\"><\/div><div id=\"su_audio_player_69f2fed87bf1f_container\" class=\"jp-audio\"><div class=\"jp-type-single\"><div class=\"jp-gui jp-interface\"><div class=\"jp-controls\"><span class=\"jp-play\"><\/span><span class=\"jp-pause\"><\/span><span class=\"jp-stop\"><\/span><span class=\"jp-mute\"><\/span><span class=\"jp-unmute\"><\/span><span class=\"jp-volume-max\"><\/span><\/div><div class=\"jp-progress\"><div class=\"jp-seek-bar\"><div class=\"jp-play-bar\"><\/div><\/div><\/div><div class=\"jp-volume-bar\"><div class=\"jp-volume-bar-value\"><\/div><\/div><div class=\"jp-current-time\"><\/div><div class=\"jp-duration\"><\/div><\/div><div class=\"jp-title\"><\/div><\/div><\/div><\/div>\n<p>URL fichier: http:\/\/xn--choeurprlude-ieb.be\/wp-content\/uploads\/2022\/09\/6.2_alto_GLORIA_Magnificat-Sib_Durante.mp3<\/p>\n<p>Tenor : <div class=\"su-audio\" data-id=\"su_audio_player_69f2fed87bf63\" data-audio=\"http:\/\/xn--choeurprlude-ieb.be\/wp-content\/uploads\/2022\/09\/6.3_teno_GLORIA_Magnificat-Sib_Durante.mp3\" data-swf=\"https:\/\/xn--choeurprlude-ieb.be\/wp-content\/plugins\/shortcodes-ultimate\/vendor\/jplayer\/jplayer.swf\" data-autoplay=\"no\" data-loop=\"no\" style=\"\"><div id=\"su_audio_player_69f2fed87bf63\" class=\"jp-jplayer\"><\/div><div id=\"su_audio_player_69f2fed87bf63_container\" class=\"jp-audio\"><div class=\"jp-type-single\"><div class=\"jp-gui jp-interface\"><div class=\"jp-controls\"><span class=\"jp-play\"><\/span><span class=\"jp-pause\"><\/span><span class=\"jp-stop\"><\/span><span class=\"jp-mute\"><\/span><span class=\"jp-unmute\"><\/span><span class=\"jp-volume-max\"><\/span><\/div><div class=\"jp-progress\"><div class=\"jp-seek-bar\"><div class=\"jp-play-bar\"><\/div><\/div><\/div><div class=\"jp-volume-bar\"><div class=\"jp-volume-bar-value\"><\/div><\/div><div class=\"jp-current-time\"><\/div><div class=\"jp-duration\"><\/div><\/div><div class=\"jp-title\"><\/div><\/div><\/div><\/div>\n<p>URL fichier: http:\/\/xn--choeurprlude-ieb.be\/wp-content\/uploads\/2022\/09\/6.3_teno_GLORIA_Magnificat-Sib_Durante.mp3<\/p>\n<p>Basse : <div class=\"su-audio\" data-id=\"su_audio_player_69f2fed87bfb0\" data-audio=\"http:\/\/xn--choeurprlude-ieb.be\/wp-content\/uploads\/2022\/09\/6.4_bass_GLORIA_Magnificat-Sib_Durante.mp3\" data-swf=\"https:\/\/xn--choeurprlude-ieb.be\/wp-content\/plugins\/shortcodes-ultimate\/vendor\/jplayer\/jplayer.swf\" data-autoplay=\"no\" data-loop=\"no\" style=\"\"><div id=\"su_audio_player_69f2fed87bfb0\" class=\"jp-jplayer\"><\/div><div id=\"su_audio_player_69f2fed87bfb0_container\" class=\"jp-audio\"><div class=\"jp-type-single\"><div class=\"jp-gui jp-interface\"><div class=\"jp-controls\"><span class=\"jp-play\"><\/span><span class=\"jp-pause\"><\/span><span class=\"jp-stop\"><\/span><span class=\"jp-mute\"><\/span><span class=\"jp-unmute\"><\/span><span class=\"jp-volume-max\"><\/span><\/div><div class=\"jp-progress\"><div class=\"jp-seek-bar\"><div class=\"jp-play-bar\"><\/div><\/div><\/div><div class=\"jp-volume-bar\"><div class=\"jp-volume-bar-value\"><\/div><\/div><div class=\"jp-current-time\"><\/div><div class=\"jp-duration\"><\/div><\/div><div class=\"jp-title\"><\/div><\/div><\/div><\/div>\n<p>URL fichier: http:\/\/xn--choeurprlude-ieb.be\/wp-content\/uploads\/2022\/09\/6.4_bass_GLORIA_Magnificat-Sib_Durante.mp3<\/p>\n<p>TUTTI : <div class=\"su-audio\" data-id=\"su_audio_player_69f2fed87bff4\" data-audio=\"http:\/\/xn--choeurprlude-ieb.be\/wp-content\/uploads\/2022\/09\/6.0_Tutti_GLORIA_Magnificat-Sib_Durante.mp3\" data-swf=\"https:\/\/xn--choeurprlude-ieb.be\/wp-content\/plugins\/shortcodes-ultimate\/vendor\/jplayer\/jplayer.swf\" data-autoplay=\"no\" data-loop=\"no\" style=\"\"><div id=\"su_audio_player_69f2fed87bff4\" class=\"jp-jplayer\"><\/div><div id=\"su_audio_player_69f2fed87bff4_container\" class=\"jp-audio\"><div class=\"jp-type-single\"><div class=\"jp-gui jp-interface\"><div class=\"jp-controls\"><span class=\"jp-play\"><\/span><span class=\"jp-pause\"><\/span><span class=\"jp-stop\"><\/span><span class=\"jp-mute\"><\/span><span class=\"jp-unmute\"><\/span><span class=\"jp-volume-max\"><\/span><\/div><div class=\"jp-progress\"><div class=\"jp-seek-bar\"><div class=\"jp-play-bar\"><\/div><\/div><\/div><div class=\"jp-volume-bar\"><div class=\"jp-volume-bar-value\"><\/div><\/div><div class=\"jp-current-time\"><\/div><div class=\"jp-duration\"><\/div><\/div><div class=\"jp-title\"><\/div><\/div><\/div><\/div>\n<p>URL fichier: http:\/\/xn--choeurprlude-ieb.be\/wp-content\/uploads\/2022\/09\/6.0_Tutti_GLORIA_Magnificat-Sib_Durante.mp3<\/p>\n<p>VERSION CHANTEE : <div class=\"su-audio\" data-id=\"su_audio_player_69f2fed87c039\" data-audio=\"http:\/\/xn--choeurprlude-ieb.be\/wp-content\/uploads\/2022\/09\/0.6Chante_GLORIA_Magnificat-Sib_Durante.mp3\" data-swf=\"https:\/\/xn--choeurprlude-ieb.be\/wp-content\/plugins\/shortcodes-ultimate\/vendor\/jplayer\/jplayer.swf\" data-autoplay=\"no\" data-loop=\"no\" style=\"\"><div id=\"su_audio_player_69f2fed87c039\" class=\"jp-jplayer\"><\/div><div id=\"su_audio_player_69f2fed87c039_container\" class=\"jp-audio\"><div class=\"jp-type-single\"><div class=\"jp-gui jp-interface\"><div class=\"jp-controls\"><span class=\"jp-play\"><\/span><span class=\"jp-pause\"><\/span><span class=\"jp-stop\"><\/span><span class=\"jp-mute\"><\/span><span class=\"jp-unmute\"><\/span><span class=\"jp-volume-max\"><\/span><\/div><div class=\"jp-progress\"><div class=\"jp-seek-bar\"><div class=\"jp-play-bar\"><\/div><\/div><\/div><div class=\"jp-volume-bar\"><div class=\"jp-volume-bar-value\"><\/div><\/div><div class=\"jp-current-time\"><\/div><div class=\"jp-duration\"><\/div><\/div><div class=\"jp-title\"><\/div><\/div><\/div><\/div>\n<p>URL fichier: http:\/\/xn--choeurprlude-ieb.be\/wp-content\/uploads\/2022\/09\/0.6Chante_GLORIA_Magnificat-Sib_Durante.mp3<\/p>\n[\/toggle]\n<p>&nbsp;<\/p>\n<p>&#8212;&#8212;&#8212;&#8212;&#8212;&#8212;&#8212;&#8212;&#8212;&#8212;&#8212;&#8212;&#8212;&#8212;&#8212;&#8212;&#8212;&#8212;&#8212;&#8212;&#8212;&#8212;&#8212;&#8212;&#8212;&#8212;&#8212;<\/p>\n[toggle title=\u00a0\u00bb<strong>FAURE Gabriel &#8211; Cantique de Jean Racine<\/strong>\u00ab\u00a0]\n<p>VERSION CHANTEE : <div class=\"su-audio\" data-id=\"su_audio_player_69f2fed87c07d\" data-audio=\"http:\/\/xn--choeurprlude-ieb.be\/wp-content\/uploads\/2023\/09\/00_CHANTE-Tutti-CANTIQUE-de-JEAN-RACINE-VOCES8-1.mp3\" data-swf=\"https:\/\/xn--choeurprlude-ieb.be\/wp-content\/plugins\/shortcodes-ultimate\/vendor\/jplayer\/jplayer.swf\" data-autoplay=\"no\" data-loop=\"no\" style=\"\"><div id=\"su_audio_player_69f2fed87c07d\" class=\"jp-jplayer\"><\/div><div id=\"su_audio_player_69f2fed87c07d_container\" class=\"jp-audio\"><div class=\"jp-type-single\"><div class=\"jp-gui jp-interface\"><div class=\"jp-controls\"><span class=\"jp-play\"><\/span><span class=\"jp-pause\"><\/span><span class=\"jp-stop\"><\/span><span class=\"jp-mute\"><\/span><span class=\"jp-unmute\"><\/span><span class=\"jp-volume-max\"><\/span><\/div><div class=\"jp-progress\"><div class=\"jp-seek-bar\"><div class=\"jp-play-bar\"><\/div><\/div><\/div><div class=\"jp-volume-bar\"><div class=\"jp-volume-bar-value\"><\/div><\/div><div class=\"jp-current-time\"><\/div><div class=\"jp-duration\"><\/div><\/div><div class=\"jp-title\"><\/div><\/div><\/div><\/div>\n<p>URL fichier: http:\/\/xn--choeurprlude-ieb.be\/wp-content\/uploads\/2023\/09\/00_CHANTE-Tutti-CANTIQUE-de-JEAN-RACINE-VOCES8-1.mp3<\/p>\n<p>TUTTI : <div class=\"su-audio\" data-id=\"su_audio_player_69f2fed87c0c3\" data-audio=\"http:\/\/xn--choeurprlude-ieb.be\/wp-content\/uploads\/2023\/09\/00_Tutti-CANTIQUE-de-Jean-RACINE-1.mp3\" data-swf=\"https:\/\/xn--choeurprlude-ieb.be\/wp-content\/plugins\/shortcodes-ultimate\/vendor\/jplayer\/jplayer.swf\" data-autoplay=\"no\" data-loop=\"no\" style=\"\"><div id=\"su_audio_player_69f2fed87c0c3\" class=\"jp-jplayer\"><\/div><div id=\"su_audio_player_69f2fed87c0c3_container\" class=\"jp-audio\"><div class=\"jp-type-single\"><div class=\"jp-gui jp-interface\"><div class=\"jp-controls\"><span class=\"jp-play\"><\/span><span class=\"jp-pause\"><\/span><span class=\"jp-stop\"><\/span><span class=\"jp-mute\"><\/span><span class=\"jp-unmute\"><\/span><span class=\"jp-volume-max\"><\/span><\/div><div class=\"jp-progress\"><div class=\"jp-seek-bar\"><div class=\"jp-play-bar\"><\/div><\/div><\/div><div class=\"jp-volume-bar\"><div class=\"jp-volume-bar-value\"><\/div><\/div><div class=\"jp-current-time\"><\/div><div class=\"jp-duration\"><\/div><\/div><div class=\"jp-title\"><\/div><\/div><\/div><\/div>\n<p>URL fichier: http:\/\/xn--choeurprlude-ieb.be\/wp-content\/uploads\/2023\/09\/00_Tutti-CANTIQUE-de-Jean-RACINE-1.mp3<\/p>\n<p>Soprano : <div class=\"su-audio\" data-id=\"su_audio_player_69f2fed87c10e\" data-audio=\"http:\/\/xn--choeurprlude-ieb.be\/wp-content\/uploads\/2023\/09\/01_sopr-CANTIQUE-de-Jean-RACINE-1.mp3\" data-swf=\"https:\/\/xn--choeurprlude-ieb.be\/wp-content\/plugins\/shortcodes-ultimate\/vendor\/jplayer\/jplayer.swf\" data-autoplay=\"no\" data-loop=\"no\" style=\"\"><div id=\"su_audio_player_69f2fed87c10e\" class=\"jp-jplayer\"><\/div><div id=\"su_audio_player_69f2fed87c10e_container\" class=\"jp-audio\"><div class=\"jp-type-single\"><div class=\"jp-gui jp-interface\"><div class=\"jp-controls\"><span class=\"jp-play\"><\/span><span class=\"jp-pause\"><\/span><span class=\"jp-stop\"><\/span><span class=\"jp-mute\"><\/span><span class=\"jp-unmute\"><\/span><span class=\"jp-volume-max\"><\/span><\/div><div class=\"jp-progress\"><div class=\"jp-seek-bar\"><div class=\"jp-play-bar\"><\/div><\/div><\/div><div class=\"jp-volume-bar\"><div class=\"jp-volume-bar-value\"><\/div><\/div><div class=\"jp-current-time\"><\/div><div class=\"jp-duration\"><\/div><\/div><div class=\"jp-title\"><\/div><\/div><\/div><\/div>\n<p>URL fichier: http:\/\/xn--choeurprlude-ieb.be\/wp-content\/uploads\/2023\/09\/01_sopr-CANTIQUE-de-Jean-RACINE-1.mp3<\/p>\n<p>Alto : <div class=\"su-audio\" data-id=\"su_audio_player_69f2fed87c153\" data-audio=\"http:\/\/xn--choeurprlude-ieb.be\/wp-content\/uploads\/2023\/09\/02_alto-CANTIQUE-de-Jean-RACINE-1.mp3\" data-swf=\"https:\/\/xn--choeurprlude-ieb.be\/wp-content\/plugins\/shortcodes-ultimate\/vendor\/jplayer\/jplayer.swf\" data-autoplay=\"no\" data-loop=\"no\" style=\"\"><div id=\"su_audio_player_69f2fed87c153\" class=\"jp-jplayer\"><\/div><div id=\"su_audio_player_69f2fed87c153_container\" class=\"jp-audio\"><div class=\"jp-type-single\"><div class=\"jp-gui jp-interface\"><div class=\"jp-controls\"><span class=\"jp-play\"><\/span><span class=\"jp-pause\"><\/span><span class=\"jp-stop\"><\/span><span class=\"jp-mute\"><\/span><span class=\"jp-unmute\"><\/span><span class=\"jp-volume-max\"><\/span><\/div><div class=\"jp-progress\"><div class=\"jp-seek-bar\"><div class=\"jp-play-bar\"><\/div><\/div><\/div><div class=\"jp-volume-bar\"><div class=\"jp-volume-bar-value\"><\/div><\/div><div class=\"jp-current-time\"><\/div><div class=\"jp-duration\"><\/div><\/div><div class=\"jp-title\"><\/div><\/div><\/div><\/div>\n<p>URL fichier: http:\/\/xn--choeurprlude-ieb.be\/wp-content\/uploads\/2023\/09\/02_alto-CANTIQUE-de-Jean-RACINE-1.mp3<\/p>\n<p>Tenor : <div class=\"su-audio\" data-id=\"su_audio_player_69f2fed87c197\" data-audio=\"http:\/\/xn--choeurprlude-ieb.be\/wp-content\/uploads\/2023\/09\/03_teno-CANTIQUE-de-Jean-RACINE-1.mp3\" data-swf=\"https:\/\/xn--choeurprlude-ieb.be\/wp-content\/plugins\/shortcodes-ultimate\/vendor\/jplayer\/jplayer.swf\" data-autoplay=\"no\" data-loop=\"no\" style=\"\"><div id=\"su_audio_player_69f2fed87c197\" class=\"jp-jplayer\"><\/div><div id=\"su_audio_player_69f2fed87c197_container\" class=\"jp-audio\"><div class=\"jp-type-single\"><div class=\"jp-gui jp-interface\"><div class=\"jp-controls\"><span class=\"jp-play\"><\/span><span class=\"jp-pause\"><\/span><span class=\"jp-stop\"><\/span><span class=\"jp-mute\"><\/span><span class=\"jp-unmute\"><\/span><span class=\"jp-volume-max\"><\/span><\/div><div class=\"jp-progress\"><div class=\"jp-seek-bar\"><div class=\"jp-play-bar\"><\/div><\/div><\/div><div class=\"jp-volume-bar\"><div class=\"jp-volume-bar-value\"><\/div><\/div><div class=\"jp-current-time\"><\/div><div class=\"jp-duration\"><\/div><\/div><div class=\"jp-title\"><\/div><\/div><\/div><\/div>\n<p>URL fichier: http:\/\/xn--choeurprlude-ieb.be\/wp-content\/uploads\/2023\/09\/03_teno-CANTIQUE-de-Jean-RACINE-1.mp3<\/p>\n<p>Tenor chant\u00e9: <div class=\"su-audio\" data-id=\"su_audio_player_69f2fed87c1db\" data-audio=\"http:\/\/xn--choeurprlude-ieb.be\/wp-content\/uploads\/2023\/09\/03_teno-Chante_CANTIQUE-de-Jean-RACINE.mp3\" data-swf=\"https:\/\/xn--choeurprlude-ieb.be\/wp-content\/plugins\/shortcodes-ultimate\/vendor\/jplayer\/jplayer.swf\" data-autoplay=\"no\" data-loop=\"no\" style=\"\"><div id=\"su_audio_player_69f2fed87c1db\" class=\"jp-jplayer\"><\/div><div id=\"su_audio_player_69f2fed87c1db_container\" class=\"jp-audio\"><div class=\"jp-type-single\"><div class=\"jp-gui jp-interface\"><div class=\"jp-controls\"><span class=\"jp-play\"><\/span><span class=\"jp-pause\"><\/span><span class=\"jp-stop\"><\/span><span class=\"jp-mute\"><\/span><span class=\"jp-unmute\"><\/span><span class=\"jp-volume-max\"><\/span><\/div><div class=\"jp-progress\"><div class=\"jp-seek-bar\"><div class=\"jp-play-bar\"><\/div><\/div><\/div><div class=\"jp-volume-bar\"><div class=\"jp-volume-bar-value\"><\/div><\/div><div class=\"jp-current-time\"><\/div><div class=\"jp-duration\"><\/div><\/div><div class=\"jp-title\"><\/div><\/div><\/div><\/div>\n<p>URL fichier: http:\/\/xn--choeurprlude-ieb.be\/wp-content\/uploads\/2023\/09\/03_teno-Chante_CANTIQUE-de-Jean-RACINE.mp3<\/p>\n<p>Basse : <div class=\"su-audio\" data-id=\"su_audio_player_69f2fed87c21f\" data-audio=\"http:\/\/xn--choeurprlude-ieb.be\/wp-content\/uploads\/2023\/09\/04_bass-CANTIQUE-de-Jean-RACINE-1.mp3\" data-swf=\"https:\/\/xn--choeurprlude-ieb.be\/wp-content\/plugins\/shortcodes-ultimate\/vendor\/jplayer\/jplayer.swf\" data-autoplay=\"no\" data-loop=\"no\" style=\"\"><div id=\"su_audio_player_69f2fed87c21f\" class=\"jp-jplayer\"><\/div><div id=\"su_audio_player_69f2fed87c21f_container\" class=\"jp-audio\"><div class=\"jp-type-single\"><div class=\"jp-gui jp-interface\"><div class=\"jp-controls\"><span class=\"jp-play\"><\/span><span class=\"jp-pause\"><\/span><span class=\"jp-stop\"><\/span><span class=\"jp-mute\"><\/span><span class=\"jp-unmute\"><\/span><span class=\"jp-volume-max\"><\/span><\/div><div class=\"jp-progress\"><div class=\"jp-seek-bar\"><div class=\"jp-play-bar\"><\/div><\/div><\/div><div class=\"jp-volume-bar\"><div class=\"jp-volume-bar-value\"><\/div><\/div><div class=\"jp-current-time\"><\/div><div class=\"jp-duration\"><\/div><\/div><div class=\"jp-title\"><\/div><\/div><\/div><\/div>\n<p>URL fichier: http:\/\/xn--choeurprlude-ieb.be\/wp-content\/uploads\/2023\/09\/04_bass-CANTIQUE-de-Jean-RACINE-1.mp3<\/p>\n[\/toggle]\n[toggle title=\u00a0\u00bb<strong>GJEILO OLA &#8211; Northern Lights<\/strong>\u00ab\u00a0]\n<p>TUTTI : <div class=\"su-audio\" data-id=\"su_audio_player_69f2fed87c263\" data-audio=\"http:\/\/xn--choeurprlude-ieb.be\/wp-content\/uploads\/2023\/09\/0-tutti_NORTHERN-LIGHTS_Ola-Gjeilo.mp3\" data-swf=\"https:\/\/xn--choeurprlude-ieb.be\/wp-content\/plugins\/shortcodes-ultimate\/vendor\/jplayer\/jplayer.swf\" data-autoplay=\"no\" data-loop=\"no\" style=\"\"><div id=\"su_audio_player_69f2fed87c263\" class=\"jp-jplayer\"><\/div><div id=\"su_audio_player_69f2fed87c263_container\" class=\"jp-audio\"><div class=\"jp-type-single\"><div class=\"jp-gui jp-interface\"><div class=\"jp-controls\"><span class=\"jp-play\"><\/span><span class=\"jp-pause\"><\/span><span class=\"jp-stop\"><\/span><span class=\"jp-mute\"><\/span><span class=\"jp-unmute\"><\/span><span class=\"jp-volume-max\"><\/span><\/div><div class=\"jp-progress\"><div class=\"jp-seek-bar\"><div class=\"jp-play-bar\"><\/div><\/div><\/div><div class=\"jp-volume-bar\"><div class=\"jp-volume-bar-value\"><\/div><\/div><div class=\"jp-current-time\"><\/div><div class=\"jp-duration\"><\/div><\/div><div class=\"jp-title\"><\/div><\/div><\/div><\/div>\n<p>URL fichier: http:\/\/xn--choeurprlude-ieb.be\/wp-content\/uploads\/2023\/09\/0-tutti_NORTHERN-LIGHTS_Ola-Gjeilo.mp3<\/p>\n<p>Soprano : <div class=\"su-audio\" data-id=\"su_audio_player_69f2fed87c2a7\" data-audio=\"http:\/\/xn--choeurprlude-ieb.be\/wp-content\/uploads\/2023\/10\/1-sopr_NORTHERN-LIGHTS_Ola-Gjeilo.mp3\" data-swf=\"https:\/\/xn--choeurprlude-ieb.be\/wp-content\/plugins\/shortcodes-ultimate\/vendor\/jplayer\/jplayer.swf\" data-autoplay=\"no\" data-loop=\"no\" style=\"\"><div id=\"su_audio_player_69f2fed87c2a7\" class=\"jp-jplayer\"><\/div><div id=\"su_audio_player_69f2fed87c2a7_container\" class=\"jp-audio\"><div class=\"jp-type-single\"><div class=\"jp-gui jp-interface\"><div class=\"jp-controls\"><span class=\"jp-play\"><\/span><span class=\"jp-pause\"><\/span><span class=\"jp-stop\"><\/span><span class=\"jp-mute\"><\/span><span class=\"jp-unmute\"><\/span><span class=\"jp-volume-max\"><\/span><\/div><div class=\"jp-progress\"><div class=\"jp-seek-bar\"><div class=\"jp-play-bar\"><\/div><\/div><\/div><div class=\"jp-volume-bar\"><div class=\"jp-volume-bar-value\"><\/div><\/div><div class=\"jp-current-time\"><\/div><div class=\"jp-duration\"><\/div><\/div><div class=\"jp-title\"><\/div><\/div><\/div><\/div>\n<p>URL fichier: http:\/\/xn--choeurprlude-ieb.be\/wp-content\/uploads\/2023\/10\/1-sopr_NORTHERN-LIGHTS_Ola-Gjeilo.mp3<\/p>\n<p>Alto : <div class=\"su-audio\" data-id=\"su_audio_player_69f2fed87c2eb\" data-audio=\"http:\/\/xn--choeurprlude-ieb.be\/wp-content\/uploads\/2023\/10\/2-alto_NORTHERN-LIGHTS_Ola-Gjeilo.mp3\" data-swf=\"https:\/\/xn--choeurprlude-ieb.be\/wp-content\/plugins\/shortcodes-ultimate\/vendor\/jplayer\/jplayer.swf\" data-autoplay=\"no\" data-loop=\"no\" style=\"\"><div id=\"su_audio_player_69f2fed87c2eb\" class=\"jp-jplayer\"><\/div><div id=\"su_audio_player_69f2fed87c2eb_container\" class=\"jp-audio\"><div class=\"jp-type-single\"><div class=\"jp-gui jp-interface\"><div class=\"jp-controls\"><span class=\"jp-play\"><\/span><span class=\"jp-pause\"><\/span><span class=\"jp-stop\"><\/span><span class=\"jp-mute\"><\/span><span class=\"jp-unmute\"><\/span><span class=\"jp-volume-max\"><\/span><\/div><div class=\"jp-progress\"><div class=\"jp-seek-bar\"><div class=\"jp-play-bar\"><\/div><\/div><\/div><div class=\"jp-volume-bar\"><div class=\"jp-volume-bar-value\"><\/div><\/div><div class=\"jp-current-time\"><\/div><div class=\"jp-duration\"><\/div><\/div><div class=\"jp-title\"><\/div><\/div><\/div><\/div>\n<p>URL fichier: http:\/\/xn--choeurprlude-ieb.be\/wp-content\/uploads\/2023\/10\/2-alto_NORTHERN-LIGHTS_Ola-Gjeilo.mp3<\/p>\n<p>Tenor : <div class=\"su-audio\" data-id=\"su_audio_player_69f2fed87c337\" data-audio=\"http:\/\/xn--choeurprlude-ieb.be\/wp-content\/uploads\/2023\/09\/3-teno_NORTHERN-LIGHTS_Ola-Gjeilo.mp3\" data-swf=\"https:\/\/xn--choeurprlude-ieb.be\/wp-content\/plugins\/shortcodes-ultimate\/vendor\/jplayer\/jplayer.swf\" data-autoplay=\"no\" data-loop=\"no\" style=\"\"><div id=\"su_audio_player_69f2fed87c337\" class=\"jp-jplayer\"><\/div><div id=\"su_audio_player_69f2fed87c337_container\" class=\"jp-audio\"><div class=\"jp-type-single\"><div class=\"jp-gui jp-interface\"><div class=\"jp-controls\"><span class=\"jp-play\"><\/span><span class=\"jp-pause\"><\/span><span class=\"jp-stop\"><\/span><span class=\"jp-mute\"><\/span><span class=\"jp-unmute\"><\/span><span class=\"jp-volume-max\"><\/span><\/div><div class=\"jp-progress\"><div class=\"jp-seek-bar\"><div class=\"jp-play-bar\"><\/div><\/div><\/div><div class=\"jp-volume-bar\"><div class=\"jp-volume-bar-value\"><\/div><\/div><div class=\"jp-current-time\"><\/div><div class=\"jp-duration\"><\/div><\/div><div class=\"jp-title\"><\/div><\/div><\/div><\/div>\n<p>URL fichier: http:\/\/xn--choeurprlude-ieb.be\/wp-content\/uploads\/2023\/09\/3-teno_NORTHERN-LIGHTS_Ola-Gjeilo.mp3<\/p>\n<p>Tenor chant\u00e9: <div class=\"su-audio\" data-id=\"su_audio_player_69f2fed87c37b\" data-audio=\"http:\/\/xn--choeurprlude-ieb.be\/wp-content\/uploads\/2023\/09\/3-teno-CHANTE_Northern-lights_Voix-chantee.mp4\" data-swf=\"https:\/\/xn--choeurprlude-ieb.be\/wp-content\/plugins\/shortcodes-ultimate\/vendor\/jplayer\/jplayer.swf\" data-autoplay=\"no\" data-loop=\"no\" style=\"\"><div id=\"su_audio_player_69f2fed87c37b\" class=\"jp-jplayer\"><\/div><div id=\"su_audio_player_69f2fed87c37b_container\" class=\"jp-audio\"><div class=\"jp-type-single\"><div class=\"jp-gui jp-interface\"><div class=\"jp-controls\"><span class=\"jp-play\"><\/span><span class=\"jp-pause\"><\/span><span class=\"jp-stop\"><\/span><span class=\"jp-mute\"><\/span><span class=\"jp-unmute\"><\/span><span class=\"jp-volume-max\"><\/span><\/div><div class=\"jp-progress\"><div class=\"jp-seek-bar\"><div class=\"jp-play-bar\"><\/div><\/div><\/div><div class=\"jp-volume-bar\"><div class=\"jp-volume-bar-value\"><\/div><\/div><div class=\"jp-current-time\"><\/div><div class=\"jp-duration\"><\/div><\/div><div class=\"jp-title\"><\/div><\/div><\/div><\/div>\n<p>URL fichier: http:\/\/xn--choeurprlude-ieb.be\/wp-content\/uploads\/2023\/09\/3-teno-CHANTE_Northern-lights_Voix-chantee.mp4<\/p>\n<p>Basse : <div class=\"su-audio\" data-id=\"su_audio_player_69f2fed87c3c0\" data-audio=\"http:\/\/xn--choeurprlude-ieb.be\/wp-content\/uploads\/2023\/10\/4-bass_NORTHERN-LIGHTS_Ola-Gjeilo.mp3\" data-swf=\"https:\/\/xn--choeurprlude-ieb.be\/wp-content\/plugins\/shortcodes-ultimate\/vendor\/jplayer\/jplayer.swf\" data-autoplay=\"no\" data-loop=\"no\" style=\"\"><div id=\"su_audio_player_69f2fed87c3c0\" class=\"jp-jplayer\"><\/div><div id=\"su_audio_player_69f2fed87c3c0_container\" class=\"jp-audio\"><div class=\"jp-type-single\"><div class=\"jp-gui jp-interface\"><div class=\"jp-controls\"><span class=\"jp-play\"><\/span><span class=\"jp-pause\"><\/span><span class=\"jp-stop\"><\/span><span class=\"jp-mute\"><\/span><span class=\"jp-unmute\"><\/span><span class=\"jp-volume-max\"><\/span><\/div><div class=\"jp-progress\"><div class=\"jp-seek-bar\"><div class=\"jp-play-bar\"><\/div><\/div><\/div><div class=\"jp-volume-bar\"><div class=\"jp-volume-bar-value\"><\/div><\/div><div class=\"jp-current-time\"><\/div><div class=\"jp-duration\"><\/div><\/div><div class=\"jp-title\"><\/div><\/div><\/div><\/div>\n<p>URL fichier: http:\/\/xn--choeurprlude-ieb.be\/wp-content\/uploads\/2023\/10\/4-bass_NORTHERN-LIGHTS_Ola-Gjeilo.mp3<\/p>\n<p>&nbsp;<\/p>\n[\/toggle]\n[toggle title=\u00a0\u00bb<strong><span style=\"font-size: 14pt;\">GOICOECHEA Vincente: Christus factus est<\/span><\/strong>\u00ab\u00a0]\n<p>TUTTI\u00a0 : <div class=\"su-audio\" data-id=\"su_audio_player_69f2fed87c405\" data-audio=\"http:\/\/xn--choeurprlude-ieb.be\/wp-content\/uploads\/2024\/03\/Goicoechea-Vincente-1854-1916-Christus-factus-est-tutti.mp3\" data-swf=\"https:\/\/xn--choeurprlude-ieb.be\/wp-content\/plugins\/shortcodes-ultimate\/vendor\/jplayer\/jplayer.swf\" data-autoplay=\"no\" data-loop=\"no\" style=\"\"><div id=\"su_audio_player_69f2fed87c405\" class=\"jp-jplayer\"><\/div><div id=\"su_audio_player_69f2fed87c405_container\" class=\"jp-audio\"><div class=\"jp-type-single\"><div class=\"jp-gui jp-interface\"><div class=\"jp-controls\"><span class=\"jp-play\"><\/span><span class=\"jp-pause\"><\/span><span class=\"jp-stop\"><\/span><span class=\"jp-mute\"><\/span><span class=\"jp-unmute\"><\/span><span class=\"jp-volume-max\"><\/span><\/div><div class=\"jp-progress\"><div class=\"jp-seek-bar\"><div class=\"jp-play-bar\"><\/div><\/div><\/div><div class=\"jp-volume-bar\"><div class=\"jp-volume-bar-value\"><\/div><\/div><div class=\"jp-current-time\"><\/div><div class=\"jp-duration\"><\/div><\/div><div class=\"jp-title\"><\/div><\/div><\/div><\/div>\n<p>URL fichier: http:\/\/xn--choeurprlude-ieb.be\/wp-content\/uploads\/2024\/03\/Goicoechea-Vincente-1854-1916-Christus-factus-est-tutti.mp3<\/p>\n<p>Soprano 1: <div class=\"su-audio\" data-id=\"su_audio_player_69f2fed87c44a\" data-audio=\"http:\/\/xn--choeurprlude-ieb.be\/wp-content\/uploads\/2024\/03\/Goicoechea-Vincente-1854-1916-Christus-factus-est-cantus-I.mp3\" data-swf=\"https:\/\/xn--choeurprlude-ieb.be\/wp-content\/plugins\/shortcodes-ultimate\/vendor\/jplayer\/jplayer.swf\" data-autoplay=\"no\" data-loop=\"no\" style=\"\"><div id=\"su_audio_player_69f2fed87c44a\" class=\"jp-jplayer\"><\/div><div id=\"su_audio_player_69f2fed87c44a_container\" class=\"jp-audio\"><div class=\"jp-type-single\"><div class=\"jp-gui jp-interface\"><div class=\"jp-controls\"><span class=\"jp-play\"><\/span><span class=\"jp-pause\"><\/span><span class=\"jp-stop\"><\/span><span class=\"jp-mute\"><\/span><span class=\"jp-unmute\"><\/span><span class=\"jp-volume-max\"><\/span><\/div><div class=\"jp-progress\"><div class=\"jp-seek-bar\"><div class=\"jp-play-bar\"><\/div><\/div><\/div><div class=\"jp-volume-bar\"><div class=\"jp-volume-bar-value\"><\/div><\/div><div class=\"jp-current-time\"><\/div><div class=\"jp-duration\"><\/div><\/div><div class=\"jp-title\"><\/div><\/div><\/div><\/div>\n<p>URL fichier: http:\/\/xn--choeurprlude-ieb.be\/wp-content\/uploads\/2024\/03\/Goicoechea-Vincente-1854-1916-Christus-factus-est-cantus-I.mp3<\/p>\n<p>Soprano 2: <div class=\"su-audio\" data-id=\"su_audio_player_69f2fed87c48e\" data-audio=\"http:\/\/xn--choeurprlude-ieb.be\/wp-content\/uploads\/2024\/03\/Goicoechea-Vincente-1854-1916-Christus-factus-est-cantus-II.mp3\" data-swf=\"https:\/\/xn--choeurprlude-ieb.be\/wp-content\/plugins\/shortcodes-ultimate\/vendor\/jplayer\/jplayer.swf\" data-autoplay=\"no\" data-loop=\"no\" style=\"\"><div id=\"su_audio_player_69f2fed87c48e\" class=\"jp-jplayer\"><\/div><div id=\"su_audio_player_69f2fed87c48e_container\" class=\"jp-audio\"><div class=\"jp-type-single\"><div class=\"jp-gui jp-interface\"><div class=\"jp-controls\"><span class=\"jp-play\"><\/span><span class=\"jp-pause\"><\/span><span class=\"jp-stop\"><\/span><span class=\"jp-mute\"><\/span><span class=\"jp-unmute\"><\/span><span class=\"jp-volume-max\"><\/span><\/div><div class=\"jp-progress\"><div class=\"jp-seek-bar\"><div class=\"jp-play-bar\"><\/div><\/div><\/div><div class=\"jp-volume-bar\"><div class=\"jp-volume-bar-value\"><\/div><\/div><div class=\"jp-current-time\"><\/div><div class=\"jp-duration\"><\/div><\/div><div class=\"jp-title\"><\/div><\/div><\/div><\/div>\n<p>URL fichier: http:\/\/xn--choeurprlude-ieb.be\/wp-content\/uploads\/2024\/03\/Goicoechea-Vincente-1854-1916-Christus-factus-est-cantus-II.mp3<\/p>\n<p>Alto : <div class=\"su-audio\" data-id=\"su_audio_player_69f2fed87c4d3\" data-audio=\"http:\/\/xn--choeurprlude-ieb.be\/wp-content\/uploads\/2024\/03\/Goicoechea-Vincente-1854-1916-Christus-factus-est-altus.mp3\" data-swf=\"https:\/\/xn--choeurprlude-ieb.be\/wp-content\/plugins\/shortcodes-ultimate\/vendor\/jplayer\/jplayer.swf\" data-autoplay=\"no\" data-loop=\"no\" style=\"\"><div id=\"su_audio_player_69f2fed87c4d3\" class=\"jp-jplayer\"><\/div><div id=\"su_audio_player_69f2fed87c4d3_container\" class=\"jp-audio\"><div class=\"jp-type-single\"><div class=\"jp-gui jp-interface\"><div class=\"jp-controls\"><span class=\"jp-play\"><\/span><span class=\"jp-pause\"><\/span><span class=\"jp-stop\"><\/span><span class=\"jp-mute\"><\/span><span class=\"jp-unmute\"><\/span><span class=\"jp-volume-max\"><\/span><\/div><div class=\"jp-progress\"><div class=\"jp-seek-bar\"><div class=\"jp-play-bar\"><\/div><\/div><\/div><div class=\"jp-volume-bar\"><div class=\"jp-volume-bar-value\"><\/div><\/div><div class=\"jp-current-time\"><\/div><div class=\"jp-duration\"><\/div><\/div><div class=\"jp-title\"><\/div><\/div><\/div><\/div>\n<p>URL fichier: http:\/\/xn--choeurprlude-ieb.be\/wp-content\/uploads\/2024\/03\/Goicoechea-Vincente-1854-1916-Christus-factus-est-altus.mp3<\/p>\n<p>Tenor : <div class=\"su-audio\" data-id=\"su_audio_player_69f2fed87c517\" data-audio=\"http:\/\/xn--choeurprlude-ieb.be\/wp-content\/uploads\/2024\/03\/Goicoechea-Vincente-1854-1916-Christus-factus-est-tenor.mp3\" data-swf=\"https:\/\/xn--choeurprlude-ieb.be\/wp-content\/plugins\/shortcodes-ultimate\/vendor\/jplayer\/jplayer.swf\" data-autoplay=\"no\" data-loop=\"no\" style=\"\"><div id=\"su_audio_player_69f2fed87c517\" class=\"jp-jplayer\"><\/div><div id=\"su_audio_player_69f2fed87c517_container\" class=\"jp-audio\"><div class=\"jp-type-single\"><div class=\"jp-gui jp-interface\"><div class=\"jp-controls\"><span class=\"jp-play\"><\/span><span class=\"jp-pause\"><\/span><span class=\"jp-stop\"><\/span><span class=\"jp-mute\"><\/span><span class=\"jp-unmute\"><\/span><span class=\"jp-volume-max\"><\/span><\/div><div class=\"jp-progress\"><div class=\"jp-seek-bar\"><div class=\"jp-play-bar\"><\/div><\/div><\/div><div class=\"jp-volume-bar\"><div class=\"jp-volume-bar-value\"><\/div><\/div><div class=\"jp-current-time\"><\/div><div class=\"jp-duration\"><\/div><\/div><div class=\"jp-title\"><\/div><\/div><\/div><\/div>\n<p>URL fichier: http:\/\/xn--choeurprlude-ieb.be\/wp-content\/uploads\/2024\/03\/Goicoechea-Vincente-1854-1916-Christus-factus-est-tenor.mp3<\/p>\n<p>Basse : <div class=\"su-audio\" data-id=\"su_audio_player_69f2fed87c55b\" data-audio=\"http:\/\/xn--choeurprlude-ieb.be\/wp-content\/uploads\/2024\/03\/Goicoechea-Vincente-1854-1916-Christus-factus-est-bassus.mp3\" data-swf=\"https:\/\/xn--choeurprlude-ieb.be\/wp-content\/plugins\/shortcodes-ultimate\/vendor\/jplayer\/jplayer.swf\" data-autoplay=\"no\" data-loop=\"no\" style=\"\"><div id=\"su_audio_player_69f2fed87c55b\" class=\"jp-jplayer\"><\/div><div id=\"su_audio_player_69f2fed87c55b_container\" class=\"jp-audio\"><div class=\"jp-type-single\"><div class=\"jp-gui jp-interface\"><div class=\"jp-controls\"><span class=\"jp-play\"><\/span><span class=\"jp-pause\"><\/span><span class=\"jp-stop\"><\/span><span class=\"jp-mute\"><\/span><span class=\"jp-unmute\"><\/span><span class=\"jp-volume-max\"><\/span><\/div><div class=\"jp-progress\"><div class=\"jp-seek-bar\"><div class=\"jp-play-bar\"><\/div><\/div><\/div><div class=\"jp-volume-bar\"><div class=\"jp-volume-bar-value\"><\/div><\/div><div class=\"jp-current-time\"><\/div><div class=\"jp-duration\"><\/div><\/div><div class=\"jp-title\"><\/div><\/div><\/div><\/div>\n<p>URL fichier: http:\/\/xn--choeurprlude-ieb.be\/wp-content\/uploads\/2024\/03\/Goicoechea-Vincente-1854-1916-Christus-factus-est-bassus.mp3<\/p>\n[\/toggle]\n[toggle title=\u00a0\u00bb<strong>HA<em>\u00df<\/em>LER Hans Leo &#8211; Cantate Domino<\/strong>\u00ab\u00a0]\n<p>&nbsp;<\/p>\n<p>Soprano : <div class=\"su-audio\" data-id=\"su_audio_player_69f2fed87c5a0\" data-audio=\"http:\/\/xn--choeurprlude-ieb.be\/wp-content\/uploads\/2022\/03\/MP3_1-sopr_Cantate-Domino-HASSLER.mp3\" data-swf=\"https:\/\/xn--choeurprlude-ieb.be\/wp-content\/plugins\/shortcodes-ultimate\/vendor\/jplayer\/jplayer.swf\" data-autoplay=\"no\" data-loop=\"no\" style=\"\"><div id=\"su_audio_player_69f2fed87c5a0\" class=\"jp-jplayer\"><\/div><div id=\"su_audio_player_69f2fed87c5a0_container\" class=\"jp-audio\"><div class=\"jp-type-single\"><div class=\"jp-gui jp-interface\"><div class=\"jp-controls\"><span class=\"jp-play\"><\/span><span class=\"jp-pause\"><\/span><span class=\"jp-stop\"><\/span><span class=\"jp-mute\"><\/span><span class=\"jp-unmute\"><\/span><span class=\"jp-volume-max\"><\/span><\/div><div class=\"jp-progress\"><div class=\"jp-seek-bar\"><div class=\"jp-play-bar\"><\/div><\/div><\/div><div class=\"jp-volume-bar\"><div class=\"jp-volume-bar-value\"><\/div><\/div><div class=\"jp-current-time\"><\/div><div class=\"jp-duration\"><\/div><\/div><div class=\"jp-title\"><\/div><\/div><\/div><\/div>\n<p>URL fichier: <strong>http:\/\/xn--choeurprlude-ieb.be\/wp-content\/uploads\/2022\/03\/MP3_1-sopr_Cantate-Domino-HASSLER.mp3<\/strong><\/p>\n<p>Alto : <div class=\"su-audio\" data-id=\"su_audio_player_69f2fed87c5e4\" data-audio=\"http:\/\/xn--choeurprlude-ieb.be\/wp-content\/uploads\/2022\/03\/MP3_2-alto-_Cantate-Domino-HASSLER.mp3\" data-swf=\"https:\/\/xn--choeurprlude-ieb.be\/wp-content\/plugins\/shortcodes-ultimate\/vendor\/jplayer\/jplayer.swf\" data-autoplay=\"no\" data-loop=\"no\" style=\"\"><div id=\"su_audio_player_69f2fed87c5e4\" class=\"jp-jplayer\"><\/div><div id=\"su_audio_player_69f2fed87c5e4_container\" class=\"jp-audio\"><div class=\"jp-type-single\"><div class=\"jp-gui jp-interface\"><div class=\"jp-controls\"><span class=\"jp-play\"><\/span><span class=\"jp-pause\"><\/span><span class=\"jp-stop\"><\/span><span class=\"jp-mute\"><\/span><span class=\"jp-unmute\"><\/span><span class=\"jp-volume-max\"><\/span><\/div><div class=\"jp-progress\"><div class=\"jp-seek-bar\"><div class=\"jp-play-bar\"><\/div><\/div><\/div><div class=\"jp-volume-bar\"><div class=\"jp-volume-bar-value\"><\/div><\/div><div class=\"jp-current-time\"><\/div><div class=\"jp-duration\"><\/div><\/div><div class=\"jp-title\"><\/div><\/div><\/div><\/div>\n<p>URL fichier: <strong>http:\/\/xn--choeurprlude-ieb.be\/wp-content\/uploads\/2022\/03\/MP3_2-alto-_Cantate-Domino-HASSLER.mp3<\/strong><\/p>\n<p>Tenor : <div class=\"su-audio\" data-id=\"su_audio_player_69f2fed87c629\" data-audio=\"http:\/\/xn--choeurprlude-ieb.be\/wp-content\/uploads\/2022\/03\/MP3_3-teno_Cantate-Domino-HASSLER.mp3\" data-swf=\"https:\/\/xn--choeurprlude-ieb.be\/wp-content\/plugins\/shortcodes-ultimate\/vendor\/jplayer\/jplayer.swf\" data-autoplay=\"no\" data-loop=\"no\" style=\"\"><div id=\"su_audio_player_69f2fed87c629\" class=\"jp-jplayer\"><\/div><div id=\"su_audio_player_69f2fed87c629_container\" class=\"jp-audio\"><div class=\"jp-type-single\"><div class=\"jp-gui jp-interface\"><div class=\"jp-controls\"><span class=\"jp-play\"><\/span><span class=\"jp-pause\"><\/span><span class=\"jp-stop\"><\/span><span class=\"jp-mute\"><\/span><span class=\"jp-unmute\"><\/span><span class=\"jp-volume-max\"><\/span><\/div><div class=\"jp-progress\"><div class=\"jp-seek-bar\"><div class=\"jp-play-bar\"><\/div><\/div><\/div><div class=\"jp-volume-bar\"><div class=\"jp-volume-bar-value\"><\/div><\/div><div class=\"jp-current-time\"><\/div><div class=\"jp-duration\"><\/div><\/div><div class=\"jp-title\"><\/div><\/div><\/div><\/div>\n<p>URL fichier: <strong>http:\/\/xn--choeurprlude-ieb.be\/wp-content\/uploads\/2022\/03\/MP3_3-teno_Cantate-Domino-HASSLER.mp3<\/strong><\/p>\n<p>Basse : <div class=\"su-audio\" data-id=\"su_audio_player_69f2fed87c66d\" data-audio=\"http:\/\/xn--choeurprlude-ieb.be\/wp-content\/uploads\/2022\/03\/MP3_4-bass_Cantate-Domino-HASSLER.mp3\" data-swf=\"https:\/\/xn--choeurprlude-ieb.be\/wp-content\/plugins\/shortcodes-ultimate\/vendor\/jplayer\/jplayer.swf\" data-autoplay=\"no\" data-loop=\"no\" style=\"\"><div id=\"su_audio_player_69f2fed87c66d\" class=\"jp-jplayer\"><\/div><div id=\"su_audio_player_69f2fed87c66d_container\" class=\"jp-audio\"><div class=\"jp-type-single\"><div class=\"jp-gui jp-interface\"><div class=\"jp-controls\"><span class=\"jp-play\"><\/span><span class=\"jp-pause\"><\/span><span class=\"jp-stop\"><\/span><span class=\"jp-mute\"><\/span><span class=\"jp-unmute\"><\/span><span class=\"jp-volume-max\"><\/span><\/div><div class=\"jp-progress\"><div class=\"jp-seek-bar\"><div class=\"jp-play-bar\"><\/div><\/div><\/div><div class=\"jp-volume-bar\"><div class=\"jp-volume-bar-value\"><\/div><\/div><div class=\"jp-current-time\"><\/div><div class=\"jp-duration\"><\/div><\/div><div class=\"jp-title\"><\/div><\/div><\/div><\/div>\n<p>URL fichier: <strong>http:\/\/xn--choeurprlude-ieb.be\/wp-content\/uploads\/2022\/03\/MP3_4-bass_Cantate-Domino-HASSLER.mp3<\/strong><\/p>\n<p>TUTTI : <div class=\"su-audio\" data-id=\"su_audio_player_69f2fed87c6b4\" data-audio=\"http:\/\/xn--choeurprlude-ieb.be\/wp-content\/uploads\/2022\/03\/MP3_0-tutti_Cantate-Domino-HASSLER.mp3\" data-swf=\"https:\/\/xn--choeurprlude-ieb.be\/wp-content\/plugins\/shortcodes-ultimate\/vendor\/jplayer\/jplayer.swf\" data-autoplay=\"no\" data-loop=\"no\" style=\"\"><div id=\"su_audio_player_69f2fed87c6b4\" class=\"jp-jplayer\"><\/div><div id=\"su_audio_player_69f2fed87c6b4_container\" class=\"jp-audio\"><div class=\"jp-type-single\"><div class=\"jp-gui jp-interface\"><div class=\"jp-controls\"><span class=\"jp-play\"><\/span><span class=\"jp-pause\"><\/span><span class=\"jp-stop\"><\/span><span class=\"jp-mute\"><\/span><span class=\"jp-unmute\"><\/span><span class=\"jp-volume-max\"><\/span><\/div><div class=\"jp-progress\"><div class=\"jp-seek-bar\"><div class=\"jp-play-bar\"><\/div><\/div><\/div><div class=\"jp-volume-bar\"><div class=\"jp-volume-bar-value\"><\/div><\/div><div class=\"jp-current-time\"><\/div><div class=\"jp-duration\"><\/div><\/div><div class=\"jp-title\"><\/div><\/div><\/div><\/div>\n<p>URL fichier: <strong>http:\/\/xn--choeurprlude-ieb.be\/wp-content\/uploads\/2022\/03\/MP3_0-tutti_Cantate-Domino-HASSLER.mp3<\/strong><\/p>\n[\/toggle]\n<p>&#8212;&#8212;&#8212;&#8212;&#8212;&#8212;&#8212;&#8212;&#8212;&#8212;&#8212;&#8212;&#8212;&#8212;&#8212;&#8212;&#8212;&#8212;&#8212;&#8212;&#8212;&#8212;&#8212;&#8212;&#8212;&#8212;&#8212;<\/p>\n<p><span style=\"text-decoration: underline; font-size: 12pt;\"><em><strong>HAYDN Michel\u00a0 &#8211; Missa Quadragesimalis . MH 552.<\/strong><\/em><\/span><\/p>\n<p>TUTTI CHANTE : <div class=\"su-audio\" data-id=\"su_audio_player_69f2fed87c6f9\" data-audio=\"http:\/\/xn--choeurprlude-ieb.be\/wp-content\/uploads\/2024\/02\/0_Missa-quadragesimalis-MH-552-en-entier_Chante-a-415Hz.mp3\" data-swf=\"https:\/\/xn--choeurprlude-ieb.be\/wp-content\/plugins\/shortcodes-ultimate\/vendor\/jplayer\/jplayer.swf\" data-autoplay=\"no\" data-loop=\"no\" style=\"\"><div id=\"su_audio_player_69f2fed87c6f9\" class=\"jp-jplayer\"><\/div><div id=\"su_audio_player_69f2fed87c6f9_container\" class=\"jp-audio\"><div class=\"jp-type-single\"><div class=\"jp-gui jp-interface\"><div class=\"jp-controls\"><span class=\"jp-play\"><\/span><span class=\"jp-pause\"><\/span><span class=\"jp-stop\"><\/span><span class=\"jp-mute\"><\/span><span class=\"jp-unmute\"><\/span><span class=\"jp-volume-max\"><\/span><\/div><div class=\"jp-progress\"><div class=\"jp-seek-bar\"><div class=\"jp-play-bar\"><\/div><\/div><\/div><div class=\"jp-volume-bar\"><div class=\"jp-volume-bar-value\"><\/div><\/div><div class=\"jp-current-time\"><\/div><div class=\"jp-duration\"><\/div><\/div><div class=\"jp-title\"><\/div><\/div><\/div><\/div>\n[toggle title=\u00a0\u00bbKYRIE\u00a0\u00bb]\n<p>TUTTI chant\u00e9 440 Hz: <div class=\"su-audio\" data-id=\"su_audio_player_69f2fed87c73e\" data-audio=\"http:\/\/xn--choeurprlude-ieb.be\/wp-content\/uploads\/2024\/01\/00-tutti-CHANTE-440-Hz-KYRIE-Missa-Quadragesimalis_MH-552.mp3\" data-swf=\"https:\/\/xn--choeurprlude-ieb.be\/wp-content\/plugins\/shortcodes-ultimate\/vendor\/jplayer\/jplayer.swf\" data-autoplay=\"no\" data-loop=\"no\" style=\"\"><div id=\"su_audio_player_69f2fed87c73e\" class=\"jp-jplayer\"><\/div><div id=\"su_audio_player_69f2fed87c73e_container\" class=\"jp-audio\"><div class=\"jp-type-single\"><div class=\"jp-gui jp-interface\"><div class=\"jp-controls\"><span class=\"jp-play\"><\/span><span class=\"jp-pause\"><\/span><span class=\"jp-stop\"><\/span><span class=\"jp-mute\"><\/span><span class=\"jp-unmute\"><\/span><span class=\"jp-volume-max\"><\/span><\/div><div class=\"jp-progress\"><div class=\"jp-seek-bar\"><div class=\"jp-play-bar\"><\/div><\/div><\/div><div class=\"jp-volume-bar\"><div class=\"jp-volume-bar-value\"><\/div><\/div><div class=\"jp-current-time\"><\/div><div class=\"jp-duration\"><\/div><\/div><div class=\"jp-title\"><\/div><\/div><\/div><\/div>\n<p>URL fichier: http:\/\/xn--choeurprlude-ieb.be\/wp-content\/uploads\/2024\/01\/00-tutti-CHANTE-440-Hz-KYRIE-Missa-Quadragesimalis_MH-552.mp3<\/p>\n<p>TUTTI chant\u00e9 415 Hz: <div class=\"su-audio\" data-id=\"su_audio_player_69f2fed87c782\" data-audio=\"http:\/\/xn--choeurprlude-ieb.be\/wp-content\/uploads\/2024\/01\/00-tutti-CHANTE-KYRIE-Missa-Quadragesimalis_MH-552.mp3\" data-swf=\"https:\/\/xn--choeurprlude-ieb.be\/wp-content\/plugins\/shortcodes-ultimate\/vendor\/jplayer\/jplayer.swf\" data-autoplay=\"no\" data-loop=\"no\" style=\"\"><div id=\"su_audio_player_69f2fed87c782\" class=\"jp-jplayer\"><\/div><div id=\"su_audio_player_69f2fed87c782_container\" class=\"jp-audio\"><div class=\"jp-type-single\"><div class=\"jp-gui jp-interface\"><div class=\"jp-controls\"><span class=\"jp-play\"><\/span><span class=\"jp-pause\"><\/span><span class=\"jp-stop\"><\/span><span class=\"jp-mute\"><\/span><span class=\"jp-unmute\"><\/span><span class=\"jp-volume-max\"><\/span><\/div><div class=\"jp-progress\"><div class=\"jp-seek-bar\"><div class=\"jp-play-bar\"><\/div><\/div><\/div><div class=\"jp-volume-bar\"><div class=\"jp-volume-bar-value\"><\/div><\/div><div class=\"jp-current-time\"><\/div><div class=\"jp-duration\"><\/div><\/div><div class=\"jp-title\"><\/div><\/div><\/div><\/div>\n<p>URL fichier: http:\/\/xn--choeurprlude-ieb.be\/wp-content\/uploads\/2024\/01\/00-tutti-CHANTE-KYRIE-Missa-Quadragesimalis_MH-552.mp3<\/p>\n<p>TUTTI : <div class=\"su-audio\" data-id=\"su_audio_player_69f2fed87c7c6\" data-audio=\"http:\/\/xn--choeurprlude-ieb.be\/wp-content\/uploads\/2024\/01\/00-tutti_KYRIE-Missa-Quadragesimalis_MH-552.mp3\" data-swf=\"https:\/\/xn--choeurprlude-ieb.be\/wp-content\/plugins\/shortcodes-ultimate\/vendor\/jplayer\/jplayer.swf\" data-autoplay=\"no\" data-loop=\"no\" style=\"\"><div id=\"su_audio_player_69f2fed87c7c6\" class=\"jp-jplayer\"><\/div><div id=\"su_audio_player_69f2fed87c7c6_container\" class=\"jp-audio\"><div class=\"jp-type-single\"><div class=\"jp-gui jp-interface\"><div class=\"jp-controls\"><span class=\"jp-play\"><\/span><span class=\"jp-pause\"><\/span><span class=\"jp-stop\"><\/span><span class=\"jp-mute\"><\/span><span class=\"jp-unmute\"><\/span><span class=\"jp-volume-max\"><\/span><\/div><div class=\"jp-progress\"><div class=\"jp-seek-bar\"><div class=\"jp-play-bar\"><\/div><\/div><\/div><div class=\"jp-volume-bar\"><div class=\"jp-volume-bar-value\"><\/div><\/div><div class=\"jp-current-time\"><\/div><div class=\"jp-duration\"><\/div><\/div><div class=\"jp-title\"><\/div><\/div><\/div><\/div>\n<p>URL fichier: http:\/\/xn--choeurprlude-ieb.be\/wp-content\/uploads\/2024\/01\/00-tutti_KYRIE-Missa-Quadragesimalis_MH-552.mp3<\/p>\n<p>Soprano : <div class=\"su-audio\" data-id=\"su_audio_player_69f2fed87c80a\" data-audio=\"http:\/\/xn--choeurprlude-ieb.be\/wp-content\/uploads\/2024\/01\/01-sopr_KYRIE-Missa-Quadragesimalis_MH-552.mp3\" data-swf=\"https:\/\/xn--choeurprlude-ieb.be\/wp-content\/plugins\/shortcodes-ultimate\/vendor\/jplayer\/jplayer.swf\" data-autoplay=\"no\" data-loop=\"no\" style=\"\"><div id=\"su_audio_player_69f2fed87c80a\" class=\"jp-jplayer\"><\/div><div id=\"su_audio_player_69f2fed87c80a_container\" class=\"jp-audio\"><div class=\"jp-type-single\"><div class=\"jp-gui jp-interface\"><div class=\"jp-controls\"><span class=\"jp-play\"><\/span><span class=\"jp-pause\"><\/span><span class=\"jp-stop\"><\/span><span class=\"jp-mute\"><\/span><span class=\"jp-unmute\"><\/span><span class=\"jp-volume-max\"><\/span><\/div><div class=\"jp-progress\"><div class=\"jp-seek-bar\"><div class=\"jp-play-bar\"><\/div><\/div><\/div><div class=\"jp-volume-bar\"><div class=\"jp-volume-bar-value\"><\/div><\/div><div class=\"jp-current-time\"><\/div><div class=\"jp-duration\"><\/div><\/div><div class=\"jp-title\"><\/div><\/div><\/div><\/div>\n<p>URL fichier: http:\/\/xn--choeurprlude-ieb.be\/wp-content\/uploads\/2024\/01\/01-sopr_KYRIE-Missa-Quadragesimalis_MH-552.mp3<\/p>\n<p>Alto : <div class=\"su-audio\" data-id=\"su_audio_player_69f2fed87c856\" data-audio=\"http:\/\/xn--choeurprlude-ieb.be\/wp-content\/uploads\/2024\/01\/02-alto_KYRIE-Missa-Quadragesimalis_MH-552.mp3\" data-swf=\"https:\/\/xn--choeurprlude-ieb.be\/wp-content\/plugins\/shortcodes-ultimate\/vendor\/jplayer\/jplayer.swf\" data-autoplay=\"no\" data-loop=\"no\" style=\"\"><div id=\"su_audio_player_69f2fed87c856\" class=\"jp-jplayer\"><\/div><div id=\"su_audio_player_69f2fed87c856_container\" class=\"jp-audio\"><div class=\"jp-type-single\"><div class=\"jp-gui jp-interface\"><div class=\"jp-controls\"><span class=\"jp-play\"><\/span><span class=\"jp-pause\"><\/span><span class=\"jp-stop\"><\/span><span class=\"jp-mute\"><\/span><span class=\"jp-unmute\"><\/span><span class=\"jp-volume-max\"><\/span><\/div><div class=\"jp-progress\"><div class=\"jp-seek-bar\"><div class=\"jp-play-bar\"><\/div><\/div><\/div><div class=\"jp-volume-bar\"><div class=\"jp-volume-bar-value\"><\/div><\/div><div class=\"jp-current-time\"><\/div><div class=\"jp-duration\"><\/div><\/div><div class=\"jp-title\"><\/div><\/div><\/div><\/div>\n<p>URL fichier: http:\/\/xn--choeurprlude-ieb.be\/wp-content\/uploads\/2024\/01\/02-alto_KYRIE-Missa-Quadragesimalis_MH-552.mp3<\/p>\n<p>Tenor : <div class=\"su-audio\" data-id=\"su_audio_player_69f2fed87c89b\" data-audio=\"http:\/\/xn--choeurprlude-ieb.be\/wp-content\/uploads\/2024\/01\/03-teno_KYRIE-Missa-Quadragesimalis_MH-552.mp3\" data-swf=\"https:\/\/xn--choeurprlude-ieb.be\/wp-content\/plugins\/shortcodes-ultimate\/vendor\/jplayer\/jplayer.swf\" data-autoplay=\"no\" data-loop=\"no\" style=\"\"><div id=\"su_audio_player_69f2fed87c89b\" class=\"jp-jplayer\"><\/div><div id=\"su_audio_player_69f2fed87c89b_container\" class=\"jp-audio\"><div class=\"jp-type-single\"><div class=\"jp-gui jp-interface\"><div class=\"jp-controls\"><span class=\"jp-play\"><\/span><span class=\"jp-pause\"><\/span><span class=\"jp-stop\"><\/span><span class=\"jp-mute\"><\/span><span class=\"jp-unmute\"><\/span><span class=\"jp-volume-max\"><\/span><\/div><div class=\"jp-progress\"><div class=\"jp-seek-bar\"><div class=\"jp-play-bar\"><\/div><\/div><\/div><div class=\"jp-volume-bar\"><div class=\"jp-volume-bar-value\"><\/div><\/div><div class=\"jp-current-time\"><\/div><div class=\"jp-duration\"><\/div><\/div><div class=\"jp-title\"><\/div><\/div><\/div><\/div>\n<p>URL fichier: http:\/\/xn--choeurprlude-ieb.be\/wp-content\/uploads\/2024\/01\/03-teno_KYRIE-Missa-Quadragesimalis_MH-552.mp3<\/p>\n<p>Basse : <div class=\"su-audio\" data-id=\"su_audio_player_69f2fed87c8df\" data-audio=\"http:\/\/xn--choeurprlude-ieb.be\/wp-content\/uploads\/2024\/01\/04-bass_KYRIE-Missa-Quadragesimalis_MH-552.mp3\" data-swf=\"https:\/\/xn--choeurprlude-ieb.be\/wp-content\/plugins\/shortcodes-ultimate\/vendor\/jplayer\/jplayer.swf\" data-autoplay=\"no\" data-loop=\"no\" style=\"\"><div id=\"su_audio_player_69f2fed87c8df\" class=\"jp-jplayer\"><\/div><div id=\"su_audio_player_69f2fed87c8df_container\" class=\"jp-audio\"><div class=\"jp-type-single\"><div class=\"jp-gui jp-interface\"><div class=\"jp-controls\"><span class=\"jp-play\"><\/span><span class=\"jp-pause\"><\/span><span class=\"jp-stop\"><\/span><span class=\"jp-mute\"><\/span><span class=\"jp-unmute\"><\/span><span class=\"jp-volume-max\"><\/span><\/div><div class=\"jp-progress\"><div class=\"jp-seek-bar\"><div class=\"jp-play-bar\"><\/div><\/div><\/div><div class=\"jp-volume-bar\"><div class=\"jp-volume-bar-value\"><\/div><\/div><div class=\"jp-current-time\"><\/div><div class=\"jp-duration\"><\/div><\/div><div class=\"jp-title\"><\/div><\/div><\/div><\/div>\n<p>URL fichier: http:\/\/xn--choeurprlude-ieb.be\/wp-content\/uploads\/2024\/01\/04-bass_KYRIE-Missa-Quadragesimalis_MH-552.mp3<\/p>\n[\/toggle]\n[toggle title=\u00a0\u00bbCREDO1&Prime;]\n<p>TUTTI chant\u00e9 440 Hz: <div class=\"su-audio\" data-id=\"su_audio_player_69f2fed87c924\" data-audio=\"http:\/\/xn--choeurprlude-ieb.be\/wp-content\/uploads\/2024\/01\/00-tutti_CHANTE-440Hz_Credo-2.1-Credo_Missa_MH-552.mp3\" data-swf=\"https:\/\/xn--choeurprlude-ieb.be\/wp-content\/plugins\/shortcodes-ultimate\/vendor\/jplayer\/jplayer.swf\" data-autoplay=\"no\" data-loop=\"no\" style=\"\"><div id=\"su_audio_player_69f2fed87c924\" class=\"jp-jplayer\"><\/div><div id=\"su_audio_player_69f2fed87c924_container\" class=\"jp-audio\"><div class=\"jp-type-single\"><div class=\"jp-gui jp-interface\"><div class=\"jp-controls\"><span class=\"jp-play\"><\/span><span class=\"jp-pause\"><\/span><span class=\"jp-stop\"><\/span><span class=\"jp-mute\"><\/span><span class=\"jp-unmute\"><\/span><span class=\"jp-volume-max\"><\/span><\/div><div class=\"jp-progress\"><div class=\"jp-seek-bar\"><div class=\"jp-play-bar\"><\/div><\/div><\/div><div class=\"jp-volume-bar\"><div class=\"jp-volume-bar-value\"><\/div><\/div><div class=\"jp-current-time\"><\/div><div class=\"jp-duration\"><\/div><\/div><div class=\"jp-title\"><\/div><\/div><\/div><\/div>\n<p>URL fichier: http:\/\/xn--choeurprlude-ieb.be\/wp-content\/uploads\/2024\/01\/00-tutti_CHANTE-440Hz_Credo-2.1-Credo_Missa_MH-552.mp3<\/p>\n<p>TUTTI : <div class=\"su-audio\" data-id=\"su_audio_player_69f2fed87c968\" data-audio=\"http:\/\/xn--choeurprlude-ieb.be\/wp-content\/uploads\/2024\/01\/00-tutti_CREDO-1.Credo_Missa-Quadragesimalis_MH-552.mp3\" data-swf=\"https:\/\/xn--choeurprlude-ieb.be\/wp-content\/plugins\/shortcodes-ultimate\/vendor\/jplayer\/jplayer.swf\" data-autoplay=\"no\" data-loop=\"no\" style=\"\"><div id=\"su_audio_player_69f2fed87c968\" class=\"jp-jplayer\"><\/div><div id=\"su_audio_player_69f2fed87c968_container\" class=\"jp-audio\"><div class=\"jp-type-single\"><div class=\"jp-gui jp-interface\"><div class=\"jp-controls\"><span class=\"jp-play\"><\/span><span class=\"jp-pause\"><\/span><span class=\"jp-stop\"><\/span><span class=\"jp-mute\"><\/span><span class=\"jp-unmute\"><\/span><span class=\"jp-volume-max\"><\/span><\/div><div class=\"jp-progress\"><div class=\"jp-seek-bar\"><div class=\"jp-play-bar\"><\/div><\/div><\/div><div class=\"jp-volume-bar\"><div class=\"jp-volume-bar-value\"><\/div><\/div><div class=\"jp-current-time\"><\/div><div class=\"jp-duration\"><\/div><\/div><div class=\"jp-title\"><\/div><\/div><\/div><\/div>\n<p>URL fichier: http:\/\/xn--choeurprlude-ieb.be\/wp-content\/uploads\/2024\/01\/00-tutti_CREDO-1.Credo_Missa-Quadragesimalis_MH-552.mp3<\/p>\n<p>Soprano : <div class=\"su-audio\" data-id=\"su_audio_player_69f2fed87c9ad\" data-audio=\"http:\/\/xn--choeurprlude-ieb.be\/wp-content\/uploads\/2024\/01\/01-sopr_CREDO-1.Credo_Missa-Quadragesimalis_MH-552.mp3\" data-swf=\"https:\/\/xn--choeurprlude-ieb.be\/wp-content\/plugins\/shortcodes-ultimate\/vendor\/jplayer\/jplayer.swf\" data-autoplay=\"no\" data-loop=\"no\" style=\"\"><div id=\"su_audio_player_69f2fed87c9ad\" class=\"jp-jplayer\"><\/div><div id=\"su_audio_player_69f2fed87c9ad_container\" class=\"jp-audio\"><div class=\"jp-type-single\"><div class=\"jp-gui jp-interface\"><div class=\"jp-controls\"><span class=\"jp-play\"><\/span><span class=\"jp-pause\"><\/span><span class=\"jp-stop\"><\/span><span class=\"jp-mute\"><\/span><span class=\"jp-unmute\"><\/span><span class=\"jp-volume-max\"><\/span><\/div><div class=\"jp-progress\"><div class=\"jp-seek-bar\"><div class=\"jp-play-bar\"><\/div><\/div><\/div><div class=\"jp-volume-bar\"><div class=\"jp-volume-bar-value\"><\/div><\/div><div class=\"jp-current-time\"><\/div><div class=\"jp-duration\"><\/div><\/div><div class=\"jp-title\"><\/div><\/div><\/div><\/div>\n<p>URL fichier: http:\/\/xn--choeurprlude-ieb.be\/wp-content\/uploads\/2024\/01\/01-sopr_CREDO-1.Credo_Missa-Quadragesimalis_MH-552.mp3<\/p>\n<p>Alto : <div class=\"su-audio\" data-id=\"su_audio_player_69f2fed87c9f1\" data-audio=\"http:\/\/xn--choeurprlude-ieb.be\/wp-content\/uploads\/2024\/02\/02-alto_CREDO-1_MH-552_Corrige-le-13-02-2024.mp3\" data-swf=\"https:\/\/xn--choeurprlude-ieb.be\/wp-content\/plugins\/shortcodes-ultimate\/vendor\/jplayer\/jplayer.swf\" data-autoplay=\"no\" data-loop=\"no\" style=\"\"><div id=\"su_audio_player_69f2fed87c9f1\" class=\"jp-jplayer\"><\/div><div id=\"su_audio_player_69f2fed87c9f1_container\" class=\"jp-audio\"><div class=\"jp-type-single\"><div class=\"jp-gui jp-interface\"><div class=\"jp-controls\"><span class=\"jp-play\"><\/span><span class=\"jp-pause\"><\/span><span class=\"jp-stop\"><\/span><span class=\"jp-mute\"><\/span><span class=\"jp-unmute\"><\/span><span class=\"jp-volume-max\"><\/span><\/div><div class=\"jp-progress\"><div class=\"jp-seek-bar\"><div class=\"jp-play-bar\"><\/div><\/div><\/div><div class=\"jp-volume-bar\"><div class=\"jp-volume-bar-value\"><\/div><\/div><div class=\"jp-current-time\"><\/div><div class=\"jp-duration\"><\/div><\/div><div class=\"jp-title\"><\/div><\/div><\/div><\/div>\n<p>URL fichier: http:\/\/xn--choeurprlude-ieb.be\/wp-content\/uploads\/2024\/02\/02-alto_CREDO-1_MH-552_Corrige-le-13-02-2024.mp3<\/p>\n<p>Tenor : <div class=\"su-audio\" data-id=\"su_audio_player_69f2fed87ca35\" data-audio=\"http:\/\/xn--choeurprlude-ieb.be\/wp-content\/uploads\/2024\/01\/03-teno_CREDO-1.Credo_Missa-Quadragesimalis_MH-552.mp3\" data-swf=\"https:\/\/xn--choeurprlude-ieb.be\/wp-content\/plugins\/shortcodes-ultimate\/vendor\/jplayer\/jplayer.swf\" data-autoplay=\"no\" data-loop=\"no\" style=\"\"><div id=\"su_audio_player_69f2fed87ca35\" class=\"jp-jplayer\"><\/div><div id=\"su_audio_player_69f2fed87ca35_container\" class=\"jp-audio\"><div class=\"jp-type-single\"><div class=\"jp-gui jp-interface\"><div class=\"jp-controls\"><span class=\"jp-play\"><\/span><span class=\"jp-pause\"><\/span><span class=\"jp-stop\"><\/span><span class=\"jp-mute\"><\/span><span class=\"jp-unmute\"><\/span><span class=\"jp-volume-max\"><\/span><\/div><div class=\"jp-progress\"><div class=\"jp-seek-bar\"><div class=\"jp-play-bar\"><\/div><\/div><\/div><div class=\"jp-volume-bar\"><div class=\"jp-volume-bar-value\"><\/div><\/div><div class=\"jp-current-time\"><\/div><div class=\"jp-duration\"><\/div><\/div><div class=\"jp-title\"><\/div><\/div><\/div><\/div>\n<p>URL fichier: http:\/\/xn--choeurprlude-ieb.be\/wp-content\/uploads\/2024\/01\/03-teno_CREDO-1.Credo_Missa-Quadragesimalis_MH-552.mp3<\/p>\n<p>Basse : <div class=\"su-audio\" data-id=\"su_audio_player_69f2fed87ca7b\" data-audio=\"http:\/\/xn--choeurprlude-ieb.be\/wp-content\/uploads\/2024\/01\/04-bass_CREDO-1.Credo_Missa-Quadragesimalis_MH-552.mp3\" data-swf=\"https:\/\/xn--choeurprlude-ieb.be\/wp-content\/plugins\/shortcodes-ultimate\/vendor\/jplayer\/jplayer.swf\" data-autoplay=\"no\" data-loop=\"no\" style=\"\"><div id=\"su_audio_player_69f2fed87ca7b\" class=\"jp-jplayer\"><\/div><div id=\"su_audio_player_69f2fed87ca7b_container\" class=\"jp-audio\"><div class=\"jp-type-single\"><div class=\"jp-gui jp-interface\"><div class=\"jp-controls\"><span class=\"jp-play\"><\/span><span class=\"jp-pause\"><\/span><span class=\"jp-stop\"><\/span><span class=\"jp-mute\"><\/span><span class=\"jp-unmute\"><\/span><span class=\"jp-volume-max\"><\/span><\/div><div class=\"jp-progress\"><div class=\"jp-seek-bar\"><div class=\"jp-play-bar\"><\/div><\/div><\/div><div class=\"jp-volume-bar\"><div class=\"jp-volume-bar-value\"><\/div><\/div><div class=\"jp-current-time\"><\/div><div class=\"jp-duration\"><\/div><\/div><div class=\"jp-title\"><\/div><\/div><\/div><\/div>\n<p>URL fichier: http:\/\/xn--choeurprlude-ieb.be\/wp-content\/uploads\/2024\/01\/04-bass_CREDO-1.Credo_Missa-Quadragesimalis_MH-552.mp3<\/p>\n[\/toggle]\n[toggle title=\u00a0\u00bbCREDO2&Prime;]\n<p>TUTTI chant\u00e9 440 Hz: <div class=\"su-audio\" data-id=\"su_audio_player_69f2fed87cabf\" data-audio=\"http:\/\/xn--choeurprlude-ieb.be\/wp-content\/uploads\/2024\/02\/00_tutti-CHANTE_CREDO-2_MH552.mp3\" data-swf=\"https:\/\/xn--choeurprlude-ieb.be\/wp-content\/plugins\/shortcodes-ultimate\/vendor\/jplayer\/jplayer.swf\" data-autoplay=\"no\" data-loop=\"no\" style=\"\"><div id=\"su_audio_player_69f2fed87cabf\" class=\"jp-jplayer\"><\/div><div id=\"su_audio_player_69f2fed87cabf_container\" class=\"jp-audio\"><div class=\"jp-type-single\"><div class=\"jp-gui jp-interface\"><div class=\"jp-controls\"><span class=\"jp-play\"><\/span><span class=\"jp-pause\"><\/span><span class=\"jp-stop\"><\/span><span class=\"jp-mute\"><\/span><span class=\"jp-unmute\"><\/span><span class=\"jp-volume-max\"><\/span><\/div><div class=\"jp-progress\"><div class=\"jp-seek-bar\"><div class=\"jp-play-bar\"><\/div><\/div><\/div><div class=\"jp-volume-bar\"><div class=\"jp-volume-bar-value\"><\/div><\/div><div class=\"jp-current-time\"><\/div><div class=\"jp-duration\"><\/div><\/div><div class=\"jp-title\"><\/div><\/div><\/div><\/div>\n<p>URL fichier: http:\/\/xn--choeurprlude-ieb.be\/wp-content\/uploads\/2024\/02\/00_tutti-CHANTE_CREDO-2_MH552.mp3<\/p>\n<p>TUTTI : <div class=\"su-audio\" data-id=\"su_audio_player_69f2fed87cb03\" data-audio=\"http:\/\/xn--choeurprlude-ieb.be\/wp-content\/uploads\/2024\/02\/00_tutti_CREDO-2_MH552.mp3\" data-swf=\"https:\/\/xn--choeurprlude-ieb.be\/wp-content\/plugins\/shortcodes-ultimate\/vendor\/jplayer\/jplayer.swf\" data-autoplay=\"no\" data-loop=\"no\" style=\"\"><div id=\"su_audio_player_69f2fed87cb03\" class=\"jp-jplayer\"><\/div><div id=\"su_audio_player_69f2fed87cb03_container\" class=\"jp-audio\"><div class=\"jp-type-single\"><div class=\"jp-gui jp-interface\"><div class=\"jp-controls\"><span class=\"jp-play\"><\/span><span class=\"jp-pause\"><\/span><span class=\"jp-stop\"><\/span><span class=\"jp-mute\"><\/span><span class=\"jp-unmute\"><\/span><span class=\"jp-volume-max\"><\/span><\/div><div class=\"jp-progress\"><div class=\"jp-seek-bar\"><div class=\"jp-play-bar\"><\/div><\/div><\/div><div class=\"jp-volume-bar\"><div class=\"jp-volume-bar-value\"><\/div><\/div><div class=\"jp-current-time\"><\/div><div class=\"jp-duration\"><\/div><\/div><div class=\"jp-title\"><\/div><\/div><\/div><\/div>\n<p>URL fichier: http:\/\/xn--choeurprlude-ieb.be\/wp-content\/uploads\/2024\/02\/00_tutti_CREDO-2_MH552.mp3<\/p>\n<p>Soprano : <div class=\"su-audio\" data-id=\"su_audio_player_69f2fed87cb47\" data-audio=\"http:\/\/xn--choeurprlude-ieb.be\/wp-content\/uploads\/2024\/02\/01_sopr_CREDO-2_MH552.mp3\" data-swf=\"https:\/\/xn--choeurprlude-ieb.be\/wp-content\/plugins\/shortcodes-ultimate\/vendor\/jplayer\/jplayer.swf\" data-autoplay=\"no\" data-loop=\"no\" style=\"\"><div id=\"su_audio_player_69f2fed87cb47\" class=\"jp-jplayer\"><\/div><div id=\"su_audio_player_69f2fed87cb47_container\" class=\"jp-audio\"><div class=\"jp-type-single\"><div class=\"jp-gui jp-interface\"><div class=\"jp-controls\"><span class=\"jp-play\"><\/span><span class=\"jp-pause\"><\/span><span class=\"jp-stop\"><\/span><span class=\"jp-mute\"><\/span><span class=\"jp-unmute\"><\/span><span class=\"jp-volume-max\"><\/span><\/div><div class=\"jp-progress\"><div class=\"jp-seek-bar\"><div class=\"jp-play-bar\"><\/div><\/div><\/div><div class=\"jp-volume-bar\"><div class=\"jp-volume-bar-value\"><\/div><\/div><div class=\"jp-current-time\"><\/div><div class=\"jp-duration\"><\/div><\/div><div class=\"jp-title\"><\/div><\/div><\/div><\/div>\n<p>URL fichier: http:\/\/xn--choeurprlude-ieb.be\/wp-content\/uploads\/2024\/02\/01_sopr_CREDO-2_MH552.mp3<\/p>\n<p>Alto : <div class=\"su-audio\" data-id=\"su_audio_player_69f2fed87cb85\" data-audio=\"http:\/\/xn--choeurprlude-ieb.be\/wp-content\/uploads\/2024\/02\/02_alto_CREDO-2_MH552.mp3\" data-swf=\"https:\/\/xn--choeurprlude-ieb.be\/wp-content\/plugins\/shortcodes-ultimate\/vendor\/jplayer\/jplayer.swf\" data-autoplay=\"no\" data-loop=\"no\" style=\"\"><div id=\"su_audio_player_69f2fed87cb85\" class=\"jp-jplayer\"><\/div><div id=\"su_audio_player_69f2fed87cb85_container\" class=\"jp-audio\"><div class=\"jp-type-single\"><div class=\"jp-gui jp-interface\"><div class=\"jp-controls\"><span class=\"jp-play\"><\/span><span class=\"jp-pause\"><\/span><span class=\"jp-stop\"><\/span><span class=\"jp-mute\"><\/span><span class=\"jp-unmute\"><\/span><span class=\"jp-volume-max\"><\/span><\/div><div class=\"jp-progress\"><div class=\"jp-seek-bar\"><div class=\"jp-play-bar\"><\/div><\/div><\/div><div class=\"jp-volume-bar\"><div class=\"jp-volume-bar-value\"><\/div><\/div><div class=\"jp-current-time\"><\/div><div class=\"jp-duration\"><\/div><\/div><div class=\"jp-title\"><\/div><\/div><\/div><\/div>\n<p>URL fichier: http:\/\/xn--choeurprlude-ieb.be\/wp-content\/uploads\/2024\/02\/02_alto_CREDO-2_MH552.mp3<\/p>\n<p>Tenor : <div class=\"su-audio\" data-id=\"su_audio_player_69f2fed87cbca\" data-audio=\"http:\/\/xn--choeurprlude-ieb.be\/wp-content\/uploads\/2024\/02\/03_teno_CREDO-2_MH552.mp3\" data-swf=\"https:\/\/xn--choeurprlude-ieb.be\/wp-content\/plugins\/shortcodes-ultimate\/vendor\/jplayer\/jplayer.swf\" data-autoplay=\"no\" data-loop=\"no\" style=\"\"><div id=\"su_audio_player_69f2fed87cbca\" class=\"jp-jplayer\"><\/div><div id=\"su_audio_player_69f2fed87cbca_container\" class=\"jp-audio\"><div class=\"jp-type-single\"><div class=\"jp-gui jp-interface\"><div class=\"jp-controls\"><span class=\"jp-play\"><\/span><span class=\"jp-pause\"><\/span><span class=\"jp-stop\"><\/span><span class=\"jp-mute\"><\/span><span class=\"jp-unmute\"><\/span><span class=\"jp-volume-max\"><\/span><\/div><div class=\"jp-progress\"><div class=\"jp-seek-bar\"><div class=\"jp-play-bar\"><\/div><\/div><\/div><div class=\"jp-volume-bar\"><div class=\"jp-volume-bar-value\"><\/div><\/div><div class=\"jp-current-time\"><\/div><div class=\"jp-duration\"><\/div><\/div><div class=\"jp-title\"><\/div><\/div><\/div><\/div>\n<p>URL fichier: http:\/\/xn--choeurprlude-ieb.be\/wp-content\/uploads\/2024\/02\/03_teno_CREDO-2_MH552.mp3<\/p>\n<p>Basse : <div class=\"su-audio\" data-id=\"su_audio_player_69f2fed87cc0e\" data-audio=\"http:\/\/xn--choeurprlude-ieb.be\/wp-content\/uploads\/2024\/02\/04_bass_CREDO-2_MH552.mp3\" data-swf=\"https:\/\/xn--choeurprlude-ieb.be\/wp-content\/plugins\/shortcodes-ultimate\/vendor\/jplayer\/jplayer.swf\" data-autoplay=\"no\" data-loop=\"no\" style=\"\"><div id=\"su_audio_player_69f2fed87cc0e\" class=\"jp-jplayer\"><\/div><div id=\"su_audio_player_69f2fed87cc0e_container\" class=\"jp-audio\"><div class=\"jp-type-single\"><div class=\"jp-gui jp-interface\"><div class=\"jp-controls\"><span class=\"jp-play\"><\/span><span class=\"jp-pause\"><\/span><span class=\"jp-stop\"><\/span><span class=\"jp-mute\"><\/span><span class=\"jp-unmute\"><\/span><span class=\"jp-volume-max\"><\/span><\/div><div class=\"jp-progress\"><div class=\"jp-seek-bar\"><div class=\"jp-play-bar\"><\/div><\/div><\/div><div class=\"jp-volume-bar\"><div class=\"jp-volume-bar-value\"><\/div><\/div><div class=\"jp-current-time\"><\/div><div class=\"jp-duration\"><\/div><\/div><div class=\"jp-title\"><\/div><\/div><\/div><\/div>\n<p>URL fichier: http:\/\/xn--choeurprlude-ieb.be\/wp-content\/uploads\/2024\/02\/04_bass_CREDO-2_MH552.mp3<\/p>\n[\/toggle]\n[toggle title=\u00a0\u00bbCREDO 2 + 3&Prime;]\n<p>TUTTI : <div class=\"su-audio\" data-id=\"su_audio_player_69f2fed87cc52\" data-audio=\"http:\/\/xn--choeurprlude-ieb.be\/wp-content\/uploads\/2024\/03\/00-tutti_CREDO-23_MH552.mp3\" data-swf=\"https:\/\/xn--choeurprlude-ieb.be\/wp-content\/plugins\/shortcodes-ultimate\/vendor\/jplayer\/jplayer.swf\" data-autoplay=\"no\" data-loop=\"no\" style=\"\"><div id=\"su_audio_player_69f2fed87cc52\" class=\"jp-jplayer\"><\/div><div id=\"su_audio_player_69f2fed87cc52_container\" class=\"jp-audio\"><div class=\"jp-type-single\"><div class=\"jp-gui jp-interface\"><div class=\"jp-controls\"><span class=\"jp-play\"><\/span><span class=\"jp-pause\"><\/span><span class=\"jp-stop\"><\/span><span class=\"jp-mute\"><\/span><span class=\"jp-unmute\"><\/span><span class=\"jp-volume-max\"><\/span><\/div><div class=\"jp-progress\"><div class=\"jp-seek-bar\"><div class=\"jp-play-bar\"><\/div><\/div><\/div><div class=\"jp-volume-bar\"><div class=\"jp-volume-bar-value\"><\/div><\/div><div class=\"jp-current-time\"><\/div><div class=\"jp-duration\"><\/div><\/div><div class=\"jp-title\"><\/div><\/div><\/div><\/div>\n<p>URL fichier: http:\/\/xn--choeurprlude-ieb.be\/wp-content\/uploads\/2024\/03\/00-tutti_CREDO-23_MH552.mp3<\/p>\n<p>Soprano : <div class=\"su-audio\" data-id=\"su_audio_player_69f2fed87cc96\" data-audio=\"http:\/\/xn--choeurprlude-ieb.be\/wp-content\/uploads\/2024\/03\/01_sopr_CREDO-23_MH552.mp3\" data-swf=\"https:\/\/xn--choeurprlude-ieb.be\/wp-content\/plugins\/shortcodes-ultimate\/vendor\/jplayer\/jplayer.swf\" data-autoplay=\"no\" data-loop=\"no\" style=\"\"><div id=\"su_audio_player_69f2fed87cc96\" class=\"jp-jplayer\"><\/div><div id=\"su_audio_player_69f2fed87cc96_container\" class=\"jp-audio\"><div class=\"jp-type-single\"><div class=\"jp-gui jp-interface\"><div class=\"jp-controls\"><span class=\"jp-play\"><\/span><span class=\"jp-pause\"><\/span><span class=\"jp-stop\"><\/span><span class=\"jp-mute\"><\/span><span class=\"jp-unmute\"><\/span><span class=\"jp-volume-max\"><\/span><\/div><div class=\"jp-progress\"><div class=\"jp-seek-bar\"><div class=\"jp-play-bar\"><\/div><\/div><\/div><div class=\"jp-volume-bar\"><div class=\"jp-volume-bar-value\"><\/div><\/div><div class=\"jp-current-time\"><\/div><div class=\"jp-duration\"><\/div><\/div><div class=\"jp-title\"><\/div><\/div><\/div><\/div>\n<p>URL fichier: http:\/\/xn--choeurprlude-ieb.be\/wp-content\/uploads\/2024\/03\/01_sopr_CREDO-23_MH552.mp3<\/p>\n<p>Alto : <div class=\"su-audio\" data-id=\"su_audio_player_69f2fed87ccda\" data-audio=\"http:\/\/xn--choeurprlude-ieb.be\/wp-content\/uploads\/2024\/03\/02_alto_CREDO-23_MH552.mp3\" data-swf=\"https:\/\/xn--choeurprlude-ieb.be\/wp-content\/plugins\/shortcodes-ultimate\/vendor\/jplayer\/jplayer.swf\" data-autoplay=\"no\" data-loop=\"no\" style=\"\"><div id=\"su_audio_player_69f2fed87ccda\" class=\"jp-jplayer\"><\/div><div id=\"su_audio_player_69f2fed87ccda_container\" class=\"jp-audio\"><div class=\"jp-type-single\"><div class=\"jp-gui jp-interface\"><div class=\"jp-controls\"><span class=\"jp-play\"><\/span><span class=\"jp-pause\"><\/span><span class=\"jp-stop\"><\/span><span class=\"jp-mute\"><\/span><span class=\"jp-unmute\"><\/span><span class=\"jp-volume-max\"><\/span><\/div><div class=\"jp-progress\"><div class=\"jp-seek-bar\"><div class=\"jp-play-bar\"><\/div><\/div><\/div><div class=\"jp-volume-bar\"><div class=\"jp-volume-bar-value\"><\/div><\/div><div class=\"jp-current-time\"><\/div><div class=\"jp-duration\"><\/div><\/div><div class=\"jp-title\"><\/div><\/div><\/div><\/div>\n<p>URL fichier: http:\/\/xn--choeurprlude-ieb.be\/wp-content\/uploads\/2024\/03\/02_alto_CREDO-23_MH552.mp3<\/p>\n<p>Tenor : <div class=\"su-audio\" data-id=\"su_audio_player_69f2fed87cd1e\" data-audio=\"http:\/\/xn--choeurprlude-ieb.be\/wp-content\/uploads\/2024\/03\/03_teno_CREDO-23_MH552.mp3\" data-swf=\"https:\/\/xn--choeurprlude-ieb.be\/wp-content\/plugins\/shortcodes-ultimate\/vendor\/jplayer\/jplayer.swf\" data-autoplay=\"no\" data-loop=\"no\" style=\"\"><div id=\"su_audio_player_69f2fed87cd1e\" class=\"jp-jplayer\"><\/div><div id=\"su_audio_player_69f2fed87cd1e_container\" class=\"jp-audio\"><div class=\"jp-type-single\"><div class=\"jp-gui jp-interface\"><div class=\"jp-controls\"><span class=\"jp-play\"><\/span><span class=\"jp-pause\"><\/span><span class=\"jp-stop\"><\/span><span class=\"jp-mute\"><\/span><span class=\"jp-unmute\"><\/span><span class=\"jp-volume-max\"><\/span><\/div><div class=\"jp-progress\"><div class=\"jp-seek-bar\"><div class=\"jp-play-bar\"><\/div><\/div><\/div><div class=\"jp-volume-bar\"><div class=\"jp-volume-bar-value\"><\/div><\/div><div class=\"jp-current-time\"><\/div><div class=\"jp-duration\"><\/div><\/div><div class=\"jp-title\"><\/div><\/div><\/div><\/div>\n<p>URL fichier: http:\/\/xn--choeurprlude-ieb.be\/wp-content\/uploads\/2024\/03\/03_teno_CREDO-23_MH552.mp3<\/p>\n<p>Basse : <div class=\"su-audio\" data-id=\"su_audio_player_69f2fed87cd62\" data-audio=\"http:\/\/xn--choeurprlude-ieb.be\/wp-content\/uploads\/2024\/03\/04_bass_CREDO-23_MH552.mp3\" data-swf=\"https:\/\/xn--choeurprlude-ieb.be\/wp-content\/plugins\/shortcodes-ultimate\/vendor\/jplayer\/jplayer.swf\" data-autoplay=\"no\" data-loop=\"no\" style=\"\"><div id=\"su_audio_player_69f2fed87cd62\" class=\"jp-jplayer\"><\/div><div id=\"su_audio_player_69f2fed87cd62_container\" class=\"jp-audio\"><div class=\"jp-type-single\"><div class=\"jp-gui jp-interface\"><div class=\"jp-controls\"><span class=\"jp-play\"><\/span><span class=\"jp-pause\"><\/span><span class=\"jp-stop\"><\/span><span class=\"jp-mute\"><\/span><span class=\"jp-unmute\"><\/span><span class=\"jp-volume-max\"><\/span><\/div><div class=\"jp-progress\"><div class=\"jp-seek-bar\"><div class=\"jp-play-bar\"><\/div><\/div><\/div><div class=\"jp-volume-bar\"><div class=\"jp-volume-bar-value\"><\/div><\/div><div class=\"jp-current-time\"><\/div><div class=\"jp-duration\"><\/div><\/div><div class=\"jp-title\"><\/div><\/div><\/div><\/div>\n<p>URL fichier: http:\/\/xn--choeurprlude-ieb.be\/wp-content\/uploads\/2024\/03\/04_bass_CREDO-23_MH552.mp3<\/p>\n[\/toggle]\n[toggle title=\u00a0\u00bbCREDO 1 +2 + 3&Prime;]\n<p>TUTTI chant\u00e9 440 Hz: <div class=\"su-audio\" data-id=\"su_audio_player_69f2fed87cda6\" data-audio=\"http:\/\/xn--choeurprlude-ieb.be\/wp-content\/uploads\/2024\/03\/Credo-123_CHANTE-440Hz_MH552.mp3\" data-swf=\"https:\/\/xn--choeurprlude-ieb.be\/wp-content\/plugins\/shortcodes-ultimate\/vendor\/jplayer\/jplayer.swf\" data-autoplay=\"no\" data-loop=\"no\" style=\"\"><div id=\"su_audio_player_69f2fed87cda6\" class=\"jp-jplayer\"><\/div><div id=\"su_audio_player_69f2fed87cda6_container\" class=\"jp-audio\"><div class=\"jp-type-single\"><div class=\"jp-gui jp-interface\"><div class=\"jp-controls\"><span class=\"jp-play\"><\/span><span class=\"jp-pause\"><\/span><span class=\"jp-stop\"><\/span><span class=\"jp-mute\"><\/span><span class=\"jp-unmute\"><\/span><span class=\"jp-volume-max\"><\/span><\/div><div class=\"jp-progress\"><div class=\"jp-seek-bar\"><div class=\"jp-play-bar\"><\/div><\/div><\/div><div class=\"jp-volume-bar\"><div class=\"jp-volume-bar-value\"><\/div><\/div><div class=\"jp-current-time\"><\/div><div class=\"jp-duration\"><\/div><\/div><div class=\"jp-title\"><\/div><\/div><\/div><\/div>\n<p>URL fichier: http:\/\/xn--choeurprlude-ieb.be\/wp-content\/uploads\/2024\/03\/Credo-123_CHANTE-440Hz_MH552.mp3<\/p>\n[\/toggle]\n[toggle title=\u00a0\u00bbSANCTUS + BENEDICTUS\u00a0\u00bb]\n<p>TUTTI chant\u00e9 440 Hz: <div class=\"su-audio\" data-id=\"su_audio_player_69f2fed87cdea\" data-audio=\"http:\/\/xn--choeurprlude-ieb.be\/wp-content\/uploads\/2024\/04\/00-tutti-CHANTE-SANCTUSBENEDICTUS_MH-552_440Hz.mp3\" data-swf=\"https:\/\/xn--choeurprlude-ieb.be\/wp-content\/plugins\/shortcodes-ultimate\/vendor\/jplayer\/jplayer.swf\" data-autoplay=\"no\" data-loop=\"no\" style=\"\"><div id=\"su_audio_player_69f2fed87cdea\" class=\"jp-jplayer\"><\/div><div id=\"su_audio_player_69f2fed87cdea_container\" class=\"jp-audio\"><div class=\"jp-type-single\"><div class=\"jp-gui jp-interface\"><div class=\"jp-controls\"><span class=\"jp-play\"><\/span><span class=\"jp-pause\"><\/span><span class=\"jp-stop\"><\/span><span class=\"jp-mute\"><\/span><span class=\"jp-unmute\"><\/span><span class=\"jp-volume-max\"><\/span><\/div><div class=\"jp-progress\"><div class=\"jp-seek-bar\"><div class=\"jp-play-bar\"><\/div><\/div><\/div><div class=\"jp-volume-bar\"><div class=\"jp-volume-bar-value\"><\/div><\/div><div class=\"jp-current-time\"><\/div><div class=\"jp-duration\"><\/div><\/div><div class=\"jp-title\"><\/div><\/div><\/div><\/div>\n<p>URL fichier: http:\/\/xn--choeurprlude-ieb.be\/wp-content\/uploads\/2024\/04\/00-tutti-CHANTE-SANCTUSBENEDICTUS_MH-552_440Hz.mp3<\/p>\n<p>TUTTI : <div class=\"su-audio\" data-id=\"su_audio_player_69f2fed87ce2e\" data-audio=\"http:\/\/xn--choeurprlude-ieb.be\/wp-content\/uploads\/2024\/04\/00-tutti-SANCTUSBENEDICTUS_MH-552.mp3\" data-swf=\"https:\/\/xn--choeurprlude-ieb.be\/wp-content\/plugins\/shortcodes-ultimate\/vendor\/jplayer\/jplayer.swf\" data-autoplay=\"no\" data-loop=\"no\" style=\"\"><div id=\"su_audio_player_69f2fed87ce2e\" class=\"jp-jplayer\"><\/div><div id=\"su_audio_player_69f2fed87ce2e_container\" class=\"jp-audio\"><div class=\"jp-type-single\"><div class=\"jp-gui jp-interface\"><div class=\"jp-controls\"><span class=\"jp-play\"><\/span><span class=\"jp-pause\"><\/span><span class=\"jp-stop\"><\/span><span class=\"jp-mute\"><\/span><span class=\"jp-unmute\"><\/span><span class=\"jp-volume-max\"><\/span><\/div><div class=\"jp-progress\"><div class=\"jp-seek-bar\"><div class=\"jp-play-bar\"><\/div><\/div><\/div><div class=\"jp-volume-bar\"><div class=\"jp-volume-bar-value\"><\/div><\/div><div class=\"jp-current-time\"><\/div><div class=\"jp-duration\"><\/div><\/div><div class=\"jp-title\"><\/div><\/div><\/div><\/div>\n<p>URL fichier: http:\/\/xn--choeurprlude-ieb.be\/wp-content\/uploads\/2024\/04\/00-tutti-SANCTUSBENEDICTUS_MH-552.mp3<\/p>\n<p>Soprano : <div class=\"su-audio\" data-id=\"su_audio_player_69f2fed87ce72\" data-audio=\"http:\/\/xn--choeurprlude-ieb.be\/wp-content\/uploads\/2024\/04\/01-sopr-SANCTUSBENEDICTUS_MH-552-1.mp3\" data-swf=\"https:\/\/xn--choeurprlude-ieb.be\/wp-content\/plugins\/shortcodes-ultimate\/vendor\/jplayer\/jplayer.swf\" data-autoplay=\"no\" data-loop=\"no\" style=\"\"><div id=\"su_audio_player_69f2fed87ce72\" class=\"jp-jplayer\"><\/div><div id=\"su_audio_player_69f2fed87ce72_container\" class=\"jp-audio\"><div class=\"jp-type-single\"><div class=\"jp-gui jp-interface\"><div class=\"jp-controls\"><span class=\"jp-play\"><\/span><span class=\"jp-pause\"><\/span><span class=\"jp-stop\"><\/span><span class=\"jp-mute\"><\/span><span class=\"jp-unmute\"><\/span><span class=\"jp-volume-max\"><\/span><\/div><div class=\"jp-progress\"><div class=\"jp-seek-bar\"><div class=\"jp-play-bar\"><\/div><\/div><\/div><div class=\"jp-volume-bar\"><div class=\"jp-volume-bar-value\"><\/div><\/div><div class=\"jp-current-time\"><\/div><div class=\"jp-duration\"><\/div><\/div><div class=\"jp-title\"><\/div><\/div><\/div><\/div>\n<p>URL fichier: http:\/\/xn--choeurprlude-ieb.be\/wp-content\/uploads\/2024\/04\/01-sopr-SANCTUSBENEDICTUS_MH-552-1.mp3<\/p>\n<p>Alto : <div class=\"su-audio\" data-id=\"su_audio_player_69f2fed87ceb6\" data-audio=\"http:\/\/xn--choeurprlude-ieb.be\/wp-content\/uploads\/2024\/04\/02-alto-SANCTUSBENEDICTUS_MH-552.mp3\" data-swf=\"https:\/\/xn--choeurprlude-ieb.be\/wp-content\/plugins\/shortcodes-ultimate\/vendor\/jplayer\/jplayer.swf\" data-autoplay=\"no\" data-loop=\"no\" style=\"\"><div id=\"su_audio_player_69f2fed87ceb6\" class=\"jp-jplayer\"><\/div><div id=\"su_audio_player_69f2fed87ceb6_container\" class=\"jp-audio\"><div class=\"jp-type-single\"><div class=\"jp-gui jp-interface\"><div class=\"jp-controls\"><span class=\"jp-play\"><\/span><span class=\"jp-pause\"><\/span><span class=\"jp-stop\"><\/span><span class=\"jp-mute\"><\/span><span class=\"jp-unmute\"><\/span><span class=\"jp-volume-max\"><\/span><\/div><div class=\"jp-progress\"><div class=\"jp-seek-bar\"><div class=\"jp-play-bar\"><\/div><\/div><\/div><div class=\"jp-volume-bar\"><div class=\"jp-volume-bar-value\"><\/div><\/div><div class=\"jp-current-time\"><\/div><div class=\"jp-duration\"><\/div><\/div><div class=\"jp-title\"><\/div><\/div><\/div><\/div>\n<p>URL fichier: http:\/\/xn--choeurprlude-ieb.be\/wp-content\/uploads\/2024\/04\/02-alto-SANCTUSBENEDICTUS_MH-552.mp3<\/p>\n<p>Tenor : <div class=\"su-audio\" data-id=\"su_audio_player_69f2fed87cefb\" data-audio=\"http:\/\/xn--choeurprlude-ieb.be\/wp-content\/uploads\/2024\/04\/03-teno-SANCTUSBENEDICTUS_MH-552-1.mp3\" data-swf=\"https:\/\/xn--choeurprlude-ieb.be\/wp-content\/plugins\/shortcodes-ultimate\/vendor\/jplayer\/jplayer.swf\" data-autoplay=\"no\" data-loop=\"no\" style=\"\"><div id=\"su_audio_player_69f2fed87cefb\" class=\"jp-jplayer\"><\/div><div id=\"su_audio_player_69f2fed87cefb_container\" class=\"jp-audio\"><div class=\"jp-type-single\"><div class=\"jp-gui jp-interface\"><div class=\"jp-controls\"><span class=\"jp-play\"><\/span><span class=\"jp-pause\"><\/span><span class=\"jp-stop\"><\/span><span class=\"jp-mute\"><\/span><span class=\"jp-unmute\"><\/span><span class=\"jp-volume-max\"><\/span><\/div><div class=\"jp-progress\"><div class=\"jp-seek-bar\"><div class=\"jp-play-bar\"><\/div><\/div><\/div><div class=\"jp-volume-bar\"><div class=\"jp-volume-bar-value\"><\/div><\/div><div class=\"jp-current-time\"><\/div><div class=\"jp-duration\"><\/div><\/div><div class=\"jp-title\"><\/div><\/div><\/div><\/div>\n<p>URL fichier: http:\/\/xn--choeurprlude-ieb.be\/wp-content\/uploads\/2024\/04\/03-teno-SANCTUSBENEDICTUS_MH-552-1.mp3<\/p>\n<p>Basse : <div class=\"su-audio\" data-id=\"su_audio_player_69f2fed87cf40\" data-audio=\"http:\/\/xn--choeurprlude-ieb.be\/wp-content\/uploads\/2024\/04\/04-bass-SANCTUSBENEDICTUS_MH-552.mp3\" data-swf=\"https:\/\/xn--choeurprlude-ieb.be\/wp-content\/plugins\/shortcodes-ultimate\/vendor\/jplayer\/jplayer.swf\" data-autoplay=\"no\" data-loop=\"no\" style=\"\"><div id=\"su_audio_player_69f2fed87cf40\" class=\"jp-jplayer\"><\/div><div id=\"su_audio_player_69f2fed87cf40_container\" class=\"jp-audio\"><div class=\"jp-type-single\"><div class=\"jp-gui jp-interface\"><div class=\"jp-controls\"><span class=\"jp-play\"><\/span><span class=\"jp-pause\"><\/span><span class=\"jp-stop\"><\/span><span class=\"jp-mute\"><\/span><span class=\"jp-unmute\"><\/span><span class=\"jp-volume-max\"><\/span><\/div><div class=\"jp-progress\"><div class=\"jp-seek-bar\"><div class=\"jp-play-bar\"><\/div><\/div><\/div><div class=\"jp-volume-bar\"><div class=\"jp-volume-bar-value\"><\/div><\/div><div class=\"jp-current-time\"><\/div><div class=\"jp-duration\"><\/div><\/div><div class=\"jp-title\"><\/div><\/div><\/div><\/div>\n<p>URL fichier: http:\/\/xn--choeurprlude-ieb.be\/wp-content\/uploads\/2024\/04\/04-bass-SANCTUSBENEDICTUS_MH-552.mp3<\/p>\n[\/toggle]\n[toggle title=\u00a0\u00bbAGNUS + DONNA NOBIS PACEM\u00a0\u00bb]\n<p>TUTTI chant\u00e9 440 Hz: <div class=\"su-audio\" data-id=\"su_audio_player_69f2fed87cf84\" data-audio=\"http:\/\/xn--choeurprlude-ieb.be\/wp-content\/uploads\/2024\/04\/00-tutti-CHANTE-440Hz_AGNUS-12_MH-552.mp3\" data-swf=\"https:\/\/xn--choeurprlude-ieb.be\/wp-content\/plugins\/shortcodes-ultimate\/vendor\/jplayer\/jplayer.swf\" data-autoplay=\"no\" data-loop=\"no\" style=\"\"><div id=\"su_audio_player_69f2fed87cf84\" class=\"jp-jplayer\"><\/div><div id=\"su_audio_player_69f2fed87cf84_container\" class=\"jp-audio\"><div class=\"jp-type-single\"><div class=\"jp-gui jp-interface\"><div class=\"jp-controls\"><span class=\"jp-play\"><\/span><span class=\"jp-pause\"><\/span><span class=\"jp-stop\"><\/span><span class=\"jp-mute\"><\/span><span class=\"jp-unmute\"><\/span><span class=\"jp-volume-max\"><\/span><\/div><div class=\"jp-progress\"><div class=\"jp-seek-bar\"><div class=\"jp-play-bar\"><\/div><\/div><\/div><div class=\"jp-volume-bar\"><div class=\"jp-volume-bar-value\"><\/div><\/div><div class=\"jp-current-time\"><\/div><div class=\"jp-duration\"><\/div><\/div><div class=\"jp-title\"><\/div><\/div><\/div><\/div>\n<p>URL fichier: http:\/\/xn--choeurprlude-ieb.be\/wp-content\/uploads\/2024\/04\/00-tutti-CHANTE-440Hz_AGNUS-12_MH-552.mp3<\/p>\n<p>TUTTI : <div class=\"su-audio\" data-id=\"su_audio_player_69f2fed87cfc8\" data-audio=\"http:\/\/xn--choeurprlude-ieb.be\/wp-content\/uploads\/2024\/04\/00-tutti_AGNUS-12_MH-552.mp3\" data-swf=\"https:\/\/xn--choeurprlude-ieb.be\/wp-content\/plugins\/shortcodes-ultimate\/vendor\/jplayer\/jplayer.swf\" data-autoplay=\"no\" data-loop=\"no\" style=\"\"><div id=\"su_audio_player_69f2fed87cfc8\" class=\"jp-jplayer\"><\/div><div id=\"su_audio_player_69f2fed87cfc8_container\" class=\"jp-audio\"><div class=\"jp-type-single\"><div class=\"jp-gui jp-interface\"><div class=\"jp-controls\"><span class=\"jp-play\"><\/span><span class=\"jp-pause\"><\/span><span class=\"jp-stop\"><\/span><span class=\"jp-mute\"><\/span><span class=\"jp-unmute\"><\/span><span class=\"jp-volume-max\"><\/span><\/div><div class=\"jp-progress\"><div class=\"jp-seek-bar\"><div class=\"jp-play-bar\"><\/div><\/div><\/div><div class=\"jp-volume-bar\"><div class=\"jp-volume-bar-value\"><\/div><\/div><div class=\"jp-current-time\"><\/div><div class=\"jp-duration\"><\/div><\/div><div class=\"jp-title\"><\/div><\/div><\/div><\/div>\n<p>URL fichier: http:\/\/xn--choeurprlude-ieb.be\/wp-content\/uploads\/2024\/04\/00-tutti_AGNUS-12_MH-552.mp3<\/p>\n<p>Soprano : <div class=\"su-audio\" data-id=\"su_audio_player_69f2fed87d00d\" data-audio=\"http:\/\/xn--choeurprlude-ieb.be\/wp-content\/uploads\/2024\/04\/01-sopr_AGNUS-12_MH-552.mp3\" data-swf=\"https:\/\/xn--choeurprlude-ieb.be\/wp-content\/plugins\/shortcodes-ultimate\/vendor\/jplayer\/jplayer.swf\" data-autoplay=\"no\" data-loop=\"no\" style=\"\"><div id=\"su_audio_player_69f2fed87d00d\" class=\"jp-jplayer\"><\/div><div id=\"su_audio_player_69f2fed87d00d_container\" class=\"jp-audio\"><div class=\"jp-type-single\"><div class=\"jp-gui jp-interface\"><div class=\"jp-controls\"><span class=\"jp-play\"><\/span><span class=\"jp-pause\"><\/span><span class=\"jp-stop\"><\/span><span class=\"jp-mute\"><\/span><span class=\"jp-unmute\"><\/span><span class=\"jp-volume-max\"><\/span><\/div><div class=\"jp-progress\"><div class=\"jp-seek-bar\"><div class=\"jp-play-bar\"><\/div><\/div><\/div><div class=\"jp-volume-bar\"><div class=\"jp-volume-bar-value\"><\/div><\/div><div class=\"jp-current-time\"><\/div><div class=\"jp-duration\"><\/div><\/div><div class=\"jp-title\"><\/div><\/div><\/div><\/div>\n<p>URL fichier: http:\/\/xn--choeurprlude-ieb.be\/wp-content\/uploads\/2024\/04\/01-sopr_AGNUS-12_MH-552.mp3<\/p>\n<p>Alto : <div class=\"su-audio\" data-id=\"su_audio_player_69f2fed87d050\" data-audio=\"http:\/\/xn--choeurprlude-ieb.be\/wp-content\/uploads\/2024\/04\/02-alto_AGNUS-12_MH-552.mp3\" data-swf=\"https:\/\/xn--choeurprlude-ieb.be\/wp-content\/plugins\/shortcodes-ultimate\/vendor\/jplayer\/jplayer.swf\" data-autoplay=\"no\" data-loop=\"no\" style=\"\"><div id=\"su_audio_player_69f2fed87d050\" class=\"jp-jplayer\"><\/div><div id=\"su_audio_player_69f2fed87d050_container\" class=\"jp-audio\"><div class=\"jp-type-single\"><div class=\"jp-gui jp-interface\"><div class=\"jp-controls\"><span class=\"jp-play\"><\/span><span class=\"jp-pause\"><\/span><span class=\"jp-stop\"><\/span><span class=\"jp-mute\"><\/span><span class=\"jp-unmute\"><\/span><span class=\"jp-volume-max\"><\/span><\/div><div class=\"jp-progress\"><div class=\"jp-seek-bar\"><div class=\"jp-play-bar\"><\/div><\/div><\/div><div class=\"jp-volume-bar\"><div class=\"jp-volume-bar-value\"><\/div><\/div><div class=\"jp-current-time\"><\/div><div class=\"jp-duration\"><\/div><\/div><div class=\"jp-title\"><\/div><\/div><\/div><\/div>\n<p>URL fichier: http:\/\/xn--choeurprlude-ieb.be\/wp-content\/uploads\/2024\/04\/02-alto_AGNUS-12_MH-552.mp3<\/p>\n<p>Tenor : <div class=\"su-audio\" data-id=\"su_audio_player_69f2fed87d094\" data-audio=\"http:\/\/xn--choeurprlude-ieb.be\/wp-content\/uploads\/2024\/04\/03-teno_AGNUS-12_MH-552.mp3\" data-swf=\"https:\/\/xn--choeurprlude-ieb.be\/wp-content\/plugins\/shortcodes-ultimate\/vendor\/jplayer\/jplayer.swf\" data-autoplay=\"no\" data-loop=\"no\" style=\"\"><div id=\"su_audio_player_69f2fed87d094\" class=\"jp-jplayer\"><\/div><div id=\"su_audio_player_69f2fed87d094_container\" class=\"jp-audio\"><div class=\"jp-type-single\"><div class=\"jp-gui jp-interface\"><div class=\"jp-controls\"><span class=\"jp-play\"><\/span><span class=\"jp-pause\"><\/span><span class=\"jp-stop\"><\/span><span class=\"jp-mute\"><\/span><span class=\"jp-unmute\"><\/span><span class=\"jp-volume-max\"><\/span><\/div><div class=\"jp-progress\"><div class=\"jp-seek-bar\"><div class=\"jp-play-bar\"><\/div><\/div><\/div><div class=\"jp-volume-bar\"><div class=\"jp-volume-bar-value\"><\/div><\/div><div class=\"jp-current-time\"><\/div><div class=\"jp-duration\"><\/div><\/div><div class=\"jp-title\"><\/div><\/div><\/div><\/div>\n<p>URL fichier: http:\/\/xn--choeurprlude-ieb.be\/wp-content\/uploads\/2024\/04\/03-teno_AGNUS-12_MH-552.mp3<\/p>\n<p>Basse : <div class=\"su-audio\" data-id=\"su_audio_player_69f2fed87d0d8\" data-audio=\"http:\/\/xn--choeurprlude-ieb.be\/wp-content\/uploads\/2024\/04\/04-bass_AGNUS-12_MH-552.mp3\" data-swf=\"https:\/\/xn--choeurprlude-ieb.be\/wp-content\/plugins\/shortcodes-ultimate\/vendor\/jplayer\/jplayer.swf\" data-autoplay=\"no\" data-loop=\"no\" style=\"\"><div id=\"su_audio_player_69f2fed87d0d8\" class=\"jp-jplayer\"><\/div><div id=\"su_audio_player_69f2fed87d0d8_container\" class=\"jp-audio\"><div class=\"jp-type-single\"><div class=\"jp-gui jp-interface\"><div class=\"jp-controls\"><span class=\"jp-play\"><\/span><span class=\"jp-pause\"><\/span><span class=\"jp-stop\"><\/span><span class=\"jp-mute\"><\/span><span class=\"jp-unmute\"><\/span><span class=\"jp-volume-max\"><\/span><\/div><div class=\"jp-progress\"><div class=\"jp-seek-bar\"><div class=\"jp-play-bar\"><\/div><\/div><\/div><div class=\"jp-volume-bar\"><div class=\"jp-volume-bar-value\"><\/div><\/div><div class=\"jp-current-time\"><\/div><div class=\"jp-duration\"><\/div><\/div><div class=\"jp-title\"><\/div><\/div><\/div><\/div>\n<p>URL fichier: http:\/\/xn--choeurprlude-ieb.be\/wp-content\/uploads\/2024\/04\/04-bass_AGNUS-12_MH-552.mp3<\/p>\n[\/toggle]\n<p>&nbsp;<\/p>\n<p>&#8212;&#8212;&#8212;&#8212;&#8212;&#8212;&#8212;&#8212;&#8212;&#8212;&#8212;&#8212;&#8212;&#8212;&#8212;&#8212;&#8212;&#8212;&#8212;&#8212;&#8212;&#8212;&#8212;&#8212;&#8212;&#8212;&#8212;<\/p>\n[toggle title=\u00a0\u00bb<strong>JENKINS &#8211; And the Mother did weep<\/strong>\u00ab\u00a0]\n<p>Soprano : <div class=\"su-audio\" data-id=\"su_audio_player_69f2fed87d11c\" data-audio=\"http:\/\/xn--choeurprlude-ieb.be\/wp-content\/uploads\/2022\/09\/1-sopr-And-the-Mother-did-weep.mp3\" data-swf=\"https:\/\/xn--choeurprlude-ieb.be\/wp-content\/plugins\/shortcodes-ultimate\/vendor\/jplayer\/jplayer.swf\" data-autoplay=\"no\" data-loop=\"no\" style=\"\"><div id=\"su_audio_player_69f2fed87d11c\" class=\"jp-jplayer\"><\/div><div id=\"su_audio_player_69f2fed87d11c_container\" class=\"jp-audio\"><div class=\"jp-type-single\"><div class=\"jp-gui jp-interface\"><div class=\"jp-controls\"><span class=\"jp-play\"><\/span><span class=\"jp-pause\"><\/span><span class=\"jp-stop\"><\/span><span class=\"jp-mute\"><\/span><span class=\"jp-unmute\"><\/span><span class=\"jp-volume-max\"><\/span><\/div><div class=\"jp-progress\"><div class=\"jp-seek-bar\"><div class=\"jp-play-bar\"><\/div><\/div><\/div><div class=\"jp-volume-bar\"><div class=\"jp-volume-bar-value\"><\/div><\/div><div class=\"jp-current-time\"><\/div><div class=\"jp-duration\"><\/div><\/div><div class=\"jp-title\"><\/div><\/div><\/div><\/div>\n<p>URL fichier: http:\/\/xn--choeurprlude-ieb.be\/wp-content\/uploads\/2022\/09\/1-sopr-And-the-Mother-did-weep.mp3<\/p>\n<p>Alto : <div class=\"su-audio\" data-id=\"su_audio_player_69f2fed87d160\" data-audio=\"http:\/\/xn--choeurprlude-ieb.be\/wp-content\/uploads\/2022\/09\/2-alto-And-the-Mother-did-weep.mp3\" data-swf=\"https:\/\/xn--choeurprlude-ieb.be\/wp-content\/plugins\/shortcodes-ultimate\/vendor\/jplayer\/jplayer.swf\" data-autoplay=\"no\" data-loop=\"no\" style=\"\"><div id=\"su_audio_player_69f2fed87d160\" class=\"jp-jplayer\"><\/div><div id=\"su_audio_player_69f2fed87d160_container\" class=\"jp-audio\"><div class=\"jp-type-single\"><div class=\"jp-gui jp-interface\"><div class=\"jp-controls\"><span class=\"jp-play\"><\/span><span class=\"jp-pause\"><\/span><span class=\"jp-stop\"><\/span><span class=\"jp-mute\"><\/span><span class=\"jp-unmute\"><\/span><span class=\"jp-volume-max\"><\/span><\/div><div class=\"jp-progress\"><div class=\"jp-seek-bar\"><div class=\"jp-play-bar\"><\/div><\/div><\/div><div class=\"jp-volume-bar\"><div class=\"jp-volume-bar-value\"><\/div><\/div><div class=\"jp-current-time\"><\/div><div class=\"jp-duration\"><\/div><\/div><div class=\"jp-title\"><\/div><\/div><\/div><\/div>\n<p>URL fichier: http:\/\/xn--choeurprlude-ieb.be\/wp-content\/uploads\/2022\/09\/2-alto-And-the-Mother-did-weep.mp3<\/p>\n<p>Tenor : <div class=\"su-audio\" data-id=\"su_audio_player_69f2fed87d1a4\" data-audio=\"http:\/\/xn--choeurprlude-ieb.be\/wp-content\/uploads\/2022\/09\/3-teno-And-the-Mother-did-weep.mp3\" data-swf=\"https:\/\/xn--choeurprlude-ieb.be\/wp-content\/plugins\/shortcodes-ultimate\/vendor\/jplayer\/jplayer.swf\" data-autoplay=\"no\" data-loop=\"no\" style=\"\"><div id=\"su_audio_player_69f2fed87d1a4\" class=\"jp-jplayer\"><\/div><div id=\"su_audio_player_69f2fed87d1a4_container\" class=\"jp-audio\"><div class=\"jp-type-single\"><div class=\"jp-gui jp-interface\"><div class=\"jp-controls\"><span class=\"jp-play\"><\/span><span class=\"jp-pause\"><\/span><span class=\"jp-stop\"><\/span><span class=\"jp-mute\"><\/span><span class=\"jp-unmute\"><\/span><span class=\"jp-volume-max\"><\/span><\/div><div class=\"jp-progress\"><div class=\"jp-seek-bar\"><div class=\"jp-play-bar\"><\/div><\/div><\/div><div class=\"jp-volume-bar\"><div class=\"jp-volume-bar-value\"><\/div><\/div><div class=\"jp-current-time\"><\/div><div class=\"jp-duration\"><\/div><\/div><div class=\"jp-title\"><\/div><\/div><\/div><\/div>\n<p>URL fichier: http:\/\/xn--choeurprlude-ieb.be\/wp-content\/uploads\/2022\/09\/3-teno-And-the-Mother-did-weep.mp3<\/p>\n<p>Basse : <div class=\"su-audio\" data-id=\"su_audio_player_69f2fed87d1e8\" data-audio=\"http:\/\/xn--choeurprlude-ieb.be\/wp-content\/uploads\/2022\/09\/4-bass-And-the-Mother-did-weep.mp3\" data-swf=\"https:\/\/xn--choeurprlude-ieb.be\/wp-content\/plugins\/shortcodes-ultimate\/vendor\/jplayer\/jplayer.swf\" data-autoplay=\"no\" data-loop=\"no\" style=\"\"><div id=\"su_audio_player_69f2fed87d1e8\" class=\"jp-jplayer\"><\/div><div id=\"su_audio_player_69f2fed87d1e8_container\" class=\"jp-audio\"><div class=\"jp-type-single\"><div class=\"jp-gui jp-interface\"><div class=\"jp-controls\"><span class=\"jp-play\"><\/span><span class=\"jp-pause\"><\/span><span class=\"jp-stop\"><\/span><span class=\"jp-mute\"><\/span><span class=\"jp-unmute\"><\/span><span class=\"jp-volume-max\"><\/span><\/div><div class=\"jp-progress\"><div class=\"jp-seek-bar\"><div class=\"jp-play-bar\"><\/div><\/div><\/div><div class=\"jp-volume-bar\"><div class=\"jp-volume-bar-value\"><\/div><\/div><div class=\"jp-current-time\"><\/div><div class=\"jp-duration\"><\/div><\/div><div class=\"jp-title\"><\/div><\/div><\/div><\/div>\n<p>URL fichier: http:\/\/xn--choeurprlude-ieb.be\/wp-content\/uploads\/2022\/09\/4-bass-And-the-Mother-did-weep.mp3<\/p>\n<p>TUTTI : <div class=\"su-audio\" data-id=\"su_audio_player_69f2fed87d22c\" data-audio=\"http:\/\/xn--choeurprlude-ieb.be\/wp-content\/uploads\/2022\/09\/0-tutti-sans-clavier-And-the-Mother-did-weep.mp3\" data-swf=\"https:\/\/xn--choeurprlude-ieb.be\/wp-content\/plugins\/shortcodes-ultimate\/vendor\/jplayer\/jplayer.swf\" data-autoplay=\"no\" data-loop=\"no\" style=\"\"><div id=\"su_audio_player_69f2fed87d22c\" class=\"jp-jplayer\"><\/div><div id=\"su_audio_player_69f2fed87d22c_container\" class=\"jp-audio\"><div class=\"jp-type-single\"><div class=\"jp-gui jp-interface\"><div class=\"jp-controls\"><span class=\"jp-play\"><\/span><span class=\"jp-pause\"><\/span><span class=\"jp-stop\"><\/span><span class=\"jp-mute\"><\/span><span class=\"jp-unmute\"><\/span><span class=\"jp-volume-max\"><\/span><\/div><div class=\"jp-progress\"><div class=\"jp-seek-bar\"><div class=\"jp-play-bar\"><\/div><\/div><\/div><div class=\"jp-volume-bar\"><div class=\"jp-volume-bar-value\"><\/div><\/div><div class=\"jp-current-time\"><\/div><div class=\"jp-duration\"><\/div><\/div><div class=\"jp-title\"><\/div><\/div><\/div><\/div>\n<p>URL fichier: http:\/\/xn--choeurprlude-ieb.be\/wp-content\/uploads\/2022\/09\/0-tutti-sans-clavier-And-the-Mother-did-weep.mp3<\/p>\n<p>VERSION CHANTEE version Isabelle avec accord conclusif : <div class=\"su-audio\" data-id=\"su_audio_player_69f2fed87d271\" data-audio=\"http:\/\/xn--choeurprlude-ieb.be\/wp-content\/uploads\/2022\/09\/Chante-avec-accord-conclusif_AND-THE-MOTHER-DID-WEEP-Motets-KARL-JENKINS.mp3\" data-swf=\"https:\/\/xn--choeurprlude-ieb.be\/wp-content\/plugins\/shortcodes-ultimate\/vendor\/jplayer\/jplayer.swf\" data-autoplay=\"no\" data-loop=\"no\" style=\"\"><div id=\"su_audio_player_69f2fed87d271\" class=\"jp-jplayer\"><\/div><div id=\"su_audio_player_69f2fed87d271_container\" class=\"jp-audio\"><div class=\"jp-type-single\"><div class=\"jp-gui jp-interface\"><div class=\"jp-controls\"><span class=\"jp-play\"><\/span><span class=\"jp-pause\"><\/span><span class=\"jp-stop\"><\/span><span class=\"jp-mute\"><\/span><span class=\"jp-unmute\"><\/span><span class=\"jp-volume-max\"><\/span><\/div><div class=\"jp-progress\"><div class=\"jp-seek-bar\"><div class=\"jp-play-bar\"><\/div><\/div><\/div><div class=\"jp-volume-bar\"><div class=\"jp-volume-bar-value\"><\/div><\/div><div class=\"jp-current-time\"><\/div><div class=\"jp-duration\"><\/div><\/div><div class=\"jp-title\"><\/div><\/div><\/div><\/div>\n<p>URL fichier: http:\/\/xn--choeurprlude-ieb.be\/wp-content\/uploads\/2022\/09\/Chante-avec-accord-conclusif_AND-THE-MOTHER-DID-WEEP-Motets-KARL-JENKINS.mp3<\/p>\n<p>VERSION CHANTEE compl\u00e8te : <div class=\"su-audio\" data-id=\"su_audio_player_69f2fed87d2b6\" data-audio=\"http:\/\/xn--choeurprlude-ieb.be\/wp-content\/uploads\/2022\/09\/And-the-Mother-Did-Weep-Karl-Jenkins.mp3\" data-swf=\"https:\/\/xn--choeurprlude-ieb.be\/wp-content\/plugins\/shortcodes-ultimate\/vendor\/jplayer\/jplayer.swf\" data-autoplay=\"no\" data-loop=\"no\" style=\"\"><div id=\"su_audio_player_69f2fed87d2b6\" class=\"jp-jplayer\"><\/div><div id=\"su_audio_player_69f2fed87d2b6_container\" class=\"jp-audio\"><div class=\"jp-type-single\"><div class=\"jp-gui jp-interface\"><div class=\"jp-controls\"><span class=\"jp-play\"><\/span><span class=\"jp-pause\"><\/span><span class=\"jp-stop\"><\/span><span class=\"jp-mute\"><\/span><span class=\"jp-unmute\"><\/span><span class=\"jp-volume-max\"><\/span><\/div><div class=\"jp-progress\"><div class=\"jp-seek-bar\"><div class=\"jp-play-bar\"><\/div><\/div><\/div><div class=\"jp-volume-bar\"><div class=\"jp-volume-bar-value\"><\/div><\/div><div class=\"jp-current-time\"><\/div><div class=\"jp-duration\"><\/div><\/div><div class=\"jp-title\"><\/div><\/div><\/div><\/div>\n<p>URL fichier: http:\/\/xn--choeurprlude-ieb.be\/wp-content\/uploads\/2022\/09\/And-the-Mother-Did-Weep-Karl-Jenkins.mp3<\/p>\n[\/toggle]\n[toggle title=\u00a0\u00bb<strong>JENKINS &#8211; Cantate Domino<\/strong>\u00ab\u00a0]\n<p>Soprano 1: <div class=\"su-audio\" data-id=\"su_audio_player_69f2fed87d2fa\" data-audio=\"http:\/\/xn--choeurprlude-ieb.be\/wp-content\/uploads\/2022\/10\/AUDIO_1.1-sopr_Cantate-Domino.mp3\" data-swf=\"https:\/\/xn--choeurprlude-ieb.be\/wp-content\/plugins\/shortcodes-ultimate\/vendor\/jplayer\/jplayer.swf\" data-autoplay=\"no\" data-loop=\"no\" style=\"\"><div id=\"su_audio_player_69f2fed87d2fa\" class=\"jp-jplayer\"><\/div><div id=\"su_audio_player_69f2fed87d2fa_container\" class=\"jp-audio\"><div class=\"jp-type-single\"><div class=\"jp-gui jp-interface\"><div class=\"jp-controls\"><span class=\"jp-play\"><\/span><span class=\"jp-pause\"><\/span><span class=\"jp-stop\"><\/span><span class=\"jp-mute\"><\/span><span class=\"jp-unmute\"><\/span><span class=\"jp-volume-max\"><\/span><\/div><div class=\"jp-progress\"><div class=\"jp-seek-bar\"><div class=\"jp-play-bar\"><\/div><\/div><\/div><div class=\"jp-volume-bar\"><div class=\"jp-volume-bar-value\"><\/div><\/div><div class=\"jp-current-time\"><\/div><div class=\"jp-duration\"><\/div><\/div><div class=\"jp-title\"><\/div><\/div><\/div><\/div>\n<p>URL fichier: http:\/\/xn--choeurprlude-ieb.be\/wp-content\/uploads\/2022\/10\/AUDIO_1.1-sopr_Cantate-Domino.mp3<\/p>\n<p>Soprano 2: <div class=\"su-audio\" data-id=\"su_audio_player_69f2fed87d33e\" data-audio=\"http:\/\/xn--choeurprlude-ieb.be\/wp-content\/uploads\/2022\/10\/AUDIO_1.2-sopr_Cantate-Domino.mp3\" data-swf=\"https:\/\/xn--choeurprlude-ieb.be\/wp-content\/plugins\/shortcodes-ultimate\/vendor\/jplayer\/jplayer.swf\" data-autoplay=\"no\" data-loop=\"no\" style=\"\"><div id=\"su_audio_player_69f2fed87d33e\" class=\"jp-jplayer\"><\/div><div id=\"su_audio_player_69f2fed87d33e_container\" class=\"jp-audio\"><div class=\"jp-type-single\"><div class=\"jp-gui jp-interface\"><div class=\"jp-controls\"><span class=\"jp-play\"><\/span><span class=\"jp-pause\"><\/span><span class=\"jp-stop\"><\/span><span class=\"jp-mute\"><\/span><span class=\"jp-unmute\"><\/span><span class=\"jp-volume-max\"><\/span><\/div><div class=\"jp-progress\"><div class=\"jp-seek-bar\"><div class=\"jp-play-bar\"><\/div><\/div><\/div><div class=\"jp-volume-bar\"><div class=\"jp-volume-bar-value\"><\/div><\/div><div class=\"jp-current-time\"><\/div><div class=\"jp-duration\"><\/div><\/div><div class=\"jp-title\"><\/div><\/div><\/div><\/div>\n<p>URL fichier: http:\/\/xn--choeurprlude-ieb.be\/wp-content\/uploads\/2022\/10\/AUDIO_1.2-sopr_Cantate-Domino.mp3<\/p>\n<p>Alto : <div class=\"su-audio\" data-id=\"su_audio_player_69f2fed87d382\" data-audio=\"http:\/\/xn--choeurprlude-ieb.be\/wp-content\/uploads\/2022\/10\/AUDIO_2-alto_Cantate-Domino.mp3\" data-swf=\"https:\/\/xn--choeurprlude-ieb.be\/wp-content\/plugins\/shortcodes-ultimate\/vendor\/jplayer\/jplayer.swf\" data-autoplay=\"no\" data-loop=\"no\" style=\"\"><div id=\"su_audio_player_69f2fed87d382\" class=\"jp-jplayer\"><\/div><div id=\"su_audio_player_69f2fed87d382_container\" class=\"jp-audio\"><div class=\"jp-type-single\"><div class=\"jp-gui jp-interface\"><div class=\"jp-controls\"><span class=\"jp-play\"><\/span><span class=\"jp-pause\"><\/span><span class=\"jp-stop\"><\/span><span class=\"jp-mute\"><\/span><span class=\"jp-unmute\"><\/span><span class=\"jp-volume-max\"><\/span><\/div><div class=\"jp-progress\"><div class=\"jp-seek-bar\"><div class=\"jp-play-bar\"><\/div><\/div><\/div><div class=\"jp-volume-bar\"><div class=\"jp-volume-bar-value\"><\/div><\/div><div class=\"jp-current-time\"><\/div><div class=\"jp-duration\"><\/div><\/div><div class=\"jp-title\"><\/div><\/div><\/div><\/div>\n<p>URL fichier: http:\/\/xn--choeurprlude-ieb.be\/wp-content\/uploads\/2022\/10\/AUDIO_2-alto_Cantate-Domino.mp3<\/p>\n<p>Tenor : <div class=\"su-audio\" data-id=\"su_audio_player_69f2fed87d3c6\" data-audio=\"http:\/\/xn--choeurprlude-ieb.be\/wp-content\/uploads\/2022\/10\/AUDIO_3-tenor_Cantate-Domino.mp3\" data-swf=\"https:\/\/xn--choeurprlude-ieb.be\/wp-content\/plugins\/shortcodes-ultimate\/vendor\/jplayer\/jplayer.swf\" data-autoplay=\"no\" data-loop=\"no\" style=\"\"><div id=\"su_audio_player_69f2fed87d3c6\" class=\"jp-jplayer\"><\/div><div id=\"su_audio_player_69f2fed87d3c6_container\" class=\"jp-audio\"><div class=\"jp-type-single\"><div class=\"jp-gui jp-interface\"><div class=\"jp-controls\"><span class=\"jp-play\"><\/span><span class=\"jp-pause\"><\/span><span class=\"jp-stop\"><\/span><span class=\"jp-mute\"><\/span><span class=\"jp-unmute\"><\/span><span class=\"jp-volume-max\"><\/span><\/div><div class=\"jp-progress\"><div class=\"jp-seek-bar\"><div class=\"jp-play-bar\"><\/div><\/div><\/div><div class=\"jp-volume-bar\"><div class=\"jp-volume-bar-value\"><\/div><\/div><div class=\"jp-current-time\"><\/div><div class=\"jp-duration\"><\/div><\/div><div class=\"jp-title\"><\/div><\/div><\/div><\/div>\n<p>URL fichier: http:\/\/xn--choeurprlude-ieb.be\/wp-content\/uploads\/2022\/10\/AUDIO_3-tenor_Cantate-Domino.mp3<\/p>\n<p>Basse : <div class=\"su-audio\" data-id=\"su_audio_player_69f2fed87d40a\" data-audio=\"http:\/\/xn--choeurprlude-ieb.be\/wp-content\/uploads\/2022\/10\/AUDIO_4-basse_Cantate-Domino.mp3\" data-swf=\"https:\/\/xn--choeurprlude-ieb.be\/wp-content\/plugins\/shortcodes-ultimate\/vendor\/jplayer\/jplayer.swf\" data-autoplay=\"no\" data-loop=\"no\" style=\"\"><div id=\"su_audio_player_69f2fed87d40a\" class=\"jp-jplayer\"><\/div><div id=\"su_audio_player_69f2fed87d40a_container\" class=\"jp-audio\"><div class=\"jp-type-single\"><div class=\"jp-gui jp-interface\"><div class=\"jp-controls\"><span class=\"jp-play\"><\/span><span class=\"jp-pause\"><\/span><span class=\"jp-stop\"><\/span><span class=\"jp-mute\"><\/span><span class=\"jp-unmute\"><\/span><span class=\"jp-volume-max\"><\/span><\/div><div class=\"jp-progress\"><div class=\"jp-seek-bar\"><div class=\"jp-play-bar\"><\/div><\/div><\/div><div class=\"jp-volume-bar\"><div class=\"jp-volume-bar-value\"><\/div><\/div><div class=\"jp-current-time\"><\/div><div class=\"jp-duration\"><\/div><\/div><div class=\"jp-title\"><\/div><\/div><\/div><\/div>\n<p>URL fichier: http:\/\/xn--choeurprlude-ieb.be\/wp-content\/uploads\/2022\/10\/AUDIO_4-basse_Cantate-Domino.mp3<\/p>\n<p>TUTTI : <div class=\"su-audio\" data-id=\"su_audio_player_69f2fed87d44e\" data-audio=\"http:\/\/xn--choeurprlude-ieb.be\/wp-content\/uploads\/2022\/10\/AUDIO_0-tutti_Cantate-Domino.mp3\" data-swf=\"https:\/\/xn--choeurprlude-ieb.be\/wp-content\/plugins\/shortcodes-ultimate\/vendor\/jplayer\/jplayer.swf\" data-autoplay=\"no\" data-loop=\"no\" style=\"\"><div id=\"su_audio_player_69f2fed87d44e\" class=\"jp-jplayer\"><\/div><div id=\"su_audio_player_69f2fed87d44e_container\" class=\"jp-audio\"><div class=\"jp-type-single\"><div class=\"jp-gui jp-interface\"><div class=\"jp-controls\"><span class=\"jp-play\"><\/span><span class=\"jp-pause\"><\/span><span class=\"jp-stop\"><\/span><span class=\"jp-mute\"><\/span><span class=\"jp-unmute\"><\/span><span class=\"jp-volume-max\"><\/span><\/div><div class=\"jp-progress\"><div class=\"jp-seek-bar\"><div class=\"jp-play-bar\"><\/div><\/div><\/div><div class=\"jp-volume-bar\"><div class=\"jp-volume-bar-value\"><\/div><\/div><div class=\"jp-current-time\"><\/div><div class=\"jp-duration\"><\/div><\/div><div class=\"jp-title\"><\/div><\/div><\/div><\/div>\n<p>URL fichier: http:\/\/xn--choeurprlude-ieb.be\/wp-content\/uploads\/2022\/10\/AUDIO_0-tutti_Cantate-Domino.mp3<\/p>\n[\/toggle]\n[toggle title=\u00a0\u00bb<strong>KIRNBERGER Johann Philipp &#8211; An den Fl\u00fcssen Babylons<\/strong>\u00ab\u00a0]\n<p>TUTTI CHANTE : <div class=\"su-audio\" data-id=\"su_audio_player_69f2fed87d492\" data-audio=\"http:\/\/xn--choeurprlude-ieb.be\/wp-content\/uploads\/2024\/01\/00-tutti_CHANTE-440Hz_An-den-Flussen-Babylons.mp3\" data-swf=\"https:\/\/xn--choeurprlude-ieb.be\/wp-content\/plugins\/shortcodes-ultimate\/vendor\/jplayer\/jplayer.swf\" data-autoplay=\"no\" data-loop=\"no\" style=\"\"><div id=\"su_audio_player_69f2fed87d492\" class=\"jp-jplayer\"><\/div><div id=\"su_audio_player_69f2fed87d492_container\" class=\"jp-audio\"><div class=\"jp-type-single\"><div class=\"jp-gui jp-interface\"><div class=\"jp-controls\"><span class=\"jp-play\"><\/span><span class=\"jp-pause\"><\/span><span class=\"jp-stop\"><\/span><span class=\"jp-mute\"><\/span><span class=\"jp-unmute\"><\/span><span class=\"jp-volume-max\"><\/span><\/div><div class=\"jp-progress\"><div class=\"jp-seek-bar\"><div class=\"jp-play-bar\"><\/div><\/div><\/div><div class=\"jp-volume-bar\"><div class=\"jp-volume-bar-value\"><\/div><\/div><div class=\"jp-current-time\"><\/div><div class=\"jp-duration\"><\/div><\/div><div class=\"jp-title\"><\/div><\/div><\/div><\/div>\n<p>URL fichier: http:\/\/xn--choeurprlude-ieb.be\/wp-content\/uploads\/2024\/01\/00-tutti_CHANTE-440Hz_An-den-Flussen-Babylons.mp3<\/p>\n<p>Soprano : <div class=\"su-audio\" data-id=\"su_audio_player_69f2fed87d4d6\" data-audio=\"http:\/\/xn--choeurprlude-ieb.be\/wp-content\/uploads\/2024\/01\/01-sopr_An-den-Flussen-Babylons.mp3\" data-swf=\"https:\/\/xn--choeurprlude-ieb.be\/wp-content\/plugins\/shortcodes-ultimate\/vendor\/jplayer\/jplayer.swf\" data-autoplay=\"no\" data-loop=\"no\" style=\"\"><div id=\"su_audio_player_69f2fed87d4d6\" class=\"jp-jplayer\"><\/div><div id=\"su_audio_player_69f2fed87d4d6_container\" class=\"jp-audio\"><div class=\"jp-type-single\"><div class=\"jp-gui jp-interface\"><div class=\"jp-controls\"><span class=\"jp-play\"><\/span><span class=\"jp-pause\"><\/span><span class=\"jp-stop\"><\/span><span class=\"jp-mute\"><\/span><span class=\"jp-unmute\"><\/span><span class=\"jp-volume-max\"><\/span><\/div><div class=\"jp-progress\"><div class=\"jp-seek-bar\"><div class=\"jp-play-bar\"><\/div><\/div><\/div><div class=\"jp-volume-bar\"><div class=\"jp-volume-bar-value\"><\/div><\/div><div class=\"jp-current-time\"><\/div><div class=\"jp-duration\"><\/div><\/div><div class=\"jp-title\"><\/div><\/div><\/div><\/div>\n<p>URL fichier: http:\/\/xn--choeurprlude-ieb.be\/wp-content\/uploads\/2024\/01\/01-sopr_An-den-Flussen-Babylons.mp3<\/p>\n<p>Alto : <div class=\"su-audio\" data-id=\"su_audio_player_69f2fed87d51b\" data-audio=\"http:\/\/xn--choeurprlude-ieb.be\/wp-content\/uploads\/2024\/01\/02-alto_An-den-Flussen-Babylons.mp3\" data-swf=\"https:\/\/xn--choeurprlude-ieb.be\/wp-content\/plugins\/shortcodes-ultimate\/vendor\/jplayer\/jplayer.swf\" data-autoplay=\"no\" data-loop=\"no\" style=\"\"><div id=\"su_audio_player_69f2fed87d51b\" class=\"jp-jplayer\"><\/div><div id=\"su_audio_player_69f2fed87d51b_container\" class=\"jp-audio\"><div class=\"jp-type-single\"><div class=\"jp-gui jp-interface\"><div class=\"jp-controls\"><span class=\"jp-play\"><\/span><span class=\"jp-pause\"><\/span><span class=\"jp-stop\"><\/span><span class=\"jp-mute\"><\/span><span class=\"jp-unmute\"><\/span><span class=\"jp-volume-max\"><\/span><\/div><div class=\"jp-progress\"><div class=\"jp-seek-bar\"><div class=\"jp-play-bar\"><\/div><\/div><\/div><div class=\"jp-volume-bar\"><div class=\"jp-volume-bar-value\"><\/div><\/div><div class=\"jp-current-time\"><\/div><div class=\"jp-duration\"><\/div><\/div><div class=\"jp-title\"><\/div><\/div><\/div><\/div>\n<p>URL fichier: http:\/\/xn--choeurprlude-ieb.be\/wp-content\/uploads\/2024\/01\/02-alto_An-den-Flussen-Babylons.mp3<\/p>\n<p>Tenor : <div class=\"su-audio\" data-id=\"su_audio_player_69f2fed87d55f\" data-audio=\"http:\/\/xn--choeurprlude-ieb.be\/wp-content\/uploads\/2024\/01\/03-teno_An-den-Flussen-Babylons.mp3\" data-swf=\"https:\/\/xn--choeurprlude-ieb.be\/wp-content\/plugins\/shortcodes-ultimate\/vendor\/jplayer\/jplayer.swf\" data-autoplay=\"no\" data-loop=\"no\" style=\"\"><div id=\"su_audio_player_69f2fed87d55f\" class=\"jp-jplayer\"><\/div><div id=\"su_audio_player_69f2fed87d55f_container\" class=\"jp-audio\"><div class=\"jp-type-single\"><div class=\"jp-gui jp-interface\"><div class=\"jp-controls\"><span class=\"jp-play\"><\/span><span class=\"jp-pause\"><\/span><span class=\"jp-stop\"><\/span><span class=\"jp-mute\"><\/span><span class=\"jp-unmute\"><\/span><span class=\"jp-volume-max\"><\/span><\/div><div class=\"jp-progress\"><div class=\"jp-seek-bar\"><div class=\"jp-play-bar\"><\/div><\/div><\/div><div class=\"jp-volume-bar\"><div class=\"jp-volume-bar-value\"><\/div><\/div><div class=\"jp-current-time\"><\/div><div class=\"jp-duration\"><\/div><\/div><div class=\"jp-title\"><\/div><\/div><\/div><\/div>\n<p>URL fichier: http:\/\/xn--choeurprlude-ieb.be\/wp-content\/uploads\/2024\/01\/03-teno_An-den-Flussen-Babylons.mp3<\/p>\n<p>Basse : <div class=\"su-audio\" data-id=\"su_audio_player_69f2fed87d5a3\" data-audio=\"http:\/\/xn--choeurprlude-ieb.be\/wp-content\/uploads\/2024\/01\/04-bass_An-den-Flussen-Babylons.mp3\" data-swf=\"https:\/\/xn--choeurprlude-ieb.be\/wp-content\/plugins\/shortcodes-ultimate\/vendor\/jplayer\/jplayer.swf\" data-autoplay=\"no\" data-loop=\"no\" style=\"\"><div id=\"su_audio_player_69f2fed87d5a3\" class=\"jp-jplayer\"><\/div><div id=\"su_audio_player_69f2fed87d5a3_container\" class=\"jp-audio\"><div class=\"jp-type-single\"><div class=\"jp-gui jp-interface\"><div class=\"jp-controls\"><span class=\"jp-play\"><\/span><span class=\"jp-pause\"><\/span><span class=\"jp-stop\"><\/span><span class=\"jp-mute\"><\/span><span class=\"jp-unmute\"><\/span><span class=\"jp-volume-max\"><\/span><\/div><div class=\"jp-progress\"><div class=\"jp-seek-bar\"><div class=\"jp-play-bar\"><\/div><\/div><\/div><div class=\"jp-volume-bar\"><div class=\"jp-volume-bar-value\"><\/div><\/div><div class=\"jp-current-time\"><\/div><div class=\"jp-duration\"><\/div><\/div><div class=\"jp-title\"><\/div><\/div><\/div><\/div>\n<p>URL fichier: http:\/\/xn--choeurprlude-ieb.be\/wp-content\/uploads\/2024\/01\/04-bass_An-den-Flussen-Babylons.mp3<\/p>\n<p>TUTTI : <div class=\"su-audio\" data-id=\"su_audio_player_69f2fed87d5e7\" data-audio=\"http:\/\/xn--choeurprlude-ieb.be\/wp-content\/uploads\/2024\/01\/00-tutti_An-den-Flussen-Babylons.mp3\" data-swf=\"https:\/\/xn--choeurprlude-ieb.be\/wp-content\/plugins\/shortcodes-ultimate\/vendor\/jplayer\/jplayer.swf\" data-autoplay=\"no\" data-loop=\"no\" style=\"\"><div id=\"su_audio_player_69f2fed87d5e7\" class=\"jp-jplayer\"><\/div><div id=\"su_audio_player_69f2fed87d5e7_container\" class=\"jp-audio\"><div class=\"jp-type-single\"><div class=\"jp-gui jp-interface\"><div class=\"jp-controls\"><span class=\"jp-play\"><\/span><span class=\"jp-pause\"><\/span><span class=\"jp-stop\"><\/span><span class=\"jp-mute\"><\/span><span class=\"jp-unmute\"><\/span><span class=\"jp-volume-max\"><\/span><\/div><div class=\"jp-progress\"><div class=\"jp-seek-bar\"><div class=\"jp-play-bar\"><\/div><\/div><\/div><div class=\"jp-volume-bar\"><div class=\"jp-volume-bar-value\"><\/div><\/div><div class=\"jp-current-time\"><\/div><div class=\"jp-duration\"><\/div><\/div><div class=\"jp-title\"><\/div><\/div><\/div><\/div>\n<p>URL fichier: http:\/\/xn--choeurprlude-ieb.be\/wp-content\/uploads\/2024\/01\/00-tutti_An-den-Flussen-Babylons.mp3<\/p>\n[\/toggle]\n<p>&#8212;&#8212;&#8212;&#8212;&#8212;&#8212;&#8212;&#8212;&#8212;&#8212;&#8212;&#8212;&#8212;&#8212;&#8212;&#8212;&#8212;&#8212;&#8212;&#8212;&#8212;&#8212;&#8212;&#8212;&#8212;&#8212;&#8212;<\/p>\n<p><strong>LOTTI<\/strong><\/p>\n[toggle title=\u00a0\u00bb<strong>LOTTI &#8211; Ave Regina c\u0153lorum<\/strong>\u00ab\u00a0]\n<p>Soprano : <div class=\"su-audio\" data-id=\"su_audio_player_69f2fed87d62b\" data-audio=\"http:\/\/xn--choeurprlude-ieb.be\/wp-content\/uploads\/2022\/05\/01-sopr_Ave-Regina-coelorum_Lotti.mp3\" data-swf=\"https:\/\/xn--choeurprlude-ieb.be\/wp-content\/plugins\/shortcodes-ultimate\/vendor\/jplayer\/jplayer.swf\" data-autoplay=\"no\" data-loop=\"no\" style=\"\"><div id=\"su_audio_player_69f2fed87d62b\" class=\"jp-jplayer\"><\/div><div id=\"su_audio_player_69f2fed87d62b_container\" class=\"jp-audio\"><div class=\"jp-type-single\"><div class=\"jp-gui jp-interface\"><div class=\"jp-controls\"><span class=\"jp-play\"><\/span><span class=\"jp-pause\"><\/span><span class=\"jp-stop\"><\/span><span class=\"jp-mute\"><\/span><span class=\"jp-unmute\"><\/span><span class=\"jp-volume-max\"><\/span><\/div><div class=\"jp-progress\"><div class=\"jp-seek-bar\"><div class=\"jp-play-bar\"><\/div><\/div><\/div><div class=\"jp-volume-bar\"><div class=\"jp-volume-bar-value\"><\/div><\/div><div class=\"jp-current-time\"><\/div><div class=\"jp-duration\"><\/div><\/div><div class=\"jp-title\"><\/div><\/div><\/div><\/div>\n<p>URL fichier: <strong>http:\/\/xn--choeurprlude-ieb.be\/wp-content\/uploads\/2022\/05\/01-sopr_Ave-Regina-coelorum_Lotti.mp3<\/strong><\/p>\n<p>Alto : <div class=\"su-audio\" data-id=\"su_audio_player_69f2fed87d66f\" data-audio=\"http:\/\/xn--choeurprlude-ieb.be\/wp-content\/uploads\/2022\/05\/01-sopr_Ave-Regina-coelorum_Lotti.mp3\" data-swf=\"https:\/\/xn--choeurprlude-ieb.be\/wp-content\/plugins\/shortcodes-ultimate\/vendor\/jplayer\/jplayer.swf\" data-autoplay=\"no\" data-loop=\"no\" style=\"\"><div id=\"su_audio_player_69f2fed87d66f\" class=\"jp-jplayer\"><\/div><div id=\"su_audio_player_69f2fed87d66f_container\" class=\"jp-audio\"><div class=\"jp-type-single\"><div class=\"jp-gui jp-interface\"><div class=\"jp-controls\"><span class=\"jp-play\"><\/span><span class=\"jp-pause\"><\/span><span class=\"jp-stop\"><\/span><span class=\"jp-mute\"><\/span><span class=\"jp-unmute\"><\/span><span class=\"jp-volume-max\"><\/span><\/div><div class=\"jp-progress\"><div class=\"jp-seek-bar\"><div class=\"jp-play-bar\"><\/div><\/div><\/div><div class=\"jp-volume-bar\"><div class=\"jp-volume-bar-value\"><\/div><\/div><div class=\"jp-current-time\"><\/div><div class=\"jp-duration\"><\/div><\/div><div class=\"jp-title\"><\/div><\/div><\/div><\/div>\n<p>URL fichier: <strong>http:\/\/xn--choeurprlude-ieb.be\/wp-content\/uploads\/2022\/05\/02-alto_Ave-Regina-coelorum_Lotti.mp3<\/strong><\/p>\n<p>Tenor : <div class=\"su-audio\" data-id=\"su_audio_player_69f2fed87d6b3\" data-audio=\"http:\/\/xn--choeurprlude-ieb.be\/wp-content\/uploads\/2022\/05\/03-teno_Ave-Regina-coelorum_Lotti.mp3\" data-swf=\"https:\/\/xn--choeurprlude-ieb.be\/wp-content\/plugins\/shortcodes-ultimate\/vendor\/jplayer\/jplayer.swf\" data-autoplay=\"no\" data-loop=\"no\" style=\"\"><div id=\"su_audio_player_69f2fed87d6b3\" class=\"jp-jplayer\"><\/div><div id=\"su_audio_player_69f2fed87d6b3_container\" class=\"jp-audio\"><div class=\"jp-type-single\"><div class=\"jp-gui jp-interface\"><div class=\"jp-controls\"><span class=\"jp-play\"><\/span><span class=\"jp-pause\"><\/span><span class=\"jp-stop\"><\/span><span class=\"jp-mute\"><\/span><span class=\"jp-unmute\"><\/span><span class=\"jp-volume-max\"><\/span><\/div><div class=\"jp-progress\"><div class=\"jp-seek-bar\"><div class=\"jp-play-bar\"><\/div><\/div><\/div><div class=\"jp-volume-bar\"><div class=\"jp-volume-bar-value\"><\/div><\/div><div class=\"jp-current-time\"><\/div><div class=\"jp-duration\"><\/div><\/div><div class=\"jp-title\"><\/div><\/div><\/div><\/div>\n<p>URL fichier: <strong>http:\/\/xn--choeurprlude-ieb.be\/wp-content\/uploads\/2022\/05\/03-teno_Ave-Regina-coelorum_Lotti.mp3<\/strong><\/p>\n<p>Basse : <div class=\"su-audio\" data-id=\"su_audio_player_69f2fed87d6f7\" data-audio=\"http:\/\/xn--choeurprlude-ieb.be\/wp-content\/uploads\/2022\/05\/04-bass_Ave-Regina-coelorum_Lotti.mp3\" data-swf=\"https:\/\/xn--choeurprlude-ieb.be\/wp-content\/plugins\/shortcodes-ultimate\/vendor\/jplayer\/jplayer.swf\" data-autoplay=\"no\" data-loop=\"no\" style=\"\"><div id=\"su_audio_player_69f2fed87d6f7\" class=\"jp-jplayer\"><\/div><div id=\"su_audio_player_69f2fed87d6f7_container\" class=\"jp-audio\"><div class=\"jp-type-single\"><div class=\"jp-gui jp-interface\"><div class=\"jp-controls\"><span class=\"jp-play\"><\/span><span class=\"jp-pause\"><\/span><span class=\"jp-stop\"><\/span><span class=\"jp-mute\"><\/span><span class=\"jp-unmute\"><\/span><span class=\"jp-volume-max\"><\/span><\/div><div class=\"jp-progress\"><div class=\"jp-seek-bar\"><div class=\"jp-play-bar\"><\/div><\/div><\/div><div class=\"jp-volume-bar\"><div class=\"jp-volume-bar-value\"><\/div><\/div><div class=\"jp-current-time\"><\/div><div class=\"jp-duration\"><\/div><\/div><div class=\"jp-title\"><\/div><\/div><\/div><\/div>\n<p>URL fichier: <strong>http:\/\/xn--choeurprlude-ieb.be\/wp-content\/uploads\/2022\/05\/04-bass_Ave-Regina-coelorum_Lotti.mp3<\/strong><\/p>\n<p>TUTTI : <div class=\"su-audio\" data-id=\"su_audio_player_69f2fed87d73b\" data-audio=\"http:\/\/xn--choeurprlude-ieb.be\/wp-content\/uploads\/2022\/05\/00-tutti_Ave-Regina-coelorum_Lotti.mp3\" data-swf=\"https:\/\/xn--choeurprlude-ieb.be\/wp-content\/plugins\/shortcodes-ultimate\/vendor\/jplayer\/jplayer.swf\" data-autoplay=\"no\" data-loop=\"no\" style=\"\"><div id=\"su_audio_player_69f2fed87d73b\" class=\"jp-jplayer\"><\/div><div id=\"su_audio_player_69f2fed87d73b_container\" class=\"jp-audio\"><div class=\"jp-type-single\"><div class=\"jp-gui jp-interface\"><div class=\"jp-controls\"><span class=\"jp-play\"><\/span><span class=\"jp-pause\"><\/span><span class=\"jp-stop\"><\/span><span class=\"jp-mute\"><\/span><span class=\"jp-unmute\"><\/span><span class=\"jp-volume-max\"><\/span><\/div><div class=\"jp-progress\"><div class=\"jp-seek-bar\"><div class=\"jp-play-bar\"><\/div><\/div><\/div><div class=\"jp-volume-bar\"><div class=\"jp-volume-bar-value\"><\/div><\/div><div class=\"jp-current-time\"><\/div><div class=\"jp-duration\"><\/div><\/div><div class=\"jp-title\"><\/div><\/div><\/div><\/div>\n<p>URL fichier: <strong>http:\/\/xn--choeurprlude-ieb.be\/wp-content\/uploads\/2022\/05\/00-tutti_Ave-Regina-coelorum_Lotti.mp3<\/strong><\/p>\n<p>VERSION CHANTEE : <div class=\"su-audio\" data-id=\"su_audio_player_69f2fed87d77f\" data-audio=\"http:\/\/xn--choeurprlude-ieb.be\/wp-content\/uploads\/2022\/05\/Chante-par-un-choeur_Ave-Regina-coelorum_Lotti.mp3\" data-swf=\"https:\/\/xn--choeurprlude-ieb.be\/wp-content\/plugins\/shortcodes-ultimate\/vendor\/jplayer\/jplayer.swf\" data-autoplay=\"no\" data-loop=\"no\" style=\"\"><div id=\"su_audio_player_69f2fed87d77f\" class=\"jp-jplayer\"><\/div><div id=\"su_audio_player_69f2fed87d77f_container\" class=\"jp-audio\"><div class=\"jp-type-single\"><div class=\"jp-gui jp-interface\"><div class=\"jp-controls\"><span class=\"jp-play\"><\/span><span class=\"jp-pause\"><\/span><span class=\"jp-stop\"><\/span><span class=\"jp-mute\"><\/span><span class=\"jp-unmute\"><\/span><span class=\"jp-volume-max\"><\/span><\/div><div class=\"jp-progress\"><div class=\"jp-seek-bar\"><div class=\"jp-play-bar\"><\/div><\/div><\/div><div class=\"jp-volume-bar\"><div class=\"jp-volume-bar-value\"><\/div><\/div><div class=\"jp-current-time\"><\/div><div class=\"jp-duration\"><\/div><\/div><div class=\"jp-title\"><\/div><\/div><\/div><\/div>\n<p>URL fichier: <strong>http:\/\/xn--choeurprlude-ieb.be\/wp-content\/uploads\/2022\/05\/Chante-par-un-choeur_Ave-Regina-coelorum_Lotti.mp3<\/strong><\/p>\n[\/toggle]\n[toggle title=\u00a0\u00bb<strong>LOTTI &#8211; Miserere Mei<\/strong> (fichiers audio corrig\u00e9s suite \u00e0 la d\u00e9cision Isabelle du 14\/3\/22)\u00a0\u00bb]\n<p><em><span style=\"text-decoration: underline;\"><strong>FICHIERS AUDIO<\/strong><\/span><\/em><\/p>\n<p>Soprano : <div class=\"su-audio\" data-id=\"su_audio_player_69f2fed87d7cc\" data-audio=\"http:\/\/xn--choeurprlude-ieb.be\/wp-content\/uploads\/2022\/03\/MP3_1-sopr_Miserere-Mei-LOTTI-1.mp3\" data-swf=\"https:\/\/xn--choeurprlude-ieb.be\/wp-content\/plugins\/shortcodes-ultimate\/vendor\/jplayer\/jplayer.swf\" data-autoplay=\"no\" data-loop=\"no\" style=\"\"><div id=\"su_audio_player_69f2fed87d7cc\" class=\"jp-jplayer\"><\/div><div id=\"su_audio_player_69f2fed87d7cc_container\" class=\"jp-audio\"><div class=\"jp-type-single\"><div class=\"jp-gui jp-interface\"><div class=\"jp-controls\"><span class=\"jp-play\"><\/span><span class=\"jp-pause\"><\/span><span class=\"jp-stop\"><\/span><span class=\"jp-mute\"><\/span><span class=\"jp-unmute\"><\/span><span class=\"jp-volume-max\"><\/span><\/div><div class=\"jp-progress\"><div class=\"jp-seek-bar\"><div class=\"jp-play-bar\"><\/div><\/div><\/div><div class=\"jp-volume-bar\"><div class=\"jp-volume-bar-value\"><\/div><\/div><div class=\"jp-current-time\"><\/div><div class=\"jp-duration\"><\/div><\/div><div class=\"jp-title\"><\/div><\/div><\/div><\/div>\n<p>URL fichier: <strong>http:\/\/xn--choeurprlude-ieb.be\/wp-content\/uploads\/2022\/03\/MP3_2-alto_Miserere-Mei-LOTTI-1.mp3<\/strong><\/p>\n<p>Alto : <div class=\"su-audio\" data-id=\"su_audio_player_69f2fed87d810\" data-audio=\"http:\/\/xn--choeurprlude-ieb.be\/wp-content\/uploads\/2022\/03\/MP3_2-alto_Miserere-Mei-LOTTI-1.mp3\" data-swf=\"https:\/\/xn--choeurprlude-ieb.be\/wp-content\/plugins\/shortcodes-ultimate\/vendor\/jplayer\/jplayer.swf\" data-autoplay=\"no\" data-loop=\"no\" style=\"\"><div id=\"su_audio_player_69f2fed87d810\" class=\"jp-jplayer\"><\/div><div id=\"su_audio_player_69f2fed87d810_container\" class=\"jp-audio\"><div class=\"jp-type-single\"><div class=\"jp-gui jp-interface\"><div class=\"jp-controls\"><span class=\"jp-play\"><\/span><span class=\"jp-pause\"><\/span><span class=\"jp-stop\"><\/span><span class=\"jp-mute\"><\/span><span class=\"jp-unmute\"><\/span><span class=\"jp-volume-max\"><\/span><\/div><div class=\"jp-progress\"><div class=\"jp-seek-bar\"><div class=\"jp-play-bar\"><\/div><\/div><\/div><div class=\"jp-volume-bar\"><div class=\"jp-volume-bar-value\"><\/div><\/div><div class=\"jp-current-time\"><\/div><div class=\"jp-duration\"><\/div><\/div><div class=\"jp-title\"><\/div><\/div><\/div><\/div>\n<p>URL fichier: <strong>http:\/\/xn--choeurprlude-ieb.be\/wp-content\/uploads\/2022\/03\/MP3_2-alto_Miserere-Mei-LOTTI-1.mp3<\/strong><\/p>\n<p>Tenor : <div class=\"su-audio\" data-id=\"su_audio_player_69f2fed87d854\" data-audio=\"http:\/\/xn--choeurprlude-ieb.be\/wp-content\/uploads\/2022\/03\/MP3_3-teno_Miserere-Mei-LOTTI-1.mp3\" data-swf=\"https:\/\/xn--choeurprlude-ieb.be\/wp-content\/plugins\/shortcodes-ultimate\/vendor\/jplayer\/jplayer.swf\" data-autoplay=\"no\" data-loop=\"no\" style=\"\"><div id=\"su_audio_player_69f2fed87d854\" class=\"jp-jplayer\"><\/div><div id=\"su_audio_player_69f2fed87d854_container\" class=\"jp-audio\"><div class=\"jp-type-single\"><div class=\"jp-gui jp-interface\"><div class=\"jp-controls\"><span class=\"jp-play\"><\/span><span class=\"jp-pause\"><\/span><span class=\"jp-stop\"><\/span><span class=\"jp-mute\"><\/span><span class=\"jp-unmute\"><\/span><span class=\"jp-volume-max\"><\/span><\/div><div class=\"jp-progress\"><div class=\"jp-seek-bar\"><div class=\"jp-play-bar\"><\/div><\/div><\/div><div class=\"jp-volume-bar\"><div class=\"jp-volume-bar-value\"><\/div><\/div><div class=\"jp-current-time\"><\/div><div class=\"jp-duration\"><\/div><\/div><div class=\"jp-title\"><\/div><\/div><\/div><\/div>\n<p>URL fichier: <strong>http:\/\/xn--choeurprlude-ieb.be\/wp-content\/uploads\/2022\/03\/MP3_3-teno_Miserere-Mei-LOTTI-1.mp3<\/strong><\/p>\n<p>Basse : <div class=\"su-audio\" data-id=\"su_audio_player_69f2fed87d898\" data-audio=\"http:\/\/xn--choeurprlude-ieb.be\/wp-content\/uploads\/2022\/03\/MP3_4-bass_Miserere-Mei-LOTTI-2.mp3\" data-swf=\"https:\/\/xn--choeurprlude-ieb.be\/wp-content\/plugins\/shortcodes-ultimate\/vendor\/jplayer\/jplayer.swf\" data-autoplay=\"no\" data-loop=\"no\" style=\"\"><div id=\"su_audio_player_69f2fed87d898\" class=\"jp-jplayer\"><\/div><div id=\"su_audio_player_69f2fed87d898_container\" class=\"jp-audio\"><div class=\"jp-type-single\"><div class=\"jp-gui jp-interface\"><div class=\"jp-controls\"><span class=\"jp-play\"><\/span><span class=\"jp-pause\"><\/span><span class=\"jp-stop\"><\/span><span class=\"jp-mute\"><\/span><span class=\"jp-unmute\"><\/span><span class=\"jp-volume-max\"><\/span><\/div><div class=\"jp-progress\"><div class=\"jp-seek-bar\"><div class=\"jp-play-bar\"><\/div><\/div><\/div><div class=\"jp-volume-bar\"><div class=\"jp-volume-bar-value\"><\/div><\/div><div class=\"jp-current-time\"><\/div><div class=\"jp-duration\"><\/div><\/div><div class=\"jp-title\"><\/div><\/div><\/div><\/div>\n<p>URL fichier: <strong>http:\/\/xn--choeurprlude-ieb.be\/wp-content\/uploads\/2022\/03\/MP3_4-bass_Miserere-Mei-LOTTI-2.mp3<\/strong><\/p>\n<p>TUTTI : <div class=\"su-audio\" data-id=\"su_audio_player_69f2fed87d8dc\" data-audio=\"http:\/\/xn--choeurprlude-ieb.be\/wp-content\/uploads\/2022\/03\/MP3_0-tutti_Miserere-Mei-LOTTI-1.mp3\" data-swf=\"https:\/\/xn--choeurprlude-ieb.be\/wp-content\/plugins\/shortcodes-ultimate\/vendor\/jplayer\/jplayer.swf\" data-autoplay=\"no\" data-loop=\"no\" style=\"\"><div id=\"su_audio_player_69f2fed87d8dc\" class=\"jp-jplayer\"><\/div><div id=\"su_audio_player_69f2fed87d8dc_container\" class=\"jp-audio\"><div class=\"jp-type-single\"><div class=\"jp-gui jp-interface\"><div class=\"jp-controls\"><span class=\"jp-play\"><\/span><span class=\"jp-pause\"><\/span><span class=\"jp-stop\"><\/span><span class=\"jp-mute\"><\/span><span class=\"jp-unmute\"><\/span><span class=\"jp-volume-max\"><\/span><\/div><div class=\"jp-progress\"><div class=\"jp-seek-bar\"><div class=\"jp-play-bar\"><\/div><\/div><\/div><div class=\"jp-volume-bar\"><div class=\"jp-volume-bar-value\"><\/div><\/div><div class=\"jp-current-time\"><\/div><div class=\"jp-duration\"><\/div><\/div><div class=\"jp-title\"><\/div><\/div><\/div><\/div>\n<p>URL fichier: <strong>http:\/\/xn--choeurprlude-ieb.be\/wp-content\/uploads\/2022\/03\/MP3_0-tutti_Miserere-Mei-LOTTI-1.mp3<\/strong><\/p>\n<p><em><span style=\"text-decoration: underline;\"><strong>FICHIERS VIDEO (Partition d\u00e9filante)<\/strong><\/span><\/em><\/p>\n<p>Soprano:<\/p>\n<div style=\"width: 640px;\" class=\"wp-video\"><!--[if lt IE 9]><script>document.createElement('video');<\/script><![endif]-->\n<video class=\"wp-video-shortcode\" id=\"video-2097-1\" width=\"640\" height=\"480\" preload=\"metadata\" controls=\"controls\"><source type=\"video\/mp4\" src=\"http:\/\/xn--choeurprlude-ieb.be\/wp-content\/uploads\/2022\/03\/NET_1-Soprano-Miserere-Lotti-partition-defilante.mp4?_=1\" \/><a href=\"http:\/\/xn--choeurprlude-ieb.be\/wp-content\/uploads\/2022\/03\/NET_1-Soprano-Miserere-Lotti-partition-defilante.mp4\">http:\/\/xn--choeurprlude-ieb.be\/wp-content\/uploads\/2022\/03\/NET_1-Soprano-Miserere-Lotti-partition-defilante.mp4<\/a><\/video><\/div>\n<p>&nbsp;<\/p>\n<p>Alto:<\/p>\n<div style=\"width: 640px;\" class=\"wp-video\"><video class=\"wp-video-shortcode\" id=\"video-2097-2\" width=\"640\" height=\"480\" preload=\"metadata\" controls=\"controls\"><source type=\"video\/mp4\" src=\"http:\/\/xn--choeurprlude-ieb.be\/wp-content\/uploads\/2022\/03\/NET_2-Alto-Miserere-Lotti-partition-defilante.mp4?_=2\" \/><a href=\"http:\/\/xn--choeurprlude-ieb.be\/wp-content\/uploads\/2022\/03\/NET_2-Alto-Miserere-Lotti-partition-defilante.mp4\">http:\/\/xn--choeurprlude-ieb.be\/wp-content\/uploads\/2022\/03\/NET_2-Alto-Miserere-Lotti-partition-defilante.mp4<\/a><\/video><\/div>\n<p>&nbsp;<\/p>\n<p>Tenor:<\/p>\n<div style=\"width: 640px;\" class=\"wp-video\"><video class=\"wp-video-shortcode\" id=\"video-2097-3\" width=\"640\" height=\"480\" preload=\"metadata\" controls=\"controls\"><source type=\"video\/mp4\" src=\"http:\/\/xn--choeurprlude-ieb.be\/wp-content\/uploads\/2022\/03\/NET_3-Tenor-Miserere-Lotti-partition-defilante.mp4?_=3\" \/><a href=\"http:\/\/xn--choeurprlude-ieb.be\/wp-content\/uploads\/2022\/03\/NET_3-Tenor-Miserere-Lotti-partition-defilante.mp4\">http:\/\/xn--choeurprlude-ieb.be\/wp-content\/uploads\/2022\/03\/NET_3-Tenor-Miserere-Lotti-partition-defilante.mp4<\/a><\/video><\/div>\n<p>&nbsp;<\/p>\n<p>Basse:<\/p>\n<div style=\"width: 640px;\" class=\"wp-video\"><video class=\"wp-video-shortcode\" id=\"video-2097-4\" width=\"640\" height=\"480\" preload=\"metadata\" controls=\"controls\"><source type=\"video\/mp4\" src=\"http:\/\/xn--choeurprlude-ieb.be\/wp-content\/uploads\/2022\/03\/NET_4-Basse-Miserere-Lotti-partition-defilante.mp4?_=4\" \/><a href=\"http:\/\/xn--choeurprlude-ieb.be\/wp-content\/uploads\/2022\/03\/NET_4-Basse-Miserere-Lotti-partition-defilante.mp4\">http:\/\/xn--choeurprlude-ieb.be\/wp-content\/uploads\/2022\/03\/NET_4-Basse-Miserere-Lotti-partition-defilante.mp4<\/a><\/video><\/div>\n[\/toggle]\n[toggle title=\u00a0\u00bb<strong>LOTTI &#8211;<\/strong> <strong>Missa pro Defunctis<\/strong>\u00ab\u00a0]\n<p><span style=\"text-decoration: underline; color: #993300;\"><em><strong>INTROIT<\/strong><\/em><\/span><\/p>\n<p>Soprano : <div class=\"su-audio\" data-id=\"su_audio_player_69f2fed87e055\" data-audio=\"http:\/\/xn--choeurprlude-ieb.be\/wp-content\/uploads\/2022\/04\/1.1-sopr-INTROIT-Missa-pro-Defunctis-Lotti.mp3\" data-swf=\"https:\/\/xn--choeurprlude-ieb.be\/wp-content\/plugins\/shortcodes-ultimate\/vendor\/jplayer\/jplayer.swf\" data-autoplay=\"no\" data-loop=\"no\" style=\"\"><div id=\"su_audio_player_69f2fed87e055\" class=\"jp-jplayer\"><\/div><div id=\"su_audio_player_69f2fed87e055_container\" class=\"jp-audio\"><div class=\"jp-type-single\"><div class=\"jp-gui jp-interface\"><div class=\"jp-controls\"><span class=\"jp-play\"><\/span><span class=\"jp-pause\"><\/span><span class=\"jp-stop\"><\/span><span class=\"jp-mute\"><\/span><span class=\"jp-unmute\"><\/span><span class=\"jp-volume-max\"><\/span><\/div><div class=\"jp-progress\"><div class=\"jp-seek-bar\"><div class=\"jp-play-bar\"><\/div><\/div><\/div><div class=\"jp-volume-bar\"><div class=\"jp-volume-bar-value\"><\/div><\/div><div class=\"jp-current-time\"><\/div><div class=\"jp-duration\"><\/div><\/div><div class=\"jp-title\"><\/div><\/div><\/div><\/div>\n<p>URL fichier: <strong>http:\/\/xn--choeurprlude-ieb.be\/wp-content\/uploads\/2022\/04\/1.1-sopr-INTROIT-Missa-pro-Defunctis-Lotti.mp3<\/strong><\/p>\n<p>Alto : <div class=\"su-audio\" data-id=\"su_audio_player_69f2fed87e0a4\" data-audio=\"http:\/\/xn--choeurprlude-ieb.be\/wp-content\/uploads\/2022\/04\/1.2-alto-INTROIT-Missa-pro-Defunctis-Lotti.mp3\" data-swf=\"https:\/\/xn--choeurprlude-ieb.be\/wp-content\/plugins\/shortcodes-ultimate\/vendor\/jplayer\/jplayer.swf\" data-autoplay=\"no\" data-loop=\"no\" style=\"\"><div id=\"su_audio_player_69f2fed87e0a4\" class=\"jp-jplayer\"><\/div><div id=\"su_audio_player_69f2fed87e0a4_container\" class=\"jp-audio\"><div class=\"jp-type-single\"><div class=\"jp-gui jp-interface\"><div class=\"jp-controls\"><span class=\"jp-play\"><\/span><span class=\"jp-pause\"><\/span><span class=\"jp-stop\"><\/span><span class=\"jp-mute\"><\/span><span class=\"jp-unmute\"><\/span><span class=\"jp-volume-max\"><\/span><\/div><div class=\"jp-progress\"><div class=\"jp-seek-bar\"><div class=\"jp-play-bar\"><\/div><\/div><\/div><div class=\"jp-volume-bar\"><div class=\"jp-volume-bar-value\"><\/div><\/div><div class=\"jp-current-time\"><\/div><div class=\"jp-duration\"><\/div><\/div><div class=\"jp-title\"><\/div><\/div><\/div><\/div>\n<p>URL fichier: <strong>http:\/\/xn--choeurprlude-ieb.be\/wp-content\/uploads\/2022\/04\/1.2-alto-INTROIT-Missa-pro-Defunctis-Lotti.mp3<\/strong><\/p>\n<p>Tenor : <div class=\"su-audio\" data-id=\"su_audio_player_69f2fed87e0ef\" data-audio=\"http:\/\/xn--choeurprlude-ieb.be\/wp-content\/uploads\/2022\/04\/1.3-teno-INTROIT-Missa-pro-Defunctis-Lotti.mp3\" data-swf=\"https:\/\/xn--choeurprlude-ieb.be\/wp-content\/plugins\/shortcodes-ultimate\/vendor\/jplayer\/jplayer.swf\" data-autoplay=\"no\" data-loop=\"no\" style=\"\"><div id=\"su_audio_player_69f2fed87e0ef\" class=\"jp-jplayer\"><\/div><div id=\"su_audio_player_69f2fed87e0ef_container\" class=\"jp-audio\"><div class=\"jp-type-single\"><div class=\"jp-gui jp-interface\"><div class=\"jp-controls\"><span class=\"jp-play\"><\/span><span class=\"jp-pause\"><\/span><span class=\"jp-stop\"><\/span><span class=\"jp-mute\"><\/span><span class=\"jp-unmute\"><\/span><span class=\"jp-volume-max\"><\/span><\/div><div class=\"jp-progress\"><div class=\"jp-seek-bar\"><div class=\"jp-play-bar\"><\/div><\/div><\/div><div class=\"jp-volume-bar\"><div class=\"jp-volume-bar-value\"><\/div><\/div><div class=\"jp-current-time\"><\/div><div class=\"jp-duration\"><\/div><\/div><div class=\"jp-title\"><\/div><\/div><\/div><\/div>\n<p>URL fichier: <strong>http:\/\/xn--choeurprlude-ieb.be\/wp-content\/uploads\/2022\/04\/1.3-teno-INTROIT-Missa-pro-Defunctis-Lotti.mp3<\/strong><\/p>\n<p>Basse : <div class=\"su-audio\" data-id=\"su_audio_player_69f2fed87e136\" data-audio=\"http:\/\/xn--choeurprlude-ieb.be\/wp-content\/uploads\/2022\/04\/1.4-bass-INTROIT-Missa-pro-Defunctis-Lotti.mp3\" data-swf=\"https:\/\/xn--choeurprlude-ieb.be\/wp-content\/plugins\/shortcodes-ultimate\/vendor\/jplayer\/jplayer.swf\" data-autoplay=\"no\" data-loop=\"no\" style=\"\"><div id=\"su_audio_player_69f2fed87e136\" class=\"jp-jplayer\"><\/div><div id=\"su_audio_player_69f2fed87e136_container\" class=\"jp-audio\"><div class=\"jp-type-single\"><div class=\"jp-gui jp-interface\"><div class=\"jp-controls\"><span class=\"jp-play\"><\/span><span class=\"jp-pause\"><\/span><span class=\"jp-stop\"><\/span><span class=\"jp-mute\"><\/span><span class=\"jp-unmute\"><\/span><span class=\"jp-volume-max\"><\/span><\/div><div class=\"jp-progress\"><div class=\"jp-seek-bar\"><div class=\"jp-play-bar\"><\/div><\/div><\/div><div class=\"jp-volume-bar\"><div class=\"jp-volume-bar-value\"><\/div><\/div><div class=\"jp-current-time\"><\/div><div class=\"jp-duration\"><\/div><\/div><div class=\"jp-title\"><\/div><\/div><\/div><\/div>\n<p>URL fichier: <strong>http:\/\/xn--choeurprlude-ieb.be\/wp-content\/uploads\/2022\/04\/1.4-bass-INTROIT-Missa-pro-Defunctis-Lotti.mp3<\/strong><\/p>\n<p>TUTTI : <div class=\"su-audio\" data-id=\"su_audio_player_69f2fed87e17c\" data-audio=\"http:\/\/xn--choeurprlude-ieb.be\/wp-content\/uploads\/2022\/04\/1.0-tutti-INTROIT-Missa-pro-Defunctis-Lotti.mp3\" data-swf=\"https:\/\/xn--choeurprlude-ieb.be\/wp-content\/plugins\/shortcodes-ultimate\/vendor\/jplayer\/jplayer.swf\" data-autoplay=\"no\" data-loop=\"no\" style=\"\"><div id=\"su_audio_player_69f2fed87e17c\" class=\"jp-jplayer\"><\/div><div id=\"su_audio_player_69f2fed87e17c_container\" class=\"jp-audio\"><div class=\"jp-type-single\"><div class=\"jp-gui jp-interface\"><div class=\"jp-controls\"><span class=\"jp-play\"><\/span><span class=\"jp-pause\"><\/span><span class=\"jp-stop\"><\/span><span class=\"jp-mute\"><\/span><span class=\"jp-unmute\"><\/span><span class=\"jp-volume-max\"><\/span><\/div><div class=\"jp-progress\"><div class=\"jp-seek-bar\"><div class=\"jp-play-bar\"><\/div><\/div><\/div><div class=\"jp-volume-bar\"><div class=\"jp-volume-bar-value\"><\/div><\/div><div class=\"jp-current-time\"><\/div><div class=\"jp-duration\"><\/div><\/div><div class=\"jp-title\"><\/div><\/div><\/div><\/div>\n<p>URL fichier: <strong>http:\/\/xn--choeurprlude-ieb.be\/wp-content\/uploads\/2022\/04\/1.0-tutti-INTROIT-Missa-pro-Defunctis-Lotti.mp3<\/strong><\/p>\n<p style=\"text-align: center;\">________________________<\/p>\n<p><span style=\"text-decoration: underline; color: #993300;\"><em><strong>KYRIE<\/strong><\/em><\/span><\/p>\n<p>Soprano : <div class=\"su-audio\" data-id=\"su_audio_player_69f2fed87e1c1\" data-audio=\"http:\/\/xn--choeurprlude-ieb.be\/wp-content\/uploads\/2022\/04\/2.1-sopr-KYRIE-Missa-pro-Defunctis-Lotti.mp3\" data-swf=\"https:\/\/xn--choeurprlude-ieb.be\/wp-content\/plugins\/shortcodes-ultimate\/vendor\/jplayer\/jplayer.swf\" data-autoplay=\"no\" data-loop=\"no\" style=\"\"><div id=\"su_audio_player_69f2fed87e1c1\" class=\"jp-jplayer\"><\/div><div id=\"su_audio_player_69f2fed87e1c1_container\" class=\"jp-audio\"><div class=\"jp-type-single\"><div class=\"jp-gui jp-interface\"><div class=\"jp-controls\"><span class=\"jp-play\"><\/span><span class=\"jp-pause\"><\/span><span class=\"jp-stop\"><\/span><span class=\"jp-mute\"><\/span><span class=\"jp-unmute\"><\/span><span class=\"jp-volume-max\"><\/span><\/div><div class=\"jp-progress\"><div class=\"jp-seek-bar\"><div class=\"jp-play-bar\"><\/div><\/div><\/div><div class=\"jp-volume-bar\"><div class=\"jp-volume-bar-value\"><\/div><\/div><div class=\"jp-current-time\"><\/div><div class=\"jp-duration\"><\/div><\/div><div class=\"jp-title\"><\/div><\/div><\/div><\/div>\n<p>URL fichier: <strong>http:\/\/xn--choeurprlude-ieb.be\/wp-content\/uploads\/2022\/04\/2.1-sopr-KYRIE-Missa-pro-Defunctis-Lotti.mp3<\/strong><\/p>\n<p>Alto : <div class=\"su-audio\" data-id=\"su_audio_player_69f2fed87e206\" data-audio=\"http:\/\/xn--choeurprlude-ieb.be\/wp-content\/uploads\/2022\/04\/2.2-alto-KYRIE-Missa-pro-Defunctis-Lotti.mp3\" data-swf=\"https:\/\/xn--choeurprlude-ieb.be\/wp-content\/plugins\/shortcodes-ultimate\/vendor\/jplayer\/jplayer.swf\" data-autoplay=\"no\" data-loop=\"no\" style=\"\"><div id=\"su_audio_player_69f2fed87e206\" class=\"jp-jplayer\"><\/div><div id=\"su_audio_player_69f2fed87e206_container\" class=\"jp-audio\"><div class=\"jp-type-single\"><div class=\"jp-gui jp-interface\"><div class=\"jp-controls\"><span class=\"jp-play\"><\/span><span class=\"jp-pause\"><\/span><span class=\"jp-stop\"><\/span><span class=\"jp-mute\"><\/span><span class=\"jp-unmute\"><\/span><span class=\"jp-volume-max\"><\/span><\/div><div class=\"jp-progress\"><div class=\"jp-seek-bar\"><div class=\"jp-play-bar\"><\/div><\/div><\/div><div class=\"jp-volume-bar\"><div class=\"jp-volume-bar-value\"><\/div><\/div><div class=\"jp-current-time\"><\/div><div class=\"jp-duration\"><\/div><\/div><div class=\"jp-title\"><\/div><\/div><\/div><\/div>\n<p>URL fichier: <strong>http:\/\/xn--choeurprlude-ieb.be\/wp-content\/uploads\/2022\/04\/2.2-alto-KYRIE-Missa-pro-Defunctis-Lotti.mp3<\/strong><\/p>\n<p>Tenor : <div class=\"su-audio\" data-id=\"su_audio_player_69f2fed87e24b\" data-audio=\"http:\/\/xn--choeurprlude-ieb.be\/wp-content\/uploads\/2023\/03\/2.3-teno-V2-KYRIE-Missa-pro-Defunctis-Lotti.mp3\" data-swf=\"https:\/\/xn--choeurprlude-ieb.be\/wp-content\/plugins\/shortcodes-ultimate\/vendor\/jplayer\/jplayer.swf\" data-autoplay=\"no\" data-loop=\"no\" style=\"\"><div id=\"su_audio_player_69f2fed87e24b\" class=\"jp-jplayer\"><\/div><div id=\"su_audio_player_69f2fed87e24b_container\" class=\"jp-audio\"><div class=\"jp-type-single\"><div class=\"jp-gui jp-interface\"><div class=\"jp-controls\"><span class=\"jp-play\"><\/span><span class=\"jp-pause\"><\/span><span class=\"jp-stop\"><\/span><span class=\"jp-mute\"><\/span><span class=\"jp-unmute\"><\/span><span class=\"jp-volume-max\"><\/span><\/div><div class=\"jp-progress\"><div class=\"jp-seek-bar\"><div class=\"jp-play-bar\"><\/div><\/div><\/div><div class=\"jp-volume-bar\"><div class=\"jp-volume-bar-value\"><\/div><\/div><div class=\"jp-current-time\"><\/div><div class=\"jp-duration\"><\/div><\/div><div class=\"jp-title\"><\/div><\/div><\/div><\/div>\n<p>URL fichier: <strong>http:\/\/xn--choeurprlude-ieb.be\/wp-content\/uploads\/2023\/03\/2.3-teno-V2-KYRIE-Missa-pro-Defunctis-Lotti.mp3<\/strong><\/p>\n<p>Basse : <div class=\"su-audio\" data-id=\"su_audio_player_69f2fed87e28f\" data-audio=\"http:\/\/xn--choeurprlude-ieb.be\/wp-content\/uploads\/2022\/04\/2.4-bass-KYRIE-Missa-pro-Defunctis-Lotti.mp3\" data-swf=\"https:\/\/xn--choeurprlude-ieb.be\/wp-content\/plugins\/shortcodes-ultimate\/vendor\/jplayer\/jplayer.swf\" data-autoplay=\"no\" data-loop=\"no\" style=\"\"><div id=\"su_audio_player_69f2fed87e28f\" class=\"jp-jplayer\"><\/div><div id=\"su_audio_player_69f2fed87e28f_container\" class=\"jp-audio\"><div class=\"jp-type-single\"><div class=\"jp-gui jp-interface\"><div class=\"jp-controls\"><span class=\"jp-play\"><\/span><span class=\"jp-pause\"><\/span><span class=\"jp-stop\"><\/span><span class=\"jp-mute\"><\/span><span class=\"jp-unmute\"><\/span><span class=\"jp-volume-max\"><\/span><\/div><div class=\"jp-progress\"><div class=\"jp-seek-bar\"><div class=\"jp-play-bar\"><\/div><\/div><\/div><div class=\"jp-volume-bar\"><div class=\"jp-volume-bar-value\"><\/div><\/div><div class=\"jp-current-time\"><\/div><div class=\"jp-duration\"><\/div><\/div><div class=\"jp-title\"><\/div><\/div><\/div><\/div>\n<p>URL fichier: <strong>http:\/\/xn--choeurprlude-ieb.be\/wp-content\/uploads\/2022\/04\/2.4-bass-KYRIE-Missa-pro-Defunctis-Lotti.mp3<\/strong><\/p>\n<p>TUTTI : <div class=\"su-audio\" data-id=\"su_audio_player_69f2fed87e2d3\" data-audio=\"http:\/\/xn--choeurprlude-ieb.be\/wp-content\/uploads\/2022\/04\/2.0-tutti-KYRIE-Missa-pro-Defunctis-Lotti.mp3\" data-swf=\"https:\/\/xn--choeurprlude-ieb.be\/wp-content\/plugins\/shortcodes-ultimate\/vendor\/jplayer\/jplayer.swf\" data-autoplay=\"no\" data-loop=\"no\" style=\"\"><div id=\"su_audio_player_69f2fed87e2d3\" class=\"jp-jplayer\"><\/div><div id=\"su_audio_player_69f2fed87e2d3_container\" class=\"jp-audio\"><div class=\"jp-type-single\"><div class=\"jp-gui jp-interface\"><div class=\"jp-controls\"><span class=\"jp-play\"><\/span><span class=\"jp-pause\"><\/span><span class=\"jp-stop\"><\/span><span class=\"jp-mute\"><\/span><span class=\"jp-unmute\"><\/span><span class=\"jp-volume-max\"><\/span><\/div><div class=\"jp-progress\"><div class=\"jp-seek-bar\"><div class=\"jp-play-bar\"><\/div><\/div><\/div><div class=\"jp-volume-bar\"><div class=\"jp-volume-bar-value\"><\/div><\/div><div class=\"jp-current-time\"><\/div><div class=\"jp-duration\"><\/div><\/div><div class=\"jp-title\"><\/div><\/div><\/div><\/div>\n<p>URL fichier: <strong>http:\/\/xn--choeurprlude-ieb.be\/wp-content\/uploads\/2022\/04\/2.0-tutti-KYRIE-Missa-pro-Defunctis-Lotti.mp3<\/strong><\/p>\n[\/toggle]\n<p>&#8212;&#8212;&#8212;&#8212;&#8212;&#8212;&#8212;&#8212;&#8212;&#8212;&#8212;&#8212;&#8212;&#8212;&#8212;&#8212;&#8212;&#8212;&#8212;&#8212;&#8212;&#8212;&#8212;&#8212;&#8212;&#8212;&#8212;<\/p>\n[toggle title=\u00a0\u00bb<strong>PETERSON O. &#8211; Hymn to Freedom<\/strong>\u00ab\u00a0]\n<span style=\"color: #800000;\"><strong><em>Remarque: pour chaque voix, il y a une version dont le tempo est ralenti \u00e0 75 %, pour commencer \u00e0 d\u00e9chiffrer facilement, et une version \u00ab\u00a0A tempo\u00a0\u00bb, pour essayer quand vous \u00eates pr\u00eat au tempo normal.<\/em><\/strong><\/span><\/p>\n<p>Soprano 1 &#8211; ralenti: <div class=\"su-audio\" data-id=\"su_audio_player_69f2fed87e318\" data-audio=\"http:\/\/xn--choeurprlude-ieb.be\/wp-content\/uploads\/2021\/11\/RALENTI_1a-SOPR-1___HYMN-TO-FREEDOM.mp3\" data-swf=\"https:\/\/xn--choeurprlude-ieb.be\/wp-content\/plugins\/shortcodes-ultimate\/vendor\/jplayer\/jplayer.swf\" data-autoplay=\"no\" data-loop=\"no\" style=\"\"><div id=\"su_audio_player_69f2fed87e318\" class=\"jp-jplayer\"><\/div><div id=\"su_audio_player_69f2fed87e318_container\" class=\"jp-audio\"><div class=\"jp-type-single\"><div class=\"jp-gui jp-interface\"><div class=\"jp-controls\"><span class=\"jp-play\"><\/span><span class=\"jp-pause\"><\/span><span class=\"jp-stop\"><\/span><span class=\"jp-mute\"><\/span><span class=\"jp-unmute\"><\/span><span class=\"jp-volume-max\"><\/span><\/div><div class=\"jp-progress\"><div class=\"jp-seek-bar\"><div class=\"jp-play-bar\"><\/div><\/div><\/div><div class=\"jp-volume-bar\"><div class=\"jp-volume-bar-value\"><\/div><\/div><div class=\"jp-current-time\"><\/div><div class=\"jp-duration\"><\/div><\/div><div class=\"jp-title\"><\/div><\/div><\/div><\/div>\n<p>Soprano 1 &#8211; a tempo: <div class=\"su-audio\" data-id=\"su_audio_player_69f2fed87e35d\" data-audio=\"http:\/\/xn--choeurprlude-ieb.be\/wp-content\/uploads\/2021\/11\/1a_SOPRANO-1_HYMN-TO-FREEDOM.mp3\" data-swf=\"https:\/\/xn--choeurprlude-ieb.be\/wp-content\/plugins\/shortcodes-ultimate\/vendor\/jplayer\/jplayer.swf\" data-autoplay=\"no\" data-loop=\"no\" style=\"\"><div id=\"su_audio_player_69f2fed87e35d\" class=\"jp-jplayer\"><\/div><div id=\"su_audio_player_69f2fed87e35d_container\" class=\"jp-audio\"><div class=\"jp-type-single\"><div class=\"jp-gui jp-interface\"><div class=\"jp-controls\"><span class=\"jp-play\"><\/span><span class=\"jp-pause\"><\/span><span class=\"jp-stop\"><\/span><span class=\"jp-mute\"><\/span><span class=\"jp-unmute\"><\/span><span class=\"jp-volume-max\"><\/span><\/div><div class=\"jp-progress\"><div class=\"jp-seek-bar\"><div class=\"jp-play-bar\"><\/div><\/div><\/div><div class=\"jp-volume-bar\"><div class=\"jp-volume-bar-value\"><\/div><\/div><div class=\"jp-current-time\"><\/div><div class=\"jp-duration\"><\/div><\/div><div class=\"jp-title\"><\/div><\/div><\/div><\/div>\n<p>URL fichier: <strong>http:\/\/xn--choeurprlude-ieb.be\/wp-content\/uploads\/2021\/11\/1a_SOPRANO-1_HYMN-TO-FREEDOM.mp3<\/strong><\/p>\n<p>Soprano 2 &#8211; ralenti: <div class=\"su-audio\" data-id=\"su_audio_player_69f2fed87e3a2\" data-audio=\"http:\/\/xn--choeurprlude-ieb.be\/wp-content\/uploads\/2021\/11\/RALENTI_1b-SOPR-2___HYMN-TO-FREEDOM.mp3\" data-swf=\"https:\/\/xn--choeurprlude-ieb.be\/wp-content\/plugins\/shortcodes-ultimate\/vendor\/jplayer\/jplayer.swf\" data-autoplay=\"no\" data-loop=\"no\" style=\"\"><div id=\"su_audio_player_69f2fed87e3a2\" class=\"jp-jplayer\"><\/div><div id=\"su_audio_player_69f2fed87e3a2_container\" class=\"jp-audio\"><div class=\"jp-type-single\"><div class=\"jp-gui jp-interface\"><div class=\"jp-controls\"><span class=\"jp-play\"><\/span><span class=\"jp-pause\"><\/span><span class=\"jp-stop\"><\/span><span class=\"jp-mute\"><\/span><span class=\"jp-unmute\"><\/span><span class=\"jp-volume-max\"><\/span><\/div><div class=\"jp-progress\"><div class=\"jp-seek-bar\"><div class=\"jp-play-bar\"><\/div><\/div><\/div><div class=\"jp-volume-bar\"><div class=\"jp-volume-bar-value\"><\/div><\/div><div class=\"jp-current-time\"><\/div><div class=\"jp-duration\"><\/div><\/div><div class=\"jp-title\"><\/div><\/div><\/div><\/div>\n<p>Soprano 2 &#8211; a tempo: <div class=\"su-audio\" data-id=\"su_audio_player_69f2fed87e3ef\" data-audio=\"http:\/\/xn--choeurprlude-ieb.be\/wp-content\/uploads\/2021\/11\/1b_SOPR-2___HYMN-TO-FREEDOM.mp3\" data-swf=\"https:\/\/xn--choeurprlude-ieb.be\/wp-content\/plugins\/shortcodes-ultimate\/vendor\/jplayer\/jplayer.swf\" data-autoplay=\"no\" data-loop=\"no\" style=\"\"><div id=\"su_audio_player_69f2fed87e3ef\" class=\"jp-jplayer\"><\/div><div id=\"su_audio_player_69f2fed87e3ef_container\" class=\"jp-audio\"><div class=\"jp-type-single\"><div class=\"jp-gui jp-interface\"><div class=\"jp-controls\"><span class=\"jp-play\"><\/span><span class=\"jp-pause\"><\/span><span class=\"jp-stop\"><\/span><span class=\"jp-mute\"><\/span><span class=\"jp-unmute\"><\/span><span class=\"jp-volume-max\"><\/span><\/div><div class=\"jp-progress\"><div class=\"jp-seek-bar\"><div class=\"jp-play-bar\"><\/div><\/div><\/div><div class=\"jp-volume-bar\"><div class=\"jp-volume-bar-value\"><\/div><\/div><div class=\"jp-current-time\"><\/div><div class=\"jp-duration\"><\/div><\/div><div class=\"jp-title\"><\/div><\/div><\/div><\/div>\n<p>URL fichier: <strong>http:\/\/xn--choeurprlude-ieb.be\/<\/strong><strong>wp-content\/uploads\/2021\/11\/1b_SOPRANO-2_HYMN-TO-FREEDOM.mp3<\/strong><\/p>\n<p>Alto &#8211; ralenti: <div class=\"su-audio\" data-id=\"su_audio_player_69f2fed87e433\" data-audio=\"http:\/\/xn--choeurprlude-ieb.be\/wp-content\/uploads\/2021\/11\/RALENTI_2-ALTO-______HYMN-TO-FREEDOM.mp3\" data-swf=\"https:\/\/xn--choeurprlude-ieb.be\/wp-content\/plugins\/shortcodes-ultimate\/vendor\/jplayer\/jplayer.swf\" data-autoplay=\"no\" data-loop=\"no\" style=\"\"><div id=\"su_audio_player_69f2fed87e433\" class=\"jp-jplayer\"><\/div><div id=\"su_audio_player_69f2fed87e433_container\" class=\"jp-audio\"><div class=\"jp-type-single\"><div class=\"jp-gui jp-interface\"><div class=\"jp-controls\"><span class=\"jp-play\"><\/span><span class=\"jp-pause\"><\/span><span class=\"jp-stop\"><\/span><span class=\"jp-mute\"><\/span><span class=\"jp-unmute\"><\/span><span class=\"jp-volume-max\"><\/span><\/div><div class=\"jp-progress\"><div class=\"jp-seek-bar\"><div class=\"jp-play-bar\"><\/div><\/div><\/div><div class=\"jp-volume-bar\"><div class=\"jp-volume-bar-value\"><\/div><\/div><div class=\"jp-current-time\"><\/div><div class=\"jp-duration\"><\/div><\/div><div class=\"jp-title\"><\/div><\/div><\/div><\/div>\n<p>Alto &#8211; a tempo: <div class=\"su-audio\" data-id=\"su_audio_player_69f2fed87e478\" data-audio=\"http:\/\/xn--choeurprlude-ieb.be\/wp-content\/uploads\/2021\/11\/2_ALTO_HYMN-TO-FREEDOM.mp3\" data-swf=\"https:\/\/xn--choeurprlude-ieb.be\/wp-content\/plugins\/shortcodes-ultimate\/vendor\/jplayer\/jplayer.swf\" data-autoplay=\"no\" data-loop=\"no\" style=\"\"><div id=\"su_audio_player_69f2fed87e478\" class=\"jp-jplayer\"><\/div><div id=\"su_audio_player_69f2fed87e478_container\" class=\"jp-audio\"><div class=\"jp-type-single\"><div class=\"jp-gui jp-interface\"><div class=\"jp-controls\"><span class=\"jp-play\"><\/span><span class=\"jp-pause\"><\/span><span class=\"jp-stop\"><\/span><span class=\"jp-mute\"><\/span><span class=\"jp-unmute\"><\/span><span class=\"jp-volume-max\"><\/span><\/div><div class=\"jp-progress\"><div class=\"jp-seek-bar\"><div class=\"jp-play-bar\"><\/div><\/div><\/div><div class=\"jp-volume-bar\"><div class=\"jp-volume-bar-value\"><\/div><\/div><div class=\"jp-current-time\"><\/div><div class=\"jp-duration\"><\/div><\/div><div class=\"jp-title\"><\/div><\/div><\/div><\/div>\n<p>URL fichier: <strong>http:\/\/xn--choeurprlude-ieb.be\/wp-content\/uploads\/2021\/11\/2_ALTO_HYMN-TO-FREEDOM.mp3<\/strong><\/p>\n<p>Tenor &#8211; ralenti: <div class=\"su-audio\" data-id=\"su_audio_player_69f2fed87e4bd\" data-audio=\"http:\/\/xn--choeurprlude-ieb.be\/wp-content\/uploads\/2021\/11\/RALENTI_3-TENOR-____HYMN-TO-FREEDOM.mp3\" data-swf=\"https:\/\/xn--choeurprlude-ieb.be\/wp-content\/plugins\/shortcodes-ultimate\/vendor\/jplayer\/jplayer.swf\" data-autoplay=\"no\" data-loop=\"no\" style=\"\"><div id=\"su_audio_player_69f2fed87e4bd\" class=\"jp-jplayer\"><\/div><div id=\"su_audio_player_69f2fed87e4bd_container\" class=\"jp-audio\"><div class=\"jp-type-single\"><div class=\"jp-gui jp-interface\"><div class=\"jp-controls\"><span class=\"jp-play\"><\/span><span class=\"jp-pause\"><\/span><span class=\"jp-stop\"><\/span><span class=\"jp-mute\"><\/span><span class=\"jp-unmute\"><\/span><span class=\"jp-volume-max\"><\/span><\/div><div class=\"jp-progress\"><div class=\"jp-seek-bar\"><div class=\"jp-play-bar\"><\/div><\/div><\/div><div class=\"jp-volume-bar\"><div class=\"jp-volume-bar-value\"><\/div><\/div><div class=\"jp-current-time\"><\/div><div class=\"jp-duration\"><\/div><\/div><div class=\"jp-title\"><\/div><\/div><\/div><\/div>\n<p>Tenor &#8211; a tempo: <div class=\"su-audio\" data-id=\"su_audio_player_69f2fed87e509\" data-audio=\"http:\/\/xn--choeurprlude-ieb.be\/wp-content\/uploads\/2021\/11\/3_TENOR_HYMN-TO-FREEDOM.mp3\" data-swf=\"https:\/\/xn--choeurprlude-ieb.be\/wp-content\/plugins\/shortcodes-ultimate\/vendor\/jplayer\/jplayer.swf\" data-autoplay=\"no\" data-loop=\"no\" style=\"\"><div id=\"su_audio_player_69f2fed87e509\" class=\"jp-jplayer\"><\/div><div id=\"su_audio_player_69f2fed87e509_container\" class=\"jp-audio\"><div class=\"jp-type-single\"><div class=\"jp-gui jp-interface\"><div class=\"jp-controls\"><span class=\"jp-play\"><\/span><span class=\"jp-pause\"><\/span><span class=\"jp-stop\"><\/span><span class=\"jp-mute\"><\/span><span class=\"jp-unmute\"><\/span><span class=\"jp-volume-max\"><\/span><\/div><div class=\"jp-progress\"><div class=\"jp-seek-bar\"><div class=\"jp-play-bar\"><\/div><\/div><\/div><div class=\"jp-volume-bar\"><div class=\"jp-volume-bar-value\"><\/div><\/div><div class=\"jp-current-time\"><\/div><div class=\"jp-duration\"><\/div><\/div><div class=\"jp-title\"><\/div><\/div><\/div><\/div>\n<p>URL fichier: <strong>http:\/\/xn--choeurprlude-ieb.be\/wp-content\/uploads\/2021\/11\/3_TENOR_HYMN-TO-FREEDOM.mp3<\/strong><\/p>\n<p>Basse 1 &#8211; ralenti: <div class=\"su-audio\" data-id=\"su_audio_player_69f2fed87e54e\" data-audio=\"http:\/\/xn--choeurprlude-ieb.be\/wp-content\/uploads\/2021\/11\/RALENTI_4a-BASS-1___HYMN-TO-FREEDOM.mp3\" data-swf=\"https:\/\/xn--choeurprlude-ieb.be\/wp-content\/plugins\/shortcodes-ultimate\/vendor\/jplayer\/jplayer.swf\" data-autoplay=\"no\" data-loop=\"no\" style=\"\"><div id=\"su_audio_player_69f2fed87e54e\" class=\"jp-jplayer\"><\/div><div id=\"su_audio_player_69f2fed87e54e_container\" class=\"jp-audio\"><div class=\"jp-type-single\"><div class=\"jp-gui jp-interface\"><div class=\"jp-controls\"><span class=\"jp-play\"><\/span><span class=\"jp-pause\"><\/span><span class=\"jp-stop\"><\/span><span class=\"jp-mute\"><\/span><span class=\"jp-unmute\"><\/span><span class=\"jp-volume-max\"><\/span><\/div><div class=\"jp-progress\"><div class=\"jp-seek-bar\"><div class=\"jp-play-bar\"><\/div><\/div><\/div><div class=\"jp-volume-bar\"><div class=\"jp-volume-bar-value\"><\/div><\/div><div class=\"jp-current-time\"><\/div><div class=\"jp-duration\"><\/div><\/div><div class=\"jp-title\"><\/div><\/div><\/div><\/div>\n<p>Basse 1 &#8211; a tempo: <div class=\"su-audio\" data-id=\"su_audio_player_69f2fed87e592\" data-audio=\"http:\/\/xn--choeurprlude-ieb.be\/wp-content\/uploads\/2021\/11\/4a_BASSE-1_HYMN-TO-FREEDOM.mp3\" data-swf=\"https:\/\/xn--choeurprlude-ieb.be\/wp-content\/plugins\/shortcodes-ultimate\/vendor\/jplayer\/jplayer.swf\" data-autoplay=\"no\" data-loop=\"no\" style=\"\"><div id=\"su_audio_player_69f2fed87e592\" class=\"jp-jplayer\"><\/div><div id=\"su_audio_player_69f2fed87e592_container\" class=\"jp-audio\"><div class=\"jp-type-single\"><div class=\"jp-gui jp-interface\"><div class=\"jp-controls\"><span class=\"jp-play\"><\/span><span class=\"jp-pause\"><\/span><span class=\"jp-stop\"><\/span><span class=\"jp-mute\"><\/span><span class=\"jp-unmute\"><\/span><span class=\"jp-volume-max\"><\/span><\/div><div class=\"jp-progress\"><div class=\"jp-seek-bar\"><div class=\"jp-play-bar\"><\/div><\/div><\/div><div class=\"jp-volume-bar\"><div class=\"jp-volume-bar-value\"><\/div><\/div><div class=\"jp-current-time\"><\/div><div class=\"jp-duration\"><\/div><\/div><div class=\"jp-title\"><\/div><\/div><\/div><\/div>\n<p>URL fichier: <strong>http:\/\/xn--choeurprlude-ieb.be\/wp-content\/uploads\/2021\/11\/4a_BASSE-1_HYMN-TO-FREEDOM.mp3<\/strong><\/p>\n<p>Basse 2 &#8211; ralenti: <div class=\"su-audio\" data-id=\"su_audio_player_69f2fed87e5d7\" data-audio=\"http:\/\/xn--choeurprlude-ieb.be\/wp-content\/uploads\/2021\/11\/RALENTI_4b-BASS-2___HYMN-TO-FREEDOM.mp3\" data-swf=\"https:\/\/xn--choeurprlude-ieb.be\/wp-content\/plugins\/shortcodes-ultimate\/vendor\/jplayer\/jplayer.swf\" data-autoplay=\"no\" data-loop=\"no\" style=\"\"><div id=\"su_audio_player_69f2fed87e5d7\" class=\"jp-jplayer\"><\/div><div id=\"su_audio_player_69f2fed87e5d7_container\" class=\"jp-audio\"><div class=\"jp-type-single\"><div class=\"jp-gui jp-interface\"><div class=\"jp-controls\"><span class=\"jp-play\"><\/span><span class=\"jp-pause\"><\/span><span class=\"jp-stop\"><\/span><span class=\"jp-mute\"><\/span><span class=\"jp-unmute\"><\/span><span class=\"jp-volume-max\"><\/span><\/div><div class=\"jp-progress\"><div class=\"jp-seek-bar\"><div class=\"jp-play-bar\"><\/div><\/div><\/div><div class=\"jp-volume-bar\"><div class=\"jp-volume-bar-value\"><\/div><\/div><div class=\"jp-current-time\"><\/div><div class=\"jp-duration\"><\/div><\/div><div class=\"jp-title\"><\/div><\/div><\/div><\/div>\n<p>Basse 2 &#8211; a tempo: <div class=\"su-audio\" data-id=\"su_audio_player_69f2fed87e61b\" data-audio=\"http:\/\/xn--choeurprlude-ieb.be\/wp-content\/uploads\/2021\/11\/4b_BASSE-2_HYMN-TO-FREEDOM.mp3\" data-swf=\"https:\/\/xn--choeurprlude-ieb.be\/wp-content\/plugins\/shortcodes-ultimate\/vendor\/jplayer\/jplayer.swf\" data-autoplay=\"no\" data-loop=\"no\" style=\"\"><div id=\"su_audio_player_69f2fed87e61b\" class=\"jp-jplayer\"><\/div><div id=\"su_audio_player_69f2fed87e61b_container\" class=\"jp-audio\"><div class=\"jp-type-single\"><div class=\"jp-gui jp-interface\"><div class=\"jp-controls\"><span class=\"jp-play\"><\/span><span class=\"jp-pause\"><\/span><span class=\"jp-stop\"><\/span><span class=\"jp-mute\"><\/span><span class=\"jp-unmute\"><\/span><span class=\"jp-volume-max\"><\/span><\/div><div class=\"jp-progress\"><div class=\"jp-seek-bar\"><div class=\"jp-play-bar\"><\/div><\/div><\/div><div class=\"jp-volume-bar\"><div class=\"jp-volume-bar-value\"><\/div><\/div><div class=\"jp-current-time\"><\/div><div class=\"jp-duration\"><\/div><\/div><div class=\"jp-title\"><\/div><\/div><\/div><\/div>\n<p>URL fichier: <strong>http:\/\/xn--choeurprlude-ieb.be\/wp-content\/uploads\/2021\/11\/4b_BASSE-2_HYMN-TO-FREEDOM.mp3<\/strong><\/p>\n<p>TUTTI &#8211; ralenti: <div class=\"su-audio\" data-id=\"su_audio_player_69f2fed87e65f\" data-audio=\"http:\/\/xn--choeurprlude-ieb.be\/wp-content\/uploads\/2021\/11\/RALENTI_0-TUTTI___HYMN-TO-FREEDOM.mp3\" data-swf=\"https:\/\/xn--choeurprlude-ieb.be\/wp-content\/plugins\/shortcodes-ultimate\/vendor\/jplayer\/jplayer.swf\" data-autoplay=\"no\" data-loop=\"no\" style=\"\"><div id=\"su_audio_player_69f2fed87e65f\" class=\"jp-jplayer\"><\/div><div id=\"su_audio_player_69f2fed87e65f_container\" class=\"jp-audio\"><div class=\"jp-type-single\"><div class=\"jp-gui jp-interface\"><div class=\"jp-controls\"><span class=\"jp-play\"><\/span><span class=\"jp-pause\"><\/span><span class=\"jp-stop\"><\/span><span class=\"jp-mute\"><\/span><span class=\"jp-unmute\"><\/span><span class=\"jp-volume-max\"><\/span><\/div><div class=\"jp-progress\"><div class=\"jp-seek-bar\"><div class=\"jp-play-bar\"><\/div><\/div><\/div><div class=\"jp-volume-bar\"><div class=\"jp-volume-bar-value\"><\/div><\/div><div class=\"jp-current-time\"><\/div><div class=\"jp-duration\"><\/div><\/div><div class=\"jp-title\"><\/div><\/div><\/div><\/div>\n<p>TUTTI &#8211; a tempo: <div class=\"su-audio\" data-id=\"su_audio_player_69f2fed87e6a3\" data-audio=\"http:\/\/xn--choeurprlude-ieb.be\/wp-content\/uploads\/2021\/11\/0-TUTTI-HYMN-TO-FREEDOM.mp3\" data-swf=\"https:\/\/xn--choeurprlude-ieb.be\/wp-content\/plugins\/shortcodes-ultimate\/vendor\/jplayer\/jplayer.swf\" data-autoplay=\"no\" data-loop=\"no\" style=\"\"><div id=\"su_audio_player_69f2fed87e6a3\" class=\"jp-jplayer\"><\/div><div id=\"su_audio_player_69f2fed87e6a3_container\" class=\"jp-audio\"><div class=\"jp-type-single\"><div class=\"jp-gui jp-interface\"><div class=\"jp-controls\"><span class=\"jp-play\"><\/span><span class=\"jp-pause\"><\/span><span class=\"jp-stop\"><\/span><span class=\"jp-mute\"><\/span><span class=\"jp-unmute\"><\/span><span class=\"jp-volume-max\"><\/span><\/div><div class=\"jp-progress\"><div class=\"jp-seek-bar\"><div class=\"jp-play-bar\"><\/div><\/div><\/div><div class=\"jp-volume-bar\"><div class=\"jp-volume-bar-value\"><\/div><\/div><div class=\"jp-current-time\"><\/div><div class=\"jp-duration\"><\/div><\/div><div class=\"jp-title\"><\/div><\/div><\/div><\/div>\n<p>URL fichier: <strong>http:\/\/xn--choeurprlude-ieb.be\/wp-content\/uploads\/2021\/11\/0-TUTTI-HYMN-TO-FREEDOM.mp3<\/strong><\/p>\n[\/toggle]\n<p>&#8212;&#8212;&#8212;&#8212;&#8212;&#8212;&#8212;&#8212;&#8212;&#8212;&#8212;&#8212;&#8212;&#8212;&#8212;&#8212;&#8212;&#8212;&#8212;&#8212;&#8212;&#8212;&#8212;&#8212;&#8212;&#8212;&#8212;<\/p>\n<p><span style=\"text-decoration: underline; font-size: 12pt;\"><em><strong>SAINT _- SAENS: ORATORIO DE NOEL<\/strong><\/em><\/span><\/p>\n[toggle title=\u00a0\u00bb<strong>SAINT &#8211; SAENS Oratorio de No\u00ebl 2b &#8211; Gloria<\/strong>\u00ab\u00a0]\n<p>TUTTI chant\u00e9: <div class=\"su-audio\" data-id=\"su_audio_player_69f2fed87e6e8\" data-audio=\"http:\/\/xn--choeurprlude-ieb.be\/wp-content\/uploads\/2023\/09\/2_00-tutti-Gloria_CHANTE-1.mp3\" data-swf=\"https:\/\/xn--choeurprlude-ieb.be\/wp-content\/plugins\/shortcodes-ultimate\/vendor\/jplayer\/jplayer.swf\" data-autoplay=\"no\" data-loop=\"no\" style=\"\"><div id=\"su_audio_player_69f2fed87e6e8\" class=\"jp-jplayer\"><\/div><div id=\"su_audio_player_69f2fed87e6e8_container\" class=\"jp-audio\"><div class=\"jp-type-single\"><div class=\"jp-gui jp-interface\"><div class=\"jp-controls\"><span class=\"jp-play\"><\/span><span class=\"jp-pause\"><\/span><span class=\"jp-stop\"><\/span><span class=\"jp-mute\"><\/span><span class=\"jp-unmute\"><\/span><span class=\"jp-volume-max\"><\/span><\/div><div class=\"jp-progress\"><div class=\"jp-seek-bar\"><div class=\"jp-play-bar\"><\/div><\/div><\/div><div class=\"jp-volume-bar\"><div class=\"jp-volume-bar-value\"><\/div><\/div><div class=\"jp-current-time\"><\/div><div class=\"jp-duration\"><\/div><\/div><div class=\"jp-title\"><\/div><\/div><\/div><\/div>\n<p>URL fichier: http:\/\/xn--choeurprlude-ieb.be\/wp-content\/uploads\/2023\/09\/2_00-tutti-Gloria_CHANTE-1.mp3<\/p>\n<p>Soprano 1 : <div class=\"su-audio\" data-id=\"su_audio_player_69f2fed87e72d\" data-audio=\"http:\/\/xn--choeurprlude-ieb.be\/wp-content\/uploads\/2023\/09\/2_01-sopr-Gloria_ORATORIO-DE-NOEL.mp3\" data-swf=\"https:\/\/xn--choeurprlude-ieb.be\/wp-content\/plugins\/shortcodes-ultimate\/vendor\/jplayer\/jplayer.swf\" data-autoplay=\"no\" data-loop=\"no\" style=\"\"><div id=\"su_audio_player_69f2fed87e72d\" class=\"jp-jplayer\"><\/div><div id=\"su_audio_player_69f2fed87e72d_container\" class=\"jp-audio\"><div class=\"jp-type-single\"><div class=\"jp-gui jp-interface\"><div class=\"jp-controls\"><span class=\"jp-play\"><\/span><span class=\"jp-pause\"><\/span><span class=\"jp-stop\"><\/span><span class=\"jp-mute\"><\/span><span class=\"jp-unmute\"><\/span><span class=\"jp-volume-max\"><\/span><\/div><div class=\"jp-progress\"><div class=\"jp-seek-bar\"><div class=\"jp-play-bar\"><\/div><\/div><\/div><div class=\"jp-volume-bar\"><div class=\"jp-volume-bar-value\"><\/div><\/div><div class=\"jp-current-time\"><\/div><div class=\"jp-duration\"><\/div><\/div><div class=\"jp-title\"><\/div><\/div><\/div><\/div>\n<p>URL fichier: http:\/\/xn--choeurprlude-ieb.be\/wp-content\/uploads\/2023\/09\/2_01-sopr-Gloria_ORATORIO-DE-NOEL.mp3<\/p>\n<p>Alto : <div class=\"su-audio\" data-id=\"su_audio_player_69f2fed87e77a\" data-audio=\"http:\/\/xn--choeurprlude-ieb.be\/wp-content\/uploads\/2023\/09\/2_02-alto-Gloria_ORATORIO-DE-NOEL.mp3\" data-swf=\"https:\/\/xn--choeurprlude-ieb.be\/wp-content\/plugins\/shortcodes-ultimate\/vendor\/jplayer\/jplayer.swf\" data-autoplay=\"no\" data-loop=\"no\" style=\"\"><div id=\"su_audio_player_69f2fed87e77a\" class=\"jp-jplayer\"><\/div><div id=\"su_audio_player_69f2fed87e77a_container\" class=\"jp-audio\"><div class=\"jp-type-single\"><div class=\"jp-gui jp-interface\"><div class=\"jp-controls\"><span class=\"jp-play\"><\/span><span class=\"jp-pause\"><\/span><span class=\"jp-stop\"><\/span><span class=\"jp-mute\"><\/span><span class=\"jp-unmute\"><\/span><span class=\"jp-volume-max\"><\/span><\/div><div class=\"jp-progress\"><div class=\"jp-seek-bar\"><div class=\"jp-play-bar\"><\/div><\/div><\/div><div class=\"jp-volume-bar\"><div class=\"jp-volume-bar-value\"><\/div><\/div><div class=\"jp-current-time\"><\/div><div class=\"jp-duration\"><\/div><\/div><div class=\"jp-title\"><\/div><\/div><\/div><\/div>\n<p>URL fichier: http:\/\/xn--choeurprlude-ieb.be\/wp-content\/uploads\/2023\/09\/2_02-alto-Gloria_ORATORIO-DE-NOEL.mp3<\/p>\n<p>Tenor : <div class=\"su-audio\" data-id=\"su_audio_player_69f2fed87e7be\" data-audio=\"http:\/\/xn--choeurprlude-ieb.be\/wp-content\/uploads\/2023\/09\/2_03-teno-Gloria_ORATORIO-DE-NOEL-1.mp3\" data-swf=\"https:\/\/xn--choeurprlude-ieb.be\/wp-content\/plugins\/shortcodes-ultimate\/vendor\/jplayer\/jplayer.swf\" data-autoplay=\"no\" data-loop=\"no\" style=\"\"><div id=\"su_audio_player_69f2fed87e7be\" class=\"jp-jplayer\"><\/div><div id=\"su_audio_player_69f2fed87e7be_container\" class=\"jp-audio\"><div class=\"jp-type-single\"><div class=\"jp-gui jp-interface\"><div class=\"jp-controls\"><span class=\"jp-play\"><\/span><span class=\"jp-pause\"><\/span><span class=\"jp-stop\"><\/span><span class=\"jp-mute\"><\/span><span class=\"jp-unmute\"><\/span><span class=\"jp-volume-max\"><\/span><\/div><div class=\"jp-progress\"><div class=\"jp-seek-bar\"><div class=\"jp-play-bar\"><\/div><\/div><\/div><div class=\"jp-volume-bar\"><div class=\"jp-volume-bar-value\"><\/div><\/div><div class=\"jp-current-time\"><\/div><div class=\"jp-duration\"><\/div><\/div><div class=\"jp-title\"><\/div><\/div><\/div><\/div>\n<p>URL fichier: http:\/\/xn--choeurprlude-ieb.be\/wp-content\/uploads\/2023\/09\/2_03-teno-Gloria_ORATORIO-DE-NOEL-1.mp3<\/p>\n<p>Basse 1 : <div class=\"su-audio\" data-id=\"su_audio_player_69f2fed87e809\" data-audio=\"http:\/\/xn--choeurprlude-ieb.be\/wp-content\/uploads\/2023\/09\/2_04-bass-Gloria_ORATORIO-DE-NOEL.mp3\" data-swf=\"https:\/\/xn--choeurprlude-ieb.be\/wp-content\/plugins\/shortcodes-ultimate\/vendor\/jplayer\/jplayer.swf\" data-autoplay=\"no\" data-loop=\"no\" style=\"\"><div id=\"su_audio_player_69f2fed87e809\" class=\"jp-jplayer\"><\/div><div id=\"su_audio_player_69f2fed87e809_container\" class=\"jp-audio\"><div class=\"jp-type-single\"><div class=\"jp-gui jp-interface\"><div class=\"jp-controls\"><span class=\"jp-play\"><\/span><span class=\"jp-pause\"><\/span><span class=\"jp-stop\"><\/span><span class=\"jp-mute\"><\/span><span class=\"jp-unmute\"><\/span><span class=\"jp-volume-max\"><\/span><\/div><div class=\"jp-progress\"><div class=\"jp-seek-bar\"><div class=\"jp-play-bar\"><\/div><\/div><\/div><div class=\"jp-volume-bar\"><div class=\"jp-volume-bar-value\"><\/div><\/div><div class=\"jp-current-time\"><\/div><div class=\"jp-duration\"><\/div><\/div><div class=\"jp-title\"><\/div><\/div><\/div><\/div>\n<p>URL fichier: http:\/\/xn--choeurprlude-ieb.be\/wp-content\/uploads\/2023\/09\/2_04-bass-Gloria_ORATORIO-DE-NOEL.mp3<\/p>\n[\/toggle]\n[toggle title=\u00a0\u00bb<strong>SAINT &#8211; SAENS Oratorio de No\u00ebl 4 &#8211; Domine, ego credidi<\/strong>\u00ab\u00a0]\n<p>Ch\u0153ur de femmes\u00a0chant\u00e9:<div class=\"su-audio\" data-id=\"su_audio_player_69f2fed87e84e\" data-audio=\"http:\/\/xn--choeurprlude-ieb.be\/wp-content\/uploads\/2023\/09\/00_4-Domine-ego-credidi-CHANTE-TUTTI-1.mp3\" data-swf=\"https:\/\/xn--choeurprlude-ieb.be\/wp-content\/plugins\/shortcodes-ultimate\/vendor\/jplayer\/jplayer.swf\" data-autoplay=\"no\" data-loop=\"no\" style=\"\"><div id=\"su_audio_player_69f2fed87e84e\" class=\"jp-jplayer\"><\/div><div id=\"su_audio_player_69f2fed87e84e_container\" class=\"jp-audio\"><div class=\"jp-type-single\"><div class=\"jp-gui jp-interface\"><div class=\"jp-controls\"><span class=\"jp-play\"><\/span><span class=\"jp-pause\"><\/span><span class=\"jp-stop\"><\/span><span class=\"jp-mute\"><\/span><span class=\"jp-unmute\"><\/span><span class=\"jp-volume-max\"><\/span><\/div><div class=\"jp-progress\"><div class=\"jp-seek-bar\"><div class=\"jp-play-bar\"><\/div><\/div><\/div><div class=\"jp-volume-bar\"><div class=\"jp-volume-bar-value\"><\/div><\/div><div class=\"jp-current-time\"><\/div><div class=\"jp-duration\"><\/div><\/div><div class=\"jp-title\"><\/div><\/div><\/div><\/div>\n<p>URL fichier: http:\/\/xn--choeurprlude-ieb.be\/wp-content\/uploads\/2023\/09\/00_4-Domine-ego-credidi-CHANTE-TUTTI-1.mp3<\/p>\n<p>Ch\u0153ur de femmes: <div class=\"su-audio\" data-id=\"su_audio_player_69f2fed87e893\" data-audio=\"http:\/\/xn--choeurprlude-ieb.be\/wp-content\/uploads\/2023\/10\/4-00_Tutti_Domine-ego-credidi.mp3\" data-swf=\"https:\/\/xn--choeurprlude-ieb.be\/wp-content\/plugins\/shortcodes-ultimate\/vendor\/jplayer\/jplayer.swf\" data-autoplay=\"no\" data-loop=\"no\" style=\"\"><div id=\"su_audio_player_69f2fed87e893\" class=\"jp-jplayer\"><\/div><div id=\"su_audio_player_69f2fed87e893_container\" class=\"jp-audio\"><div class=\"jp-type-single\"><div class=\"jp-gui jp-interface\"><div class=\"jp-controls\"><span class=\"jp-play\"><\/span><span class=\"jp-pause\"><\/span><span class=\"jp-stop\"><\/span><span class=\"jp-mute\"><\/span><span class=\"jp-unmute\"><\/span><span class=\"jp-volume-max\"><\/span><\/div><div class=\"jp-progress\"><div class=\"jp-seek-bar\"><div class=\"jp-play-bar\"><\/div><\/div><\/div><div class=\"jp-volume-bar\"><div class=\"jp-volume-bar-value\"><\/div><\/div><div class=\"jp-current-time\"><\/div><div class=\"jp-duration\"><\/div><\/div><div class=\"jp-title\"><\/div><\/div><\/div><\/div>\n<p>URL fichier: http:\/\/xn--choeurprlude-ieb.be\/wp-content\/uploads\/2023\/10\/4-00_Tutti_Domine-ego-credidi.mp3<\/p>\n<p>Ch\u0153ur de femmes chant\u00e9: <div class=\"su-audio\" data-id=\"su_audio_player_69f2fed87e8df\" data-audio=\"http:\/\/xn--choeurprlude-ieb.be\/wp-content\/uploads\/2023\/10\/4-00a_Tutti-CHANTE_Domine-ego-credidi.mp3\" data-swf=\"https:\/\/xn--choeurprlude-ieb.be\/wp-content\/plugins\/shortcodes-ultimate\/vendor\/jplayer\/jplayer.swf\" data-autoplay=\"no\" data-loop=\"no\" style=\"\"><div id=\"su_audio_player_69f2fed87e8df\" class=\"jp-jplayer\"><\/div><div id=\"su_audio_player_69f2fed87e8df_container\" class=\"jp-audio\"><div class=\"jp-type-single\"><div class=\"jp-gui jp-interface\"><div class=\"jp-controls\"><span class=\"jp-play\"><\/span><span class=\"jp-pause\"><\/span><span class=\"jp-stop\"><\/span><span class=\"jp-mute\"><\/span><span class=\"jp-unmute\"><\/span><span class=\"jp-volume-max\"><\/span><\/div><div class=\"jp-progress\"><div class=\"jp-seek-bar\"><div class=\"jp-play-bar\"><\/div><\/div><\/div><div class=\"jp-volume-bar\"><div class=\"jp-volume-bar-value\"><\/div><\/div><div class=\"jp-current-time\"><\/div><div class=\"jp-duration\"><\/div><\/div><div class=\"jp-title\"><\/div><\/div><\/div><\/div>\n<p>URL fichier: http:\/\/xn--choeurprlude-ieb.be\/wp-content\/uploads\/2023\/10\/4-00a_Tutti-CHANTE_Domine-ego-credidi.mp3<\/p>\n<p>Soprane 1: <div class=\"su-audio\" data-id=\"su_audio_player_69f2fed87e924\" data-audio=\"http:\/\/xn--choeurprlude-ieb.be\/wp-content\/uploads\/2023\/10\/4-01_Sopr1_Domine-ego-credidi.mp3\" data-swf=\"https:\/\/xn--choeurprlude-ieb.be\/wp-content\/plugins\/shortcodes-ultimate\/vendor\/jplayer\/jplayer.swf\" data-autoplay=\"no\" data-loop=\"no\" style=\"\"><div id=\"su_audio_player_69f2fed87e924\" class=\"jp-jplayer\"><\/div><div id=\"su_audio_player_69f2fed87e924_container\" class=\"jp-audio\"><div class=\"jp-type-single\"><div class=\"jp-gui jp-interface\"><div class=\"jp-controls\"><span class=\"jp-play\"><\/span><span class=\"jp-pause\"><\/span><span class=\"jp-stop\"><\/span><span class=\"jp-mute\"><\/span><span class=\"jp-unmute\"><\/span><span class=\"jp-volume-max\"><\/span><\/div><div class=\"jp-progress\"><div class=\"jp-seek-bar\"><div class=\"jp-play-bar\"><\/div><\/div><\/div><div class=\"jp-volume-bar\"><div class=\"jp-volume-bar-value\"><\/div><\/div><div class=\"jp-current-time\"><\/div><div class=\"jp-duration\"><\/div><\/div><div class=\"jp-title\"><\/div><\/div><\/div><\/div>\n<p>URL fichier: http:\/\/xn--choeurprlude-ieb.be\/wp-content\/uploads\/2023\/10\/4-01_Sopr1_Domine-ego-credidi.mp3<\/p>\n<p>Soprane 2: <div class=\"su-audio\" data-id=\"su_audio_player_69f2fed87e969\" data-audio=\"http:\/\/xn--choeurprlude-ieb.be\/wp-content\/uploads\/2023\/10\/4-02_Sopr2_Domine-ego-credidi.mp3\" data-swf=\"https:\/\/xn--choeurprlude-ieb.be\/wp-content\/plugins\/shortcodes-ultimate\/vendor\/jplayer\/jplayer.swf\" data-autoplay=\"no\" data-loop=\"no\" style=\"\"><div id=\"su_audio_player_69f2fed87e969\" class=\"jp-jplayer\"><\/div><div id=\"su_audio_player_69f2fed87e969_container\" class=\"jp-audio\"><div class=\"jp-type-single\"><div class=\"jp-gui jp-interface\"><div class=\"jp-controls\"><span class=\"jp-play\"><\/span><span class=\"jp-pause\"><\/span><span class=\"jp-stop\"><\/span><span class=\"jp-mute\"><\/span><span class=\"jp-unmute\"><\/span><span class=\"jp-volume-max\"><\/span><\/div><div class=\"jp-progress\"><div class=\"jp-seek-bar\"><div class=\"jp-play-bar\"><\/div><\/div><\/div><div class=\"jp-volume-bar\"><div class=\"jp-volume-bar-value\"><\/div><\/div><div class=\"jp-current-time\"><\/div><div class=\"jp-duration\"><\/div><\/div><div class=\"jp-title\"><\/div><\/div><\/div><\/div>\n<p>URL fichier: http:\/\/xn--choeurprlude-ieb.be\/wp-content\/uploads\/2023\/10\/4-02_Sopr2_Domine-ego-credidi.mp3<\/p>\n<p>Alto 1: <div class=\"su-audio\" data-id=\"su_audio_player_69f2fed87e9ad\" data-audio=\"http:\/\/xn--choeurprlude-ieb.be\/wp-content\/uploads\/2023\/10\/4-03_Alto1_Domine-ego-credidi.mp3\" data-swf=\"https:\/\/xn--choeurprlude-ieb.be\/wp-content\/plugins\/shortcodes-ultimate\/vendor\/jplayer\/jplayer.swf\" data-autoplay=\"no\" data-loop=\"no\" style=\"\"><div id=\"su_audio_player_69f2fed87e9ad\" class=\"jp-jplayer\"><\/div><div id=\"su_audio_player_69f2fed87e9ad_container\" class=\"jp-audio\"><div class=\"jp-type-single\"><div class=\"jp-gui jp-interface\"><div class=\"jp-controls\"><span class=\"jp-play\"><\/span><span class=\"jp-pause\"><\/span><span class=\"jp-stop\"><\/span><span class=\"jp-mute\"><\/span><span class=\"jp-unmute\"><\/span><span class=\"jp-volume-max\"><\/span><\/div><div class=\"jp-progress\"><div class=\"jp-seek-bar\"><div class=\"jp-play-bar\"><\/div><\/div><\/div><div class=\"jp-volume-bar\"><div class=\"jp-volume-bar-value\"><\/div><\/div><div class=\"jp-current-time\"><\/div><div class=\"jp-duration\"><\/div><\/div><div class=\"jp-title\"><\/div><\/div><\/div><\/div>\n<p>URL fichier: http:\/\/xn--choeurprlude-ieb.be\/wp-content\/uploads\/2023\/10\/4-03_Alto1_Domine-ego-credidi.mp3<\/p>\n<p>Alto 2: <div class=\"su-audio\" data-id=\"su_audio_player_69f2fed87e9f1\" data-audio=\"http:\/\/xn--choeurprlude-ieb.be\/wp-content\/uploads\/2023\/10\/4-04_Alto2_Domine-ego-credidi.mp3\" data-swf=\"https:\/\/xn--choeurprlude-ieb.be\/wp-content\/plugins\/shortcodes-ultimate\/vendor\/jplayer\/jplayer.swf\" data-autoplay=\"no\" data-loop=\"no\" style=\"\"><div id=\"su_audio_player_69f2fed87e9f1\" class=\"jp-jplayer\"><\/div><div id=\"su_audio_player_69f2fed87e9f1_container\" class=\"jp-audio\"><div class=\"jp-type-single\"><div class=\"jp-gui jp-interface\"><div class=\"jp-controls\"><span class=\"jp-play\"><\/span><span class=\"jp-pause\"><\/span><span class=\"jp-stop\"><\/span><span class=\"jp-mute\"><\/span><span class=\"jp-unmute\"><\/span><span class=\"jp-volume-max\"><\/span><\/div><div class=\"jp-progress\"><div class=\"jp-seek-bar\"><div class=\"jp-play-bar\"><\/div><\/div><\/div><div class=\"jp-volume-bar\"><div class=\"jp-volume-bar-value\"><\/div><\/div><div class=\"jp-current-time\"><\/div><div class=\"jp-duration\"><\/div><\/div><div class=\"jp-title\"><\/div><\/div><\/div><\/div>\n<p>URL fichier: http:\/\/xn--choeurprlude-ieb.be\/wp-content\/uploads\/2023\/10\/4-04_Alto2_Domine-ego-credidi.mp3<\/p>\n[\/toggle]\n[toggle title=\u00a0\u00bb<strong>SAINT &#8211; SAENS Oratorio de No\u00ebl 6 &#8211; Quare fremuerunt gentes<\/strong>\u00ab\u00a0]\n<p>TUTTI chant\u00e9: <div class=\"su-audio\" data-id=\"su_audio_player_69f2fed87ea35\" data-audio=\"http:\/\/xn--choeurprlude-ieb.be\/wp-content\/uploads\/2023\/09\/00_6-Quare-fremuerunt-gentes_CHANTE-TUTTI-1.mp3\" data-swf=\"https:\/\/xn--choeurprlude-ieb.be\/wp-content\/plugins\/shortcodes-ultimate\/vendor\/jplayer\/jplayer.swf\" data-autoplay=\"no\" data-loop=\"no\" style=\"\"><div id=\"su_audio_player_69f2fed87ea35\" class=\"jp-jplayer\"><\/div><div id=\"su_audio_player_69f2fed87ea35_container\" class=\"jp-audio\"><div class=\"jp-type-single\"><div class=\"jp-gui jp-interface\"><div class=\"jp-controls\"><span class=\"jp-play\"><\/span><span class=\"jp-pause\"><\/span><span class=\"jp-stop\"><\/span><span class=\"jp-mute\"><\/span><span class=\"jp-unmute\"><\/span><span class=\"jp-volume-max\"><\/span><\/div><div class=\"jp-progress\"><div class=\"jp-seek-bar\"><div class=\"jp-play-bar\"><\/div><\/div><\/div><div class=\"jp-volume-bar\"><div class=\"jp-volume-bar-value\"><\/div><\/div><div class=\"jp-current-time\"><\/div><div class=\"jp-duration\"><\/div><\/div><div class=\"jp-title\"><\/div><\/div><\/div><\/div>\n<p>URL fichier: http:\/\/xn--choeurprlude-ieb.be\/wp-content\/uploads\/2023\/09\/00_6-Quare-fremuerunt-gentes_CHANTE-TUTTI-1.mp3<\/p>\n<p>TUTTI chant\u00e9: <div class=\"su-audio\" data-id=\"su_audio_player_69f2fed87ea7b\" data-audio=\"http:\/\/xn--choeurprlude-ieb.be\/wp-content\/uploads\/2023\/09\/6_00-tutti-CHANTE_Quare-fremuerunt-gentes.mp3\" data-swf=\"https:\/\/xn--choeurprlude-ieb.be\/wp-content\/plugins\/shortcodes-ultimate\/vendor\/jplayer\/jplayer.swf\" data-autoplay=\"no\" data-loop=\"no\" style=\"\"><div id=\"su_audio_player_69f2fed87ea7b\" class=\"jp-jplayer\"><\/div><div id=\"su_audio_player_69f2fed87ea7b_container\" class=\"jp-audio\"><div class=\"jp-type-single\"><div class=\"jp-gui jp-interface\"><div class=\"jp-controls\"><span class=\"jp-play\"><\/span><span class=\"jp-pause\"><\/span><span class=\"jp-stop\"><\/span><span class=\"jp-mute\"><\/span><span class=\"jp-unmute\"><\/span><span class=\"jp-volume-max\"><\/span><\/div><div class=\"jp-progress\"><div class=\"jp-seek-bar\"><div class=\"jp-play-bar\"><\/div><\/div><\/div><div class=\"jp-volume-bar\"><div class=\"jp-volume-bar-value\"><\/div><\/div><div class=\"jp-current-time\"><\/div><div class=\"jp-duration\"><\/div><\/div><div class=\"jp-title\"><\/div><\/div><\/div><\/div>\n<p>URL fichier: http:\/\/xn--choeurprlude-ieb.be\/wp-content\/uploads\/2023\/09\/6_00-tutti-CHANTE_Quare-fremuerunt-gentes.mp3<\/p>\n<p>TUTTI chant\u00e9 +lent: <div class=\"su-audio\" data-id=\"su_audio_player_69f2fed87eac7\" data-audio=\"http:\/\/xn--choeurprlude-ieb.be\/wp-content\/uploads\/2023\/09\/6_00-tutti-CHANTELENT_Quare-fremuerunt-gentes.mp3\" data-swf=\"https:\/\/xn--choeurprlude-ieb.be\/wp-content\/plugins\/shortcodes-ultimate\/vendor\/jplayer\/jplayer.swf\" data-autoplay=\"no\" data-loop=\"no\" style=\"\"><div id=\"su_audio_player_69f2fed87eac7\" class=\"jp-jplayer\"><\/div><div id=\"su_audio_player_69f2fed87eac7_container\" class=\"jp-audio\"><div class=\"jp-type-single\"><div class=\"jp-gui jp-interface\"><div class=\"jp-controls\"><span class=\"jp-play\"><\/span><span class=\"jp-pause\"><\/span><span class=\"jp-stop\"><\/span><span class=\"jp-mute\"><\/span><span class=\"jp-unmute\"><\/span><span class=\"jp-volume-max\"><\/span><\/div><div class=\"jp-progress\"><div class=\"jp-seek-bar\"><div class=\"jp-play-bar\"><\/div><\/div><\/div><div class=\"jp-volume-bar\"><div class=\"jp-volume-bar-value\"><\/div><\/div><div class=\"jp-current-time\"><\/div><div class=\"jp-duration\"><\/div><\/div><div class=\"jp-title\"><\/div><\/div><\/div><\/div>\n<p>URL fichier: http:\/\/xn--choeurprlude-ieb.be\/wp-content\/uploads\/2023\/09\/6_00-tutti-CHANTELENT_Quare-fremuerunt-gentes.mp3<\/p>\n<p>Soprano 1 : <div class=\"su-audio\" data-id=\"su_audio_player_69f2fed87eb0d\" data-audio=\"http:\/\/xn--choeurprlude-ieb.be\/wp-content\/uploads\/2023\/09\/6_01-sopr_Quare-fremuerunt-gentes.mp3\" data-swf=\"https:\/\/xn--choeurprlude-ieb.be\/wp-content\/plugins\/shortcodes-ultimate\/vendor\/jplayer\/jplayer.swf\" data-autoplay=\"no\" data-loop=\"no\" style=\"\"><div id=\"su_audio_player_69f2fed87eb0d\" class=\"jp-jplayer\"><\/div><div id=\"su_audio_player_69f2fed87eb0d_container\" class=\"jp-audio\"><div class=\"jp-type-single\"><div class=\"jp-gui jp-interface\"><div class=\"jp-controls\"><span class=\"jp-play\"><\/span><span class=\"jp-pause\"><\/span><span class=\"jp-stop\"><\/span><span class=\"jp-mute\"><\/span><span class=\"jp-unmute\"><\/span><span class=\"jp-volume-max\"><\/span><\/div><div class=\"jp-progress\"><div class=\"jp-seek-bar\"><div class=\"jp-play-bar\"><\/div><\/div><\/div><div class=\"jp-volume-bar\"><div class=\"jp-volume-bar-value\"><\/div><\/div><div class=\"jp-current-time\"><\/div><div class=\"jp-duration\"><\/div><\/div><div class=\"jp-title\"><\/div><\/div><\/div><\/div>\n<p>URL fichier: http:\/\/xn--choeurprlude-ieb.be\/wp-content\/uploads\/2023\/09\/6_01-sopr_Quare-fremuerunt-gentes.mp3<\/p>\n<p>Alto : <div class=\"su-audio\" data-id=\"su_audio_player_69f2fed87eb51\" data-audio=\"http:\/\/xn--choeurprlude-ieb.be\/wp-content\/uploads\/2023\/09\/6_02-alto_Quare-fremuerunt-gentes.mp3\" data-swf=\"https:\/\/xn--choeurprlude-ieb.be\/wp-content\/plugins\/shortcodes-ultimate\/vendor\/jplayer\/jplayer.swf\" data-autoplay=\"no\" data-loop=\"no\" style=\"\"><div id=\"su_audio_player_69f2fed87eb51\" class=\"jp-jplayer\"><\/div><div id=\"su_audio_player_69f2fed87eb51_container\" class=\"jp-audio\"><div class=\"jp-type-single\"><div class=\"jp-gui jp-interface\"><div class=\"jp-controls\"><span class=\"jp-play\"><\/span><span class=\"jp-pause\"><\/span><span class=\"jp-stop\"><\/span><span class=\"jp-mute\"><\/span><span class=\"jp-unmute\"><\/span><span class=\"jp-volume-max\"><\/span><\/div><div class=\"jp-progress\"><div class=\"jp-seek-bar\"><div class=\"jp-play-bar\"><\/div><\/div><\/div><div class=\"jp-volume-bar\"><div class=\"jp-volume-bar-value\"><\/div><\/div><div class=\"jp-current-time\"><\/div><div class=\"jp-duration\"><\/div><\/div><div class=\"jp-title\"><\/div><\/div><\/div><\/div>\n<p>URL fichier: http:\/\/xn--choeurprlude-ieb.be\/wp-content\/uploads\/2023\/09\/6_02-alto_Quare-fremuerunt-gentes.mp3<\/p>\n<p>Tenor : <div class=\"su-audio\" data-id=\"su_audio_player_69f2fed87eb95\" data-audio=\"http:\/\/xn--choeurprlude-ieb.be\/wp-content\/uploads\/2023\/09\/6_03-teno_Quare-fremuerunt-gentes.mp3\" data-swf=\"https:\/\/xn--choeurprlude-ieb.be\/wp-content\/plugins\/shortcodes-ultimate\/vendor\/jplayer\/jplayer.swf\" data-autoplay=\"no\" data-loop=\"no\" style=\"\"><div id=\"su_audio_player_69f2fed87eb95\" class=\"jp-jplayer\"><\/div><div id=\"su_audio_player_69f2fed87eb95_container\" class=\"jp-audio\"><div class=\"jp-type-single\"><div class=\"jp-gui jp-interface\"><div class=\"jp-controls\"><span class=\"jp-play\"><\/span><span class=\"jp-pause\"><\/span><span class=\"jp-stop\"><\/span><span class=\"jp-mute\"><\/span><span class=\"jp-unmute\"><\/span><span class=\"jp-volume-max\"><\/span><\/div><div class=\"jp-progress\"><div class=\"jp-seek-bar\"><div class=\"jp-play-bar\"><\/div><\/div><\/div><div class=\"jp-volume-bar\"><div class=\"jp-volume-bar-value\"><\/div><\/div><div class=\"jp-current-time\"><\/div><div class=\"jp-duration\"><\/div><\/div><div class=\"jp-title\"><\/div><\/div><\/div><\/div>\n<p>URL fichier: http:\/\/xn--choeurprlude-ieb.be\/wp-content\/uploads\/2023\/09\/6_03-teno_Quare-fremuerunt-gentes.mp3<\/p>\n<p>Basse 1 : <div class=\"su-audio\" data-id=\"su_audio_player_69f2fed87ebda\" data-audio=\"http:\/\/xn--choeurprlude-ieb.be\/wp-content\/uploads\/2023\/09\/6_04-bass_Quare-fremuerunt-gentes.mp3\" data-swf=\"https:\/\/xn--choeurprlude-ieb.be\/wp-content\/plugins\/shortcodes-ultimate\/vendor\/jplayer\/jplayer.swf\" data-autoplay=\"no\" data-loop=\"no\" style=\"\"><div id=\"su_audio_player_69f2fed87ebda\" class=\"jp-jplayer\"><\/div><div id=\"su_audio_player_69f2fed87ebda_container\" class=\"jp-audio\"><div class=\"jp-type-single\"><div class=\"jp-gui jp-interface\"><div class=\"jp-controls\"><span class=\"jp-play\"><\/span><span class=\"jp-pause\"><\/span><span class=\"jp-stop\"><\/span><span class=\"jp-mute\"><\/span><span class=\"jp-unmute\"><\/span><span class=\"jp-volume-max\"><\/span><\/div><div class=\"jp-progress\"><div class=\"jp-seek-bar\"><div class=\"jp-play-bar\"><\/div><\/div><\/div><div class=\"jp-volume-bar\"><div class=\"jp-volume-bar-value\"><\/div><\/div><div class=\"jp-current-time\"><\/div><div class=\"jp-duration\"><\/div><\/div><div class=\"jp-title\"><\/div><\/div><\/div><\/div>\n<p>URL fichier: http:\/\/xn--choeurprlude-ieb.be\/wp-content\/uploads\/2023\/09\/6_04-bass_Quare-fremuerunt-gentes.mp3<\/p>\n[\/toggle]\n[toggle title=\u00a0\u00bb<strong>SAINT &#8211; SAENS Oratorio de No\u00ebl 10 &#8211; Tollite hostias<\/strong>\u00ab\u00a0]\n<p>TUTTI chant\u00e9: <div class=\"su-audio\" data-id=\"su_audio_player_69f2fed87ec1e\" data-audio=\"http:\/\/xn--choeurprlude-ieb.be\/wp-content\/uploads\/2023\/09\/10-00-tutti-CHANTE_Tollite-hostias.mp3\" data-swf=\"https:\/\/xn--choeurprlude-ieb.be\/wp-content\/plugins\/shortcodes-ultimate\/vendor\/jplayer\/jplayer.swf\" data-autoplay=\"no\" data-loop=\"no\" style=\"\"><div id=\"su_audio_player_69f2fed87ec1e\" class=\"jp-jplayer\"><\/div><div id=\"su_audio_player_69f2fed87ec1e_container\" class=\"jp-audio\"><div class=\"jp-type-single\"><div class=\"jp-gui jp-interface\"><div class=\"jp-controls\"><span class=\"jp-play\"><\/span><span class=\"jp-pause\"><\/span><span class=\"jp-stop\"><\/span><span class=\"jp-mute\"><\/span><span class=\"jp-unmute\"><\/span><span class=\"jp-volume-max\"><\/span><\/div><div class=\"jp-progress\"><div class=\"jp-seek-bar\"><div class=\"jp-play-bar\"><\/div><\/div><\/div><div class=\"jp-volume-bar\"><div class=\"jp-volume-bar-value\"><\/div><\/div><div class=\"jp-current-time\"><\/div><div class=\"jp-duration\"><\/div><\/div><div class=\"jp-title\"><\/div><\/div><\/div><\/div>\n<p>URL fichier:http:\/\/xn--choeurprlude-ieb.be\/wp-content\/uploads\/2023\/09\/10-00-tutti-CHANTE_Tollite-hostias.mp3<\/p>\n<p>Soprano 1 : <div class=\"su-audio\" data-id=\"su_audio_player_69f2fed87ec62\" data-audio=\"http:\/\/xn--choeurprlude-ieb.be\/wp-content\/uploads\/2023\/09\/10-01-sopr_Tollite-hostias.mp3\" data-swf=\"https:\/\/xn--choeurprlude-ieb.be\/wp-content\/plugins\/shortcodes-ultimate\/vendor\/jplayer\/jplayer.swf\" data-autoplay=\"no\" data-loop=\"no\" style=\"\"><div id=\"su_audio_player_69f2fed87ec62\" class=\"jp-jplayer\"><\/div><div id=\"su_audio_player_69f2fed87ec62_container\" class=\"jp-audio\"><div class=\"jp-type-single\"><div class=\"jp-gui jp-interface\"><div class=\"jp-controls\"><span class=\"jp-play\"><\/span><span class=\"jp-pause\"><\/span><span class=\"jp-stop\"><\/span><span class=\"jp-mute\"><\/span><span class=\"jp-unmute\"><\/span><span class=\"jp-volume-max\"><\/span><\/div><div class=\"jp-progress\"><div class=\"jp-seek-bar\"><div class=\"jp-play-bar\"><\/div><\/div><\/div><div class=\"jp-volume-bar\"><div class=\"jp-volume-bar-value\"><\/div><\/div><div class=\"jp-current-time\"><\/div><div class=\"jp-duration\"><\/div><\/div><div class=\"jp-title\"><\/div><\/div><\/div><\/div>\n<p>URL fichier:http:\/\/xn--choeurprlude-ieb.be\/wp-content\/uploads\/2023\/09\/10-01-sopr_Tollite-hostias.mp3<\/p>\n<p>Alto : <div class=\"su-audio\" data-id=\"su_audio_player_69f2fed87eca6\" data-audio=\"http:\/\/xn--choeurprlude-ieb.be\/wp-content\/uploads\/2023\/09\/10-02-alto_Tollite-hostias.mp3\" data-swf=\"https:\/\/xn--choeurprlude-ieb.be\/wp-content\/plugins\/shortcodes-ultimate\/vendor\/jplayer\/jplayer.swf\" data-autoplay=\"no\" data-loop=\"no\" style=\"\"><div id=\"su_audio_player_69f2fed87eca6\" class=\"jp-jplayer\"><\/div><div id=\"su_audio_player_69f2fed87eca6_container\" class=\"jp-audio\"><div class=\"jp-type-single\"><div class=\"jp-gui jp-interface\"><div class=\"jp-controls\"><span class=\"jp-play\"><\/span><span class=\"jp-pause\"><\/span><span class=\"jp-stop\"><\/span><span class=\"jp-mute\"><\/span><span class=\"jp-unmute\"><\/span><span class=\"jp-volume-max\"><\/span><\/div><div class=\"jp-progress\"><div class=\"jp-seek-bar\"><div class=\"jp-play-bar\"><\/div><\/div><\/div><div class=\"jp-volume-bar\"><div class=\"jp-volume-bar-value\"><\/div><\/div><div class=\"jp-current-time\"><\/div><div class=\"jp-duration\"><\/div><\/div><div class=\"jp-title\"><\/div><\/div><\/div><\/div>\n<p>URL fichier: http:\/\/xn--choeurprlude-ieb.be\/wp-content\/uploads\/2023\/09\/10-02-alto_Tollite-hostias.mp3<\/p>\n<p>Tenor : <div class=\"su-audio\" data-id=\"su_audio_player_69f2fed87eceb\" data-audio=\"http:\/\/xn--choeurprlude-ieb.be\/wp-content\/uploads\/2023\/09\/10-03-teno_Tollite-hostias.mp3\" data-swf=\"https:\/\/xn--choeurprlude-ieb.be\/wp-content\/plugins\/shortcodes-ultimate\/vendor\/jplayer\/jplayer.swf\" data-autoplay=\"no\" data-loop=\"no\" style=\"\"><div id=\"su_audio_player_69f2fed87eceb\" class=\"jp-jplayer\"><\/div><div id=\"su_audio_player_69f2fed87eceb_container\" class=\"jp-audio\"><div class=\"jp-type-single\"><div class=\"jp-gui jp-interface\"><div class=\"jp-controls\"><span class=\"jp-play\"><\/span><span class=\"jp-pause\"><\/span><span class=\"jp-stop\"><\/span><span class=\"jp-mute\"><\/span><span class=\"jp-unmute\"><\/span><span class=\"jp-volume-max\"><\/span><\/div><div class=\"jp-progress\"><div class=\"jp-seek-bar\"><div class=\"jp-play-bar\"><\/div><\/div><\/div><div class=\"jp-volume-bar\"><div class=\"jp-volume-bar-value\"><\/div><\/div><div class=\"jp-current-time\"><\/div><div class=\"jp-duration\"><\/div><\/div><div class=\"jp-title\"><\/div><\/div><\/div><\/div>\n<p>URL fichier: http:\/\/xn--choeurprlude-ieb.be\/wp-content\/uploads\/2023\/09\/10-03-teno_Tollite-hostias.mp3<\/p>\n<p>Basse 1 : <div class=\"su-audio\" data-id=\"su_audio_player_69f2fed87ed2f\" data-audio=\"http:\/\/xn--choeurprlude-ieb.be\/wp-content\/uploads\/2023\/09\/10-04-bass_Tollite-hostias.mp3\" data-swf=\"https:\/\/xn--choeurprlude-ieb.be\/wp-content\/plugins\/shortcodes-ultimate\/vendor\/jplayer\/jplayer.swf\" data-autoplay=\"no\" data-loop=\"no\" style=\"\"><div id=\"su_audio_player_69f2fed87ed2f\" class=\"jp-jplayer\"><\/div><div id=\"su_audio_player_69f2fed87ed2f_container\" class=\"jp-audio\"><div class=\"jp-type-single\"><div class=\"jp-gui jp-interface\"><div class=\"jp-controls\"><span class=\"jp-play\"><\/span><span class=\"jp-pause\"><\/span><span class=\"jp-stop\"><\/span><span class=\"jp-mute\"><\/span><span class=\"jp-unmute\"><\/span><span class=\"jp-volume-max\"><\/span><\/div><div class=\"jp-progress\"><div class=\"jp-seek-bar\"><div class=\"jp-play-bar\"><\/div><\/div><\/div><div class=\"jp-volume-bar\"><div class=\"jp-volume-bar-value\"><\/div><\/div><div class=\"jp-current-time\"><\/div><div class=\"jp-duration\"><\/div><\/div><div class=\"jp-title\"><\/div><\/div><\/div><\/div>\n<p>URL fichier:http:\/\/xn--choeurprlude-ieb.be\/wp-content\/uploads\/2023\/09\/10-04-bass_Tollite-hostias.mp3<\/p>\n[\/toggle]\n<p>&#8212;&#8212;&#8212;&#8212;&#8212;&#8212;&#8212;&#8212;&#8212;&#8212;&#8212;&#8212;&#8212;&#8212;&#8212;&#8212;&#8212;&#8212;&#8212;&#8212;&#8212;&#8212;&#8212;&#8212;&#8212;&#8212;&#8212;<\/p>\n[toggle title=\u00a0\u00bb<strong>SCHEIN J-H &#8211; Ach Herr, ach meiner schone<\/strong>\u00ab\u00a0]\n<p>Soprano 1 : <div class=\"su-audio\" data-id=\"su_audio_player_69f2fed87ed74\" data-audio=\"http:\/\/xn--choeurprlude-ieb.be\/wp-content\/uploads\/2023\/03\/1a-sop-1_-Ach-Herr-ach-meiner-schone-SCHEIN.mp3\" data-swf=\"https:\/\/xn--choeurprlude-ieb.be\/wp-content\/plugins\/shortcodes-ultimate\/vendor\/jplayer\/jplayer.swf\" data-autoplay=\"no\" data-loop=\"no\" style=\"\"><div id=\"su_audio_player_69f2fed87ed74\" class=\"jp-jplayer\"><\/div><div id=\"su_audio_player_69f2fed87ed74_container\" class=\"jp-audio\"><div class=\"jp-type-single\"><div class=\"jp-gui jp-interface\"><div class=\"jp-controls\"><span class=\"jp-play\"><\/span><span class=\"jp-pause\"><\/span><span class=\"jp-stop\"><\/span><span class=\"jp-mute\"><\/span><span class=\"jp-unmute\"><\/span><span class=\"jp-volume-max\"><\/span><\/div><div class=\"jp-progress\"><div class=\"jp-seek-bar\"><div class=\"jp-play-bar\"><\/div><\/div><\/div><div class=\"jp-volume-bar\"><div class=\"jp-volume-bar-value\"><\/div><\/div><div class=\"jp-current-time\"><\/div><div class=\"jp-duration\"><\/div><\/div><div class=\"jp-title\"><\/div><\/div><\/div><\/div>\n<p>URL fichier: <strong>http:\/\/xn--choeurprlude-ieb.be\/wp-content\/uploads\/2023\/03\/1a-sop-1_-Ach-Herr-ach-meiner-schone-SCHEIN.mp3<\/strong><\/p>\n<p>Soprano 2 : <div class=\"su-audio\" data-id=\"su_audio_player_69f2fed87edb8\" data-audio=\"http:\/\/xn--choeurprlude-ieb.be\/wp-content\/uploads\/2023\/03\/1b-sop-2_-Ach-Herr-ach-meiner-schone-SCHEIN.mp3\" data-swf=\"https:\/\/xn--choeurprlude-ieb.be\/wp-content\/plugins\/shortcodes-ultimate\/vendor\/jplayer\/jplayer.swf\" data-autoplay=\"no\" data-loop=\"no\" style=\"\"><div id=\"su_audio_player_69f2fed87edb8\" class=\"jp-jplayer\"><\/div><div id=\"su_audio_player_69f2fed87edb8_container\" class=\"jp-audio\"><div class=\"jp-type-single\"><div class=\"jp-gui jp-interface\"><div class=\"jp-controls\"><span class=\"jp-play\"><\/span><span class=\"jp-pause\"><\/span><span class=\"jp-stop\"><\/span><span class=\"jp-mute\"><\/span><span class=\"jp-unmute\"><\/span><span class=\"jp-volume-max\"><\/span><\/div><div class=\"jp-progress\"><div class=\"jp-seek-bar\"><div class=\"jp-play-bar\"><\/div><\/div><\/div><div class=\"jp-volume-bar\"><div class=\"jp-volume-bar-value\"><\/div><\/div><div class=\"jp-current-time\"><\/div><div class=\"jp-duration\"><\/div><\/div><div class=\"jp-title\"><\/div><\/div><\/div><\/div>\n<p>URL fichier: <strong>http:\/\/xn--choeurprlude-ieb.be\/wp-content\/uploads\/2023\/03\/1b-sop-2_-Ach-Herr-ach-meiner-schone-SCHEIN.mp3<\/strong><\/p>\n<p>Alto : <div class=\"su-audio\" data-id=\"su_audio_player_69f2fed87edfd\" data-audio=\"http:\/\/xn--choeurprlude-ieb.be\/wp-content\/uploads\/2023\/03\/2-alto_-Ach-Herr-ach-meiner-schone-SCHEIN.mp3\" data-swf=\"https:\/\/xn--choeurprlude-ieb.be\/wp-content\/plugins\/shortcodes-ultimate\/vendor\/jplayer\/jplayer.swf\" data-autoplay=\"no\" data-loop=\"no\" style=\"\"><div id=\"su_audio_player_69f2fed87edfd\" class=\"jp-jplayer\"><\/div><div id=\"su_audio_player_69f2fed87edfd_container\" class=\"jp-audio\"><div class=\"jp-type-single\"><div class=\"jp-gui jp-interface\"><div class=\"jp-controls\"><span class=\"jp-play\"><\/span><span class=\"jp-pause\"><\/span><span class=\"jp-stop\"><\/span><span class=\"jp-mute\"><\/span><span class=\"jp-unmute\"><\/span><span class=\"jp-volume-max\"><\/span><\/div><div class=\"jp-progress\"><div class=\"jp-seek-bar\"><div class=\"jp-play-bar\"><\/div><\/div><\/div><div class=\"jp-volume-bar\"><div class=\"jp-volume-bar-value\"><\/div><\/div><div class=\"jp-current-time\"><\/div><div class=\"jp-duration\"><\/div><\/div><div class=\"jp-title\"><\/div><\/div><\/div><\/div>\n<p>URL fichier: <strong>http:\/\/xn--choeurprlude-ieb.be\/wp-content\/uploads\/2023\/03\/2-alto_-Ach-Herr-ach-meiner-schone-SCHEIN.mp3<\/strong><\/p>\n<p>Tenor : <div class=\"su-audio\" data-id=\"su_audio_player_69f2fed87ee42\" data-audio=\"http:\/\/xn--choeurprlude-ieb.be\/wp-content\/uploads\/2023\/03\/3-teno_-Ach-Herr-ach-meiner-schone-SCHEIN.mp3\" data-swf=\"https:\/\/xn--choeurprlude-ieb.be\/wp-content\/plugins\/shortcodes-ultimate\/vendor\/jplayer\/jplayer.swf\" data-autoplay=\"no\" data-loop=\"no\" style=\"\"><div id=\"su_audio_player_69f2fed87ee42\" class=\"jp-jplayer\"><\/div><div id=\"su_audio_player_69f2fed87ee42_container\" class=\"jp-audio\"><div class=\"jp-type-single\"><div class=\"jp-gui jp-interface\"><div class=\"jp-controls\"><span class=\"jp-play\"><\/span><span class=\"jp-pause\"><\/span><span class=\"jp-stop\"><\/span><span class=\"jp-mute\"><\/span><span class=\"jp-unmute\"><\/span><span class=\"jp-volume-max\"><\/span><\/div><div class=\"jp-progress\"><div class=\"jp-seek-bar\"><div class=\"jp-play-bar\"><\/div><\/div><\/div><div class=\"jp-volume-bar\"><div class=\"jp-volume-bar-value\"><\/div><\/div><div class=\"jp-current-time\"><\/div><div class=\"jp-duration\"><\/div><\/div><div class=\"jp-title\"><\/div><\/div><\/div><\/div>\n<p>URL fichier: <strong>http:\/\/xn--choeurprlude-ieb.be\/wp-content\/uploads\/2023\/03\/3-teno_-Ach-Herr-ach-meiner-schone-SCHEIN.mp3<\/strong><\/p>\n<p>Basse : <div class=\"su-audio\" data-id=\"su_audio_player_69f2fed87ee87\" data-audio=\"http:\/\/xn--choeurprlude-ieb.be\/wp-content\/uploads\/2023\/03\/4-bass_-Ach-Herr-ach-meiner-schone-SCHEIN.mp3\" data-swf=\"https:\/\/xn--choeurprlude-ieb.be\/wp-content\/plugins\/shortcodes-ultimate\/vendor\/jplayer\/jplayer.swf\" data-autoplay=\"no\" data-loop=\"no\" style=\"\"><div id=\"su_audio_player_69f2fed87ee87\" class=\"jp-jplayer\"><\/div><div id=\"su_audio_player_69f2fed87ee87_container\" class=\"jp-audio\"><div class=\"jp-type-single\"><div class=\"jp-gui jp-interface\"><div class=\"jp-controls\"><span class=\"jp-play\"><\/span><span class=\"jp-pause\"><\/span><span class=\"jp-stop\"><\/span><span class=\"jp-mute\"><\/span><span class=\"jp-unmute\"><\/span><span class=\"jp-volume-max\"><\/span><\/div><div class=\"jp-progress\"><div class=\"jp-seek-bar\"><div class=\"jp-play-bar\"><\/div><\/div><\/div><div class=\"jp-volume-bar\"><div class=\"jp-volume-bar-value\"><\/div><\/div><div class=\"jp-current-time\"><\/div><div class=\"jp-duration\"><\/div><\/div><div class=\"jp-title\"><\/div><\/div><\/div><\/div>\n<p>URL fichier: <strong>http:\/\/xn--choeurprlude-ieb.be\/wp-content\/uploads\/2023\/03\/4-bass_-Ach-Herr-ach-meiner-schone-SCHEIN.mp3<\/strong><\/p>\n<p>TUTTI : <div class=\"su-audio\" data-id=\"su_audio_player_69f2fed87eecb\" data-audio=\"http:\/\/xn--choeurprlude-ieb.be\/wp-content\/uploads\/2023\/03\/0-tutti_-Ach-Herr-ach-meiner-schone-SCHEIN.mp3\" data-swf=\"https:\/\/xn--choeurprlude-ieb.be\/wp-content\/plugins\/shortcodes-ultimate\/vendor\/jplayer\/jplayer.swf\" data-autoplay=\"no\" data-loop=\"no\" style=\"\"><div id=\"su_audio_player_69f2fed87eecb\" class=\"jp-jplayer\"><\/div><div id=\"su_audio_player_69f2fed87eecb_container\" class=\"jp-audio\"><div class=\"jp-type-single\"><div class=\"jp-gui jp-interface\"><div class=\"jp-controls\"><span class=\"jp-play\"><\/span><span class=\"jp-pause\"><\/span><span class=\"jp-stop\"><\/span><span class=\"jp-mute\"><\/span><span class=\"jp-unmute\"><\/span><span class=\"jp-volume-max\"><\/span><\/div><div class=\"jp-progress\"><div class=\"jp-seek-bar\"><div class=\"jp-play-bar\"><\/div><\/div><\/div><div class=\"jp-volume-bar\"><div class=\"jp-volume-bar-value\"><\/div><\/div><div class=\"jp-current-time\"><\/div><div class=\"jp-duration\"><\/div><\/div><div class=\"jp-title\"><\/div><\/div><\/div><\/div>\n<p>URL fichier: <strong>http:\/\/xn--choeurprlude-ieb.be\/wp-content\/uploads\/2023\/03\/0-tutti_-Ach-Herr-ach-meiner-schone-SCHEIN.mp3<\/strong><\/p>\n<p>VERSION CHANTEE : <div class=\"su-audio\" data-id=\"su_audio_player_69f2fed87ef0f\" data-audio=\"http:\/\/xn--choeurprlude-ieb.be\/wp-content\/uploads\/2023\/03\/00-AUDIO_chante_Ach-Herr-ach-meiner-schone.mp3\" data-swf=\"https:\/\/xn--choeurprlude-ieb.be\/wp-content\/plugins\/shortcodes-ultimate\/vendor\/jplayer\/jplayer.swf\" data-autoplay=\"no\" data-loop=\"no\" style=\"\"><div id=\"su_audio_player_69f2fed87ef0f\" class=\"jp-jplayer\"><\/div><div id=\"su_audio_player_69f2fed87ef0f_container\" class=\"jp-audio\"><div class=\"jp-type-single\"><div class=\"jp-gui jp-interface\"><div class=\"jp-controls\"><span class=\"jp-play\"><\/span><span class=\"jp-pause\"><\/span><span class=\"jp-stop\"><\/span><span class=\"jp-mute\"><\/span><span class=\"jp-unmute\"><\/span><span class=\"jp-volume-max\"><\/span><\/div><div class=\"jp-progress\"><div class=\"jp-seek-bar\"><div class=\"jp-play-bar\"><\/div><\/div><\/div><div class=\"jp-volume-bar\"><div class=\"jp-volume-bar-value\"><\/div><\/div><div class=\"jp-current-time\"><\/div><div class=\"jp-duration\"><\/div><\/div><div class=\"jp-title\"><\/div><\/div><\/div><\/div>\n<p>VERSION CHANTEE PLUS LENTE avec partition d\u00e9roulante : <div class=\"su-audio\" data-id=\"su_audio_player_69f2fed87ef54\" data-audio=\"http:\/\/xn--choeurprlude-ieb.be\/wp-content\/uploads\/2023\/03\/00-VIDEO_chante-lent-avec-partition-deroulante_Ach-Herr-ach-meiner-schone.mp4\" data-swf=\"https:\/\/xn--choeurprlude-ieb.be\/wp-content\/plugins\/shortcodes-ultimate\/vendor\/jplayer\/jplayer.swf\" data-autoplay=\"no\" data-loop=\"no\" style=\"\"><div id=\"su_audio_player_69f2fed87ef54\" class=\"jp-jplayer\"><\/div><div id=\"su_audio_player_69f2fed87ef54_container\" class=\"jp-audio\"><div class=\"jp-type-single\"><div class=\"jp-gui jp-interface\"><div class=\"jp-controls\"><span class=\"jp-play\"><\/span><span class=\"jp-pause\"><\/span><span class=\"jp-stop\"><\/span><span class=\"jp-mute\"><\/span><span class=\"jp-unmute\"><\/span><span class=\"jp-volume-max\"><\/span><\/div><div class=\"jp-progress\"><div class=\"jp-seek-bar\"><div class=\"jp-play-bar\"><\/div><\/div><\/div><div class=\"jp-volume-bar\"><div class=\"jp-volume-bar-value\"><\/div><\/div><div class=\"jp-current-time\"><\/div><div class=\"jp-duration\"><\/div><\/div><div class=\"jp-title\"><\/div><\/div><\/div><\/div>\n[\/toggle]\n[toggle title=\u00a0\u00bb<strong>STOPFORD &#8211; Lully, Lulla, Lullay<\/strong>\u00ab\u00a0]\n<p>Soprano : <div class=\"su-audio\" data-id=\"su_audio_player_69f2fed87ef99\" data-audio=\"http:\/\/xn--choeurprlude-ieb.be\/wp-content\/uploads\/2022\/09\/A-1_sopr_Lully-Lulla-Lullay.mp3\" data-swf=\"https:\/\/xn--choeurprlude-ieb.be\/wp-content\/plugins\/shortcodes-ultimate\/vendor\/jplayer\/jplayer.swf\" data-autoplay=\"no\" data-loop=\"no\" style=\"\"><div id=\"su_audio_player_69f2fed87ef99\" class=\"jp-jplayer\"><\/div><div id=\"su_audio_player_69f2fed87ef99_container\" class=\"jp-audio\"><div class=\"jp-type-single\"><div class=\"jp-gui jp-interface\"><div class=\"jp-controls\"><span class=\"jp-play\"><\/span><span class=\"jp-pause\"><\/span><span class=\"jp-stop\"><\/span><span class=\"jp-mute\"><\/span><span class=\"jp-unmute\"><\/span><span class=\"jp-volume-max\"><\/span><\/div><div class=\"jp-progress\"><div class=\"jp-seek-bar\"><div class=\"jp-play-bar\"><\/div><\/div><\/div><div class=\"jp-volume-bar\"><div class=\"jp-volume-bar-value\"><\/div><\/div><div class=\"jp-current-time\"><\/div><div class=\"jp-duration\"><\/div><\/div><div class=\"jp-title\"><\/div><\/div><\/div><\/div>\n<p>URL fichier: http:\/\/xn--choeurprlude-ieb.be\/wp-content\/uploads\/2022\/09\/A-1_sopr_Lully-Lulla-Lullay.mp3<\/p>\n<p>Alto : <div class=\"su-audio\" data-id=\"su_audio_player_69f2fed87efde\" data-audio=\"http:\/\/xn--choeurprlude-ieb.be\/wp-content\/uploads\/2022\/09\/A-2_alto_Lully-Lulla-Lullay.mp3\" data-swf=\"https:\/\/xn--choeurprlude-ieb.be\/wp-content\/plugins\/shortcodes-ultimate\/vendor\/jplayer\/jplayer.swf\" data-autoplay=\"no\" data-loop=\"no\" style=\"\"><div id=\"su_audio_player_69f2fed87efde\" class=\"jp-jplayer\"><\/div><div id=\"su_audio_player_69f2fed87efde_container\" class=\"jp-audio\"><div class=\"jp-type-single\"><div class=\"jp-gui jp-interface\"><div class=\"jp-controls\"><span class=\"jp-play\"><\/span><span class=\"jp-pause\"><\/span><span class=\"jp-stop\"><\/span><span class=\"jp-mute\"><\/span><span class=\"jp-unmute\"><\/span><span class=\"jp-volume-max\"><\/span><\/div><div class=\"jp-progress\"><div class=\"jp-seek-bar\"><div class=\"jp-play-bar\"><\/div><\/div><\/div><div class=\"jp-volume-bar\"><div class=\"jp-volume-bar-value\"><\/div><\/div><div class=\"jp-current-time\"><\/div><div class=\"jp-duration\"><\/div><\/div><div class=\"jp-title\"><\/div><\/div><\/div><\/div>\n<p>URL fichier: http:\/\/xn--choeurprlude-ieb.be\/wp-content\/uploads\/2022\/09\/A-2_alto_Lully-Lulla-Lullay.mp3<\/p>\n<p>Tenor : <div class=\"su-audio\" data-id=\"su_audio_player_69f2fed87f022\" data-audio=\"http:\/\/xn--choeurprlude-ieb.be\/wp-content\/uploads\/2022\/09\/A-3_teno_Lully-Lulla-Lullay.mp3\" data-swf=\"https:\/\/xn--choeurprlude-ieb.be\/wp-content\/plugins\/shortcodes-ultimate\/vendor\/jplayer\/jplayer.swf\" data-autoplay=\"no\" data-loop=\"no\" style=\"\"><div id=\"su_audio_player_69f2fed87f022\" class=\"jp-jplayer\"><\/div><div id=\"su_audio_player_69f2fed87f022_container\" class=\"jp-audio\"><div class=\"jp-type-single\"><div class=\"jp-gui jp-interface\"><div class=\"jp-controls\"><span class=\"jp-play\"><\/span><span class=\"jp-pause\"><\/span><span class=\"jp-stop\"><\/span><span class=\"jp-mute\"><\/span><span class=\"jp-unmute\"><\/span><span class=\"jp-volume-max\"><\/span><\/div><div class=\"jp-progress\"><div class=\"jp-seek-bar\"><div class=\"jp-play-bar\"><\/div><\/div><\/div><div class=\"jp-volume-bar\"><div class=\"jp-volume-bar-value\"><\/div><\/div><div class=\"jp-current-time\"><\/div><div class=\"jp-duration\"><\/div><\/div><div class=\"jp-title\"><\/div><\/div><\/div><\/div>\n<p>URL fichier: http:\/\/xn--choeurprlude-ieb.be\/wp-content\/uploads\/2022\/09\/A-3_teno_Lully-Lulla-Lullay.mp3<\/p>\n<p>Basse : <div class=\"su-audio\" data-id=\"su_audio_player_69f2fed87f067\" data-audio=\"http:\/\/xn--choeurprlude-ieb.be\/wp-content\/uploads\/2022\/09\/A-4_bass_Lully-Lulla-Lullay.mp3\" data-swf=\"https:\/\/xn--choeurprlude-ieb.be\/wp-content\/plugins\/shortcodes-ultimate\/vendor\/jplayer\/jplayer.swf\" data-autoplay=\"no\" data-loop=\"no\" style=\"\"><div id=\"su_audio_player_69f2fed87f067\" class=\"jp-jplayer\"><\/div><div id=\"su_audio_player_69f2fed87f067_container\" class=\"jp-audio\"><div class=\"jp-type-single\"><div class=\"jp-gui jp-interface\"><div class=\"jp-controls\"><span class=\"jp-play\"><\/span><span class=\"jp-pause\"><\/span><span class=\"jp-stop\"><\/span><span class=\"jp-mute\"><\/span><span class=\"jp-unmute\"><\/span><span class=\"jp-volume-max\"><\/span><\/div><div class=\"jp-progress\"><div class=\"jp-seek-bar\"><div class=\"jp-play-bar\"><\/div><\/div><\/div><div class=\"jp-volume-bar\"><div class=\"jp-volume-bar-value\"><\/div><\/div><div class=\"jp-current-time\"><\/div><div class=\"jp-duration\"><\/div><\/div><div class=\"jp-title\"><\/div><\/div><\/div><\/div>\n<p>URL fichier: http:\/\/xn--choeurprlude-ieb.be\/wp-content\/uploads\/2022\/09\/A-4_bass_Lully-Lulla-Lullay.mp3<\/p>\n<p>TUTTI : <div class=\"su-audio\" data-id=\"su_audio_player_69f2fed87f0ad\" data-audio=\"http:\/\/xn--choeurprlude-ieb.be\/wp-content\/uploads\/2022\/09\/A-0_tutti_Lully-Lulla-Lullay.mp3\" data-swf=\"https:\/\/xn--choeurprlude-ieb.be\/wp-content\/plugins\/shortcodes-ultimate\/vendor\/jplayer\/jplayer.swf\" data-autoplay=\"no\" data-loop=\"no\" style=\"\"><div id=\"su_audio_player_69f2fed87f0ad\" class=\"jp-jplayer\"><\/div><div id=\"su_audio_player_69f2fed87f0ad_container\" class=\"jp-audio\"><div class=\"jp-type-single\"><div class=\"jp-gui jp-interface\"><div class=\"jp-controls\"><span class=\"jp-play\"><\/span><span class=\"jp-pause\"><\/span><span class=\"jp-stop\"><\/span><span class=\"jp-mute\"><\/span><span class=\"jp-unmute\"><\/span><span class=\"jp-volume-max\"><\/span><\/div><div class=\"jp-progress\"><div class=\"jp-seek-bar\"><div class=\"jp-play-bar\"><\/div><\/div><\/div><div class=\"jp-volume-bar\"><div class=\"jp-volume-bar-value\"><\/div><\/div><div class=\"jp-current-time\"><\/div><div class=\"jp-duration\"><\/div><\/div><div class=\"jp-title\"><\/div><\/div><\/div><\/div>\n<p>URL fichier: http:\/\/xn--choeurprlude-ieb.be\/wp-content\/uploads\/2022\/09\/A-0_tutti_Lully-Lulla-Lullay.mp3<\/p>\n<p>VERSION CHANTEE : <div class=\"su-audio\" data-id=\"su_audio_player_69f2fed87f0f2\" data-audio=\"http:\/\/xn--choeurprlude-ieb.be\/wp-content\/uploads\/2022\/09\/A-0_Chante_Lully-Lulla-Lullay-AUDIO_VOCES8.mp3\" data-swf=\"https:\/\/xn--choeurprlude-ieb.be\/wp-content\/plugins\/shortcodes-ultimate\/vendor\/jplayer\/jplayer.swf\" data-autoplay=\"no\" data-loop=\"no\" style=\"\"><div id=\"su_audio_player_69f2fed87f0f2\" class=\"jp-jplayer\"><\/div><div id=\"su_audio_player_69f2fed87f0f2_container\" class=\"jp-audio\"><div class=\"jp-type-single\"><div class=\"jp-gui jp-interface\"><div class=\"jp-controls\"><span class=\"jp-play\"><\/span><span class=\"jp-pause\"><\/span><span class=\"jp-stop\"><\/span><span class=\"jp-mute\"><\/span><span class=\"jp-unmute\"><\/span><span class=\"jp-volume-max\"><\/span><\/div><div class=\"jp-progress\"><div class=\"jp-seek-bar\"><div class=\"jp-play-bar\"><\/div><\/div><\/div><div class=\"jp-volume-bar\"><div class=\"jp-volume-bar-value\"><\/div><\/div><div class=\"jp-current-time\"><\/div><div class=\"jp-duration\"><\/div><\/div><div class=\"jp-title\"><\/div><\/div><\/div><\/div>\n<p>URL fichier: http:\/\/xn--choeurprlude-ieb.be\/wp-content\/uploads\/2022\/09\/A-0_Chante_Lully-Lulla-Lullay-AUDIO_VOCES8.mp3<\/p>\n<p>VERSION CHANTEE VIDEO:<\/p>\n<p><iframe loading=\"lazy\" title=\"VOCES8 - Stopford: Lully, Lulla, Lullay\" width=\"640\" height=\"360\" src=\"https:\/\/www.youtube.com\/embed\/Cte1DONjr24?feature=oembed\" frameborder=\"0\" allow=\"accelerometer; autoplay; clipboard-write; encrypted-media; gyroscope; picture-in-picture; web-share\" referrerpolicy=\"strict-origin-when-cross-origin\" allowfullscreen><\/iframe><\/p>\n[\/toggle]\n[toggle title=\u00a0\u00bb<strong>SWEELINCK &#8211;<\/strong> <b>Miserere (Dames) &#8211; CANON<\/b>\u00ab\u00a0]\n<p>Soprano : <div class=\"su-audio\" data-id=\"su_audio_player_69f2fed87f137\" data-audio=\"http:\/\/xn--choeurprlude-ieb.be\/wp-content\/uploads\/2022\/03\/MP3_1-sopr_Miserere-Sweelinck.mp3\" data-swf=\"https:\/\/xn--choeurprlude-ieb.be\/wp-content\/plugins\/shortcodes-ultimate\/vendor\/jplayer\/jplayer.swf\" data-autoplay=\"no\" data-loop=\"no\" style=\"\"><div id=\"su_audio_player_69f2fed87f137\" class=\"jp-jplayer\"><\/div><div id=\"su_audio_player_69f2fed87f137_container\" class=\"jp-audio\"><div class=\"jp-type-single\"><div class=\"jp-gui jp-interface\"><div class=\"jp-controls\"><span class=\"jp-play\"><\/span><span class=\"jp-pause\"><\/span><span class=\"jp-stop\"><\/span><span class=\"jp-mute\"><\/span><span class=\"jp-unmute\"><\/span><span class=\"jp-volume-max\"><\/span><\/div><div class=\"jp-progress\"><div class=\"jp-seek-bar\"><div class=\"jp-play-bar\"><\/div><\/div><\/div><div class=\"jp-volume-bar\"><div class=\"jp-volume-bar-value\"><\/div><\/div><div class=\"jp-current-time\"><\/div><div class=\"jp-duration\"><\/div><\/div><div class=\"jp-title\"><\/div><\/div><\/div><\/div>\n<p>URL fichier: <strong>http:\/\/xn--choeurprlude-ieb.be\/wp-content\/uploads\/2022\/03\/MP3_1-sopr_Miserere-Sweelinck.mp3<\/strong><\/p>\n<p>Alto : <div class=\"su-audio\" data-id=\"su_audio_player_69f2fed87f17c\" data-audio=\"http:\/\/xn--choeurprlude-ieb.be\/wp-content\/uploads\/2022\/03\/MP3_2-alto_Miserere-Sweelinck.mp3\" data-swf=\"https:\/\/xn--choeurprlude-ieb.be\/wp-content\/plugins\/shortcodes-ultimate\/vendor\/jplayer\/jplayer.swf\" data-autoplay=\"no\" data-loop=\"no\" style=\"\"><div id=\"su_audio_player_69f2fed87f17c\" class=\"jp-jplayer\"><\/div><div id=\"su_audio_player_69f2fed87f17c_container\" class=\"jp-audio\"><div class=\"jp-type-single\"><div class=\"jp-gui jp-interface\"><div class=\"jp-controls\"><span class=\"jp-play\"><\/span><span class=\"jp-pause\"><\/span><span class=\"jp-stop\"><\/span><span class=\"jp-mute\"><\/span><span class=\"jp-unmute\"><\/span><span class=\"jp-volume-max\"><\/span><\/div><div class=\"jp-progress\"><div class=\"jp-seek-bar\"><div class=\"jp-play-bar\"><\/div><\/div><\/div><div class=\"jp-volume-bar\"><div class=\"jp-volume-bar-value\"><\/div><\/div><div class=\"jp-current-time\"><\/div><div class=\"jp-duration\"><\/div><\/div><div class=\"jp-title\"><\/div><\/div><\/div><\/div>\n<p>URL fichier: <strong>http:\/\/xn--choeurprlude-ieb.be\/wp-content\/uploads\/2022\/03\/MP3_2-alto_Miserere-Sweelinck.mp3<\/strong><\/p>\n<p>TUTTI : <div class=\"su-audio\" data-id=\"su_audio_player_69f2fed87f1c1\" data-audio=\"http:\/\/xn--choeurprlude-ieb.be\/wp-content\/uploads\/2022\/03\/MP3_0-tutti_Miserere-Sweelinck.mp3\" data-swf=\"https:\/\/xn--choeurprlude-ieb.be\/wp-content\/plugins\/shortcodes-ultimate\/vendor\/jplayer\/jplayer.swf\" data-autoplay=\"no\" data-loop=\"no\" style=\"\"><div id=\"su_audio_player_69f2fed87f1c1\" class=\"jp-jplayer\"><\/div><div id=\"su_audio_player_69f2fed87f1c1_container\" class=\"jp-audio\"><div class=\"jp-type-single\"><div class=\"jp-gui jp-interface\"><div class=\"jp-controls\"><span class=\"jp-play\"><\/span><span class=\"jp-pause\"><\/span><span class=\"jp-stop\"><\/span><span class=\"jp-mute\"><\/span><span class=\"jp-unmute\"><\/span><span class=\"jp-volume-max\"><\/span><\/div><div class=\"jp-progress\"><div class=\"jp-seek-bar\"><div class=\"jp-play-bar\"><\/div><\/div><\/div><div class=\"jp-volume-bar\"><div class=\"jp-volume-bar-value\"><\/div><\/div><div class=\"jp-current-time\"><\/div><div class=\"jp-duration\"><\/div><\/div><div class=\"jp-title\"><\/div><\/div><\/div><\/div>\n<p>URL fichier: <strong>http:\/\/xn--choeurprlude-ieb.be\/wp-content\/uploads\/2022\/03\/MP3_0-tutti_Miserere-Sweelinck.mp3<\/strong><\/p>\n<p>VERSION CHANTEE PAR QUATUOR DAMES : <div class=\"su-audio\" data-id=\"su_audio_player_69f2fed87f207\" data-audio=\"http:\/\/xn--choeurprlude-ieb.be\/wp-content\/uploads\/2022\/03\/Miserere-Sweelinck-Canon-QUATUOR-DAMES.mp3\" data-swf=\"https:\/\/xn--choeurprlude-ieb.be\/wp-content\/plugins\/shortcodes-ultimate\/vendor\/jplayer\/jplayer.swf\" data-autoplay=\"no\" data-loop=\"no\" style=\"\"><div id=\"su_audio_player_69f2fed87f207\" class=\"jp-jplayer\"><\/div><div id=\"su_audio_player_69f2fed87f207_container\" class=\"jp-audio\"><div class=\"jp-type-single\"><div class=\"jp-gui jp-interface\"><div class=\"jp-controls\"><span class=\"jp-play\"><\/span><span class=\"jp-pause\"><\/span><span class=\"jp-stop\"><\/span><span class=\"jp-mute\"><\/span><span class=\"jp-unmute\"><\/span><span class=\"jp-volume-max\"><\/span><\/div><div class=\"jp-progress\"><div class=\"jp-seek-bar\"><div class=\"jp-play-bar\"><\/div><\/div><\/div><div class=\"jp-volume-bar\"><div class=\"jp-volume-bar-value\"><\/div><\/div><div class=\"jp-current-time\"><\/div><div class=\"jp-duration\"><\/div><\/div><div class=\"jp-title\"><\/div><\/div><\/div><\/div>\n<p>URL fichier: <strong>http:\/\/xn--choeurprlude-ieb.be\/wp-content\/uploads\/2022\/03\/Miserere-Sweelinck-Canon-QUATUOR-DAMES.mp3<\/strong><\/p>\n[\/toggle]\n[toggle title=\u00a0\u00bb<strong>TRADITIONNEL &#8211;<\/strong> <strong>Evening Rise<\/strong>\u00ab\u00a0]\n<p>Soprano : <div class=\"su-audio\" data-id=\"su_audio_player_69f2fed87f24b\" data-audio=\"http:\/\/xn--choeurprlude-ieb.be\/wp-content\/uploads\/2022\/10\/06-sopr1-Evening-Rise.mp3\" data-swf=\"https:\/\/xn--choeurprlude-ieb.be\/wp-content\/plugins\/shortcodes-ultimate\/vendor\/jplayer\/jplayer.swf\" data-autoplay=\"no\" data-loop=\"no\" style=\"\"><div id=\"su_audio_player_69f2fed87f24b\" class=\"jp-jplayer\"><\/div><div id=\"su_audio_player_69f2fed87f24b_container\" class=\"jp-audio\"><div class=\"jp-type-single\"><div class=\"jp-gui jp-interface\"><div class=\"jp-controls\"><span class=\"jp-play\"><\/span><span class=\"jp-pause\"><\/span><span class=\"jp-stop\"><\/span><span class=\"jp-mute\"><\/span><span class=\"jp-unmute\"><\/span><span class=\"jp-volume-max\"><\/span><\/div><div class=\"jp-progress\"><div class=\"jp-seek-bar\"><div class=\"jp-play-bar\"><\/div><\/div><\/div><div class=\"jp-volume-bar\"><div class=\"jp-volume-bar-value\"><\/div><\/div><div class=\"jp-current-time\"><\/div><div class=\"jp-duration\"><\/div><\/div><div class=\"jp-title\"><\/div><\/div><\/div><\/div>\n<p>URL fichier: http:\/\/xn--choeurprlude-ieb.be\/wp-content\/uploads\/2022\/10\/06-sopr1-Evening-Rise.mp3<\/p>\n<p>Alto 1 : <div class=\"su-audio\" data-id=\"su_audio_player_69f2fed87f290\" data-audio=\"http:\/\/xn--choeurprlude-ieb.be\/wp-content\/uploads\/2022\/10\/03-alto1-Evening-Rise.mp3\" data-swf=\"https:\/\/xn--choeurprlude-ieb.be\/wp-content\/plugins\/shortcodes-ultimate\/vendor\/jplayer\/jplayer.swf\" data-autoplay=\"no\" data-loop=\"no\" style=\"\"><div id=\"su_audio_player_69f2fed87f290\" class=\"jp-jplayer\"><\/div><div id=\"su_audio_player_69f2fed87f290_container\" class=\"jp-audio\"><div class=\"jp-type-single\"><div class=\"jp-gui jp-interface\"><div class=\"jp-controls\"><span class=\"jp-play\"><\/span><span class=\"jp-pause\"><\/span><span class=\"jp-stop\"><\/span><span class=\"jp-mute\"><\/span><span class=\"jp-unmute\"><\/span><span class=\"jp-volume-max\"><\/span><\/div><div class=\"jp-progress\"><div class=\"jp-seek-bar\"><div class=\"jp-play-bar\"><\/div><\/div><\/div><div class=\"jp-volume-bar\"><div class=\"jp-volume-bar-value\"><\/div><\/div><div class=\"jp-current-time\"><\/div><div class=\"jp-duration\"><\/div><\/div><div class=\"jp-title\"><\/div><\/div><\/div><\/div>\n<p>URL fichier: http:\/\/xn--choeurprlude-ieb.be\/wp-content\/uploads\/2022\/10\/03-alto1-Evening-Rise.mp3<\/p>\n<p>Alto 2 : <div class=\"su-audio\" data-id=\"su_audio_player_69f2fed87f2d4\" data-audio=\"http:\/\/xn--choeurprlude-ieb.be\/wp-content\/uploads\/2022\/10\/02-alto2-Evening-Rise.mp3\" data-swf=\"https:\/\/xn--choeurprlude-ieb.be\/wp-content\/plugins\/shortcodes-ultimate\/vendor\/jplayer\/jplayer.swf\" data-autoplay=\"no\" data-loop=\"no\" style=\"\"><div id=\"su_audio_player_69f2fed87f2d4\" class=\"jp-jplayer\"><\/div><div id=\"su_audio_player_69f2fed87f2d4_container\" class=\"jp-audio\"><div class=\"jp-type-single\"><div class=\"jp-gui jp-interface\"><div class=\"jp-controls\"><span class=\"jp-play\"><\/span><span class=\"jp-pause\"><\/span><span class=\"jp-stop\"><\/span><span class=\"jp-mute\"><\/span><span class=\"jp-unmute\"><\/span><span class=\"jp-volume-max\"><\/span><\/div><div class=\"jp-progress\"><div class=\"jp-seek-bar\"><div class=\"jp-play-bar\"><\/div><\/div><\/div><div class=\"jp-volume-bar\"><div class=\"jp-volume-bar-value\"><\/div><\/div><div class=\"jp-current-time\"><\/div><div class=\"jp-duration\"><\/div><\/div><div class=\"jp-title\"><\/div><\/div><\/div><\/div>\n<p>URL fichier: http:\/\/xn--choeurprlude-ieb.be\/wp-content\/uploads\/2022\/10\/02-alto2-Evening-Rise.mp3.mp3<\/p>\n<p>Tenor : <div class=\"su-audio\" data-id=\"su_audio_player_69f2fed87f319\" data-audio=\"http:\/\/xn--choeurprlude-ieb.be\/wp-content\/uploads\/2022\/10\/05-tenor-Evening-Rise.mp3\" data-swf=\"https:\/\/xn--choeurprlude-ieb.be\/wp-content\/plugins\/shortcodes-ultimate\/vendor\/jplayer\/jplayer.swf\" data-autoplay=\"no\" data-loop=\"no\" style=\"\"><div id=\"su_audio_player_69f2fed87f319\" class=\"jp-jplayer\"><\/div><div id=\"su_audio_player_69f2fed87f319_container\" class=\"jp-audio\"><div class=\"jp-type-single\"><div class=\"jp-gui jp-interface\"><div class=\"jp-controls\"><span class=\"jp-play\"><\/span><span class=\"jp-pause\"><\/span><span class=\"jp-stop\"><\/span><span class=\"jp-mute\"><\/span><span class=\"jp-unmute\"><\/span><span class=\"jp-volume-max\"><\/span><\/div><div class=\"jp-progress\"><div class=\"jp-seek-bar\"><div class=\"jp-play-bar\"><\/div><\/div><\/div><div class=\"jp-volume-bar\"><div class=\"jp-volume-bar-value\"><\/div><\/div><div class=\"jp-current-time\"><\/div><div class=\"jp-duration\"><\/div><\/div><div class=\"jp-title\"><\/div><\/div><\/div><\/div>\n<p>URL fichier: http:\/\/xn--choeurprlude-ieb.be\/wp-content\/uploads\/2022\/10\/05-tenor-Evening-Rise.mp3<\/p>\n<p>Basse : <div class=\"su-audio\" data-id=\"su_audio_player_69f2fed87f365\" data-audio=\"http:\/\/xn--choeurprlude-ieb.be\/wp-content\/uploads\/2022\/10\/04-bass-Evening-Rise.mp3\" data-swf=\"https:\/\/xn--choeurprlude-ieb.be\/wp-content\/plugins\/shortcodes-ultimate\/vendor\/jplayer\/jplayer.swf\" data-autoplay=\"no\" data-loop=\"no\" style=\"\"><div id=\"su_audio_player_69f2fed87f365\" class=\"jp-jplayer\"><\/div><div id=\"su_audio_player_69f2fed87f365_container\" class=\"jp-audio\"><div class=\"jp-type-single\"><div class=\"jp-gui jp-interface\"><div class=\"jp-controls\"><span class=\"jp-play\"><\/span><span class=\"jp-pause\"><\/span><span class=\"jp-stop\"><\/span><span class=\"jp-mute\"><\/span><span class=\"jp-unmute\"><\/span><span class=\"jp-volume-max\"><\/span><\/div><div class=\"jp-progress\"><div class=\"jp-seek-bar\"><div class=\"jp-play-bar\"><\/div><\/div><\/div><div class=\"jp-volume-bar\"><div class=\"jp-volume-bar-value\"><\/div><\/div><div class=\"jp-current-time\"><\/div><div class=\"jp-duration\"><\/div><\/div><div class=\"jp-title\"><\/div><\/div><\/div><\/div>\n<p>URL fichier: http:\/\/xn--choeurprlude-ieb.be\/wp-content\/uploads\/2022\/10\/04-bass-Evening-Rise.mp3<\/p>\n<p>TUTTI 1 FOIS: <div class=\"su-audio\" data-id=\"su_audio_player_69f2fed87f3a9\" data-audio=\"http:\/\/xn--choeurprlude-ieb.be\/wp-content\/uploads\/2022\/10\/00-tutti-1X_Evening-Rise.mp3\" data-swf=\"https:\/\/xn--choeurprlude-ieb.be\/wp-content\/plugins\/shortcodes-ultimate\/vendor\/jplayer\/jplayer.swf\" data-autoplay=\"no\" data-loop=\"no\" style=\"\"><div id=\"su_audio_player_69f2fed87f3a9\" class=\"jp-jplayer\"><\/div><div id=\"su_audio_player_69f2fed87f3a9_container\" class=\"jp-audio\"><div class=\"jp-type-single\"><div class=\"jp-gui jp-interface\"><div class=\"jp-controls\"><span class=\"jp-play\"><\/span><span class=\"jp-pause\"><\/span><span class=\"jp-stop\"><\/span><span class=\"jp-mute\"><\/span><span class=\"jp-unmute\"><\/span><span class=\"jp-volume-max\"><\/span><\/div><div class=\"jp-progress\"><div class=\"jp-seek-bar\"><div class=\"jp-play-bar\"><\/div><\/div><\/div><div class=\"jp-volume-bar\"><div class=\"jp-volume-bar-value\"><\/div><\/div><div class=\"jp-current-time\"><\/div><div class=\"jp-duration\"><\/div><\/div><div class=\"jp-title\"><\/div><\/div><\/div><\/div>\n<p>URL fichier: http:\/\/xn--choeurprlude-ieb.be\/wp-content\/uploads\/2022\/10\/00-tutti-1X_Evening-Rise.mp3<\/p>\n<p>TUTTI CONDUITE (D\u00e9roulement comme demand\u00e9 par Isabelle): <div class=\"su-audio\" data-id=\"su_audio_player_69f2fed87f3ed\" data-audio=\"http:\/\/xn--choeurprlude-ieb.be\/wp-content\/uploads\/2022\/10\/00-tutti-CONDUITE_Evening-Rise.mp3\" data-swf=\"https:\/\/xn--choeurprlude-ieb.be\/wp-content\/plugins\/shortcodes-ultimate\/vendor\/jplayer\/jplayer.swf\" data-autoplay=\"no\" data-loop=\"no\" style=\"\"><div id=\"su_audio_player_69f2fed87f3ed\" class=\"jp-jplayer\"><\/div><div id=\"su_audio_player_69f2fed87f3ed_container\" class=\"jp-audio\"><div class=\"jp-type-single\"><div class=\"jp-gui jp-interface\"><div class=\"jp-controls\"><span class=\"jp-play\"><\/span><span class=\"jp-pause\"><\/span><span class=\"jp-stop\"><\/span><span class=\"jp-mute\"><\/span><span class=\"jp-unmute\"><\/span><span class=\"jp-volume-max\"><\/span><\/div><div class=\"jp-progress\"><div class=\"jp-seek-bar\"><div class=\"jp-play-bar\"><\/div><\/div><\/div><div class=\"jp-volume-bar\"><div class=\"jp-volume-bar-value\"><\/div><\/div><div class=\"jp-current-time\"><\/div><div class=\"jp-duration\"><\/div><\/div><div class=\"jp-title\"><\/div><\/div><\/div><\/div>\n<p>URL fichier: http:\/\/xn--choeurprlude-ieb.be\/wp-content\/uploads\/2022\/10\/00-tutti-CONDUITE_Evening-Rise.mp3<\/p>\n<p>TUTTI MELODIE: <div class=\"su-audio\" data-id=\"su_audio_player_69f2fed87f432\" data-audio=\"http:\/\/xn--choeurprlude-ieb.be\/wp-content\/uploads\/2022\/10\/01-melod-Evening-Rise.mp3\" data-swf=\"https:\/\/xn--choeurprlude-ieb.be\/wp-content\/plugins\/shortcodes-ultimate\/vendor\/jplayer\/jplayer.swf\" data-autoplay=\"no\" data-loop=\"no\" style=\"\"><div id=\"su_audio_player_69f2fed87f432\" class=\"jp-jplayer\"><\/div><div id=\"su_audio_player_69f2fed87f432_container\" class=\"jp-audio\"><div class=\"jp-type-single\"><div class=\"jp-gui jp-interface\"><div class=\"jp-controls\"><span class=\"jp-play\"><\/span><span class=\"jp-pause\"><\/span><span class=\"jp-stop\"><\/span><span class=\"jp-mute\"><\/span><span class=\"jp-unmute\"><\/span><span class=\"jp-volume-max\"><\/span><\/div><div class=\"jp-progress\"><div class=\"jp-seek-bar\"><div class=\"jp-play-bar\"><\/div><\/div><\/div><div class=\"jp-volume-bar\"><div class=\"jp-volume-bar-value\"><\/div><\/div><div class=\"jp-current-time\"><\/div><div class=\"jp-duration\"><\/div><\/div><div class=\"jp-title\"><\/div><\/div><\/div><\/div>\n<p>URL fichier: http:\/\/xn--choeurprlude-ieb.be\/wp-content\/uploads\/2022\/10\/01-melod-Evening-Rise.mp3<\/p>\n[\/toggle]\n[toggle title=\u00a0\u00bb<strong>TRADITIONNEL &#8211; The holly and the Ivy<\/strong>\u00ab\u00a0]\n<p>Soprano : <div class=\"su-audio\" data-id=\"su_audio_player_69f2fed87f489\" data-audio=\"http:\/\/xn--choeurprlude-ieb.be\/wp-content\/uploads\/2022\/09\/1-sopr_THE-HOLLY-THE-IVY.mp3\" data-swf=\"https:\/\/xn--choeurprlude-ieb.be\/wp-content\/plugins\/shortcodes-ultimate\/vendor\/jplayer\/jplayer.swf\" data-autoplay=\"no\" data-loop=\"no\" style=\"\"><div id=\"su_audio_player_69f2fed87f489\" class=\"jp-jplayer\"><\/div><div id=\"su_audio_player_69f2fed87f489_container\" class=\"jp-audio\"><div class=\"jp-type-single\"><div class=\"jp-gui jp-interface\"><div class=\"jp-controls\"><span class=\"jp-play\"><\/span><span class=\"jp-pause\"><\/span><span class=\"jp-stop\"><\/span><span class=\"jp-mute\"><\/span><span class=\"jp-unmute\"><\/span><span class=\"jp-volume-max\"><\/span><\/div><div class=\"jp-progress\"><div class=\"jp-seek-bar\"><div class=\"jp-play-bar\"><\/div><\/div><\/div><div class=\"jp-volume-bar\"><div class=\"jp-volume-bar-value\"><\/div><\/div><div class=\"jp-current-time\"><\/div><div class=\"jp-duration\"><\/div><\/div><div class=\"jp-title\"><\/div><\/div><\/div><\/div>\n<p>URL fichier: http:\/\/xn--choeurprlude-ieb.be\/wp-content\/uploads\/2022\/09\/1-sopr_THE-HOLLY-THE-IVY.mp3<\/p>\n<p>Alto : <div class=\"su-audio\" data-id=\"su_audio_player_69f2fed87f4cf\" data-audio=\"http:\/\/xn--choeurprlude-ieb.be\/wp-content\/uploads\/2022\/09\/2-alto_THE-HOLLY-THE-IVY.mp3\" data-swf=\"https:\/\/xn--choeurprlude-ieb.be\/wp-content\/plugins\/shortcodes-ultimate\/vendor\/jplayer\/jplayer.swf\" data-autoplay=\"no\" data-loop=\"no\" style=\"\"><div id=\"su_audio_player_69f2fed87f4cf\" class=\"jp-jplayer\"><\/div><div id=\"su_audio_player_69f2fed87f4cf_container\" class=\"jp-audio\"><div class=\"jp-type-single\"><div class=\"jp-gui jp-interface\"><div class=\"jp-controls\"><span class=\"jp-play\"><\/span><span class=\"jp-pause\"><\/span><span class=\"jp-stop\"><\/span><span class=\"jp-mute\"><\/span><span class=\"jp-unmute\"><\/span><span class=\"jp-volume-max\"><\/span><\/div><div class=\"jp-progress\"><div class=\"jp-seek-bar\"><div class=\"jp-play-bar\"><\/div><\/div><\/div><div class=\"jp-volume-bar\"><div class=\"jp-volume-bar-value\"><\/div><\/div><div class=\"jp-current-time\"><\/div><div class=\"jp-duration\"><\/div><\/div><div class=\"jp-title\"><\/div><\/div><\/div><\/div>\n<p>URL fichier: http:\/\/xn--choeurprlude-ieb.be\/wp-content\/uploads\/2022\/09\/2-alto_THE-HOLLY-THE-IVY.mp3<\/p>\n<p>Tenor : <div class=\"su-audio\" data-id=\"su_audio_player_69f2fed87f513\" data-audio=\"http:\/\/xn--choeurprlude-ieb.be\/wp-content\/uploads\/2022\/09\/3-teno_THE-HOLLY-THE-IVY.mp3\" data-swf=\"https:\/\/xn--choeurprlude-ieb.be\/wp-content\/plugins\/shortcodes-ultimate\/vendor\/jplayer\/jplayer.swf\" data-autoplay=\"no\" data-loop=\"no\" style=\"\"><div id=\"su_audio_player_69f2fed87f513\" class=\"jp-jplayer\"><\/div><div id=\"su_audio_player_69f2fed87f513_container\" class=\"jp-audio\"><div class=\"jp-type-single\"><div class=\"jp-gui jp-interface\"><div class=\"jp-controls\"><span class=\"jp-play\"><\/span><span class=\"jp-pause\"><\/span><span class=\"jp-stop\"><\/span><span class=\"jp-mute\"><\/span><span class=\"jp-unmute\"><\/span><span class=\"jp-volume-max\"><\/span><\/div><div class=\"jp-progress\"><div class=\"jp-seek-bar\"><div class=\"jp-play-bar\"><\/div><\/div><\/div><div class=\"jp-volume-bar\"><div class=\"jp-volume-bar-value\"><\/div><\/div><div class=\"jp-current-time\"><\/div><div class=\"jp-duration\"><\/div><\/div><div class=\"jp-title\"><\/div><\/div><\/div><\/div>\n<p>URL fichier: http:\/\/xn--choeurprlude-ieb.be\/wp-content\/uploads\/2022\/09\/3-teno_THE-HOLLY-THE-IVY.mp3<\/p>\n<p>Basse : <div class=\"su-audio\" data-id=\"su_audio_player_69f2fed87f55a\" data-audio=\"http:\/\/xn--choeurprlude-ieb.be\/wp-content\/uploads\/2022\/09\/4-bass_THE-HOLLY-THE-IVY.mp3\" data-swf=\"https:\/\/xn--choeurprlude-ieb.be\/wp-content\/plugins\/shortcodes-ultimate\/vendor\/jplayer\/jplayer.swf\" data-autoplay=\"no\" data-loop=\"no\" style=\"\"><div id=\"su_audio_player_69f2fed87f55a\" class=\"jp-jplayer\"><\/div><div id=\"su_audio_player_69f2fed87f55a_container\" class=\"jp-audio\"><div class=\"jp-type-single\"><div class=\"jp-gui jp-interface\"><div class=\"jp-controls\"><span class=\"jp-play\"><\/span><span class=\"jp-pause\"><\/span><span class=\"jp-stop\"><\/span><span class=\"jp-mute\"><\/span><span class=\"jp-unmute\"><\/span><span class=\"jp-volume-max\"><\/span><\/div><div class=\"jp-progress\"><div class=\"jp-seek-bar\"><div class=\"jp-play-bar\"><\/div><\/div><\/div><div class=\"jp-volume-bar\"><div class=\"jp-volume-bar-value\"><\/div><\/div><div class=\"jp-current-time\"><\/div><div class=\"jp-duration\"><\/div><\/div><div class=\"jp-title\"><\/div><\/div><\/div><\/div>\n<p>URL fichier: http:\/\/xn--choeurprlude-ieb.be\/wp-content\/uploads\/2022\/09\/4-bass_THE-HOLLY-THE-IVY.mp3<\/p>\n<p>TUTTI : <div class=\"su-audio\" data-id=\"su_audio_player_69f2fed87f59f\" data-audio=\"http:\/\/xn--choeurprlude-ieb.be\/wp-content\/uploads\/2022\/09\/0-tutti_THE-HOLLY-THE-IVY.mp3\" data-swf=\"https:\/\/xn--choeurprlude-ieb.be\/wp-content\/plugins\/shortcodes-ultimate\/vendor\/jplayer\/jplayer.swf\" data-autoplay=\"no\" data-loop=\"no\" style=\"\"><div id=\"su_audio_player_69f2fed87f59f\" class=\"jp-jplayer\"><\/div><div id=\"su_audio_player_69f2fed87f59f_container\" class=\"jp-audio\"><div class=\"jp-type-single\"><div class=\"jp-gui jp-interface\"><div class=\"jp-controls\"><span class=\"jp-play\"><\/span><span class=\"jp-pause\"><\/span><span class=\"jp-stop\"><\/span><span class=\"jp-mute\"><\/span><span class=\"jp-unmute\"><\/span><span class=\"jp-volume-max\"><\/span><\/div><div class=\"jp-progress\"><div class=\"jp-seek-bar\"><div class=\"jp-play-bar\"><\/div><\/div><\/div><div class=\"jp-volume-bar\"><div class=\"jp-volume-bar-value\"><\/div><\/div><div class=\"jp-current-time\"><\/div><div class=\"jp-duration\"><\/div><\/div><div class=\"jp-title\"><\/div><\/div><\/div><\/div>\n<p>URL fichier: http:\/\/xn--choeurprlude-ieb.be\/wp-content\/uploads\/2022\/09\/0-tutti_THE-HOLLY-THE-IVY.mp3<\/p>\n[\/toggle]\n[toggle title=\u00a0\u00bb<strong>VAN NESS Patricia &#8211; Cor meum est templum sacrum<\/strong>\u00ab\u00a0]\n<p>Soprano : <div class=\"su-audio\" data-id=\"su_audio_player_69f2fed87f5e4\" data-audio=\"http:\/\/xn--choeurprlude-ieb.be\/wp-content\/uploads\/2024\/09\/Van-Ness-Patricia-1951-Cor-meum-SSATB-soprano-par-la-flute.mp3\" data-swf=\"https:\/\/xn--choeurprlude-ieb.be\/wp-content\/plugins\/shortcodes-ultimate\/vendor\/jplayer\/jplayer.swf\" data-autoplay=\"no\" data-loop=\"no\" style=\"\"><div id=\"su_audio_player_69f2fed87f5e4\" class=\"jp-jplayer\"><\/div><div id=\"su_audio_player_69f2fed87f5e4_container\" class=\"jp-audio\"><div class=\"jp-type-single\"><div class=\"jp-gui jp-interface\"><div class=\"jp-controls\"><span class=\"jp-play\"><\/span><span class=\"jp-pause\"><\/span><span class=\"jp-stop\"><\/span><span class=\"jp-mute\"><\/span><span class=\"jp-unmute\"><\/span><span class=\"jp-volume-max\"><\/span><\/div><div class=\"jp-progress\"><div class=\"jp-seek-bar\"><div class=\"jp-play-bar\"><\/div><\/div><\/div><div class=\"jp-volume-bar\"><div class=\"jp-volume-bar-value\"><\/div><\/div><div class=\"jp-current-time\"><\/div><div class=\"jp-duration\"><\/div><\/div><div class=\"jp-title\"><\/div><\/div><\/div><\/div>\n<p>URL fichier: http:\/\/xn--choeurprlude-ieb.be\/wp-content\/uploads\/2024\/09\/Van-Ness-Patricia-1951-Cor-meum-SSATB-soprano-par-la-flute.mp3<\/p>\n<p>Alto : <div class=\"su-audio\" data-id=\"su_audio_player_69f2fed87f628\" data-audio=\"http:\/\/xn--choeurprlude-ieb.be\/wp-content\/uploads\/2024\/09\/Van-Ness-Patricia-1951-Cor-meum-SSATB-alto-hautbois.mp3\" data-swf=\"https:\/\/xn--choeurprlude-ieb.be\/wp-content\/plugins\/shortcodes-ultimate\/vendor\/jplayer\/jplayer.swf\" data-autoplay=\"no\" data-loop=\"no\" style=\"\"><div id=\"su_audio_player_69f2fed87f628\" class=\"jp-jplayer\"><\/div><div id=\"su_audio_player_69f2fed87f628_container\" class=\"jp-audio\"><div class=\"jp-type-single\"><div class=\"jp-gui jp-interface\"><div class=\"jp-controls\"><span class=\"jp-play\"><\/span><span class=\"jp-pause\"><\/span><span class=\"jp-stop\"><\/span><span class=\"jp-mute\"><\/span><span class=\"jp-unmute\"><\/span><span class=\"jp-volume-max\"><\/span><\/div><div class=\"jp-progress\"><div class=\"jp-seek-bar\"><div class=\"jp-play-bar\"><\/div><\/div><\/div><div class=\"jp-volume-bar\"><div class=\"jp-volume-bar-value\"><\/div><\/div><div class=\"jp-current-time\"><\/div><div class=\"jp-duration\"><\/div><\/div><div class=\"jp-title\"><\/div><\/div><\/div><\/div>\n<p>URL fichier: http:\/\/xn--choeurprlude-ieb.be\/wp-content\/uploads\/2024\/09\/Van-Ness-Patricia-1951-Cor-meum-SSATB-alto-hautbois.mp3<\/p>\n<p>Basse + T\u00e9nor: <div class=\"su-audio\" data-id=\"su_audio_player_69f2fed87f66d\" data-audio=\"http:\/\/xn--choeurprlude-ieb.be\/wp-content\/uploads\/2024\/09\/Van-Ness-Patricia-1951-Cor-meum-SSATB-hommes-violoncelle.mp3\" data-swf=\"https:\/\/xn--choeurprlude-ieb.be\/wp-content\/plugins\/shortcodes-ultimate\/vendor\/jplayer\/jplayer.swf\" data-autoplay=\"no\" data-loop=\"no\" style=\"\"><div id=\"su_audio_player_69f2fed87f66d\" class=\"jp-jplayer\"><\/div><div id=\"su_audio_player_69f2fed87f66d_container\" class=\"jp-audio\"><div class=\"jp-type-single\"><div class=\"jp-gui jp-interface\"><div class=\"jp-controls\"><span class=\"jp-play\"><\/span><span class=\"jp-pause\"><\/span><span class=\"jp-stop\"><\/span><span class=\"jp-mute\"><\/span><span class=\"jp-unmute\"><\/span><span class=\"jp-volume-max\"><\/span><\/div><div class=\"jp-progress\"><div class=\"jp-seek-bar\"><div class=\"jp-play-bar\"><\/div><\/div><\/div><div class=\"jp-volume-bar\"><div class=\"jp-volume-bar-value\"><\/div><\/div><div class=\"jp-current-time\"><\/div><div class=\"jp-duration\"><\/div><\/div><div class=\"jp-title\"><\/div><\/div><\/div><\/div>\n<p>URL fichier: http:\/\/xn--choeurprlude-ieb.be\/wp-content\/uploads\/2024\/09\/Van-Ness-Patricia-1951-Cor-meum-SSATB-hommes-violoncelle.mp3<\/p>\n<p>TUTTI : <div class=\"su-audio\" data-id=\"su_audio_player_69f2fed87f6b2\" data-audio=\"http:\/\/xn--choeurprlude-ieb.be\/wp-content\/uploads\/2024\/09\/Van-Ness-Patricia-1951-Cor-meum-SSATB.mp3\" data-swf=\"https:\/\/xn--choeurprlude-ieb.be\/wp-content\/plugins\/shortcodes-ultimate\/vendor\/jplayer\/jplayer.swf\" data-autoplay=\"no\" data-loop=\"no\" style=\"\"><div id=\"su_audio_player_69f2fed87f6b2\" class=\"jp-jplayer\"><\/div><div id=\"su_audio_player_69f2fed87f6b2_container\" class=\"jp-audio\"><div class=\"jp-type-single\"><div class=\"jp-gui jp-interface\"><div class=\"jp-controls\"><span class=\"jp-play\"><\/span><span class=\"jp-pause\"><\/span><span class=\"jp-stop\"><\/span><span class=\"jp-mute\"><\/span><span class=\"jp-unmute\"><\/span><span class=\"jp-volume-max\"><\/span><\/div><div class=\"jp-progress\"><div class=\"jp-seek-bar\"><div class=\"jp-play-bar\"><\/div><\/div><\/div><div class=\"jp-volume-bar\"><div class=\"jp-volume-bar-value\"><\/div><\/div><div class=\"jp-current-time\"><\/div><div class=\"jp-duration\"><\/div><\/div><div class=\"jp-title\"><\/div><\/div><\/div><\/div>\n<p>URL fichier: http:\/\/xn--choeurprlude-ieb.be\/wp-content\/uploads\/2024\/09\/Van-Ness-Patricia-1951-Cor-meum-SSATB.mp3<\/p>\n[\/toggle]\n[toggle title=\u00a0\u00bb<strong>VULPIUS Melchior &#8211; Hinunter-ist-der-Sonne-Schein<\/strong> (2 versions)\u00a0\u00bb]\n<p><span style=\"text-decoration: underline;\"><em><strong>VERSION NORMALE<\/strong><\/em><\/span><\/p>\n<p>Soprano : <div class=\"su-audio\" data-id=\"su_audio_player_69f2fed87f6f7\" data-audio=\"http:\/\/xn--choeurprlude-ieb.be\/wp-content\/uploads\/2022\/03\/MP3_1-sopr_Hinunter-ist-der-Sonne-Schein.mp3\" data-swf=\"https:\/\/xn--choeurprlude-ieb.be\/wp-content\/plugins\/shortcodes-ultimate\/vendor\/jplayer\/jplayer.swf\" data-autoplay=\"no\" data-loop=\"no\" style=\"\"><div id=\"su_audio_player_69f2fed87f6f7\" class=\"jp-jplayer\"><\/div><div id=\"su_audio_player_69f2fed87f6f7_container\" class=\"jp-audio\"><div class=\"jp-type-single\"><div class=\"jp-gui jp-interface\"><div class=\"jp-controls\"><span class=\"jp-play\"><\/span><span class=\"jp-pause\"><\/span><span class=\"jp-stop\"><\/span><span class=\"jp-mute\"><\/span><span class=\"jp-unmute\"><\/span><span class=\"jp-volume-max\"><\/span><\/div><div class=\"jp-progress\"><div class=\"jp-seek-bar\"><div class=\"jp-play-bar\"><\/div><\/div><\/div><div class=\"jp-volume-bar\"><div class=\"jp-volume-bar-value\"><\/div><\/div><div class=\"jp-current-time\"><\/div><div class=\"jp-duration\"><\/div><\/div><div class=\"jp-title\"><\/div><\/div><\/div><\/div>\n<p>URL fichier: <strong>http:\/\/xn--choeurprlude-ieb.be\/wp-content\/uploads\/2022\/03\/MP3_1-sopr_Hinunter-ist-der-Sonne-Schein.mp3<\/strong><\/p>\n<p>Alto : <div class=\"su-audio\" data-id=\"su_audio_player_69f2fed87f73b\" data-audio=\"http:\/\/xn--choeurprlude-ieb.be\/wp-content\/uploads\/2022\/03\/MP3_2-alto_Hinunter-ist-der-Sonne-Schein.mp3\" data-swf=\"https:\/\/xn--choeurprlude-ieb.be\/wp-content\/plugins\/shortcodes-ultimate\/vendor\/jplayer\/jplayer.swf\" data-autoplay=\"no\" data-loop=\"no\" style=\"\"><div id=\"su_audio_player_69f2fed87f73b\" class=\"jp-jplayer\"><\/div><div id=\"su_audio_player_69f2fed87f73b_container\" class=\"jp-audio\"><div class=\"jp-type-single\"><div class=\"jp-gui jp-interface\"><div class=\"jp-controls\"><span class=\"jp-play\"><\/span><span class=\"jp-pause\"><\/span><span class=\"jp-stop\"><\/span><span class=\"jp-mute\"><\/span><span class=\"jp-unmute\"><\/span><span class=\"jp-volume-max\"><\/span><\/div><div class=\"jp-progress\"><div class=\"jp-seek-bar\"><div class=\"jp-play-bar\"><\/div><\/div><\/div><div class=\"jp-volume-bar\"><div class=\"jp-volume-bar-value\"><\/div><\/div><div class=\"jp-current-time\"><\/div><div class=\"jp-duration\"><\/div><\/div><div class=\"jp-title\"><\/div><\/div><\/div><\/div>\n<p>URL fichier: <strong>http:\/\/xn--choeurprlude-ieb.be\/wp-content\/uploads\/2022\/03\/MP3_2-alto_Hinunter-ist-der-Sonne-Schein.mp3<\/strong><\/p>\n<p>Tenor : <div class=\"su-audio\" data-id=\"su_audio_player_69f2fed87f77f\" data-audio=\"http:\/\/xn--choeurprlude-ieb.be\/wp-content\/uploads\/2022\/03\/MP3_3-teno_Hinunter-ist-der-Sonne-Schein.mp3\" data-swf=\"https:\/\/xn--choeurprlude-ieb.be\/wp-content\/plugins\/shortcodes-ultimate\/vendor\/jplayer\/jplayer.swf\" data-autoplay=\"no\" data-loop=\"no\" style=\"\"><div id=\"su_audio_player_69f2fed87f77f\" class=\"jp-jplayer\"><\/div><div id=\"su_audio_player_69f2fed87f77f_container\" class=\"jp-audio\"><div class=\"jp-type-single\"><div class=\"jp-gui jp-interface\"><div class=\"jp-controls\"><span class=\"jp-play\"><\/span><span class=\"jp-pause\"><\/span><span class=\"jp-stop\"><\/span><span class=\"jp-mute\"><\/span><span class=\"jp-unmute\"><\/span><span class=\"jp-volume-max\"><\/span><\/div><div class=\"jp-progress\"><div class=\"jp-seek-bar\"><div class=\"jp-play-bar\"><\/div><\/div><\/div><div class=\"jp-volume-bar\"><div class=\"jp-volume-bar-value\"><\/div><\/div><div class=\"jp-current-time\"><\/div><div class=\"jp-duration\"><\/div><\/div><div class=\"jp-title\"><\/div><\/div><\/div><\/div>\n<p>URL fichier: <strong>http:\/\/xn--choeurprlude-ieb.be\/wp-content\/uploads\/2022\/03\/MP3_3-teno_Hinunter-ist-der-Sonne-Schein.mp3<\/strong><\/p>\n<p>Basse : <div class=\"su-audio\" data-id=\"su_audio_player_69f2fed87f7c4\" data-audio=\"http:\/\/xn--choeurprlude-ieb.be\/wp-content\/uploads\/2022\/03\/MP3_4-bass_Hinunter-ist-der-Sonne-Schein.mp3\" data-swf=\"https:\/\/xn--choeurprlude-ieb.be\/wp-content\/plugins\/shortcodes-ultimate\/vendor\/jplayer\/jplayer.swf\" data-autoplay=\"no\" data-loop=\"no\" style=\"\"><div id=\"su_audio_player_69f2fed87f7c4\" class=\"jp-jplayer\"><\/div><div id=\"su_audio_player_69f2fed87f7c4_container\" class=\"jp-audio\"><div class=\"jp-type-single\"><div class=\"jp-gui jp-interface\"><div class=\"jp-controls\"><span class=\"jp-play\"><\/span><span class=\"jp-pause\"><\/span><span class=\"jp-stop\"><\/span><span class=\"jp-mute\"><\/span><span class=\"jp-unmute\"><\/span><span class=\"jp-volume-max\"><\/span><\/div><div class=\"jp-progress\"><div class=\"jp-seek-bar\"><div class=\"jp-play-bar\"><\/div><\/div><\/div><div class=\"jp-volume-bar\"><div class=\"jp-volume-bar-value\"><\/div><\/div><div class=\"jp-current-time\"><\/div><div class=\"jp-duration\"><\/div><\/div><div class=\"jp-title\"><\/div><\/div><\/div><\/div>\n<p>URL fichier: <strong>http:\/\/xn--choeurprlude-ieb.be\/wp-content\/uploads\/2022\/03\/MP3_4-bass_Hinunter-ist-der-Sonne-Schein.mp3<\/strong><\/p>\n<p>TUTTI : <div class=\"su-audio\" data-id=\"su_audio_player_69f2fed87f808\" data-audio=\"http:\/\/xn--choeurprlude-ieb.be\/wp-content\/uploads\/2022\/03\/MP3_0-tutti_Hinunter-ist-der-Sonne-Schein.mp3\" data-swf=\"https:\/\/xn--choeurprlude-ieb.be\/wp-content\/plugins\/shortcodes-ultimate\/vendor\/jplayer\/jplayer.swf\" data-autoplay=\"no\" data-loop=\"no\" style=\"\"><div id=\"su_audio_player_69f2fed87f808\" class=\"jp-jplayer\"><\/div><div id=\"su_audio_player_69f2fed87f808_container\" class=\"jp-audio\"><div class=\"jp-type-single\"><div class=\"jp-gui jp-interface\"><div class=\"jp-controls\"><span class=\"jp-play\"><\/span><span class=\"jp-pause\"><\/span><span class=\"jp-stop\"><\/span><span class=\"jp-mute\"><\/span><span class=\"jp-unmute\"><\/span><span class=\"jp-volume-max\"><\/span><\/div><div class=\"jp-progress\"><div class=\"jp-seek-bar\"><div class=\"jp-play-bar\"><\/div><\/div><\/div><div class=\"jp-volume-bar\"><div class=\"jp-volume-bar-value\"><\/div><\/div><div class=\"jp-current-time\"><\/div><div class=\"jp-duration\"><\/div><\/div><div class=\"jp-title\"><\/div><\/div><\/div><\/div>\n<p>URL fichier: <strong>http:\/\/xn--choeurprlude-ieb.be\/wp-content\/uploads\/2022\/03\/MP3_0-tutti_Hinunter-ist-der-Sonne-Schein.mp3<\/strong><\/p>\n<p>VERSION CHANTEE : <div class=\"su-audio\" data-id=\"su_audio_player_69f2fed87f84c\" data-audio=\"http:\/\/xn--choeurprlude-ieb.be\/wp-content\/uploads\/2022\/03\/MP3_WEB-1-Version-CHANTEE_Hinunter-ist-der-Sonne-schein.mp3\" data-swf=\"https:\/\/xn--choeurprlude-ieb.be\/wp-content\/plugins\/shortcodes-ultimate\/vendor\/jplayer\/jplayer.swf\" data-autoplay=\"no\" data-loop=\"no\" style=\"\"><div id=\"su_audio_player_69f2fed87f84c\" class=\"jp-jplayer\"><\/div><div id=\"su_audio_player_69f2fed87f84c_container\" class=\"jp-audio\"><div class=\"jp-type-single\"><div class=\"jp-gui jp-interface\"><div class=\"jp-controls\"><span class=\"jp-play\"><\/span><span class=\"jp-pause\"><\/span><span class=\"jp-stop\"><\/span><span class=\"jp-mute\"><\/span><span class=\"jp-unmute\"><\/span><span class=\"jp-volume-max\"><\/span><\/div><div class=\"jp-progress\"><div class=\"jp-seek-bar\"><div class=\"jp-play-bar\"><\/div><\/div><\/div><div class=\"jp-volume-bar\"><div class=\"jp-volume-bar-value\"><\/div><\/div><div class=\"jp-current-time\"><\/div><div class=\"jp-duration\"><\/div><\/div><div class=\"jp-title\"><\/div><\/div><\/div><\/div>\n<p>URL fichier: <strong>http:\/\/xn--choeurprlude-ieb.be\/wp-content\/uploads\/2022\/03\/MP3_WEB-1-Version-CHANTEE_Hinunter-ist-der-Sonne-schein.mp3<\/strong><\/p>\n<p style=\"text-align: center;\">**********************************************<\/p>\n<p><span style=\"text-decoration: underline;\"><em><strong>VERSION MODERNISEE<\/strong><\/em><\/span><\/p>\n<p>Soprano 1 : <div class=\"su-audio\" data-id=\"su_audio_player_69f2fed87f892\" data-audio=\"http:\/\/xn--choeurprlude-ieb.be\/wp-content\/uploads\/2022\/05\/MP3_1-sopr1_Hinunter-ist-der-Sonne-Schein-V.-modernisee.mp3\" data-swf=\"https:\/\/xn--choeurprlude-ieb.be\/wp-content\/plugins\/shortcodes-ultimate\/vendor\/jplayer\/jplayer.swf\" data-autoplay=\"no\" data-loop=\"no\" style=\"\"><div id=\"su_audio_player_69f2fed87f892\" class=\"jp-jplayer\"><\/div><div id=\"su_audio_player_69f2fed87f892_container\" class=\"jp-audio\"><div class=\"jp-type-single\"><div class=\"jp-gui jp-interface\"><div class=\"jp-controls\"><span class=\"jp-play\"><\/span><span class=\"jp-pause\"><\/span><span class=\"jp-stop\"><\/span><span class=\"jp-mute\"><\/span><span class=\"jp-unmute\"><\/span><span class=\"jp-volume-max\"><\/span><\/div><div class=\"jp-progress\"><div class=\"jp-seek-bar\"><div class=\"jp-play-bar\"><\/div><\/div><\/div><div class=\"jp-volume-bar\"><div class=\"jp-volume-bar-value\"><\/div><\/div><div class=\"jp-current-time\"><\/div><div class=\"jp-duration\"><\/div><\/div><div class=\"jp-title\"><\/div><\/div><\/div><\/div>\n<p>URL fichier: <strong>http:\/\/xn--choeurprlude-ieb.be\/wp-content\/uploads\/2022\/05\/MP3_1-sopr1_Hinunter-ist-der-Sonne-Schein-V.-modernisee.mp3<\/strong><\/p>\n<p>Soprano 2 : <div class=\"su-audio\" data-id=\"su_audio_player_69f2fed87f8d6\" data-audio=\"http:\/\/xn--choeurprlude-ieb.be\/wp-content\/uploads\/2022\/05\/MP3_2-sopr2_Hinunter-ist-der-Sonne-Schein-V.-modernisee.mp3\" data-swf=\"https:\/\/xn--choeurprlude-ieb.be\/wp-content\/plugins\/shortcodes-ultimate\/vendor\/jplayer\/jplayer.swf\" data-autoplay=\"no\" data-loop=\"no\" style=\"\"><div id=\"su_audio_player_69f2fed87f8d6\" class=\"jp-jplayer\"><\/div><div id=\"su_audio_player_69f2fed87f8d6_container\" class=\"jp-audio\"><div class=\"jp-type-single\"><div class=\"jp-gui jp-interface\"><div class=\"jp-controls\"><span class=\"jp-play\"><\/span><span class=\"jp-pause\"><\/span><span class=\"jp-stop\"><\/span><span class=\"jp-mute\"><\/span><span class=\"jp-unmute\"><\/span><span class=\"jp-volume-max\"><\/span><\/div><div class=\"jp-progress\"><div class=\"jp-seek-bar\"><div class=\"jp-play-bar\"><\/div><\/div><\/div><div class=\"jp-volume-bar\"><div class=\"jp-volume-bar-value\"><\/div><\/div><div class=\"jp-current-time\"><\/div><div class=\"jp-duration\"><\/div><\/div><div class=\"jp-title\"><\/div><\/div><\/div><\/div>\n<p>URL fichier: <strong>http:\/\/xn--choeurprlude-ieb.be\/wp-content\/uploads\/2022\/05\/MP3_2-sopr2_Hinunter-ist-der-Sonne-Schein-V.-modernisee.mp3<\/strong><\/p>\n<p>Alto : <div class=\"su-audio\" data-id=\"su_audio_player_69f2fed87f91b\" data-audio=\"http:\/\/xn--choeurprlude-ieb.be\/wp-content\/uploads\/2022\/05\/MP3_3-alto_Hinunter-ist-der-Sonne-Schein-V.-modernisee.mp3\" data-swf=\"https:\/\/xn--choeurprlude-ieb.be\/wp-content\/plugins\/shortcodes-ultimate\/vendor\/jplayer\/jplayer.swf\" data-autoplay=\"no\" data-loop=\"no\" style=\"\"><div id=\"su_audio_player_69f2fed87f91b\" class=\"jp-jplayer\"><\/div><div id=\"su_audio_player_69f2fed87f91b_container\" class=\"jp-audio\"><div class=\"jp-type-single\"><div class=\"jp-gui jp-interface\"><div class=\"jp-controls\"><span class=\"jp-play\"><\/span><span class=\"jp-pause\"><\/span><span class=\"jp-stop\"><\/span><span class=\"jp-mute\"><\/span><span class=\"jp-unmute\"><\/span><span class=\"jp-volume-max\"><\/span><\/div><div class=\"jp-progress\"><div class=\"jp-seek-bar\"><div class=\"jp-play-bar\"><\/div><\/div><\/div><div class=\"jp-volume-bar\"><div class=\"jp-volume-bar-value\"><\/div><\/div><div class=\"jp-current-time\"><\/div><div class=\"jp-duration\"><\/div><\/div><div class=\"jp-title\"><\/div><\/div><\/div><\/div>\n<p>URL fichier: <strong>http:\/\/xn--choeurprlude-ieb.be\/wp-content\/uploads\/2022\/05\/MP3_3-alto_Hinunter-ist-der-Sonne-Schein-V.-modernisee.mp3<\/strong><\/p>\n<p>Hommes : <div class=\"su-audio\" data-id=\"su_audio_player_69f2fed87f95f\" data-audio=\"http:\/\/xn--choeurprlude-ieb.be\/wp-content\/uploads\/2022\/05\/MP3_4-TB_Hinunter-ist-der-Sonne-Schein-V.-modernisee.mp3\" data-swf=\"https:\/\/xn--choeurprlude-ieb.be\/wp-content\/plugins\/shortcodes-ultimate\/vendor\/jplayer\/jplayer.swf\" data-autoplay=\"no\" data-loop=\"no\" style=\"\"><div id=\"su_audio_player_69f2fed87f95f\" class=\"jp-jplayer\"><\/div><div id=\"su_audio_player_69f2fed87f95f_container\" class=\"jp-audio\"><div class=\"jp-type-single\"><div class=\"jp-gui jp-interface\"><div class=\"jp-controls\"><span class=\"jp-play\"><\/span><span class=\"jp-pause\"><\/span><span class=\"jp-stop\"><\/span><span class=\"jp-mute\"><\/span><span class=\"jp-unmute\"><\/span><span class=\"jp-volume-max\"><\/span><\/div><div class=\"jp-progress\"><div class=\"jp-seek-bar\"><div class=\"jp-play-bar\"><\/div><\/div><\/div><div class=\"jp-volume-bar\"><div class=\"jp-volume-bar-value\"><\/div><\/div><div class=\"jp-current-time\"><\/div><div class=\"jp-duration\"><\/div><\/div><div class=\"jp-title\"><\/div><\/div><\/div><\/div>\n<p>URL fichier: <strong>http:\/\/xn--choeurprlude-ieb.be\/wp-content\/uploads\/2022\/05\/MP3_4-TB_Hinunter-ist-der-Sonne-Schein-V.-modernisee.mp3<\/strong><\/p>\n<p>TUTTI : <div class=\"su-audio\" data-id=\"su_audio_player_69f2fed87f9a4\" data-audio=\"http:\/\/xn--choeurprlude-ieb.be\/wp-content\/uploads\/2022\/05\/MP3_0-tutti_Hinunter-ist-der-Sonne-Schein-V.-modernisee.mp3\" data-swf=\"https:\/\/xn--choeurprlude-ieb.be\/wp-content\/plugins\/shortcodes-ultimate\/vendor\/jplayer\/jplayer.swf\" data-autoplay=\"no\" data-loop=\"no\" style=\"\"><div id=\"su_audio_player_69f2fed87f9a4\" class=\"jp-jplayer\"><\/div><div id=\"su_audio_player_69f2fed87f9a4_container\" class=\"jp-audio\"><div class=\"jp-type-single\"><div class=\"jp-gui jp-interface\"><div class=\"jp-controls\"><span class=\"jp-play\"><\/span><span class=\"jp-pause\"><\/span><span class=\"jp-stop\"><\/span><span class=\"jp-mute\"><\/span><span class=\"jp-unmute\"><\/span><span class=\"jp-volume-max\"><\/span><\/div><div class=\"jp-progress\"><div class=\"jp-seek-bar\"><div class=\"jp-play-bar\"><\/div><\/div><\/div><div class=\"jp-volume-bar\"><div class=\"jp-volume-bar-value\"><\/div><\/div><div class=\"jp-current-time\"><\/div><div class=\"jp-duration\"><\/div><\/div><div class=\"jp-title\"><\/div><\/div><\/div><\/div>\n<p>URL fichier: <strong>http:\/\/xn--choeurprlude-ieb.be\/wp-content\/uploads\/2022\/05\/MP3_0-tutti_Hinunter-ist-der-Sonne-Schein-V.-modernisee.mp3<\/strong><\/p>\n[\/toggle]\n[toggle title=\u00a0\u00bb<strong>ZELENKA &#8211; Sub tuum pr\u00e6sidium<\/strong>\u00ab\u00a0]\n<p>Soprano : <div class=\"su-audio\" data-id=\"su_audio_player_69f2fed87f9e9\" data-audio=\"http:\/\/xn--choeurprlude-ieb.be\/wp-content\/uploads\/2022\/10\/1_Sub-tuum-praesidium-Soprane-Zelenka-ZWV-157-2.mp3\" data-swf=\"https:\/\/xn--choeurprlude-ieb.be\/wp-content\/plugins\/shortcodes-ultimate\/vendor\/jplayer\/jplayer.swf\" data-autoplay=\"no\" data-loop=\"no\" style=\"\"><div id=\"su_audio_player_69f2fed87f9e9\" class=\"jp-jplayer\"><\/div><div id=\"su_audio_player_69f2fed87f9e9_container\" class=\"jp-audio\"><div class=\"jp-type-single\"><div class=\"jp-gui jp-interface\"><div class=\"jp-controls\"><span class=\"jp-play\"><\/span><span class=\"jp-pause\"><\/span><span class=\"jp-stop\"><\/span><span class=\"jp-mute\"><\/span><span class=\"jp-unmute\"><\/span><span class=\"jp-volume-max\"><\/span><\/div><div class=\"jp-progress\"><div class=\"jp-seek-bar\"><div class=\"jp-play-bar\"><\/div><\/div><\/div><div class=\"jp-volume-bar\"><div class=\"jp-volume-bar-value\"><\/div><\/div><div class=\"jp-current-time\"><\/div><div class=\"jp-duration\"><\/div><\/div><div class=\"jp-title\"><\/div><\/div><\/div><\/div>\n<p>URL fichier:http:\/\/xn--choeurprlude-ieb.be\/wp-content\/uploads\/2022\/10\/1_Sub-tuum-praesidium-Soprane-Zelenka-ZWV-157-2.mp3<\/p>\n<p>Alto : <div class=\"su-audio\" data-id=\"su_audio_player_69f2fed87fa2e\" data-audio=\"http:\/\/xn--choeurprlude-ieb.be\/wp-content\/uploads\/2022\/10\/2_Sub-tuum-praesidium-Alto-Zelenka-ZWV-157-2.mp3\" data-swf=\"https:\/\/xn--choeurprlude-ieb.be\/wp-content\/plugins\/shortcodes-ultimate\/vendor\/jplayer\/jplayer.swf\" data-autoplay=\"no\" data-loop=\"no\" style=\"\"><div id=\"su_audio_player_69f2fed87fa2e\" class=\"jp-jplayer\"><\/div><div id=\"su_audio_player_69f2fed87fa2e_container\" class=\"jp-audio\"><div class=\"jp-type-single\"><div class=\"jp-gui jp-interface\"><div class=\"jp-controls\"><span class=\"jp-play\"><\/span><span class=\"jp-pause\"><\/span><span class=\"jp-stop\"><\/span><span class=\"jp-mute\"><\/span><span class=\"jp-unmute\"><\/span><span class=\"jp-volume-max\"><\/span><\/div><div class=\"jp-progress\"><div class=\"jp-seek-bar\"><div class=\"jp-play-bar\"><\/div><\/div><\/div><div class=\"jp-volume-bar\"><div class=\"jp-volume-bar-value\"><\/div><\/div><div class=\"jp-current-time\"><\/div><div class=\"jp-duration\"><\/div><\/div><div class=\"jp-title\"><\/div><\/div><\/div><\/div>\n<p>URL fichier:http:\/\/xn--choeurprlude-ieb.be\/wp-content\/uploads\/2022\/10\/2_Sub-tuum-praesidium-Alto-Zelenka-ZWV-157-2.mp3<\/p>\n<p>Tenor : <div class=\"su-audio\" data-id=\"su_audio_player_69f2fed87fa73\" data-audio=\"http:\/\/xn--choeurprlude-ieb.be\/wp-content\/uploads\/2022\/10\/3_Sub-tuum-praesidium-Tenor-Zelenka-ZWV-157-2.mp3\" data-swf=\"https:\/\/xn--choeurprlude-ieb.be\/wp-content\/plugins\/shortcodes-ultimate\/vendor\/jplayer\/jplayer.swf\" data-autoplay=\"no\" data-loop=\"no\" style=\"\"><div id=\"su_audio_player_69f2fed87fa73\" class=\"jp-jplayer\"><\/div><div id=\"su_audio_player_69f2fed87fa73_container\" class=\"jp-audio\"><div class=\"jp-type-single\"><div class=\"jp-gui jp-interface\"><div class=\"jp-controls\"><span class=\"jp-play\"><\/span><span class=\"jp-pause\"><\/span><span class=\"jp-stop\"><\/span><span class=\"jp-mute\"><\/span><span class=\"jp-unmute\"><\/span><span class=\"jp-volume-max\"><\/span><\/div><div class=\"jp-progress\"><div class=\"jp-seek-bar\"><div class=\"jp-play-bar\"><\/div><\/div><\/div><div class=\"jp-volume-bar\"><div class=\"jp-volume-bar-value\"><\/div><\/div><div class=\"jp-current-time\"><\/div><div class=\"jp-duration\"><\/div><\/div><div class=\"jp-title\"><\/div><\/div><\/div><\/div>\n<p>URL fichier:http:\/\/xn--choeurprlude-ieb.be\/wp-content\/uploads\/2022\/10\/3_Sub-tuum-praesidium-Tenor-Zelenka-ZWV-157-2.mp3<\/p>\n<p>Basse : <div class=\"su-audio\" data-id=\"su_audio_player_69f2fed87fab8\" data-audio=\"http:\/\/xn--choeurprlude-ieb.be\/wp-content\/uploads\/2022\/10\/4_Sub-tuum-praesidium-Basse-Zelenka-ZWV-157-2.mp3\" data-swf=\"https:\/\/xn--choeurprlude-ieb.be\/wp-content\/plugins\/shortcodes-ultimate\/vendor\/jplayer\/jplayer.swf\" data-autoplay=\"no\" data-loop=\"no\" style=\"\"><div id=\"su_audio_player_69f2fed87fab8\" class=\"jp-jplayer\"><\/div><div id=\"su_audio_player_69f2fed87fab8_container\" class=\"jp-audio\"><div class=\"jp-type-single\"><div class=\"jp-gui jp-interface\"><div class=\"jp-controls\"><span class=\"jp-play\"><\/span><span class=\"jp-pause\"><\/span><span class=\"jp-stop\"><\/span><span class=\"jp-mute\"><\/span><span class=\"jp-unmute\"><\/span><span class=\"jp-volume-max\"><\/span><\/div><div class=\"jp-progress\"><div class=\"jp-seek-bar\"><div class=\"jp-play-bar\"><\/div><\/div><\/div><div class=\"jp-volume-bar\"><div class=\"jp-volume-bar-value\"><\/div><\/div><div class=\"jp-current-time\"><\/div><div class=\"jp-duration\"><\/div><\/div><div class=\"jp-title\"><\/div><\/div><\/div><\/div>\n<p>URL fichier:http:\/\/xn--choeurprlude-ieb.be\/wp-content\/uploads\/2022\/10\/4_Sub-tuum-praesidium-Basse-Zelenka-ZWV-157-2.mp3<\/p>\n<p>VERSION VIDEO avec partition d\u00e9filante<\/p>\n<p>Soprano<\/p>\n<p><iframe loading=\"lazy\" title=\"Sub tuum praesidium - Soprane - J.D. Zelenka\" width=\"640\" height=\"360\" src=\"https:\/\/www.youtube.com\/embed\/sx_lYxbnAQs?feature=oembed\" frameborder=\"0\" allow=\"accelerometer; autoplay; clipboard-write; encrypted-media; gyroscope; picture-in-picture; web-share\" referrerpolicy=\"strict-origin-when-cross-origin\" allowfullscreen><\/iframe><\/p>\n<p>Alto<\/p>\n<p><iframe loading=\"lazy\" title=\"Sub tuum praesidium - Alto - J.D. Zelenka\" width=\"640\" height=\"360\" src=\"https:\/\/www.youtube.com\/embed\/lwUWL2IP_Wg?feature=oembed\" frameborder=\"0\" allow=\"accelerometer; autoplay; clipboard-write; encrypted-media; gyroscope; picture-in-picture; web-share\" referrerpolicy=\"strict-origin-when-cross-origin\" allowfullscreen><\/iframe><\/p>\n<p>Tenor<\/p>\n<p><iframe loading=\"lazy\" title=\"Sub tuum praesidium - T\u00e9nor - J.D. Zelenka\" width=\"640\" height=\"360\" src=\"https:\/\/www.youtube.com\/embed\/QOAkrsHj19w?feature=oembed\" frameborder=\"0\" allow=\"accelerometer; autoplay; clipboard-write; encrypted-media; gyroscope; picture-in-picture; web-share\" referrerpolicy=\"strict-origin-when-cross-origin\" allowfullscreen><\/iframe><\/p>\n<p>Basse<\/p>\n<p><iframe loading=\"lazy\" title=\"Sub tuum praesidium - Basse - J.D. Zelenka\" width=\"640\" height=\"360\" src=\"https:\/\/www.youtube.com\/embed\/P0zIv65HAD4?feature=oembed\" frameborder=\"0\" allow=\"accelerometer; autoplay; clipboard-write; encrypted-media; gyroscope; picture-in-picture; web-share\" referrerpolicy=\"strict-origin-when-cross-origin\" allowfullscreen><\/iframe><\/p>\n<p>Version chant\u00e9e<\/p>\n<p><iframe loading=\"lazy\" title=\"&quot;Sub tuum praesidium&quot;, G-Moll\" width=\"640\" height=\"480\" src=\"https:\/\/www.youtube.com\/embed\/v4XBZg3yrh0?feature=oembed\" frameborder=\"0\" allow=\"accelerometer; autoplay; clipboard-write; encrypted-media; gyroscope; picture-in-picture; web-share\" referrerpolicy=\"strict-origin-when-cross-origin\" allowfullscreen><\/iframe><\/p>\n[\/toggle]\n","protected":false},"excerpt":{"rendered":"<p>R\u00e9alisation fichiers: Claudy CHAUVAUX REMARQUE: Si vous souhaitez r\u00e9p\u00e9ter ces partitions avec un tempo plus lent, vous pouvez les ouvrir avec le logiciel gratuit \u00ab\u00a0VLC media player\u00a0\u00bb Comment faire ? T\u00e9l\u00e9charger le fichier qui vous int\u00e9resse. Pour cela, s\u00e9lectionner l&rsquo;URL &hellip; <a href=\"https:\/\/xn--choeurprlude-ieb.be\/?page_id=2097\">Continuer la lecture <span class=\"meta-nav\">&rarr;<\/span><\/a><\/p>\n","protected":false},"author":14,"featured_media":0,"parent":163,"menu_order":75,"comment_status":"closed","ping_status":"closed","template":"","meta":{"footnotes":""},"_links":{"self":[{"href":"https:\/\/xn--choeurprlude-ieb.be\/index.php?rest_route=\/wp\/v2\/pages\/2097"}],"collection":[{"href":"https:\/\/xn--choeurprlude-ieb.be\/index.php?rest_route=\/wp\/v2\/pages"}],"about":[{"href":"https:\/\/xn--choeurprlude-ieb.be\/index.php?rest_route=\/wp\/v2\/types\/page"}],"author":[{"embeddable":true,"href":"https:\/\/xn--choeurprlude-ieb.be\/index.php?rest_route=\/wp\/v2\/users\/14"}],"replies":[{"embeddable":true,"href":"https:\/\/xn--choeurprlude-ieb.be\/index.php?rest_route=%2Fwp%2Fv2%2Fcomments&post=2097"}],"version-history":[{"count":100,"href":"https:\/\/xn--choeurprlude-ieb.be\/index.php?rest_route=\/wp\/v2\/pages\/2097\/revisions"}],"predecessor-version":[{"id":3258,"href":"https:\/\/xn--choeurprlude-ieb.be\/index.php?rest_route=\/wp\/v2\/pages\/2097\/revisions\/3258"}],"up":[{"embeddable":true,"href":"https:\/\/xn--choeurprlude-ieb.be\/index.php?rest_route=\/wp\/v2\/pages\/163"}],"wp:attachment":[{"href":"https:\/\/xn--choeurprlude-ieb.be\/index.php?rest_route=%2Fwp%2Fv2%2Fmedia&parent=2097"}],"curies":[{"name":"wp","href":"https:\/\/api.w.org\/{rel}","templated":true}]}}