{"id":2159,"date":"2021-12-07T10:43:13","date_gmt":"2021-12-07T09:43:13","guid":{"rendered":"http:\/\/xn--choeurprlude-ieb.be\/?page_id=2159"},"modified":"2026-01-21T16:59:52","modified_gmt":"2026-01-21T15:59:52","slug":"prochaines-repetitions","status":"publish","type":"page","link":"https:\/\/xn--choeurprlude-ieb.be\/?page_id=2159","title":{"rendered":"Informations r\u00e9p\u00e9titions"},"content":{"rendered":"<div>\n<div><\/div>\n<div>\n<div>\n<div><span style=\"text-decoration: underline; font-size: 18pt;\"><strong>Prochaines r\u00e9p\u00e9titions<\/strong><\/span><\/div>\n<\/div>\n<div>\n<div><\/div>\n<div><span style=\"font-size: 16pt;\"><strong>&#8211; Lundi 26 janvier au local<\/strong><\/span><\/div>\n<div><\/div>\n<div><span style=\"font-size: 21.3333px;\"><b>Apporter All\u00e9luia de Thompson et Healing light de Jenkins<\/b><\/span><\/div>\n<\/div>\n<div>\n<div>\n<div><\/div>\n<div>\n<div>\n<div><\/div>\n<div><span style=\"text-decoration: underline; font-size: 18pt;\"><strong>Nous avons \u00e9tudi\u00e9:<\/strong><\/span><\/div>\n<\/div>\n<div><\/div>\n<div>\n<div>\n<div>\n<div><span style=\"font-size: 16pt;\"><strong>Ce lundi 19 janvier:<\/strong><\/span><\/div>\n<div><span style=\"font-size: 16pt;\">Morir non puo (Maddalena Casulana)<\/span><\/div>\n<div><span style=\"font-size: 16pt;\">Ave Regina Caelorum (Isabella Leonarda)<\/span><\/div>\n<div><\/div>\n<\/div>\n<div>\n<div><span style=\"font-size: 16pt;\"><strong>Ce lundi 12 janvier:<\/strong><\/span><\/div>\n<div><span style=\"font-size: 16pt;\">Morir non puo (Maddalena Casulana)<\/span><\/div>\n<div><\/div>\n<\/div>\n<\/div>\n<\/div>\n<div>\n<div><strong><span style=\"font-size: 16pt;\">Ce lundi 24 novembre:<\/span><\/strong><\/div>\n<div><span style=\"font-size: 16pt;\">Ave Regina Coelorum IV (Jan Dismas Zele<\/span><span style=\"font-size: 21.3333px;\">nka)<\/span><\/div>\n<div><span style=\"font-size: 16pt;\">No\u00ebl, No\u00ebl est venu (E. Daniel)<\/span><\/div>\n<div><span style=\"font-size: 16pt;\">Evening rise<\/span> (<span style=\"font-size: 21.3333px;\">M. Ansohn)<\/span><\/div>\n<div>\n<div><span style=\"font-size: 16pt;\">Cor meum est templum sacrum (Patricia Van Ness)<\/span><\/div>\n<div><span style=\"font-size: 16pt;\">In oculis Dei (Patricia Van Ness)<\/span><\/div>\n<\/div>\n<div><\/div>\n<div><strong><span style=\"font-size: 16pt;\">Ce samedi 22 novembre:<\/span><\/strong><\/div>\n<div><span style=\"font-size: 16pt;\">The Wise Men and the Star (Olivier Tarney)<\/span><\/div>\n<div><span style=\"font-size: 16pt;\">MAGNIFICAT (F. Durante) 1 et 3<\/span><\/div>\n<div><span style=\"font-size: 16pt;\">El noi de la mare (E. cervera)<\/span><\/div>\n<div><span style=\"font-size: 16pt;\">Nothern Lights (Ola Gjeilo)<\/span><\/div>\n<\/div>\n<div>\n<div><\/div>\n<\/div>\n<div>\n<div><strong><span style=\"font-size: 16pt;\">Ce lundi 10 novembre:<\/span><\/strong><\/div>\n<div><span style=\"font-size: 16pt;\">Cor meum est templum sacrum (Patricia Van Ness)<\/span><\/div>\n<div><span style=\"font-size: 16pt;\">In oculis Dei (Patricia Van Ness)<\/span><\/div>\n<div><span style=\"font-size: 16pt;\">Ave Regina Coelorum IV (Jan Dismas Zele<\/span><span style=\"font-size: 21.3333px;\">nka)<\/span><\/div>\n<div><span style=\"font-size: 16pt;\">No\u00ebl de Bresse<\/span><\/div>\n<div><\/div>\n<\/div>\n<div>\n<div>\n<div><strong><span style=\"font-size: 16pt;\">Ce samedi 8 novembre:<\/span><\/strong><\/div>\n<div><span style=\"font-size: 16pt;\">Cor meum est templum sacrum (Patricia Van Ness)<\/span><\/div>\n<div><span style=\"font-size: 16pt;\">In oculis Dei (Patricia Van Ness)<\/span><\/div>\n<div><span style=\"font-size: 16pt;\">Ring Christmas Bells (Mykola Leontovich)<\/span><\/div>\n<div><span style=\"font-size: 16pt;\">The Wise Men and the Star (Olivier Tarney)<\/span><\/div>\n<div><\/div>\n<\/div>\n<div>\n<div><span style=\"font-size: 16pt;\"><strong>Ce lundi 3 novembre:<\/strong><\/span><\/div>\n<div><span style=\"font-size: 16pt;\">BAMBINO DIVINO (Gian Paolo Dal Dosso): tout<\/span><\/div>\n<div><span style=\"font-size: 16pt;\">SACRIS SOLEMNIIS (Claudio Casciolini): tout<\/span><\/div>\n<div><span style=\"font-size: 16pt;\">THE WISE MEN AND THE STAR (Olivier Tarney): tout<\/span><\/div>\n<div><\/div>\n<\/div>\n<\/div>\n<div>\n<div><span style=\"font-size: 16pt;\"><strong>Ce lundi 27 octobre:<\/strong><\/span><\/div>\n<div><span style=\"font-size: 16pt;\">SACRIS SOLEMNIIS (Claudio Casciolini): tout<\/span><\/div>\n<div><span style=\"font-size: 16pt;\">BAMBINO DIVINO (Gian Paolo Dal Dosso): tout<\/span><\/div>\n<div><span style=\"font-size: 16pt;\">Karacsonyi bolcs\u00f6dal (Lajos Bardos)<\/span><\/div>\n<\/div>\n<\/div>\n<\/div>\n<div>\n<div>\n<div><\/div>\n<\/div>\n<div><span style=\"font-size: 16pt;\"><strong>Ce lundi 20 octobre:<\/strong><\/span><\/div>\n<div><span style=\"font-size: 16pt;\">SACRIS SOLEMNIIS (Claudio Casciolini): tout<\/span><\/div>\n<div><span style=\"font-size: 16pt;\">BAMBINO DIVINO (Gian Paolo Dal Dosso): tout<\/span><\/div>\n<div><span style=\"font-size: 16pt;\">Ave Regina Coelorum IV (Jan Dismas Zele<\/span><span style=\"font-size: 21.3333px;\">nka): tout<\/span><\/div>\n<\/div>\n<div><\/div>\n<div>\n<div><span style=\"font-size: 16pt;\"><strong>Ce lundi 6 octobre:<\/strong><\/span><\/div>\n<div><span style=\"font-size: 16pt;\">THE WISE MEN AND THE STAR (Olivier Tarney): tout<\/span><\/div>\n<div><span style=\"font-size: 16pt;\">ALLELUIA (R. Thompson): jusque mes. 50<\/span><\/div>\n<div><\/div>\n<\/div>\n<\/div>\n<div><span style=\"font-size: 16pt;\"><strong>Ce lundi 25 ao\u00fbt:<\/strong><\/span><\/div>\n<div><span style=\"font-size: 16pt;\">Karacsonyi bolcs\u00f6dal (Lajos Bardos): tout<\/span><\/div>\n<div><span style=\"font-size: 16pt;\">Ave Regina Coelorum IV (Jan Dismas Zelenka): mes. 1 \u00e0 +\/- 20<\/span><\/div>\n<div><\/div>\n<div><strong><span style=\"font-size: 16pt;\">Nous avons re\u00e7u les partitions de:<\/span><br \/>\n<\/strong><span style=\"font-size: 16pt;\">Karacsonyi bolcs\u00f6dal (Lajos Bardos)<\/span><\/div>\n<div><span style=\"font-size: 16pt;\">Ave Regina Coelorum IV (Jan Dismas Zelenka)<\/span><\/div>\n<div><span style=\"font-size: 16pt;\">The Wise Men and the Star (Olivier Tarney)<\/span><\/div>\n<div><\/div>\n<div>\n<div><span style=\"font-size: 16pt;\"><strong>Ce lundi\u00a0 14 avril<\/strong><\/span><span style=\"font-size: 16pt;\"><strong>:<\/strong><\/span><\/div>\n<div>\n<div><span style=\"font-size: 16pt;\">In oculis Dei (Patricia Van Ness): tout<\/span><\/div>\n<div><span style=\"font-size: 16pt;\">Alle eure Sorgen werfet auf den Herrn (Theodor Ch. REINHOLD): mes. 1 \u00e0<\/span><span style=\"font-size: 21.3333px;\">+\/-<\/span><span style=\"font-size: 16pt;\">\u00a025<\/span><span style=\"font-size: 16pt;\">selon les pupitres<\/span><\/div>\n<div><\/div>\n<\/div>\n<div><span style=\"font-size: 16pt;\"><strong>Ce samedi\u00a0 29 mars<\/strong><\/span><span style=\"font-size: 16pt;\"><strong>:<\/strong><\/span><\/div>\n<div><span style=\"font-size: 16pt;\">Missa Quadragesimalis . MH 552 (M. Haydn): <\/span><span style=\"font-size: 16pt;\">Tout<\/span><\/div>\n<div><span style=\"font-size: 16pt;\">An den Fl\u00fcssen Babylons: tout<\/span><\/div>\n<div><span style=\"font-size: 16pt;\">Nothern Lights (Ola Gjeilo): tout<\/span><\/div>\n<div><span style=\"font-size: 16pt;\">Cor meum est templum sacrum (Patricia Van Ness): tout<\/span><\/div>\n<\/div>\n<div>\n<div><\/div>\n<div>\n<div><span style=\"font-size: 16pt;\"><strong>Ce lundi\u00a0 24 mars<\/strong><\/span><span style=\"font-size: 16pt;\"><strong>:<\/strong><\/span><\/div>\n<div>\n<div><span style=\"font-size: 16pt;\">Herr, wenn Tr\u00fcbsal da ist (G.A. Homiliuus)<\/span><\/div>\n<\/div>\n<div><span style=\"font-size: 21.3333px;\">Christus factus est (Goicoechea)<\/span><\/div>\n<div><span style=\"font-size: 16pt;\">Cor meum est templum sacrum (Patricia Van Ness)<\/span><\/div>\n<div><\/div>\n<\/div>\n<\/div>\n<div>\n<div><span style=\"font-size: 16pt;\"><strong>Ce lundi 17 mars<\/strong><\/span><span style=\"font-size: 16pt;\"><strong>:<\/strong><\/span><\/div>\n<div>\n<div><span style=\"font-size: 16pt;\">STABAT MATER (Frantis\u00ebk T<span style=\"font-size: 12pt;\"><strong>\u016e<\/strong><\/span><\/span><span style=\"font-size: 16pt;\">ma):<\/span><\/div>\n<div><span style=\"font-size: 16pt;\">\u00a0 \u00a0 \u00a0 \u00a0 Part. 1, 2, 5, 6, 7 et 9:\u00a0 tout (avec orgue)<\/span><\/div>\n<div><\/div>\n<\/div>\n<\/div>\n<div>\n<div><span style=\"font-size: 16pt;\"><strong>Ce lundi 10 mars<\/strong><\/span><span style=\"font-size: 16pt;\"><strong>:<\/strong><\/span><\/div>\n<div><span style=\"font-size: 16pt;\">Missa Quadragesimalis . MH 552 (M. Haydn)<\/span><\/div>\n<div>\u00a0<span style=\"font-size: 16pt;\">\u00a0 \u00a0 \u00a0 \u00a0 \u00a0 Sanctus: tout<\/span><\/div>\n<div><span style=\"font-size: 16pt;\">\u00a0 \u00a0 \u00a0 \u00a0 \u00a0 Agnus: presque tout<\/span><\/div>\n<div><\/div>\n<div><span style=\"font-size: 16pt;\"><strong>Ce lundi 03 mars<\/strong><\/span><span style=\"font-size: 16pt;\"><strong>:<\/strong><\/span><\/div>\n<div><span style=\"font-size: 16pt;\">An den Fl\u00fcssen Babylons: tout<\/span><\/div>\n<div><span style=\"font-size: 16pt;\">Nothern Lights (Ola Gjeilo):\u00a0 presque tout<\/span><\/div>\n<\/div>\n<div><\/div>\n<\/div>\n<div>\n<div><span style=\"font-size: 16pt;\"><strong>Ce 22 f\u00e9vrier<\/strong><\/span><span style=\"font-size: 16pt;\"><strong>:<\/strong><\/span><\/div>\n<div><span style=\"font-size: 16pt;\">Missa Quadragesimalis . MH 552 (M. Haydn)<\/span><\/div>\n<div><span style=\"font-size: 16pt;\">\u00a0 \u00a0 \u00a0 \u00a0 \u00a0Credo: tout<\/span><\/div>\n<div><span style=\"font-size: 16pt;\">An den Fl\u00fcssen Babylons: tout<\/span><\/div>\n<div><\/div>\n<\/div>\n<div>\n<div>\n<div><span style=\"font-size: 16pt;\"><strong>Ce 17 f\u00e9vrier<\/strong><\/span><span style=\"font-size: 16pt;\"><strong>:<\/strong><\/span><\/div>\n<div><span style=\"font-size: 16pt;\">STABAT MATER (Frantis\u00ebk T<span style=\"font-size: 12pt;\"><strong>\u016e<\/strong><\/span><\/span><span style=\"font-size: 16pt;\">ma):<\/span><\/div>\n<div><span style=\"font-size: 16pt;\">\u00a0 \u00a0 \u00a0 \u00a0 Part. 9, 10 et 11 (p.26 \u00e0 40):\u00a0 tout<\/span><\/div>\n<div><span style=\"font-size: 16pt;\">Missa Quadragesimalis . MH 552 (M. Haydn)<\/span><\/div>\n<div><span style=\"font-size: 16pt;\">\u00a0 \u00a0 \u00a0 \u00a0 Kyrie: tout<\/span><\/div>\n<div><\/div>\n<\/div>\n<div>\n<div><span style=\"font-size: 16pt;\"><strong>Ce 10 f\u00e9vrier<\/strong><\/span><span style=\"font-size: 16pt;\"><strong>:<\/strong><\/span><\/div>\n<div><span style=\"font-size: 16pt;\">STABAT MATER (Frantis\u00ebk T<span style=\"font-size: 12pt;\"><strong>\u016e<\/strong><\/span><\/span><span style=\"font-size: 16pt;\">ma):<\/span><\/div>\n<div><span style=\"font-size: 16pt;\">\u00a0 \u00a0 \u00a0 \u00a0 Part. 6 (p.14):\u00a0 tout<\/span><\/div>\n<div><span style=\"font-size: 16pt;\">\u00a0 \u00a0 \u00a0 \u00a0 Part. 7 (p.17): tout<\/span><\/div>\n<div>\n<div><span style=\"font-size: 21.3333px;\">Christus factus est (Goicoechea): tout<\/span><\/div>\n<\/div>\n<\/div>\n<div><\/div>\n<\/div>\n<div>\n<div><span style=\"font-size: 16pt;\"><strong>Ce 08 f\u00e9vrier<\/strong><strong>:<\/strong><\/span><\/div>\n<div><span style=\"font-size: 16pt;\">STABAT MATER (Frantis\u00ebk T<strong>\u016e<\/strong>ma):<\/span><\/div>\n<div><span style=\"font-size: 16pt;\">\u00a0 \u00a0 \u00a0 \u00a0 Part. 6 (p.14):\u00a0 tout<\/span><\/div>\n<div><span style=\"font-size: 16pt;\">\u00a0 \u00a0 \u00a0 \u00a0 Part. 7 (p.17): tout<\/span><\/div>\n<div>\n<div><span style=\"font-size: 16pt;\">Christus factus est (Goicoechea): tout<\/span><\/div>\n<div>\n<div><span style=\"font-size: 16pt;\">Cor meum est templum sacrum (Patricia Van Ness): tout<\/span><\/div>\n<\/div>\n<\/div>\n<\/div>\n<div><\/div>\n<div>\n<div>\n<div><span style=\"font-size: 16pt;\"><strong>Ce 3 f\u00e9vrier<\/strong><\/span><span style=\"font-size: 16pt;\"><strong>:<\/strong><\/span><\/div>\n<div><span style=\"font-size: 16pt;\">STABAT MATER (Frantis\u00ebk T<span style=\"font-size: 12pt;\"><strong>\u016e<\/strong><\/span><\/span><span style=\"font-size: 16pt;\">ma):<\/span><\/div>\n<div><span style=\"font-size: 16pt;\">\u00a0 \u00a0 \u00a0 \u00a0 Part. 2 (p.5): tout<\/span><\/div>\n<div><span style=\"font-size: 16pt;\">\u00a0 \u00a0 \u00a0 \u00a0 Part. 5 (p.13): tout<\/span><\/div>\n<div><span style=\"font-size: 16pt;\">\u00a0 \u00a0 \u00a0 \u00a0 Part. 6 (p.14): presque tout<\/span><\/div>\n<div><\/div>\n<\/div>\n<div>\n<div><span style=\"font-size: 16pt;\"><strong>Ce 27 janvier<\/strong><\/span><span style=\"font-size: 16pt;\"><strong>:<\/strong><\/span><\/div>\n<div><span style=\"font-size: 16pt;\">STABAT MATER (Frantis\u00ebk T<span style=\"font-size: 12pt;\"><strong>\u016e<\/strong><\/span><\/span><span style=\"font-size: 16pt;\">ma):<\/span><\/div>\n<div><span style=\"font-size: 16pt;\">\u00a0 \u00a0 \u00a0 \u00a0 Part. 11 (p.32): tout<\/span><\/div>\n<div><span style=\"font-size: 16pt;\">\u00a0 \u00a0 \u00a0 \u00a0 Part. 1: mes. 1 \u00e0 36<\/span><\/div>\n<\/div>\n<\/div>\n<div id=\"m_-5178278219777519289yiv4459892827\">\n<div>\n<div>\n<div><\/div>\n<div>\n<div><span style=\"font-size: 16pt;\"><strong>Ce 20 janvier<\/strong><\/span><span style=\"font-size: 16pt;\"><strong>:<\/strong><\/span><\/div>\n<div><span style=\"font-size: 16pt;\">STABAT MATER (Frantis\u00ebk T<span style=\"font-size: 12pt;\"><strong>\u016e<\/strong><\/span><\/span><span style=\"font-size: 16pt;\">ma):<\/span><\/div>\n<div><span style=\"font-size: 16pt;\">\u00a0 \u00a0 \u00a0 \u00a0 Part. 11 (p.32): tout<\/span><\/div>\n<\/div>\n<div><\/div>\n<\/div>\n<div>\n<div><span style=\"font-size: 16pt;\"><strong>Ce 13 janvier<\/strong><strong>:<\/strong><\/span><\/div>\n<div><span style=\"font-size: 16pt;\">Herr, wenn Tr\u00fcbsal da ist (G.A. Homiliuus): tout<\/span><\/div>\n<div><span style=\"font-size: 16pt;\">STABAT MATER (Frantis\u00ebk T<span style=\"font-size: 12pt;\"><strong>\u016e<\/strong><\/span>ma):<\/span><\/div>\n<div><span style=\"font-size: 16pt;\">\u00a0 \u00a0 \u00a0 \u00a0 Part. 10 (p.31): rapide r\u00e9vision de tout<\/span><\/div>\n<div><span style=\"font-size: 16pt;\">\u00a0 \u00a0 \u00a0 \u00a0 Part. 11 (p.32): mes. 1 \u00e0 15<\/span><\/div>\n<div><\/div>\n<\/div>\n<div><span style=\"font-size: 16pt;\"><strong>Ce 6 janvier<\/strong><strong>:<\/strong><\/span><\/div>\n<div><span style=\"font-size: 16pt;\">Herr, wenn Tr\u00fcbsal da ist (G.A. Homiliuus): tout<\/span><\/div>\n<div><\/div>\n<div>\n<div><span style=\"font-size: 16pt;\"><strong>Ce 16 d\u00e9cembre<\/strong><strong>:<\/strong><\/span><\/div>\n<div><span style=\"font-size: 16pt;\">STABAT MATER (Frantis\u00ebk T<span style=\"font-size: 12pt;\"><strong>\u016e<\/strong><\/span>ma):<\/span><\/div>\n<div><span style=\"font-size: 16pt;\">\u00a0 \u00a0 \u00a0 \u00a0 Part. 5 (p.13): tout<\/span><\/div>\n<div><span style=\"font-size: 16pt;\">\u00a0 \u00a0 \u00a0 \u00a0 Part. 6 (p.14): tout<\/span><\/div>\n<div><span style=\"font-size: 16pt;\">\u00a0 \u00a0 \u00a0 \u00a0 Part. 7 (p.17): tout<\/span><\/div>\n<\/div>\n<div>\n<div><\/div>\n<div>\n<div><span style=\"font-size: 16pt;\"><strong>Ce 9 d\u00e9cembre<\/strong><\/span><span style=\"font-size: 16pt;\"><strong>:<\/strong><\/span><\/div>\n<div><span style=\"font-size: 16pt;\">STABAT MATER (Frantis\u00ebk T<span style=\"font-size: 12pt;\"><strong>\u016e<\/strong><\/span>ma):<\/span><\/div>\n<div><span style=\"font-size: 16pt;\">\u00a0 \u00a0 \u00a0 \u00a0 Part. 1: mes. 1 \u00e0 36<\/span><\/div>\n<div><span style=\"font-size: 16pt;\">\u00a0 \u00a0 \u00a0 \u00a0 Part. 2 (p.5): mes. 1 \u00e0 29<\/span><\/div>\n<div><span style=\"font-size: 16pt;\">\u00a0 \u00a0 \u00a0 \u00a0 Part. 9 (p.26): mes 1 \u00e0 27<\/span><\/div>\n<div><span style=\"font-size: 16pt;\">\u00a0 \u00a0 \u00a0 \u00a0 Part. 10 (p.31): mes. 1 \u00e0 8<\/span><\/div>\n<div><span style=\"font-size: 16pt;\">\u00a0 \u00a0 \u00a0 \u00a0 Part. 11 (p.32): mes. 1 \u00e0 19<\/span><\/div>\n<div><\/div>\n<div><span style=\"font-size: 16pt;\">Herr, wenn Tr\u00fcbsal da ist (G.A. Homiliuus): tout<\/span><\/div>\n<\/div>\n<\/div>\n<\/div>\n<div>\n<div>\n<div><\/div>\n<div>\n<div><span style=\"font-size: 16pt;\"><strong>Ce 2 d\u00e9cembre<\/strong><\/span><span style=\"font-size: 16pt;\"><strong>:<\/strong><\/span><\/div>\n<div><span style=\"font-size: 16pt;\">STABAT MATER (Frantis\u00ebk T<span style=\"font-size: 12pt;\"><strong>\u016e<\/strong><\/span>ma):<\/span><\/div>\n<div><span style=\"font-size: 16pt;\">\u00a0 \u00a0 \u00a0 \u00a0 Part. 1: mes. 1 \u00e0 36<\/span><\/div>\n<div>\u00a0 \u00a0 \u00a0 \u00a0 \u00a0 \u00a0 \u00a0 <span style=\"font-size: 16pt;\">Par. 2 (p.5): mes. 1 \u00e0 29<\/span><\/div>\n<div>\u00a0 \u00a0 \u00a0 \u00a0 \u00a0 \u00a0 \u00a0 <span style=\"font-size: 16pt;\">Part 9 (p.26): mes 1 \u00e0 27<\/span><\/div>\n<div><\/div>\n<\/div>\n<\/div>\n<div><span style=\"font-size: 16pt;\"><strong>Ce 25 novembre<\/strong><\/span><span style=\"font-size: 16pt;\"><strong>:<\/strong><\/span><\/div>\n<div><span style=\"font-size: 16pt;\">STABAT MATER (Frantis\u00ebk T<span style=\"font-size: 12pt;\"><strong>\u016e<\/strong><\/span>ma):<\/span><\/div>\n<div><span style=\"font-size: 16pt;\">\u00a0 \u00a0 \u00a0 \u00a0 1. mes. 1 \u00e0 36<\/span><\/div>\n<div>\u00a0 \u00a0 \u00a0 \u00a0 \u00a0 \u00a0 \u00a0\u00a0<span style=\"font-size: 16pt;\">9. (p.26) mes 1 \u00e0 27<\/span><\/div>\n<\/div>\n<\/div>\n<div>\n<div><\/div>\n<div>\n<div><span style=\"font-size: 16pt;\"><strong>Ce 18 novembre<\/strong><\/span><span style=\"font-size: 16pt;\"><strong>:<\/strong><\/span><\/div>\n<div><span style=\"font-size: 16pt;\">Herr, wenn Tr\u00fcbsal da ist (G.A. Homiliuus): mes. 1 \u00e0 45<\/span><\/div>\n<\/div>\n<\/div>\n<\/div>\n<div><\/div>\n<div>\n<div><span style=\"font-size: 16pt;\"><strong>Ce 11 novembre<\/strong><\/span><span style=\"font-size: 16pt;\"><strong>:<\/strong><\/span><\/div>\n<div><span style=\"font-size: 16pt;\">Again (D. Lang) mes. 22 \u00e0 28<\/span><\/div>\n<div><span style=\"font-size: 16pt;\">Herr, wenn Tr\u00fcbsal da ist (G.A. Homiliuus): mes. 1 \u00e0 45<\/span><\/div>\n<\/div>\n<div><\/div>\n<div>\n<div><span style=\"font-size: 16pt;\"><strong>Ce 4 novembre<\/strong><\/span><span style=\"font-size: 16pt;\"><strong>:<\/strong><\/span><\/div>\n<div><span style=\"font-size: 16pt;\">Again (D. Lang) mes. 1 \u00e0 21<\/span><\/div>\n<div><span style=\"font-size: 16pt;\">Herr, wenn Tr\u00fcbsal da ist (G.A. Homiliuus): mes. 1 \u00e0 35<\/span><\/div>\n<\/div>\n<div><\/div>\n<div>\n<div><span style=\"font-size: 16pt;\"><strong>Ce 28 octobre<\/strong><\/span><span style=\"font-size: 16pt;\"><strong>:<\/strong><\/span><\/div>\n<div><span style=\"font-size: 16pt;\">Again (D. Lang)<\/span><\/div>\n<div><span style=\"font-size: 16pt;\">Herr, wenn Tr\u00fcbsal da ist (G.A. Homiliuus)<\/span><\/div>\n<\/div>\n<div><\/div>\n<div>\n<div>\n<div><span style=\"font-size: 16pt;\"><strong>Ce 21 octobre<\/strong><\/span><span style=\"font-size: 16pt;\"><strong>:<\/strong><\/span><\/div>\n<div><span style=\"font-size: 16pt;\">Again (D. Lang)<\/span><\/div>\n<div><span style=\"font-size: 16pt;\">Herr, wenn Tr\u00fcbsal da ist (G.A. Homiliuus)<\/span><\/div>\n<div><span style=\"font-size: 12pt;\"><em><strong>Nous avons re\u00e7u : <\/strong>Again pp 1 \u00e0 6<\/em><\/span><\/div>\n<div><span style=\"font-size: 12pt;\"><em>\u00a0 \u00a0 \u00a0 \u00a0 \u00a0 \u00a0 \u00a0 \u00a0 \u00a0 \u00a0 \u00a0 \u00a0 \u00a0 \u00a0 \u00a0 \u00a0 \u00a0 \u00a0 \u00a0 Herr, wenn Tr\u00fcbsal da ist pp 1 \u00e0 5<\/em><\/span><\/div>\n<div>\u00a0 \u00a0 \u00a0 \u00a0 \u00a0 \u00a0 \u00a0 \u00a0 \u00a0 \u00a0 \u00a0 \u00a0 \u00a0 \u00a0 \u00a0 \u00a0 \u00a0 \u00a0 \u00a0 \u00a0 \u00a0 \u00a0 \u00a0 \u00a0 \u00a0 <span style=\"font-size: 12pt;\">\u00a0Stabat Mater 1 p<\/span><\/div>\n<div><\/div>\n<\/div>\n<div><span style=\"font-size: 16pt;\"><strong>Ce 19 septembre<\/strong><\/span><span style=\"font-size: 16pt;\"><strong>:<\/strong><\/span><\/div>\n<div><span style=\"font-size: 16pt;\">TOUT<\/span><\/div>\n<div>\n<div><\/div>\n<div>\n<div><span style=\"font-size: 16pt;\"><strong>Ce 14 septembre<\/strong><\/span><span style=\"font-size: 16pt;\"><strong>:<\/strong><\/span><\/div>\n<div><span style=\"font-size: 16pt;\">Missa Quadragesimalis . MH 552 (M. Haydn)<\/span><\/div>\n<div><span style=\"font-size: 16pt;\">\u00a0 \u00a0 \u00a0 \u00a0 \u00a0 \u00a0 \u00a0Credo et Sanctus<\/span><\/div>\n<div><\/div>\n<\/div>\n<\/div>\n<div>\n<div><span style=\"font-size: 16pt;\"><strong>Ce 9 septembre<\/strong><\/span><span style=\"font-size: 16pt;\"><strong>:<\/strong><\/span><\/div>\n<div><span style=\"font-size: 16pt;\">Missa Quadragesimalis . MH 552 (M. Haydn)<\/span><\/div>\n<div><\/div>\n<\/div>\n<div>\n<div><span style=\"font-size: 16pt;\"><strong>Ce 2 septembre<\/strong><\/span><span style=\"font-size: 16pt;\"><strong>:<\/strong><\/span><\/div>\n<div><span style=\"font-size: 21.3333px;\">Cor meum est templum sacrum<\/span><\/div>\n<div><span style=\"font-size: 16pt;\">Northern Lights<\/span><\/div>\n<div><\/div>\n<\/div>\n<div>\n<div>\n<div><span style=\"font-size: 16pt;\"><strong>Ce 31 ao\u00fbt<\/strong><strong>:<\/strong><\/span><\/div>\n<div><span style=\"font-size: 16pt;\">Missa Quadragesimalis . MH 552 (M. Haydn)<\/span><\/div>\n<div><span style=\"font-size: 16pt;\">\u00a0 \u00a0 \u00a0 \u00a0 \u00a0 \u00a0\u00a0Agnus Dei (a.p.d. mes. 298)<\/span><\/div>\n<div><span style=\"font-size: 16pt;\">Cor meum est templum sacrum<\/span><\/div>\n<div><span style=\"font-size: 16pt;\">Christus factus est<\/span><\/div>\n<\/div>\n<div><\/div>\n<\/div>\n<div>\n<div><span style=\"font-size: 16pt;\"><strong>Ce 26 ao\u00fbt<\/strong><strong>:<\/strong><\/span><\/div>\n<div><span style=\"font-size: 16pt;\">An den Fl\u00fcssen Babylons<\/span><\/div>\n<div><span style=\"font-size: 21.3333px;\">Christus factus est<\/span><\/div>\n<div><\/div>\n<\/div>\n<\/div>\n<div>\n<div><span style=\"font-size: 16pt;\"><strong>Ce 19 ao\u00fbt<\/strong><strong>:<\/strong><\/span><\/div>\n<div><span style=\"font-size: 16pt;\">An den Fl\u00fcssen Babylons: tout<\/span><\/div>\n<div><\/div>\n<\/div>\n<div>\n<div id=\"m_-5178278219777519289yiv4459892827\">\n<div>\n<div><span style=\"font-size: 16pt;\"><strong>Ce 1er juillet<\/strong><strong>:<\/strong><\/span><\/div>\n<div><span style=\"font-size: 21.3333px;\">Christus factus est (Goicoechea): mesures 1 \u00e0 44<\/span><\/div>\n<div>\n<div><span style=\"font-size: 16pt;\">Cor meum est templum sacrum (Patricia Van Ness);<\/span><\/div>\n<div><span style=\"font-size: 16pt;\">\u00a0 \u00a0 \u00a0 \u00a0 \u00a0 \u00a0 \u00a0 \u00a0 \u00a0mesures 1 \u00e0 57<\/span><\/div>\n<\/div>\n<div>\n<div><span style=\"font-size: 16pt;\">Nothern Lights (Ola Gjeilo)<\/span><\/div>\n<div><span style=\"font-size: 16pt;\">\u00a0 \u00a0 \u00a0 \u00a0 \u00a0 \u00a0 \u00a0 \u00a0 mesures 1 \u00e0 70<\/span><\/div>\n<\/div>\n<div><span style=\"font-size: 16pt;\">Missa Quadragesimalis . MH 552 (M. Haydn)<br \/>\nCredo: mesures 30 \u00e0 95<\/span><\/div>\n<div><\/div>\n<\/div>\n<div><span style=\"font-size: 16pt;\"><strong>Ce 24 juin<\/strong><strong>:<\/strong><\/span><\/div>\n<\/div>\n<div>\n<div><span style=\"font-size: 16pt;\">Missa Quadragesimalis . MH 552 (M. Haydn)<br \/>\nKyrie: tout<\/span><\/div>\n<div><span style=\"font-size: 16pt;\">Christus factus est (Goicoechea): mesures 1 \u00e0 44<\/span><\/div>\n<\/div>\n<div id=\"m_-5178278219777519289yiv4459892827\">\n<div><\/div>\n<\/div>\n<\/div>\n<div>\n<div><span style=\"font-size: 16pt;\"><strong>Ce 17 juin<\/strong><strong>:<\/strong><\/span><\/div>\n<div>\n<div><span style=\"font-size: 16pt;\">Missa Quadragesimalis . MH 552 (M. Haydn)<\/span><\/div>\n<div><span style=\"font-size: 16pt;\">\u00a0 \u00a0 \u00a0 \u00a0 \u00a0 \u00a0 \u00a0 \u00a0 \u00a0Agnus 4.1 et 4.2: mesures 298 \u00e0 356<\/span><\/div>\n<div><span style=\"font-size: 16pt;\">An den Fl\u00fcssen Babylons: mes. 1 \u00e0 50<\/span><\/div>\n<div>\n<div><span style=\"font-size: 16pt;\">Cor meum est templum sacrum (Patricia Van Ness);<\/span><\/div>\n<div><span style=\"font-size: 16pt;\">\u00a0 \u00a0 \u00a0 \u00a0 \u00a0 \u00a0 \u00a0 \u00a0 \u00a0mes. 1 \u00e0 57<\/span><\/div>\n<div><\/div>\n<\/div>\n<\/div>\n<\/div>\n<div>\n<div>\n<div><span style=\"font-size: 16pt;\"><strong>Ce 10 juin<\/strong><strong>:<\/strong><\/span><\/div>\n<div>\n<div><span style=\"font-size: 16pt;\">Missa Quadragesimalis . MH 552 (M. Haydn)<\/span><\/div>\n<div><span style=\"font-size: 16pt;\">\u00a0 \u00a0 \u00a0 \u00a0 \u00a0 \u00a0 \u00a0 \u00a0 \u00a0Agnus 4.1 et 4.2: mesures 298 \u00e0 356<\/span><\/div>\n<div><span style=\"font-size: 16pt;\">An den Fl\u00fcssen Babylons: tout<\/span><\/div>\n<\/div>\n<\/div>\n<div id=\"m_-5178278219777519289yiv4459892827\">\n<div><\/div>\n<\/div>\n<\/div>\n<div>\n<div><span style=\"font-size: 16pt;\"><strong>Ce 3 juin<\/strong><strong>:<\/strong><\/span><\/div>\n<div>\n<div><span style=\"font-size: 16pt;\">Nothern Lights (Ola Gjeilo)<\/span><\/div>\n<div><span style=\"font-size: 16pt;\">\u00a0 \u00a0 \u00a0 \u00a0 \u00a0 \u00a0 \u00a0 \u00a0 mes. 1 \u00e0 70<\/span><\/div>\n<\/div>\n<div>\n<div><span style=\"font-size: 16pt;\">Missa Quadragesimalis . MH 552 (M. Haydn)<\/span><\/div>\n<div><span style=\"font-size: 16pt;\">\u00a0 \u00a0 \u00a0 \u00a0 \u00a0 \u00a0 \u00a0 \u00a0 \u00a0Sanctus 3.1 et 3.2: mesures 200 \u00e0 309<\/span><\/div>\n<div><\/div>\n<\/div>\n<\/div>\n<div>\n<div>\n<div><span style=\"font-size: 16pt;\"><strong>Ce 27 mai<\/strong><strong>:<\/strong><\/span><\/div>\n<div>\n<div><span style=\"font-size: 16pt;\">Nothern Lights (Ola Gjeilo)<\/span><\/div>\n<div><span style=\"font-size: 16pt;\">\u00a0 \u00a0 \u00a0 \u00a0 \u00a0 \u00a0 \u00a0 \u00a0 mes. 1 \u00e0 70<\/span><\/div>\n<\/div>\n<div>\n<div><span style=\"font-size: 16pt;\">Missa Quadragesimalis . MH 552 (M. Haydn)<\/span><\/div>\n<div><span style=\"font-size: 16pt;\">\u00a0 \u00a0 \u00a0 \u00a0 \u00a0 \u00a0 \u00a0 \u00a0 \u00a0Sanctus 3.1 et 3.2: mesures 200 \u00e0 297<\/span><\/div>\n<div><\/div>\n<\/div>\n<\/div>\n<div>\n<div><span style=\"font-size: 16pt;\"><strong>Ce 20 mai<\/strong><strong>:<\/strong><\/span><\/div>\n<div><span style=\"font-size: 16pt;\">Cor meum est templum sacrum (Patricia Van Ness);<\/span><\/div>\n<div><span style=\"font-size: 16pt;\">\u00a0 \u00a0 \u00a0 \u00a0 \u00a0 \u00a0 \u00a0 \u00a0 \u00a0mes. 1 \u00e0 57<\/span><\/div>\n<div>\n<div><span style=\"font-size: 16pt;\">Nothern Lights (Ola Gjeilo)<\/span><\/div>\n<div><span style=\"font-size: 16pt;\">\u00a0 \u00a0 \u00a0 \u00a0 \u00a0 \u00a0 \u00a0 \u00a0 mes. 1 \u00e0 70<\/span><\/div>\n<\/div>\n<div>\n<div><span style=\"font-size: 16pt;\">Missa Quadragesimalis . MH 552 (M. Haydn)<\/span><\/div>\n<div><span style=\"font-size: 16pt;\">\u00a0 \u00a0 \u00a0 \u00a0 \u00a0 \u00a0 \u00a0 \u00a0 \u00a0 Sanctus 3.1: mesures 200 \u00e0 257<\/span><\/div>\n<\/div>\n<\/div>\n<\/div>\n<div>\n<div id=\"m_-5178278219777519289yiv4459892827\">\n<div><\/div>\n<\/div>\n<div>\n<div><span style=\"font-size: 16pt;\"><strong>Ce 13 mai<\/strong><strong>:<\/strong><\/span><\/div>\n<div><span style=\"font-size: 16pt;\">Cor meum est templum sacrum (Patricia Van Ness); mes. 1 \u00e0 57<\/span><\/div>\n<div>\n<div><span style=\"font-size: 16pt;\">Missa Quadragesimalis . MH 552 (M. Haydn)<\/span><\/div>\n<div><span style=\"font-size: 16pt;\">\u00a0 \u00a0 \u00a0 \u00a0 \u00a0 \u00a0 \u00a0 \u00a0 \u00a04.2 Agnus &#8211; Dona nobis pacem: mesures 328 \u00e0 341<\/span><\/div>\n<\/div>\n<\/div>\n<div id=\"m_-5178278219777519289yiv4459892827\">\n<div><\/div>\n<\/div>\n<\/div>\n<div>\n<div><span style=\"font-size: 16pt;\"><strong>Ce 29 avril<\/strong><strong>:<\/strong><\/span><\/div>\n<div><span style=\"font-size: 16pt;\">Christus factus est (Goicoechea): mesures 1 \u00e0 44<\/span><\/div>\n<div>\n<div><span style=\"font-size: 16pt;\">Nothern Lights (Ola Gjeilo)<\/span><\/div>\n<div><span style=\"font-size: 16pt;\">\u00a0 \u00a0 \u00a0 \u00a0 \u00a0 \u00a0 \u00a0 \u00a0 Mes. 1 \u00e0 45<\/span><\/div>\n<\/div>\n<\/div>\n<div>\n<div id=\"m_-5178278219777519289yiv4459892827\">\n<div><\/div>\n<div>\n<div><span style=\"font-size: 16pt;\"><strong>Ce 22 avril<\/strong><strong>:<\/strong><\/span><\/div>\n<div><span style=\"font-size: 16pt;\">Christus factus est (Goicoechea): mesures 1 \u00e0 44<\/span><\/div>\n<div>\n<div><span style=\"font-size: 16pt;\">Nothern Lights (Ola Gjeilo)<\/span><\/div>\n<div><span style=\"font-size: 16pt;\">\u00a0 \u00a0 \u00a0 \u00a0 \u00a0 \u00a0 \u00a0 \u00a0 Mes. 1 \u00e0 18<\/span><\/div>\n<\/div>\n<\/div>\n<\/div>\n<\/div>\n<div><\/div>\n<div>\n<div><span style=\"font-size: 16pt;\"><strong>Ce 15 avril<\/strong><strong>:<\/strong><\/span><\/div>\n<div><span style=\"font-size: 16pt;\">Christus factus est (Goicoechea): mesures 1 \u00e0 33<\/span><\/div>\n<div>\n<div><span style=\"font-size: 16pt;\">Missa Quadragesimalis . MH 552 (M. Haydn)<\/span><\/div>\n<div><span style=\"font-size: 16pt;\">\u00a0 \u00a0 \u00a0 \u00a0 \u00a0Sanctus: mesures 200 \u00e0 241<\/span><\/div>\n<\/div>\n<\/div>\n<div><\/div>\n<div>\n<div><span style=\"font-size: 16pt;\"><strong>Ce 8 avril<\/strong><strong>:<\/strong><\/span><\/div>\n<div><span style=\"font-size: 16pt;\">An den Fl\u00fcssen Babylons: tout<\/span><\/div>\n<div>\n<div><span style=\"font-size: 16pt;\">Missa Quadragesimalis . MH 552 (M. Haydn)<\/span><\/div>\n<div><span style=\"font-size: 16pt;\">\u00a0 \u00a0 \u00a0 \u00a0 \u00a0Sanctus: mesures 200 \u00e0 233<\/span><\/div>\n<div><span style=\"font-size: 16pt;\"><em>+ re\u00e7u feuilles pp 15 \u00e0 19<\/em><\/span><\/div>\n<\/div>\n<\/div>\n<div><\/div>\n<div>\n<div>\n<div>\n<div><strong>Ce 25 mars<\/strong><strong>:<\/strong><\/div>\n<div>\n<div>Missa Quadragesimalis . MH 552 (M. Haydn)<\/div>\n<div>\u00a0 \u00a0 \u00a0 \u00a0 \u00a0 \u00a0 \u00a0 \u00a0Credo: tout<\/div>\n<div>Nothern Lights (Ola Gjeilo)<\/div>\n<div>\u00a0 \u00a0 \u00a0 \u00a0 \u00a0 \u00a0 \u00a0 \u00a0 Mes. 1 \u00e0 18<\/div>\n<\/div>\n<div><\/div>\n<div><strong>Ce 18 mars<\/strong><strong>:<\/strong><\/div>\n<div>An den Fl\u00fcssen Babylons: mesures 1 \u00e0 111<\/div>\n<div>Cor meum est templum sacrum (Patricia Van Ness); mes. 1 \u00e0 57<\/div>\n<div>\n<div>Missa Quadragesimalis . MH 552 (M. Haydn)<\/div>\n<div>\u00a0 \u00a0 \u00a0 \u00a0 \u00a0Sanctus: mesures 200 \u00e0 215<\/div>\n<\/div>\n<\/div>\n<div><\/div>\n<div><strong>Ce 11 mars<\/strong><strong>:<\/strong><\/div>\n<div>An den Fl\u00fcssen Babylons: mesures 1 \u00e0 92<\/div>\n<div>Cor meum est templum sacrum (Patricia Van Ness); mes. 1 \u00e0 20<\/div>\n<\/div>\n<div><\/div>\n<div><strong>Ce 4 mars<\/strong><strong>:<\/strong><\/div>\n<div>An den Fl\u00fcssen Babylons: mesures 1 \u00e0 75<\/div>\n<div>Missa Quadragesimalis . MH 552 (M. Haydn)<\/div>\n<div>\n<p>\u00a0 \u00a0 \u00a0 \u00a0 \u00a0Credo 2: mesures 88 \u00e0 125<\/p>\n<\/div>\n<\/div>\n<div>\n<div><\/div>\n<\/div>\n<div>\n<div><\/div>\n<\/div>\n<div>\n<div>\n<div>\n<div>\n<div id=\"m_-5178278219777519289yiv4459892827\">CONCERNANT LE SITE WHATSAPP : merci de ne l&rsquo;utiliser QUE POUR LES COMMUNICATIONS PR\u00c9LUDE.\u00a0 Ni pour des pubs, des coups de c\u0153ur ou accus\u00e9s de r\u00e9ception\u00a0 \u00a0sauf si ceux-ci sont demand\u00e9s.<\/div>\n<div id=\"m_-5178278219777519289yiv4459892827\">Merci pour votre lecture. Bon dimanche et \u00e0 demain<\/div>\n<div id=\"m_-5178278219777519289yiv4459892827\">Marie-Jeanne<\/div>\n<\/div>\n<\/div>\n<div><\/div>\n<\/div>\n<\/div>\n<div><\/div>\n<div><\/div>\n<div><\/div>\n<div><span style=\"text-decoration: underline;\"><span style=\"color: #000000;\"><span style=\"font-size: 18pt;\"><strong>Voici quelques dates \u00e0 noter dans votre agenda:<\/strong><\/span><\/span><\/span><\/div>\n<div><\/div>\n<div class=\"gmail_default\"><i><span style=\"font-size: large;\">\u00a0PROCHAINS CONCERTS:\u00a0<\/span><\/i><\/div>\n<div><span style=\"font-size: 16pt;\">21 septembre 2024 20H15: avec orgues Habay-La-Neuve<\/span><\/div>\n<div><span style=\"font-size: 16pt;\">6 avril 2025 15H00: Messancy<\/span><\/div>\n<div><\/div>\n<div><\/div>\n<div><\/div>\n<p style=\"text-align: left;\">[toggle title=\u00a0\u00bb31 aout 2021 &#8211; La reprise\u00a0\u00bb color=\u00a0\u00bb#c9f571&Prime;]\n<div style=\"text-align: center;\"><span style=\"color: #ff0000; font-size: 21.3333px; text-align: center;\">********* ENFIN, LA REPRISE ********<\/span><\/div>\n<div><\/div>\n<div><span style=\"color: #993300;\"><em><strong><span style=\"font-size: 12pt;\">Courriel de notre pr\u00e9sidente en date du 31 AOUT 2021<\/span><\/strong><\/em><\/span><\/div>\n<div><\/div>\n<div>\n<div class=\"gmail_default\"><span style=\"font-size: 12pt; color: #993300;\">Ch\u00e8res Pr\u00e9ludiennes, chers Pr\u00e9ludiens,<\/span><\/div>\n<div class=\"gmail_default\"><\/div>\n<div class=\"gmail_default\"><span style=\"font-size: 12pt; color: #993300;\">Bonne nouvelle!<\/span><\/div>\n<div class=\"gmail_default\"><span style=\"font-size: 12pt; color: #993300;\">Apr\u00e8s 18 mois d&rsquo;interruption, Pr\u00e9lude reprend les r\u00e9p\u00e9titions et avec un beau projet de concert! Mais je laisse \u00e0 notre chef le plaisir de vous pr\u00e9senter ce projet.<\/span><\/div>\n<div class=\"gmail_default\"><span style=\"font-size: 12pt; color: #993300;\">Un mail d&rsquo;Isabelle suivra donc dans quelques jours.<\/span><\/div>\n<div class=\"gmail_default\"><span style=\"font-size: 12pt; color: #993300;\">Comme vous pouvez l&rsquo;imaginer, la Covid laissera des traces, nous demandera quelques adaptations, le respect de certaines mesures sanitaires&#8230;..<\/span><\/div>\n<div class=\"gmail_default\"><\/div>\n<div><\/div>\n<\/div>\n<div class=\"yj6qo\"><\/div>\n<div style=\"text-align: center;\"><\/div>\n[\/toggle]\n<p style=\"text-align: left;\">[toggle title=\u00a0\u00bb9 septembre 2021 &#8211; Notre cheffe nous \u00e9crit\u00a0\u00bb color=\u00a0\u00bb#c9f571&Prime;]\n[\/toggle]\n<p style=\"text-align: left;\">[toggle title=\u00a0\u00bb18 octobre 2021 &#8211; Infos r\u00e9p\u00e9titions annul\u00e9es\u00a0\u00bb color=\u00a0\u00bb#c9f571&Prime;]\n<p><span style=\"color: #ff0000;\"><strong>ATTENTION:<\/strong><\/span><\/p>\n<p><span style=\"color: #ff0000;\"><strong>Pas de r\u00e9p\u00e9tition les lundis 25 octobre et 1 novembre 2021<\/strong><\/span><\/p>\n<p>Reprise le lundi 8 novembre<br \/>\n[\/toggle]\n<p style=\"text-align: left;\">[toggle title=\u00a0\u00bb23 novembre 2021- Compte rendu de Marie-Jeanne\u00a0\u00bb color=\u00a0\u00bb#c9f571&Prime;]\n<p><em><strong>R\u00e9p\u00e9tition du mardi 23 novembre 2021 &#8211; Compte rendu par Marie-Jeanne<\/strong><\/em><\/p>\n<p>Bonjour \u00e0 vous tous,<\/p>\n<p>Je vous partage le r\u00e9sum\u00e9 de notre riche \u00e9change d&rsquo;hier soir, pour les absents nous avons proc\u00e9d\u00e9 par un tour de table, permettant \u00e0 chacun de parler \u00e0 son aise sans \u00eatre interrompu.<\/p>\n<p>Isabelle nous a d&rsquo;abord fait part de son \u00e9change avec Pierre Fasbender\u00a0 directeur du Centre Culturel de Habay, organisateur du concert du 8 janvier\u00a0: il n&rsquo;a encore rien engag\u00e9 et craint une tr\u00e8s petite pr\u00e9sence au concert au vu de ce qui se passe pour l&rsquo;instant dans les concerts organis\u00e9s.<\/p>\n<p>Isabelle nous a alors pos\u00e9 2 questions\u00a0:<\/p>\n<ul>\n<li>Quel est votre ressenti par rapport \u00e0 notre v\u00e9cu actuel lors des r\u00e9p\u00e9titions ?<\/li>\n<li>Quel est votre ressenti par rapport \u00e0 notre futur\u00a0?<\/li>\n<\/ul>\n<p>Nous nous sommes tous exprim\u00e9s et l\u2019\u00e9coute \u00e9tait tr\u00e8s grande.<\/p>\n<p><u>Pour le pr\u00e9sent\u00a0: <\/u><\/p>\n<ul>\n<li>Nous regrettons tous les mauvaises conditions de travail, salle, masques, tout en \u00e9tant conscients qu\u2019elles sont n\u00e9cessaires. Mais certains n\u2019ont plus de bonheur et de courage pour travailler ainsi<\/li>\n<li>Nous d\u00e9plorons une baisse certaine de notre niveau musical<\/li>\n<li>Certains ont peur que l\u2019un d\u2019entre nous soit touch\u00e9 par le virus<\/li>\n<li>Mais nous avons tous le besoin de nous voir et de chanter ensemble<\/li>\n<\/ul>\n<p><u>Pour le futur\u00a0: <\/u><\/p>\n<ul>\n<li>Nous craignons de ne pas \u00eatre pr\u00eats pour le concert et que le danger de contagion y soit grand<\/li>\n<li>Nous avons peur de perdre encore plus notre capacit\u00e9 \u00e0 chanter si nous arr\u00eatons<\/li>\n<\/ul>\n<p><u>Nous avons alors d\u00e9cid\u00e9 <\/u><\/p>\n<ul>\n<li>De reporter le concert \u00e0 des temps meilleurs<\/li>\n<li>De nous renouveler\u00a0:<\/li>\n<\/ul>\n<p>Nous continuons \u00e0 r\u00e9p\u00e9ter, mais en apprentissage d\u2019un nouveau programme \u00e0 venir, le peaufinage se fera avant le concert futur, lorsque les conditions pour chanter seront meilleures.<\/p>\n<ul>\n<li>Nous nous engageons \u00e0 travailler, individuellement, les partitions chez nous, avant la r\u00e9p\u00e9tition, \u00e0 partir des MP3 envoy\u00e9s par Claudy. Ces MP3 sont des fichiers informatiques qui pr\u00e9sentent chaque voix isol\u00e9ment des autres voix, \u00a0ils aident fortement l\u2019apprentissage des \u00a0diff\u00e9rentes voix.<\/li>\n<li>Nous pourrions faire des r\u00e9p\u00e9titions par pupitre ou 2 ensemble. Isabelle fixerait le planning.<\/li>\n<\/ul>\n<p>Nous nous engageons tous \u00e0 respecter ce beau projet.<\/p>\n<p>Je pense que cet \u00e9change a fait du bien \u00e0 tout le monde, \u00e0 moi en tout cas. Si j\u2019ai oubli\u00e9 quelque chose merci de m\u2019en excuser et de compl\u00e9ter ce r\u00e9sum\u00e9.<\/p>\n<p>Belle semaine \u00e0 tous<\/p>\n<p>Marie-Jeanne<br \/>\n[\/toggle]\n<p style=\"text-align: left;\">[toggle title=\u00a0\u00bb3 d\u00e9cembre 2021 &#8211; Notre cheffe nous \u00e9crit\u00a0\u00bb color=\u00a0\u00bb<span style=\"color: #24a102;\">#24a102<\/span>\u00ab\u00a0]\n<p><span style=\"color: #993300;\"><em><strong><span style=\"font-size: 12pt;\">Courriel de notre cheffe en date du 03 d\u00e9cembre 2021<\/span><\/strong><\/em><\/span><\/p>\n<p><span style=\"color: #993300;\">Bonjour \u00e0 tous,<\/span><\/p>\n<p><span style=\"color: #993300;\">Comme annonc\u00e9, je reviens vers vous concernant les r\u00e9p\u00e9titions de Pr\u00e9lude.<\/span><br \/>\n<span style=\"color: #993300;\">Le virus ne m\u2019a pas m\u00e9nag\u00e9e durant cette semaine: 4 jours au lit, des maux de t\u00eate, des douleurs musculaires, sinusite, n\u00e9vralgies, grosse fatigue, perte du go\u00fbt, \u2026 et tout cela est encore d\u2019actualit\u00e9 \u00e0 diff\u00e9rents degr\u00e9s.<\/span><\/p>\n<p><span style=\"color: #993300;\">Vous l\u2019aurez compris, il n\u2019y aura pas de r\u00e9p\u00e9tition ce lundi 6 d\u00e9cembre.<\/span><\/p>\n<p><span style=\"color: #993300;\">Et dans ce contexte o\u00f9 l\u2019\u00e9pid\u00e9mie repart de mani\u00e8re violente, o\u00f9 j\u2019aimerai r\u00e9cup\u00e9rer un maximum et avoir du temps pour mettre en place un nouveau projet, je propose que nous ne reprenions pas avant No\u00ebl. Ce n\u2019est pas un nouveau confinement de Pr\u00e9lude c\u2019est juste un cong\u00e9 de No\u00ebl un peu plus long. Nous reprendrions en pleine forme (je l\u2019esp\u00e8re) le lundi 10 janvier 2022.<\/span><\/p>\n<p><span style=\"color: #993300;\">C\u2019est plus sage et plus sain.<\/span><\/p>\n<p><span style=\"color: #993300;\">On n\u2019aura jamais \u00e9t\u00e9 autant bouscul\u00e9.<\/span><\/p>\n<p><span style=\"color: #993300;\">Je vous souhaite, malgr\u00e9 cette situation, de passer de belles f\u00eates de fin d\u2019ann\u00e9e dans la douceur de vos familles<\/span><\/p>\n[\/toggle]\n<p>_______________________________________________<\/p>\n<p><span style=\"color: #ff0000; font-size: 21.3333px; text-align: center;\">********* REPRISE PARTIELLE DES REPETITIONS ********<\/span><\/p>\n<p style=\"text-align: left;\">[toggle title=\u00a0\u00bb3 f\u00e9vrier 2022 &#8211; Notre pr\u00e9sidente nous \u00e9crit<br \/>\nREPRISE PARTIELLE DES REPETITIONS\u00a0\u00bb color=\u00a0\u00bb#c9f571&Prime;]\n<div class=\"gmail_default\"><span style=\"font-size: 10pt;\"><strong><span style=\"color: #339966;\">Bonjour \u00e0 vous, Pr\u00e9ludiennes et Pr\u00e9ludiens,<\/span><\/strong><\/span><\/div>\n<div class=\"gmail_default\"><\/div>\n<div class=\"gmail_default\"><span style=\"font-size: 10pt;\"><strong><span style=\"color: #339966;\">La semaine derni\u00e8re, nous avons re\u00e7u un courrier de \u00ab\u00a0A Coeur Joie\u00a0\u00bb rappelant les mesures de s\u00e9curit\u00e9 \u00e0 prendre si nous souhaitions reprendre les r\u00e9p\u00e9titions:<\/span><\/strong><\/span><\/div>\n<div class=\"gmail_default\"><\/div>\n<div class=\"gmail_default\"><span style=\"font-size: 10pt;\"><strong><span style=\"color: #339966;\">&#8211; Port du masque obligatoire,<\/span><\/strong><\/span><br \/>\n<span style=\"font-size: 10pt;\"><strong><span style=\"color: #339966;\">&#8211; recommandation de d\u00e9tecteur CO2<\/span><\/strong><\/span><br \/>\n<span style=\"font-size: 10pt;\"><strong><span style=\"color: #339966;\">&#8211; Recommandation de respect des distances.<\/span><\/strong><\/span><\/div>\n<div class=\"gmail_default\"><\/div>\n<div class=\"gmail_default\"><span style=\"font-size: 10pt;\"><strong><span style=\"color: #339966;\">Le comit\u00e9 s&rsquo;est r\u00e9uni et a r\u00e9fl\u00e9chi \u00e0 la reprise de nos r\u00e9p\u00e9titions.<\/span><\/strong><\/span><\/div>\n<div class=\"gmail_default\"><\/div>\n<div class=\"gmail_default\"><span style=\"font-size: 10pt;\"><strong><span style=\"color: #339966;\">1. Nous retrouvons notre local au Centre Culturel, Pierre, le directeur, nous le r\u00e9serve tous les lundis soirs.<\/span><\/strong><\/span><\/div>\n<div class=\"gmail_default\"><span style=\"font-size: 10pt;\"><strong><span style=\"color: #339966;\">2. Un d\u00e9tecteur CO2 sera pr\u00e9sent dans le local.<\/span><\/strong><\/span><\/div>\n<div class=\"gmail_default\"><span style=\"font-size: 10pt;\"><strong><span style=\"color: #339966;\">3. Pour nous permettre de respecter les distances, nous r\u00e9p\u00e9terons par 1\/2 ch\u0153ur.<\/span><\/strong><\/span><\/div>\n<div class=\"gmail_default\"><\/div>\n<div class=\"gmail_default\"><span style=\"font-size: 10pt;\"><strong><span style=\"color: #339966;\">Le 14 f\u00e9vrier, honneur aux dames et le 21 f\u00e9vrier, honneur \u00e0 ces messieurs&#8230;.<\/span><\/strong><\/span><\/div>\n<div class=\"gmail_default\"><\/div>\n<div class=\"gmail_default\"><span style=\"font-size: 10pt;\"><strong><span style=\"color: #339966;\">Ne pleurez pas, Mesdames, vous aurez encore l&rsquo;occasion de chanter avec le pupitre des hommes&#8230; Au fil des semaines, Isabelle proposera des g\u00e9om\u00e9tries variables!<\/span><\/strong><\/span><\/div>\n<div class=\"gmail_default\"><span style=\"font-size: 10pt;\"><strong><span style=\"color: #339966;\">Et nous avons bon espoir de nous retrouver rapidement en ch\u0153ur complet!<\/span><\/strong><\/span><\/div>\n<div class=\"gmail_default\"><\/div>\n<div class=\"gmail_default\"><span style=\"font-size: 10pt;\"><strong><span style=\"color: #339966;\">Au tout grand plaisir de vous revoir!<br \/>\n<\/span><\/strong><\/span><\/div>\n<div class=\"gmail_default\"><\/div>\n<div>\n<div dir=\"ltr\" data-smartmail=\"gmail_signature\">\n<div dir=\"ltr\">\n<div>\n<div dir=\"ltr\">\n<div>\n<div dir=\"ltr\">\n<div>\n<div dir=\"ltr\">\n<div>\n<div><span style=\"font-size: 10pt;\"><strong><span style=\"color: #339966;\">Andr\u00e9e<\/span><\/strong><\/span><\/div>\n<\/div>\n<\/div>\n<\/div>\n<\/div>\n<\/div>\n<\/div>\n<\/div>\n<\/div>\n<\/div>\n<\/div>\n[\/toggle]\n<p>_______________________________________________<\/p>\n[toggle title=\u00a0\u00bb<strong>2022<\/strong> &#8211; Reprise progressive <strong><em>apr\u00e8s Covid<\/em><\/strong>\u00ab\u00a0]\n<p><strong><em>ET POUR SUIVRE:<\/em><\/strong><\/p>\n<p>28 f\u00e9vrier: VACANCES : Pas de r\u00e9p\u00e9tition<\/p>\n<p>7 mars: R\u00e9p\u00e9tition pour les \u00ab\u00a0filles\u00a0\u00bb<\/p>\n<p>14 mars: R\u00e9p\u00e9tition pour les \u00ab\u00a0gar\u00e7ons\u00a0\u00bb<\/p>\n<p style=\"font-weight: 400;\"><strong>21 mars \u2013 Tutti<\/strong><br \/>\n<strong>28 mars \u2013 Tutti<\/strong><\/p>\n<p style=\"font-weight: 400;\"><em><strong>Le tout, dans notre local <span style=\"background-color: #ffff00;\">puisque que nous passons en code jaune !\u00a0<\/span><\/strong><\/em><\/p>\n<p><span style=\"color: #800080;\"><em><strong>Et &#8230; nous pourrons oublier les masques !<\/strong><\/em><\/span><\/p>\n<p><strong>ET DEJA LES VACANCES DE PAQUES:<\/strong><\/p>\n<p><em>Pas de r\u00e9p\u00e9tition les lundis 4 et 11 avril, ni le 18 avril, lundi de P\u00e2ques<\/em><\/p>\n<p><em><strong>Prochaines r\u00e9p\u00e9titions:<\/strong><\/em><\/p>\n<p>25 avril: R\u00e9p\u00e9tition normale tutti<br \/>\n2 mai: R\u00e9p\u00e9tition pour les \u00ab\u00a0filles\u00a0\u00bb<br \/>\n9 mai: R\u00e9p\u00e9tition pour les \u00ab\u00a0gar\u00e7ons\u00a0\u00bb<br \/>\n16 mai: R\u00e9p\u00e9tition pour les \u00ab\u00a0filles\u00a0\u00bb<br \/>\n23 mai: R\u00e9p\u00e9tition pour les \u00ab\u00a0gar\u00e7ons\u00a0\u00bb<br \/>\n30 mai: R\u00e9p\u00e9tition normale tutti<\/p>\n<p><em>Puis ce sera le lundi de Pentec\u00f4te: pas de r\u00e9p\u00e9tition<\/em><\/p>\n<p style=\"text-align: left;\">13 juin: R\u00e9p\u00e9tition normale tutti en l&rsquo;\u00e9glise d&rsquo;Habay-la-Neuve<br \/>\n20 juin: R\u00e9p\u00e9tition normale tutti en l&rsquo;\u00e9glise d&rsquo;Habay-la-Neuve<br \/>\n<strong>27 juin: Derni\u00e8re r\u00e9p\u00e9tition tutti en l\u2019\u00e9glise d\u2019Habay-la-Neuve, puis<\/strong><\/p>\n<p style=\"text-align: center;\"><span style=\"font-size: 16pt;\"><strong><span style=\"color: #ff0000;\">VACANCES<\/span><\/strong><\/span><\/p>\n<p><strong>05 septembre: Reprise des r\u00e9p\u00e9titions dans notre local habituel<\/strong><\/p>\n<p><strong><span style=\"text-decoration: underline;\">Partitions \u00e0 prendre pour commencer<\/span>:<\/strong><\/p>\n<p>&#8211; Magnificat de Francesco Durante <em>(Isabelle nous donnera les derni\u00e8res feuilles qui nous manquent)<\/em><br \/>\n&#8211; Sub tuum praesidium de Zelenka<br \/>\n&#8211; Evening rise , traditionnel am\u00e9ricain<br \/>\n&#8211; Lully, Lulla, Lullay de Philip Stopford<br \/>\n&#8211; Cantate Domino de Karl Jenkins<br \/>\n&#8211; De Herr ist mit mir de Buxtehude<br \/>\n&#8211; Halleluja de Lonquich<br \/>\n&#8211; Christmas Night, traditional<br \/>\n&#8211; The Holly and the Ivy, traditionnel<br \/>\n&#8211; Marche des Rois de Noyon<br \/>\n&#8211; Cantate Domino de Hassler<br \/>\n&#8211; Ave Regina coelorum de Lotti<br \/>\n&#8211; Hinunter ist der Sonne Schein de Vulpius<\/p>\n<div>*******************************************************<\/div>\n<div><\/div>\n<div>\n<p><span style=\"color: #ff0000;\"><strong><span style=\"font-size: 12pt;\"><span style=\"font-size: 14pt;\">Attention, pas de r\u00e9p\u00e9tition le 31 octobre<\/span><\/span><\/strong><\/span><\/p>\n<p>&nbsp;<\/p>\n<\/div>\n<div><span style=\"font-size: 12pt;\">Prochaine r\u00e9p\u00e9tition le <b>lundi 7 novembre<\/b>.<\/span><\/div>\n<div><\/div>\n<div class=\"gmail_default\"><span style=\"font-size: 12pt;\">Voici la liste des partitions \u00e0 prendre en plus pour la prochaine r\u00e9p\u00e9tition:<\/span><\/div>\n<div class=\"gmail_default\"><\/div>\n<div class=\"gmail_default\"><b>&#8211; Ring Christmas bells<\/b><\/div>\n<div class=\"gmail_default\"><b>&#8211; Entre le b\u0153uf et l&rsquo;\u00e2ne gris<\/b><\/div>\n<div class=\"gmail_default\"><b>&#8211; Stille nacht<\/b><\/div>\n<div class=\"gmail_default\"><b>&#8211; Merveille que les anges.<\/b><\/div>\n<div class=\"su-divider su-divider-style-default\" style=\"margin:15px 0;border-width:3px;border-color:#999999\"><a href=\"#\" style=\"color:#a8501c\">Retour vers le haut<\/a><\/div>\n<p><b>Mercredis 30 novembre et\u00a0 07 d\u00e9cembre \u00e0 20h : r\u00e9p\u00e9titions suppl\u00e9mentaires \u00e0 l&rsquo;\u00e9glise de Montm\u00e9dy<\/b><\/p>\n<div><strong style=\"font-size: 16px;\"><span style=\"font-size: 12pt;\"><span style=\"font-size: 14pt;\">Attention, VACANCES:<\/span><\/span><\/strong><\/div>\n<div>\n<p><span style=\"color: #ff0000;\"><strong><span style=\"font-size: 12pt;\"><span style=\"font-size: 14pt;\">pas de r\u00e9p\u00e9tition du 12 d\u00e9cembre 2022 au 02 janvier 2023<\/span><\/span><\/strong><\/span><\/p>\n<p><span style=\"font-size: 16pt;\"><strong>Reprise des r\u00e9p\u00e9titions le 09 janvier 2023<\/strong><\/span><\/p>\n<\/div>\n[\/toggle]\n<div class=\"su-divider su-divider-style-default\" style=\"margin:15px 0;border-width:3px;border-color:#999999\"><a href=\"#\" style=\"color:#a8501c\">Retour vers le haut<\/a><\/div>\n<div><span style=\"font-size: 14pt;\">15 janvier 2023<\/span><\/div>\n<div><span style=\"text-decoration: underline;\"><em><strong><span style=\"font-size: 14pt;\">Mot de notre pr\u00e9sidente<\/span><\/strong><\/em><\/span><\/div>\n<div><\/div>\n<div class=\"gmail_default\"><span style=\"font-size: large;\">Bonjour \u00e0 toutes et \u00e0 tous,<\/span><\/div>\n<div class=\"gmail_default\"><span style=\"font-size: large;\">\u00a0<\/span><\/div>\n<div class=\"gmail_default\"><span style=\"font-size: large;\">Rendez-vous ce lundi 16 janvier\u00a0 \u00e0 20h dans notre local pour f\u00eater la nouvelle ann\u00e9e et pour \u00e9changer sur notre concert de ce samedi.<\/span><\/div>\n<div class=\"gmail_default\"><span style=\"font-size: large;\">Nous chanterons un peu&#8230;.Merci de prendre la suite du Magnificat de Durante.<br \/>\n<\/span><\/div>\n<div class=\"gmail_default\"><span style=\"font-size: large;\">Et si vous voulez partager le verre de l&rsquo;amiti\u00e9, prenez votre verre, surtout si vous souhaitez boire de l&rsquo;Orval! Je pense que nous avons des verres en plastique en stock&#8230;.<\/span><\/div>\n<div class=\"gmail_default\"><span style=\"font-size: large;\">\u00a0<\/span><\/div>\n<div class=\"gmail_default\"><span style=\"font-size: large;\">Un bon dimanche \u00e0 vous toutes et tous, avec encore certainement des notes dans les oreilles mais surtout avec le sentiment que nous avons donn\u00e9 du bonheur \u00e0 tous les spectateurs de ce samedi soir!<\/span><\/div>\n<div class=\"gmail_default\"><span style=\"font-size: large;\">Vive la musique!<\/span><\/div>\n<div class=\"gmail_default\"><span style=\"font-size: large;\">\u00a0<\/span><\/div>\n<div>\n<div dir=\"ltr\" data-smartmail=\"gmail_signature\">\n<div dir=\"ltr\">\n<div dir=\"ltr\">\n<div>\n<div dir=\"ltr\">\n<div>\n<div dir=\"ltr\">\n<div>\n<div><span style=\"font-size: large;\">Andr\u00e9e<\/span><\/div>\n<\/div>\n<div><span style=\"font-size: 12pt;\"><div class=\"su-divider su-divider-style-default\" style=\"margin:15px 0;border-width:3px;border-color:#999999\"><a href=\"#\" style=\"color:#a8501c\">Retour vers le haut<\/a><\/div><\/span><\/div>\n<\/div>\n<div><\/div>\n<\/div>\n<div><\/div>\n<div><span style=\"color: #ff0000;\"><em><strong><span style=\"font-size: 12pt;\">ATTENTION:<\/span><\/strong><\/em><\/span><\/div>\n<div><\/div>\n<div><span style=\"font-size: 12pt;\"><strong><span style=\"text-decoration: underline;\">REPETITION SPECIALE LE LUNDI 17 AVRIL<br \/>\n<\/span><\/strong><br \/>\n<\/span><span style=\"font-size: 12pt;\">La r\u00e9p\u00e9tition de ce lundi 17 avril 20h00, aura lieu \u00e0 <strong>l&rsquo;\u00e9glise du Sacr\u00e9-Coeur, place communale de Libramont.<\/strong><\/span><\/div>\n<\/div>\n<div><\/div>\n<\/div>\n<div><strong><span style=\"text-decoration: underline;\"><em><span style=\"font-size: 12pt;\">PAS DE REPETITION LE LUNDI 1er MAI<\/span><\/em><\/span><\/strong><\/div>\n<\/div>\n<\/div>\n<div><\/div>\n<div>\n<div><\/div>\n<\/div>\n<div><span style=\"text-decoration: underline;\"><em><strong><span style=\"font-size: 12pt;\"><span style=\"color: #ff0000; text-decoration: underline;\">ATTENTION:<\/span> REPETITIONS POUR LE CONCERT DE LLN:<\/span><\/strong><\/em><\/span><\/div>\n<div>\n<div><\/div>\n<div class=\"gmail_default\"><i><span style=\"font-size: large;\">Voici toutes les dates importantes \u00e0 noter dans vos agendas:<\/span><\/i><\/div>\n<div class=\"gmail_default\"><i><span style=\"font-size: large;\">\u00a0<\/span><\/i><\/div>\n<div class=\"gmail_default\"><i><span style=\"font-size: large;\"><u><b>Lundi 29 mai<\/b><\/u>: 9h \u00e0 12h et 13h \u00e0 16h.\u00a0<u>Dans notre local.<\/u><\/span><\/i><\/div>\n<div class=\"gmail_default\"><i><span style=\"font-size: large;\"><b><u>Samedi 3 juin<\/u><\/b>: 9h \u00e0 12h et 13h \u00e0 16h.\u00a0<u>A l&rsquo;Auberge du Vivier<\/u>, 109 avenue de la Gare. Habay-La-Neuve.<\/span><\/i><\/div>\n<div class=\"gmail_default\"><i><span style=\"font-size: large;\"><b><u>Lundi 05 juin et 12 juin<\/u><\/b>\u00a0: R\u00e9p\u00e9tition dans\u00a0<u>notre local<\/u>\u00a0de 20h \u00e0 22h.<\/span><\/i><\/div>\n<div class=\"gmail_default\"><i><span style=\"font-size: large;\"><b><u>Mardi 13 juin<\/u><\/b>: r\u00e9p\u00e9tition dans\u00a0<u>notre local<\/u>\u00a0de 20h \u00e0 22h.<br \/>\n<\/span><\/i><\/div>\n<div class=\"gmail_default\"><i><span style=\"font-size: large;\">\u00a0<\/span><\/i><\/div>\n<div class=\"gmail_default\"><i><span style=\"font-size: large;\"><b><u>Samedi 17 juin<\/u><\/b>: concert \u00e0 LLN. D\u00e9part \u00e0 11h pr\u00e9cise sur la place \u00e0 Habay-la-Neuve.<\/span><\/i><\/div>\n<div class=\"gmail_default\"><i><span style=\"font-size: large;\">Le car a 44 places, donc des personnes de votre famille, des amis peuvent nous accompagner.\u00a0<u>Merci de le dire \u00e0 Pierre Jacquemin.<\/u><\/span><\/i><\/div>\n<div class=\"gmail_default\"><i><span style=\"font-size: large;\">\u00a0<\/span><\/i><\/div>\n<div class=\"gmail_default\"><i><span style=\"font-size: large;\">Pour le lundi 29 mai, samedi 3 juin et samedi 17 juin:\u00a0n&rsquo;oubliez pas votre pic-nic.<\/span><\/i><\/div>\n<div class=\"gmail_default\"><i><span style=\"font-size: large;\">\u00a0<\/span><\/i><\/div>\n<div class=\"gmail_default\"><i><span style=\"font-size: large;\">Derni\u00e8re communication: pour le lundi 29 mai, merci de r\u00e9\u00e9couter et\/ou revoir le Magnificat de Durante et tout particuli\u00e8rement \u00e0 la\u00a0<u>page 21: 3. Chor.<\/u><\/span><\/i><\/div>\n<\/div>\n<\/div>\n<\/div>\n","protected":false},"excerpt":{"rendered":"<p>Prochaines r\u00e9p\u00e9titions &#8211; Lundi 26 janvier au local Apporter All\u00e9luia de Thompson et Healing light de Jenkins Nous avons \u00e9tudi\u00e9: Ce lundi 19 janvier: Morir non puo (Maddalena Casulana) Ave Regina Caelorum (Isabella Leonarda) Ce lundi 12 janvier: Morir non &hellip; <a href=\"https:\/\/xn--choeurprlude-ieb.be\/?page_id=2159\">Continuer la lecture <span class=\"meta-nav\">&rarr;<\/span><\/a><\/p>\n","protected":false},"author":14,"featured_media":0,"parent":96,"menu_order":22,"comment_status":"closed","ping_status":"closed","template":"","meta":{"footnotes":""},"_links":{"self":[{"href":"https:\/\/xn--choeurprlude-ieb.be\/index.php?rest_route=\/wp\/v2\/pages\/2159"}],"collection":[{"href":"https:\/\/xn--choeurprlude-ieb.be\/index.php?rest_route=\/wp\/v2\/pages"}],"about":[{"href":"https:\/\/xn--choeurprlude-ieb.be\/index.php?rest_route=\/wp\/v2\/types\/page"}],"author":[{"embeddable":true,"href":"https:\/\/xn--choeurprlude-ieb.be\/index.php?rest_route=\/wp\/v2\/users\/14"}],"replies":[{"embeddable":true,"href":"https:\/\/xn--choeurprlude-ieb.be\/index.php?rest_route=%2Fwp%2Fv2%2Fcomments&post=2159"}],"version-history":[{"count":133,"href":"https:\/\/xn--choeurprlude-ieb.be\/index.php?rest_route=\/wp\/v2\/pages\/2159\/revisions"}],"predecessor-version":[{"id":3270,"href":"https:\/\/xn--choeurprlude-ieb.be\/index.php?rest_route=\/wp\/v2\/pages\/2159\/revisions\/3270"}],"up":[{"embeddable":true,"href":"https:\/\/xn--choeurprlude-ieb.be\/index.php?rest_route=\/wp\/v2\/pages\/96"}],"wp:attachment":[{"href":"https:\/\/xn--choeurprlude-ieb.be\/index.php?rest_route=%2Fwp%2Fv2%2Fmedia&parent=2159"}],"curies":[{"name":"wp","href":"https:\/\/api.w.org\/{rel}","templated":true}]}}