{"id":2426,"date":"2022-10-24T10:08:26","date_gmt":"2022-10-24T08:08:26","guid":{"rendered":"http:\/\/xn--choeurprlude-ieb.be\/?page_id=2426"},"modified":"2023-11-13T18:48:01","modified_gmt":"2023-11-13T17:48:01","slug":"chants-de-noel","status":"publish","type":"page","link":"https:\/\/xn--choeurprlude-ieb.be\/?page_id=2426","title":{"rendered":"CHANTS DE NO\u00cbL"},"content":{"rendered":"<p><strong><em>R\u00e9alisation fichiers: Claudy CHAUVAUX<\/em><\/strong><\/p>\n<p style=\"padding-left: 40px;\"><span style=\"color: #800000;\"><strong><span style=\"text-decoration: underline;\"><em>REMARQUE:<\/em><\/span><\/strong><\/span><\/p>\n<p style=\"padding-left: 40px;\"><span style=\"color: #800000;\">Si vous souhaitez r\u00e9p\u00e9ter ces partitions avec un tempo plus lent, vous pouvez les ouvrir avec le logiciel gratuit \u00ab\u00a0VLC media player\u00a0\u00bb<\/span><\/p>\n<p style=\"padding-left: 40px;\"><span style=\"color: #800000;\">Comment faire ?<\/span><\/p>\n<ol>\n<li style=\"list-style-type: none;\">\n<ol>\n<li><span style=\"color: #800000;\">T\u00e9l\u00e9charger le fichier qui vous int\u00e9resse.<\/span><br \/>\n<span style=\"color: #800000;\">Pour cela, s\u00e9lectionner l&rsquo;URL du fichier, mentionn\u00e9 en caract\u00e8res gras sous la barre de lecture.<\/span><br \/>\n<span style=\"color: #800000;\">Coller cet URL dans la case de recherche de votre navigateur et l&rsquo;ouvrir.<\/span><br \/>\n<span style=\"color: #800000;\">Le fichier d\u00e9marre alors sur un \u00e9cran noir avec une zone blanche au milieu.<\/span><br \/>\n<span style=\"color: #800000;\">Cliquez alors sur les 3 petits points qui figurent \u00e0 droite de la zone blanche.<\/span><br \/>\n<span style=\"color: #800000;\">Un menu s&rsquo;ouvre alors dans lequel figure l&rsquo;option \u00ab\u00a0t\u00e9l\u00e9charger\u00a0\u00bb<\/span><\/li>\n<li><span style=\"color: #800000;\">Une fois t\u00e9l\u00e9charg\u00e9, enregistrez le fichier dans un r\u00e9pertoire appropri\u00e9 si vous voulez le conserver.<\/span><br \/>\n<span style=\"color: #800000;\">Vous pouvez alors l&rsquo;ouvrir avec VLC<\/span><br \/>\n<span style=\"color: #800000;\">Rep\u00e9rez l&rsquo;option \u00ab\u00a0lecture\u00a0\u00bb dans le menu sup\u00e9rieur et s\u00e9lectionnez la.<\/span><br \/>\n<span style=\"color: #800000;\">Un second menu s&rsquo;ouvre dans lequel il y a l&rsquo;option \u00ab\u00a0vitesse\u00a0\u00bb<\/span><br \/>\n<span style=\"color: #800000;\">En cliquant sur cette option, vous avez diff\u00e9rentes possibilit\u00e9s, ralentir, acc\u00e9l\u00e9rer&#8230;..<\/span><\/li>\n<\/ol>\n<\/li>\n<\/ol>\n<p style=\"padding-left: 40px;\"><span style=\"color: #800000;\">Bonne r\u00e9p\u00e9tition<\/span><\/p>\n[toggle title=\u00a0\u00bb<strong>BACH J-C. &#8211; Der Mensch, von Weibe geboren<\/strong>\u00ab\u00a0]\n<p>Voir saison 2022-2023<\/p>\n[\/toggle]\n[toggle title=\u00a0\u00bb<strong>BACH J-S. &#8211; Ich steh an deiner Krippe hier<\/strong>\u00ab\u00a0]\n<p>Soprano : <div class=\"su-audio\" data-id=\"su_audio_player_69f2fdbd991f5\" data-audio=\"http:\/\/xn--choeurprlude-ieb.be\/wp-content\/uploads\/2022\/11\/AUDIO_1-sopr_Ich-steh-an-deiner-Krippe-hier.mp3\" data-swf=\"https:\/\/xn--choeurprlude-ieb.be\/wp-content\/plugins\/shortcodes-ultimate\/vendor\/jplayer\/jplayer.swf\" data-autoplay=\"no\" data-loop=\"no\" style=\"\"><div id=\"su_audio_player_69f2fdbd991f5\" class=\"jp-jplayer\"><\/div><div id=\"su_audio_player_69f2fdbd991f5_container\" class=\"jp-audio\"><div class=\"jp-type-single\"><div class=\"jp-gui jp-interface\"><div class=\"jp-controls\"><span class=\"jp-play\"><\/span><span class=\"jp-pause\"><\/span><span class=\"jp-stop\"><\/span><span class=\"jp-mute\"><\/span><span class=\"jp-unmute\"><\/span><span class=\"jp-volume-max\"><\/span><\/div><div class=\"jp-progress\"><div class=\"jp-seek-bar\"><div class=\"jp-play-bar\"><\/div><\/div><\/div><div class=\"jp-volume-bar\"><div class=\"jp-volume-bar-value\"><\/div><\/div><div class=\"jp-current-time\"><\/div><div class=\"jp-duration\"><\/div><\/div><div class=\"jp-title\"><\/div><\/div><\/div><\/div>\n<p>URL fichier: <strong>http:\/\/xn--choeurprlude-ieb.be\/wp-content\/uploads\/2022\/11\/AUDIO_1-sopr_Ich-steh-an-deiner-Krippe-hier.mp3<\/strong><\/p>\n<p>Alto : <div class=\"su-audio\" data-id=\"su_audio_player_69f2fdbd9924f\" data-audio=\"http:\/\/xn--choeurprlude-ieb.be\/wp-content\/uploads\/2022\/11\/AUDIO_2-alto_Ich-steh-an-deiner-Krippe-hier.mp3\" data-swf=\"https:\/\/xn--choeurprlude-ieb.be\/wp-content\/plugins\/shortcodes-ultimate\/vendor\/jplayer\/jplayer.swf\" data-autoplay=\"no\" data-loop=\"no\" style=\"\"><div id=\"su_audio_player_69f2fdbd9924f\" class=\"jp-jplayer\"><\/div><div id=\"su_audio_player_69f2fdbd9924f_container\" class=\"jp-audio\"><div class=\"jp-type-single\"><div class=\"jp-gui jp-interface\"><div class=\"jp-controls\"><span class=\"jp-play\"><\/span><span class=\"jp-pause\"><\/span><span class=\"jp-stop\"><\/span><span class=\"jp-mute\"><\/span><span class=\"jp-unmute\"><\/span><span class=\"jp-volume-max\"><\/span><\/div><div class=\"jp-progress\"><div class=\"jp-seek-bar\"><div class=\"jp-play-bar\"><\/div><\/div><\/div><div class=\"jp-volume-bar\"><div class=\"jp-volume-bar-value\"><\/div><\/div><div class=\"jp-current-time\"><\/div><div class=\"jp-duration\"><\/div><\/div><div class=\"jp-title\"><\/div><\/div><\/div><\/div>\n<p>URL fichier: <strong>http:\/\/xn--choeurprlude-ieb.be\/wp-content\/uploads\/2022\/11\/AUDIO_2-alto_Ich-steh-an-deiner-Krippe-hier.mp3<\/strong><\/p>\n<p>Hommes : <div class=\"su-audio\" data-id=\"su_audio_player_69f2fdbd99299\" data-audio=\"http:\/\/xn--choeurprlude-ieb.be\/wp-content\/uploads\/2022\/11\/AUDIO_3-hom_Ich-steh-an-deiner-Krippe-hier.mp3\" data-swf=\"https:\/\/xn--choeurprlude-ieb.be\/wp-content\/plugins\/shortcodes-ultimate\/vendor\/jplayer\/jplayer.swf\" data-autoplay=\"no\" data-loop=\"no\" style=\"\"><div id=\"su_audio_player_69f2fdbd99299\" class=\"jp-jplayer\"><\/div><div id=\"su_audio_player_69f2fdbd99299_container\" class=\"jp-audio\"><div class=\"jp-type-single\"><div class=\"jp-gui jp-interface\"><div class=\"jp-controls\"><span class=\"jp-play\"><\/span><span class=\"jp-pause\"><\/span><span class=\"jp-stop\"><\/span><span class=\"jp-mute\"><\/span><span class=\"jp-unmute\"><\/span><span class=\"jp-volume-max\"><\/span><\/div><div class=\"jp-progress\"><div class=\"jp-seek-bar\"><div class=\"jp-play-bar\"><\/div><\/div><\/div><div class=\"jp-volume-bar\"><div class=\"jp-volume-bar-value\"><\/div><\/div><div class=\"jp-current-time\"><\/div><div class=\"jp-duration\"><\/div><\/div><div class=\"jp-title\"><\/div><\/div><\/div><\/div>\n<p>URL fichier: <strong>http:\/\/xn--choeurprlude-ieb.be\/wp-content\/uploads\/2022\/11\/AUDIO_3-hom_Ich-steh-an-deiner-Krippe-hier.mp3<\/strong><\/p>\n<p>TUTTI : <div class=\"su-audio\" data-id=\"su_audio_player_69f2fdbd992df\" data-audio=\"http:\/\/xn--choeurprlude-ieb.be\/wp-content\/uploads\/2022\/11\/AUDIO_0-tutti_Ich-steh-an-deiner-Krippe-hier.mp3\" data-swf=\"https:\/\/xn--choeurprlude-ieb.be\/wp-content\/plugins\/shortcodes-ultimate\/vendor\/jplayer\/jplayer.swf\" data-autoplay=\"no\" data-loop=\"no\" style=\"\"><div id=\"su_audio_player_69f2fdbd992df\" class=\"jp-jplayer\"><\/div><div id=\"su_audio_player_69f2fdbd992df_container\" class=\"jp-audio\"><div class=\"jp-type-single\"><div class=\"jp-gui jp-interface\"><div class=\"jp-controls\"><span class=\"jp-play\"><\/span><span class=\"jp-pause\"><\/span><span class=\"jp-stop\"><\/span><span class=\"jp-mute\"><\/span><span class=\"jp-unmute\"><\/span><span class=\"jp-volume-max\"><\/span><\/div><div class=\"jp-progress\"><div class=\"jp-seek-bar\"><div class=\"jp-play-bar\"><\/div><\/div><\/div><div class=\"jp-volume-bar\"><div class=\"jp-volume-bar-value\"><\/div><\/div><div class=\"jp-current-time\"><\/div><div class=\"jp-duration\"><\/div><\/div><div class=\"jp-title\"><\/div><\/div><\/div><\/div>\n<p>URL fichier: <strong>http:\/\/xn--choeurprlude-ieb.be\/wp-content\/uploads\/2022\/11\/AUDIO_0-tutti_Ich-steh-an-deiner-Krippe-hier.mp3<\/strong><\/p>\n[\/toggle]\n[toggle title=\u00a0\u00bbCHRISTMAS NIGHT- Christmas traditional\u00a0\u00bb]\n<p>Soprano : <div class=\"su-audio\" data-id=\"su_audio_player_69f2fdbd99325\" data-audio=\"http:\/\/xn--choeurprlude-ieb.be\/wp-content\/uploads\/2021\/10\/AUDIO-_1-sopr_-Christmas-Night.mp3\" data-swf=\"https:\/\/xn--choeurprlude-ieb.be\/wp-content\/plugins\/shortcodes-ultimate\/vendor\/jplayer\/jplayer.swf\" data-autoplay=\"no\" data-loop=\"no\" style=\"\"><div id=\"su_audio_player_69f2fdbd99325\" class=\"jp-jplayer\"><\/div><div id=\"su_audio_player_69f2fdbd99325_container\" class=\"jp-audio\"><div class=\"jp-type-single\"><div class=\"jp-gui jp-interface\"><div class=\"jp-controls\"><span class=\"jp-play\"><\/span><span class=\"jp-pause\"><\/span><span class=\"jp-stop\"><\/span><span class=\"jp-mute\"><\/span><span class=\"jp-unmute\"><\/span><span class=\"jp-volume-max\"><\/span><\/div><div class=\"jp-progress\"><div class=\"jp-seek-bar\"><div class=\"jp-play-bar\"><\/div><\/div><\/div><div class=\"jp-volume-bar\"><div class=\"jp-volume-bar-value\"><\/div><\/div><div class=\"jp-current-time\"><\/div><div class=\"jp-duration\"><\/div><\/div><div class=\"jp-title\"><\/div><\/div><\/div><\/div>\n<p>URL fichier: <strong>http:\/\/xn--choeurprlude-ieb.be\/wp-content\/uploads\/2021\/10\/AUDIO-_1-sopr_-Christmas-Night.mp3<\/strong><\/p>\n<p>Alto : <div class=\"su-audio\" data-id=\"su_audio_player_69f2fdbd9936b\" data-audio=\"http:\/\/xn--choeurprlude-ieb.be\/wp-content\/uploads\/2021\/10\/AUDIO-_2-alto_-Christmas-Night.mp3\" data-swf=\"https:\/\/xn--choeurprlude-ieb.be\/wp-content\/plugins\/shortcodes-ultimate\/vendor\/jplayer\/jplayer.swf\" data-autoplay=\"no\" data-loop=\"no\" style=\"\"><div id=\"su_audio_player_69f2fdbd9936b\" class=\"jp-jplayer\"><\/div><div id=\"su_audio_player_69f2fdbd9936b_container\" class=\"jp-audio\"><div class=\"jp-type-single\"><div class=\"jp-gui jp-interface\"><div class=\"jp-controls\"><span class=\"jp-play\"><\/span><span class=\"jp-pause\"><\/span><span class=\"jp-stop\"><\/span><span class=\"jp-mute\"><\/span><span class=\"jp-unmute\"><\/span><span class=\"jp-volume-max\"><\/span><\/div><div class=\"jp-progress\"><div class=\"jp-seek-bar\"><div class=\"jp-play-bar\"><\/div><\/div><\/div><div class=\"jp-volume-bar\"><div class=\"jp-volume-bar-value\"><\/div><\/div><div class=\"jp-current-time\"><\/div><div class=\"jp-duration\"><\/div><\/div><div class=\"jp-title\"><\/div><\/div><\/div><\/div>\n<p>URL fichier:&nbsp;<strong>http:\/\/xn--choeurprlude-ieb.be\/wp-content\/uploads\/2021\/10\/AUDIO-_2-alto_-Christmas-Night.mp3<\/strong><\/p>\n<p>Tenor : <div class=\"su-audio\" data-id=\"su_audio_player_69f2fdbd993b1\" data-audio=\"http:\/\/xn--choeurprlude-ieb.be\/wp-content\/uploads\/2021\/10\/AUDIO-_3-t\u00e9nor_-Christmas-Night.mp3\" data-swf=\"https:\/\/xn--choeurprlude-ieb.be\/wp-content\/plugins\/shortcodes-ultimate\/vendor\/jplayer\/jplayer.swf\" data-autoplay=\"no\" data-loop=\"no\" style=\"\"><div id=\"su_audio_player_69f2fdbd993b1\" class=\"jp-jplayer\"><\/div><div id=\"su_audio_player_69f2fdbd993b1_container\" class=\"jp-audio\"><div class=\"jp-type-single\"><div class=\"jp-gui jp-interface\"><div class=\"jp-controls\"><span class=\"jp-play\"><\/span><span class=\"jp-pause\"><\/span><span class=\"jp-stop\"><\/span><span class=\"jp-mute\"><\/span><span class=\"jp-unmute\"><\/span><span class=\"jp-volume-max\"><\/span><\/div><div class=\"jp-progress\"><div class=\"jp-seek-bar\"><div class=\"jp-play-bar\"><\/div><\/div><\/div><div class=\"jp-volume-bar\"><div class=\"jp-volume-bar-value\"><\/div><\/div><div class=\"jp-current-time\"><\/div><div class=\"jp-duration\"><\/div><\/div><div class=\"jp-title\"><\/div><\/div><\/div><\/div>\n<p>URL fichier: <strong>http:\/\/xn--choeurprlude-ieb.be\/wp-content\/uploads\/2021\/10\/AUDIO-_3-t\u00e9nor_-Christmas-Night.mp3<\/strong><\/p>\n<p>Basse : <div class=\"su-audio\" data-id=\"su_audio_player_69f2fdbd993f5\" data-audio=\"http:\/\/xn--choeurprlude-ieb.be\/wp-content\/uploads\/2021\/10\/AUDIO-_4-basse_-Christmas-Night.mp3\" data-swf=\"https:\/\/xn--choeurprlude-ieb.be\/wp-content\/plugins\/shortcodes-ultimate\/vendor\/jplayer\/jplayer.swf\" data-autoplay=\"no\" data-loop=\"no\" style=\"\"><div id=\"su_audio_player_69f2fdbd993f5\" class=\"jp-jplayer\"><\/div><div id=\"su_audio_player_69f2fdbd993f5_container\" class=\"jp-audio\"><div class=\"jp-type-single\"><div class=\"jp-gui jp-interface\"><div class=\"jp-controls\"><span class=\"jp-play\"><\/span><span class=\"jp-pause\"><\/span><span class=\"jp-stop\"><\/span><span class=\"jp-mute\"><\/span><span class=\"jp-unmute\"><\/span><span class=\"jp-volume-max\"><\/span><\/div><div class=\"jp-progress\"><div class=\"jp-seek-bar\"><div class=\"jp-play-bar\"><\/div><\/div><\/div><div class=\"jp-volume-bar\"><div class=\"jp-volume-bar-value\"><\/div><\/div><div class=\"jp-current-time\"><\/div><div class=\"jp-duration\"><\/div><\/div><div class=\"jp-title\"><\/div><\/div><\/div><\/div>\n<p>URL fichier: <strong>http:\/\/xn--choeurprlude-ieb.be\/wp-content\/uploads\/2021\/10\/AUDIO-_4-basse_-Christmas-Night.mp3<\/strong><\/p>\n<p>TUTTI : <div class=\"su-audio\" data-id=\"su_audio_player_69f2fdbd9943a\" data-audio=\"http:\/\/xn--choeurprlude-ieb.be\/wp-content\/uploads\/2021\/10\/AUDIO-_0-tutti_-Christmas-Night.mp3\" data-swf=\"https:\/\/xn--choeurprlude-ieb.be\/wp-content\/plugins\/shortcodes-ultimate\/vendor\/jplayer\/jplayer.swf\" data-autoplay=\"no\" data-loop=\"no\" style=\"\"><div id=\"su_audio_player_69f2fdbd9943a\" class=\"jp-jplayer\"><\/div><div id=\"su_audio_player_69f2fdbd9943a_container\" class=\"jp-audio\"><div class=\"jp-type-single\"><div class=\"jp-gui jp-interface\"><div class=\"jp-controls\"><span class=\"jp-play\"><\/span><span class=\"jp-pause\"><\/span><span class=\"jp-stop\"><\/span><span class=\"jp-mute\"><\/span><span class=\"jp-unmute\"><\/span><span class=\"jp-volume-max\"><\/span><\/div><div class=\"jp-progress\"><div class=\"jp-seek-bar\"><div class=\"jp-play-bar\"><\/div><\/div><\/div><div class=\"jp-volume-bar\"><div class=\"jp-volume-bar-value\"><\/div><\/div><div class=\"jp-current-time\"><\/div><div class=\"jp-duration\"><\/div><\/div><div class=\"jp-title\"><\/div><\/div><\/div><\/div>\n<p>URL fichier: <strong>http:\/\/xn--choeurprlude-ieb.be\/wp-content\/uploads\/2021\/10\/AUDIO-_0-tutti_-Christmas-Night.mp3<\/strong><\/p>\n[\/toggle]\n[toggle title=\u00a0\u00bbENTRE LE BOEUF ET L&rsquo;ANE GRIS &#8211; Arrangement: Bernard Dewagtere\u00a0\u00bb]\n<p>Soprano : <div class=\"su-audio\" data-id=\"su_audio_player_69f2fdbd9947f\" data-audio=\"http:\/\/xn--choeurprlude-ieb.be\/wp-content\/uploads\/2022\/11\/1-sopr_Entre-le-Boeuf-et-lAne-gris.mp3\" data-swf=\"https:\/\/xn--choeurprlude-ieb.be\/wp-content\/plugins\/shortcodes-ultimate\/vendor\/jplayer\/jplayer.swf\" data-autoplay=\"no\" data-loop=\"no\" style=\"\"><div id=\"su_audio_player_69f2fdbd9947f\" class=\"jp-jplayer\"><\/div><div id=\"su_audio_player_69f2fdbd9947f_container\" class=\"jp-audio\"><div class=\"jp-type-single\"><div class=\"jp-gui jp-interface\"><div class=\"jp-controls\"><span class=\"jp-play\"><\/span><span class=\"jp-pause\"><\/span><span class=\"jp-stop\"><\/span><span class=\"jp-mute\"><\/span><span class=\"jp-unmute\"><\/span><span class=\"jp-volume-max\"><\/span><\/div><div class=\"jp-progress\"><div class=\"jp-seek-bar\"><div class=\"jp-play-bar\"><\/div><\/div><\/div><div class=\"jp-volume-bar\"><div class=\"jp-volume-bar-value\"><\/div><\/div><div class=\"jp-current-time\"><\/div><div class=\"jp-duration\"><\/div><\/div><div class=\"jp-title\"><\/div><\/div><\/div><\/div>\n<p>URL fichier: <strong>http:\/\/xn--choeurprlude-ieb.be\/wp-content\/uploads\/2022\/11\/1-sopr_Entre-le-Boeuf-et-lAne-gris.mp3<\/strong><\/p>\n<p>Alto : <div class=\"su-audio\" data-id=\"su_audio_player_69f2fdbd994c4\" data-audio=\"http:\/\/xn--choeurprlude-ieb.be\/wp-content\/uploads\/2022\/11\/2-alto_Entre-le-Boeuf-et-lAne-gris.mp3\" data-swf=\"https:\/\/xn--choeurprlude-ieb.be\/wp-content\/plugins\/shortcodes-ultimate\/vendor\/jplayer\/jplayer.swf\" data-autoplay=\"no\" data-loop=\"no\" style=\"\"><div id=\"su_audio_player_69f2fdbd994c4\" class=\"jp-jplayer\"><\/div><div id=\"su_audio_player_69f2fdbd994c4_container\" class=\"jp-audio\"><div class=\"jp-type-single\"><div class=\"jp-gui jp-interface\"><div class=\"jp-controls\"><span class=\"jp-play\"><\/span><span class=\"jp-pause\"><\/span><span class=\"jp-stop\"><\/span><span class=\"jp-mute\"><\/span><span class=\"jp-unmute\"><\/span><span class=\"jp-volume-max\"><\/span><\/div><div class=\"jp-progress\"><div class=\"jp-seek-bar\"><div class=\"jp-play-bar\"><\/div><\/div><\/div><div class=\"jp-volume-bar\"><div class=\"jp-volume-bar-value\"><\/div><\/div><div class=\"jp-current-time\"><\/div><div class=\"jp-duration\"><\/div><\/div><div class=\"jp-title\"><\/div><\/div><\/div><\/div>\n<p>URL fichier: <strong>http:\/\/xn--choeurprlude-ieb.be\/wp-content\/uploads\/2022\/11\/2-alto_Entre-le-Boeuf-et-lAne-gris.mp3<\/strong><\/p>\n<p>Baryton : <div class=\"su-audio\" data-id=\"su_audio_player_69f2fdbd99508\" data-audio=\"http:\/\/xn--choeurprlude-ieb.be\/wp-content\/uploads\/2022\/11\/3-bary_Entre-le-Boeuf-et-lAne-gris.mp3\" data-swf=\"https:\/\/xn--choeurprlude-ieb.be\/wp-content\/plugins\/shortcodes-ultimate\/vendor\/jplayer\/jplayer.swf\" data-autoplay=\"no\" data-loop=\"no\" style=\"\"><div id=\"su_audio_player_69f2fdbd99508\" class=\"jp-jplayer\"><\/div><div id=\"su_audio_player_69f2fdbd99508_container\" class=\"jp-audio\"><div class=\"jp-type-single\"><div class=\"jp-gui jp-interface\"><div class=\"jp-controls\"><span class=\"jp-play\"><\/span><span class=\"jp-pause\"><\/span><span class=\"jp-stop\"><\/span><span class=\"jp-mute\"><\/span><span class=\"jp-unmute\"><\/span><span class=\"jp-volume-max\"><\/span><\/div><div class=\"jp-progress\"><div class=\"jp-seek-bar\"><div class=\"jp-play-bar\"><\/div><\/div><\/div><div class=\"jp-volume-bar\"><div class=\"jp-volume-bar-value\"><\/div><\/div><div class=\"jp-current-time\"><\/div><div class=\"jp-duration\"><\/div><\/div><div class=\"jp-title\"><\/div><\/div><\/div><\/div>\n<p>URL fichier: <strong>http:\/\/xn--choeurprlude-ieb.be\/wp-content\/uploads\/2022\/11\/3-bary_Entre-le-Boeuf-et-lAne-gris.mp3<\/strong><\/p>\n<p>TUTTI : <div class=\"su-audio\" data-id=\"su_audio_player_69f2fdbd9954d\" data-audio=\"http:\/\/xn--choeurprlude-ieb.be\/wp-content\/uploads\/2022\/11\/0-tutti_Entre-le-Boeuf-et-lAne-gris.mp3\" data-swf=\"https:\/\/xn--choeurprlude-ieb.be\/wp-content\/plugins\/shortcodes-ultimate\/vendor\/jplayer\/jplayer.swf\" data-autoplay=\"no\" data-loop=\"no\" style=\"\"><div id=\"su_audio_player_69f2fdbd9954d\" class=\"jp-jplayer\"><\/div><div id=\"su_audio_player_69f2fdbd9954d_container\" class=\"jp-audio\"><div class=\"jp-type-single\"><div class=\"jp-gui jp-interface\"><div class=\"jp-controls\"><span class=\"jp-play\"><\/span><span class=\"jp-pause\"><\/span><span class=\"jp-stop\"><\/span><span class=\"jp-mute\"><\/span><span class=\"jp-unmute\"><\/span><span class=\"jp-volume-max\"><\/span><\/div><div class=\"jp-progress\"><div class=\"jp-seek-bar\"><div class=\"jp-play-bar\"><\/div><\/div><\/div><div class=\"jp-volume-bar\"><div class=\"jp-volume-bar-value\"><\/div><\/div><div class=\"jp-current-time\"><\/div><div class=\"jp-duration\"><\/div><\/div><div class=\"jp-title\"><\/div><\/div><\/div><\/div>\n<p>URL fichier: <strong>http:\/\/xn--choeurprlude-ieb.be\/wp-content\/uploads\/2022\/11\/0-tutti_Entre-le-Boeuf-et-lAne-gris.mp3<\/strong><\/p>\n[\/toggle]\n[toggle title=\u00a0\u00bbMARCHE DES ROIS &#8211; Lully &#8211; Harmonisation Noyon\u00a0\u00bb]\n<p>Soprano : <div class=\"su-audio\" data-id=\"su_audio_player_69f2fdbd99592\" data-audio=\"http:\/\/xn--choeurprlude-ieb.be\/wp-content\/uploads\/2022\/10\/01-sopr_MARCHE-DES-ROIS.mp3\" data-swf=\"https:\/\/xn--choeurprlude-ieb.be\/wp-content\/plugins\/shortcodes-ultimate\/vendor\/jplayer\/jplayer.swf\" data-autoplay=\"no\" data-loop=\"no\" style=\"\"><div id=\"su_audio_player_69f2fdbd99592\" class=\"jp-jplayer\"><\/div><div id=\"su_audio_player_69f2fdbd99592_container\" class=\"jp-audio\"><div class=\"jp-type-single\"><div class=\"jp-gui jp-interface\"><div class=\"jp-controls\"><span class=\"jp-play\"><\/span><span class=\"jp-pause\"><\/span><span class=\"jp-stop\"><\/span><span class=\"jp-mute\"><\/span><span class=\"jp-unmute\"><\/span><span class=\"jp-volume-max\"><\/span><\/div><div class=\"jp-progress\"><div class=\"jp-seek-bar\"><div class=\"jp-play-bar\"><\/div><\/div><\/div><div class=\"jp-volume-bar\"><div class=\"jp-volume-bar-value\"><\/div><\/div><div class=\"jp-current-time\"><\/div><div class=\"jp-duration\"><\/div><\/div><div class=\"jp-title\"><\/div><\/div><\/div><\/div>\n<p>URL fichier: <strong>http:\/\/xn--choeurprlude-ieb.be\/wp-content\/uploads\/2022\/10\/01-sopr_MARCHE-DES-ROIS.mp3<\/strong><\/p>\n<p>Alto : <div class=\"su-audio\" data-id=\"su_audio_player_69f2fdbd995d7\" data-audio=\"http:\/\/xn--choeurprlude-ieb.be\/wp-content\/uploads\/2022\/10\/02-alto_MARCHE-DES-ROIS.mp3\" data-swf=\"https:\/\/xn--choeurprlude-ieb.be\/wp-content\/plugins\/shortcodes-ultimate\/vendor\/jplayer\/jplayer.swf\" data-autoplay=\"no\" data-loop=\"no\" style=\"\"><div id=\"su_audio_player_69f2fdbd995d7\" class=\"jp-jplayer\"><\/div><div id=\"su_audio_player_69f2fdbd995d7_container\" class=\"jp-audio\"><div class=\"jp-type-single\"><div class=\"jp-gui jp-interface\"><div class=\"jp-controls\"><span class=\"jp-play\"><\/span><span class=\"jp-pause\"><\/span><span class=\"jp-stop\"><\/span><span class=\"jp-mute\"><\/span><span class=\"jp-unmute\"><\/span><span class=\"jp-volume-max\"><\/span><\/div><div class=\"jp-progress\"><div class=\"jp-seek-bar\"><div class=\"jp-play-bar\"><\/div><\/div><\/div><div class=\"jp-volume-bar\"><div class=\"jp-volume-bar-value\"><\/div><\/div><div class=\"jp-current-time\"><\/div><div class=\"jp-duration\"><\/div><\/div><div class=\"jp-title\"><\/div><\/div><\/div><\/div>\n<p>URL fichier:&nbsp;<strong>http:\/\/xn--choeurprlude-ieb.be\/wp-content\/uploads\/2022\/10\/02-alto_MARCHE-DES-ROIS.mp3<\/strong><\/p>\n<p>Tenor 1 : <div class=\"su-audio\" data-id=\"su_audio_player_69f2fdbd9961c\" data-audio=\"http:\/\/xn--choeurprlude-ieb.be\/wp-content\/uploads\/2022\/10\/03-teno-1_MARCHE-DES-ROIS.mp3\" data-swf=\"https:\/\/xn--choeurprlude-ieb.be\/wp-content\/plugins\/shortcodes-ultimate\/vendor\/jplayer\/jplayer.swf\" data-autoplay=\"no\" data-loop=\"no\" style=\"\"><div id=\"su_audio_player_69f2fdbd9961c\" class=\"jp-jplayer\"><\/div><div id=\"su_audio_player_69f2fdbd9961c_container\" class=\"jp-audio\"><div class=\"jp-type-single\"><div class=\"jp-gui jp-interface\"><div class=\"jp-controls\"><span class=\"jp-play\"><\/span><span class=\"jp-pause\"><\/span><span class=\"jp-stop\"><\/span><span class=\"jp-mute\"><\/span><span class=\"jp-unmute\"><\/span><span class=\"jp-volume-max\"><\/span><\/div><div class=\"jp-progress\"><div class=\"jp-seek-bar\"><div class=\"jp-play-bar\"><\/div><\/div><\/div><div class=\"jp-volume-bar\"><div class=\"jp-volume-bar-value\"><\/div><\/div><div class=\"jp-current-time\"><\/div><div class=\"jp-duration\"><\/div><\/div><div class=\"jp-title\"><\/div><\/div><\/div><\/div>\n<p>URL fichier: <strong>http:\/\/xn--choeurprlude-ieb.be\/wp-content\/uploads\/2022\/10\/03-teno-1_MARCHE-DES-ROIS.mp3<\/strong><\/p>\n<p>Tenor 2 : <div class=\"su-audio\" data-id=\"su_audio_player_69f2fdbd99705\" data-audio=\"http:\/\/xn--choeurprlude-ieb.be\/wp-content\/uploads\/2022\/10\/03-teno-2_MARCHE-DES-ROIS.mp3\" data-swf=\"https:\/\/xn--choeurprlude-ieb.be\/wp-content\/plugins\/shortcodes-ultimate\/vendor\/jplayer\/jplayer.swf\" data-autoplay=\"no\" data-loop=\"no\" style=\"\"><div id=\"su_audio_player_69f2fdbd99705\" class=\"jp-jplayer\"><\/div><div id=\"su_audio_player_69f2fdbd99705_container\" class=\"jp-audio\"><div class=\"jp-type-single\"><div class=\"jp-gui jp-interface\"><div class=\"jp-controls\"><span class=\"jp-play\"><\/span><span class=\"jp-pause\"><\/span><span class=\"jp-stop\"><\/span><span class=\"jp-mute\"><\/span><span class=\"jp-unmute\"><\/span><span class=\"jp-volume-max\"><\/span><\/div><div class=\"jp-progress\"><div class=\"jp-seek-bar\"><div class=\"jp-play-bar\"><\/div><\/div><\/div><div class=\"jp-volume-bar\"><div class=\"jp-volume-bar-value\"><\/div><\/div><div class=\"jp-current-time\"><\/div><div class=\"jp-duration\"><\/div><\/div><div class=\"jp-title\"><\/div><\/div><\/div><\/div>\n<p>URL fichier: <strong>http:\/\/xn--choeurprlude-ieb.be\/wp-content\/uploads\/2022\/10\/03-teno-2_MARCHE-DES-ROIS.mp3<\/strong><\/p>\n<p>Basse : <div class=\"su-audio\" data-id=\"su_audio_player_69f2fdbd99751\" data-audio=\"http:\/\/xn--choeurprlude-ieb.be\/wp-content\/uploads\/2022\/10\/04-bass_MARCHE-DES-ROIS.mp3\" data-swf=\"https:\/\/xn--choeurprlude-ieb.be\/wp-content\/plugins\/shortcodes-ultimate\/vendor\/jplayer\/jplayer.swf\" data-autoplay=\"no\" data-loop=\"no\" style=\"\"><div id=\"su_audio_player_69f2fdbd99751\" class=\"jp-jplayer\"><\/div><div id=\"su_audio_player_69f2fdbd99751_container\" class=\"jp-audio\"><div class=\"jp-type-single\"><div class=\"jp-gui jp-interface\"><div class=\"jp-controls\"><span class=\"jp-play\"><\/span><span class=\"jp-pause\"><\/span><span class=\"jp-stop\"><\/span><span class=\"jp-mute\"><\/span><span class=\"jp-unmute\"><\/span><span class=\"jp-volume-max\"><\/span><\/div><div class=\"jp-progress\"><div class=\"jp-seek-bar\"><div class=\"jp-play-bar\"><\/div><\/div><\/div><div class=\"jp-volume-bar\"><div class=\"jp-volume-bar-value\"><\/div><\/div><div class=\"jp-current-time\"><\/div><div class=\"jp-duration\"><\/div><\/div><div class=\"jp-title\"><\/div><\/div><\/div><\/div>\n<p>URL fichier: <strong>http:\/\/xn--choeurprlude-ieb.be\/wp-content\/uploads\/2022\/10\/04-bass_MARCHE-DES-ROIS.mp3<\/strong><\/p>\n<p>TUTTI : <div class=\"su-audio\" data-id=\"su_audio_player_69f2fdbd99796\" data-audio=\"http:\/\/xn--choeurprlude-ieb.be\/wp-content\/uploads\/2022\/10\/00-tutti_MARCHE-DES-ROIS.mp3\" data-swf=\"https:\/\/xn--choeurprlude-ieb.be\/wp-content\/plugins\/shortcodes-ultimate\/vendor\/jplayer\/jplayer.swf\" data-autoplay=\"no\" data-loop=\"no\" style=\"\"><div id=\"su_audio_player_69f2fdbd99796\" class=\"jp-jplayer\"><\/div><div id=\"su_audio_player_69f2fdbd99796_container\" class=\"jp-audio\"><div class=\"jp-type-single\"><div class=\"jp-gui jp-interface\"><div class=\"jp-controls\"><span class=\"jp-play\"><\/span><span class=\"jp-pause\"><\/span><span class=\"jp-stop\"><\/span><span class=\"jp-mute\"><\/span><span class=\"jp-unmute\"><\/span><span class=\"jp-volume-max\"><\/span><\/div><div class=\"jp-progress\"><div class=\"jp-seek-bar\"><div class=\"jp-play-bar\"><\/div><\/div><\/div><div class=\"jp-volume-bar\"><div class=\"jp-volume-bar-value\"><\/div><\/div><div class=\"jp-current-time\"><\/div><div class=\"jp-duration\"><\/div><\/div><div class=\"jp-title\"><\/div><\/div><\/div><\/div>\n<p>URL fichier: <strong>http:\/\/xn--choeurprlude-ieb.be\/wp-content\/uploads\/2022\/10\/00-tutti_MARCHE-DES-ROIS.mp3<\/strong><\/p>\n[\/toggle]\n[toggle title=\u00a0\u00bbNOVA RADIST&rsquo; STALA &#8211; traditionel Ukrainien\u00a0\u00bb]\n<p>Soprano : <div class=\"su-audio\" data-id=\"su_audio_player_69f2fdbd997db\" data-audio=\"http:\/\/xn--choeurprlude-ieb.be\/wp-content\/uploads\/2022\/10\/01-sopr_NOVA-RADIST-STALA.mp3\" data-swf=\"https:\/\/xn--choeurprlude-ieb.be\/wp-content\/plugins\/shortcodes-ultimate\/vendor\/jplayer\/jplayer.swf\" data-autoplay=\"no\" data-loop=\"no\" style=\"\"><div id=\"su_audio_player_69f2fdbd997db\" class=\"jp-jplayer\"><\/div><div id=\"su_audio_player_69f2fdbd997db_container\" class=\"jp-audio\"><div class=\"jp-type-single\"><div class=\"jp-gui jp-interface\"><div class=\"jp-controls\"><span class=\"jp-play\"><\/span><span class=\"jp-pause\"><\/span><span class=\"jp-stop\"><\/span><span class=\"jp-mute\"><\/span><span class=\"jp-unmute\"><\/span><span class=\"jp-volume-max\"><\/span><\/div><div class=\"jp-progress\"><div class=\"jp-seek-bar\"><div class=\"jp-play-bar\"><\/div><\/div><\/div><div class=\"jp-volume-bar\"><div class=\"jp-volume-bar-value\"><\/div><\/div><div class=\"jp-current-time\"><\/div><div class=\"jp-duration\"><\/div><\/div><div class=\"jp-title\"><\/div><\/div><\/div><\/div>\n<p>URL fichier: <strong>http:\/\/xn--choeurprlude-ieb.be\/wp-content\/uploads\/2022\/10\/01-sopr_NOVA-RADIST-STALA.mp3<\/strong><\/p>\n<p>Alto : <div class=\"su-audio\" data-id=\"su_audio_player_69f2fdbd9981f\" data-audio=\"http:\/\/xn--choeurprlude-ieb.be\/wp-content\/uploads\/2022\/10\/02-alto_NOVA-RADIST-STALA.mp3\" data-swf=\"https:\/\/xn--choeurprlude-ieb.be\/wp-content\/plugins\/shortcodes-ultimate\/vendor\/jplayer\/jplayer.swf\" data-autoplay=\"no\" data-loop=\"no\" style=\"\"><div id=\"su_audio_player_69f2fdbd9981f\" class=\"jp-jplayer\"><\/div><div id=\"su_audio_player_69f2fdbd9981f_container\" class=\"jp-audio\"><div class=\"jp-type-single\"><div class=\"jp-gui jp-interface\"><div class=\"jp-controls\"><span class=\"jp-play\"><\/span><span class=\"jp-pause\"><\/span><span class=\"jp-stop\"><\/span><span class=\"jp-mute\"><\/span><span class=\"jp-unmute\"><\/span><span class=\"jp-volume-max\"><\/span><\/div><div class=\"jp-progress\"><div class=\"jp-seek-bar\"><div class=\"jp-play-bar\"><\/div><\/div><\/div><div class=\"jp-volume-bar\"><div class=\"jp-volume-bar-value\"><\/div><\/div><div class=\"jp-current-time\"><\/div><div class=\"jp-duration\"><\/div><\/div><div class=\"jp-title\"><\/div><\/div><\/div><\/div>\n<p>URL fichier:&nbsp;<strong>http:\/\/xn--choeurprlude-ieb.be\/wp-content\/uploads\/2022\/10\/02-alto_NOVA-RADIST-STALA.mp3<\/strong><\/p>\n<p>Tenor : <div class=\"su-audio\" data-id=\"su_audio_player_69f2fdbd99864\" data-audio=\"http:\/\/xn--choeurprlude-ieb.be\/wp-content\/uploads\/2022\/10\/03-teno_NOVA-RADIST-STALA.mp3\" data-swf=\"https:\/\/xn--choeurprlude-ieb.be\/wp-content\/plugins\/shortcodes-ultimate\/vendor\/jplayer\/jplayer.swf\" data-autoplay=\"no\" data-loop=\"no\" style=\"\"><div id=\"su_audio_player_69f2fdbd99864\" class=\"jp-jplayer\"><\/div><div id=\"su_audio_player_69f2fdbd99864_container\" class=\"jp-audio\"><div class=\"jp-type-single\"><div class=\"jp-gui jp-interface\"><div class=\"jp-controls\"><span class=\"jp-play\"><\/span><span class=\"jp-pause\"><\/span><span class=\"jp-stop\"><\/span><span class=\"jp-mute\"><\/span><span class=\"jp-unmute\"><\/span><span class=\"jp-volume-max\"><\/span><\/div><div class=\"jp-progress\"><div class=\"jp-seek-bar\"><div class=\"jp-play-bar\"><\/div><\/div><\/div><div class=\"jp-volume-bar\"><div class=\"jp-volume-bar-value\"><\/div><\/div><div class=\"jp-current-time\"><\/div><div class=\"jp-duration\"><\/div><\/div><div class=\"jp-title\"><\/div><\/div><\/div><\/div>\n<p>URL fichier: <strong>http:\/\/xn--choeurprlude-ieb.be\/wp-content\/uploads\/2022\/10\/03-teno_NOVA-RADIST-STALA.mp3<\/strong><\/p>\n<p>Basse : <div class=\"su-audio\" data-id=\"su_audio_player_69f2fdbd998a8\" data-audio=\"http:\/\/xn--choeurprlude-ieb.be\/wp-content\/uploads\/2022\/10\/04-bass_NOVA-RADIST-STALA.mp3\" data-swf=\"https:\/\/xn--choeurprlude-ieb.be\/wp-content\/plugins\/shortcodes-ultimate\/vendor\/jplayer\/jplayer.swf\" data-autoplay=\"no\" data-loop=\"no\" style=\"\"><div id=\"su_audio_player_69f2fdbd998a8\" class=\"jp-jplayer\"><\/div><div id=\"su_audio_player_69f2fdbd998a8_container\" class=\"jp-audio\"><div class=\"jp-type-single\"><div class=\"jp-gui jp-interface\"><div class=\"jp-controls\"><span class=\"jp-play\"><\/span><span class=\"jp-pause\"><\/span><span class=\"jp-stop\"><\/span><span class=\"jp-mute\"><\/span><span class=\"jp-unmute\"><\/span><span class=\"jp-volume-max\"><\/span><\/div><div class=\"jp-progress\"><div class=\"jp-seek-bar\"><div class=\"jp-play-bar\"><\/div><\/div><\/div><div class=\"jp-volume-bar\"><div class=\"jp-volume-bar-value\"><\/div><\/div><div class=\"jp-current-time\"><\/div><div class=\"jp-duration\"><\/div><\/div><div class=\"jp-title\"><\/div><\/div><\/div><\/div>\n<p>URL fichier: <strong>http:\/\/xn--choeurprlude-ieb.be\/wp-content\/uploads\/2022\/10\/04-bass_NOVA-RADIST-STALA.mp3<\/strong><\/p>\n<p>TUTTI : <div class=\"su-audio\" data-id=\"su_audio_player_69f2fdbd998ed\" data-audio=\"http:\/\/xn--choeurprlude-ieb.be\/wp-content\/uploads\/2022\/10\/00-tutti_NOVA-RADIST-STALA.mp3\" data-swf=\"https:\/\/xn--choeurprlude-ieb.be\/wp-content\/plugins\/shortcodes-ultimate\/vendor\/jplayer\/jplayer.swf\" data-autoplay=\"no\" data-loop=\"no\" style=\"\"><div id=\"su_audio_player_69f2fdbd998ed\" class=\"jp-jplayer\"><\/div><div id=\"su_audio_player_69f2fdbd998ed_container\" class=\"jp-audio\"><div class=\"jp-type-single\"><div class=\"jp-gui jp-interface\"><div class=\"jp-controls\"><span class=\"jp-play\"><\/span><span class=\"jp-pause\"><\/span><span class=\"jp-stop\"><\/span><span class=\"jp-mute\"><\/span><span class=\"jp-unmute\"><\/span><span class=\"jp-volume-max\"><\/span><\/div><div class=\"jp-progress\"><div class=\"jp-seek-bar\"><div class=\"jp-play-bar\"><\/div><\/div><\/div><div class=\"jp-volume-bar\"><div class=\"jp-volume-bar-value\"><\/div><\/div><div class=\"jp-current-time\"><\/div><div class=\"jp-duration\"><\/div><\/div><div class=\"jp-title\"><\/div><\/div><\/div><\/div>\n<p>URL fichier: <strong>http:\/\/xn--choeurprlude-ieb.be\/wp-content\/uploads\/2022\/10\/00-tutti_NOVA-RADIST-STALA.mp3<\/strong><\/p>\n[\/toggle]\n[toggle title=\u00a0\u00bbRING CHRISTMAS BELLS &#8211; Mykola Leontovich\u00a0\u00bb]\n<p>Soprano : <div class=\"su-audio\" data-id=\"su_audio_player_69f2fdbd99932\" data-audio=\"http:\/\/xn--choeurprlude-ieb.be\/wp-content\/uploads\/2022\/11\/1-sopr-_Ring-Christmas-Bells.mp3\" data-swf=\"https:\/\/xn--choeurprlude-ieb.be\/wp-content\/plugins\/shortcodes-ultimate\/vendor\/jplayer\/jplayer.swf\" data-autoplay=\"no\" data-loop=\"no\" style=\"\"><div id=\"su_audio_player_69f2fdbd99932\" class=\"jp-jplayer\"><\/div><div id=\"su_audio_player_69f2fdbd99932_container\" class=\"jp-audio\"><div class=\"jp-type-single\"><div class=\"jp-gui jp-interface\"><div class=\"jp-controls\"><span class=\"jp-play\"><\/span><span class=\"jp-pause\"><\/span><span class=\"jp-stop\"><\/span><span class=\"jp-mute\"><\/span><span class=\"jp-unmute\"><\/span><span class=\"jp-volume-max\"><\/span><\/div><div class=\"jp-progress\"><div class=\"jp-seek-bar\"><div class=\"jp-play-bar\"><\/div><\/div><\/div><div class=\"jp-volume-bar\"><div class=\"jp-volume-bar-value\"><\/div><\/div><div class=\"jp-current-time\"><\/div><div class=\"jp-duration\"><\/div><\/div><div class=\"jp-title\"><\/div><\/div><\/div><\/div>\n<p>URL fichier: <strong>http:\/\/xn--choeurprlude-ieb.be\/wp-content\/uploads\/2022\/11\/1-sopr-_Ring-Christmas-Bells.mp3<\/strong><\/p>\n<p>Alto : <div class=\"su-audio\" data-id=\"su_audio_player_69f2fdbd99977\" data-audio=\"http:\/\/xn--choeurprlude-ieb.be\/wp-content\/uploads\/2022\/11\/2-alto-_Ring-Christmas-Bells.mp3\" data-swf=\"https:\/\/xn--choeurprlude-ieb.be\/wp-content\/plugins\/shortcodes-ultimate\/vendor\/jplayer\/jplayer.swf\" data-autoplay=\"no\" data-loop=\"no\" style=\"\"><div id=\"su_audio_player_69f2fdbd99977\" class=\"jp-jplayer\"><\/div><div id=\"su_audio_player_69f2fdbd99977_container\" class=\"jp-audio\"><div class=\"jp-type-single\"><div class=\"jp-gui jp-interface\"><div class=\"jp-controls\"><span class=\"jp-play\"><\/span><span class=\"jp-pause\"><\/span><span class=\"jp-stop\"><\/span><span class=\"jp-mute\"><\/span><span class=\"jp-unmute\"><\/span><span class=\"jp-volume-max\"><\/span><\/div><div class=\"jp-progress\"><div class=\"jp-seek-bar\"><div class=\"jp-play-bar\"><\/div><\/div><\/div><div class=\"jp-volume-bar\"><div class=\"jp-volume-bar-value\"><\/div><\/div><div class=\"jp-current-time\"><\/div><div class=\"jp-duration\"><\/div><\/div><div class=\"jp-title\"><\/div><\/div><\/div><\/div>\n<p>URL fichier: <strong>http:\/\/xn--choeurprlude-ieb.be\/wp-content\/uploads\/2022\/11\/2-alto-_Ring-Christmas-Bells.mp3<\/strong><\/p>\n<p>Tenor : <div class=\"su-audio\" data-id=\"su_audio_player_69f2fdbd999bc\" data-audio=\"http:\/\/xn--choeurprlude-ieb.be\/wp-content\/uploads\/2022\/11\/3-teno-_Ring-Christmas-Bells.mp3\" data-swf=\"https:\/\/xn--choeurprlude-ieb.be\/wp-content\/plugins\/shortcodes-ultimate\/vendor\/jplayer\/jplayer.swf\" data-autoplay=\"no\" data-loop=\"no\" style=\"\"><div id=\"su_audio_player_69f2fdbd999bc\" class=\"jp-jplayer\"><\/div><div id=\"su_audio_player_69f2fdbd999bc_container\" class=\"jp-audio\"><div class=\"jp-type-single\"><div class=\"jp-gui jp-interface\"><div class=\"jp-controls\"><span class=\"jp-play\"><\/span><span class=\"jp-pause\"><\/span><span class=\"jp-stop\"><\/span><span class=\"jp-mute\"><\/span><span class=\"jp-unmute\"><\/span><span class=\"jp-volume-max\"><\/span><\/div><div class=\"jp-progress\"><div class=\"jp-seek-bar\"><div class=\"jp-play-bar\"><\/div><\/div><\/div><div class=\"jp-volume-bar\"><div class=\"jp-volume-bar-value\"><\/div><\/div><div class=\"jp-current-time\"><\/div><div class=\"jp-duration\"><\/div><\/div><div class=\"jp-title\"><\/div><\/div><\/div><\/div>\n<p>URL fichier: <strong>http:\/\/xn--choeurprlude-ieb.be\/wp-content\/uploads\/2022\/11\/3-teno-_Ring-Christmas-Bells.mp3<\/strong><\/p>\n<p>Basse : <div class=\"su-audio\" data-id=\"su_audio_player_69f2fdbd99a00\" data-audio=\"http:\/\/xn--choeurprlude-ieb.be\/wp-content\/uploads\/2022\/11\/4-bass-_Ring-Christmas-Bells.mp3\" data-swf=\"https:\/\/xn--choeurprlude-ieb.be\/wp-content\/plugins\/shortcodes-ultimate\/vendor\/jplayer\/jplayer.swf\" data-autoplay=\"no\" data-loop=\"no\" style=\"\"><div id=\"su_audio_player_69f2fdbd99a00\" class=\"jp-jplayer\"><\/div><div id=\"su_audio_player_69f2fdbd99a00_container\" class=\"jp-audio\"><div class=\"jp-type-single\"><div class=\"jp-gui jp-interface\"><div class=\"jp-controls\"><span class=\"jp-play\"><\/span><span class=\"jp-pause\"><\/span><span class=\"jp-stop\"><\/span><span class=\"jp-mute\"><\/span><span class=\"jp-unmute\"><\/span><span class=\"jp-volume-max\"><\/span><\/div><div class=\"jp-progress\"><div class=\"jp-seek-bar\"><div class=\"jp-play-bar\"><\/div><\/div><\/div><div class=\"jp-volume-bar\"><div class=\"jp-volume-bar-value\"><\/div><\/div><div class=\"jp-current-time\"><\/div><div class=\"jp-duration\"><\/div><\/div><div class=\"jp-title\"><\/div><\/div><\/div><\/div>\n<p>URL fichier: <strong>http:\/\/xn--choeurprlude-ieb.be\/wp-content\/uploads\/2022\/11\/4-bass-_Ring-Christmas-Bells.mp3<\/strong><\/p>\n<p>TUTTI : <div class=\"su-audio\" data-id=\"su_audio_player_69f2fdbd99a45\" data-audio=\"http:\/\/xn--choeurprlude-ieb.be\/wp-content\/uploads\/2022\/11\/0-tutti-_Ring-Christmas-Bells.mp3\" data-swf=\"https:\/\/xn--choeurprlude-ieb.be\/wp-content\/plugins\/shortcodes-ultimate\/vendor\/jplayer\/jplayer.swf\" data-autoplay=\"no\" data-loop=\"no\" style=\"\"><div id=\"su_audio_player_69f2fdbd99a45\" class=\"jp-jplayer\"><\/div><div id=\"su_audio_player_69f2fdbd99a45_container\" class=\"jp-audio\"><div class=\"jp-type-single\"><div class=\"jp-gui jp-interface\"><div class=\"jp-controls\"><span class=\"jp-play\"><\/span><span class=\"jp-pause\"><\/span><span class=\"jp-stop\"><\/span><span class=\"jp-mute\"><\/span><span class=\"jp-unmute\"><\/span><span class=\"jp-volume-max\"><\/span><\/div><div class=\"jp-progress\"><div class=\"jp-seek-bar\"><div class=\"jp-play-bar\"><\/div><\/div><\/div><div class=\"jp-volume-bar\"><div class=\"jp-volume-bar-value\"><\/div><\/div><div class=\"jp-current-time\"><\/div><div class=\"jp-duration\"><\/div><\/div><div class=\"jp-title\"><\/div><\/div><\/div><\/div>\n<p>URL fichier: <strong>http:\/\/xn--choeurprlude-ieb.be\/wp-content\/uploads\/2022\/11\/0-tutti-_Ring-Christmas-Bells.mp3<\/strong><\/p>\n[\/toggle]\n[toggle title=\u00a0\u00bbVeni, veni Emmanuel &#8211; Zoltan KODALY\u00a0\u00bb]\n<p>Tutti : <div class=\"su-audio\" data-id=\"su_audio_player_69f2fdbd99a89\" data-audio=\"http:\/\/xn--choeurprlude-ieb.be\/wp-content\/uploads\/2023\/11\/00_tutti-Veni-veni-Emmanuel-Zoltan-KODALY.mp3\" data-swf=\"https:\/\/xn--choeurprlude-ieb.be\/wp-content\/plugins\/shortcodes-ultimate\/vendor\/jplayer\/jplayer.swf\" data-autoplay=\"no\" data-loop=\"no\" style=\"\"><div id=\"su_audio_player_69f2fdbd99a89\" class=\"jp-jplayer\"><\/div><div id=\"su_audio_player_69f2fdbd99a89_container\" class=\"jp-audio\"><div class=\"jp-type-single\"><div class=\"jp-gui jp-interface\"><div class=\"jp-controls\"><span class=\"jp-play\"><\/span><span class=\"jp-pause\"><\/span><span class=\"jp-stop\"><\/span><span class=\"jp-mute\"><\/span><span class=\"jp-unmute\"><\/span><span class=\"jp-volume-max\"><\/span><\/div><div class=\"jp-progress\"><div class=\"jp-seek-bar\"><div class=\"jp-play-bar\"><\/div><\/div><\/div><div class=\"jp-volume-bar\"><div class=\"jp-volume-bar-value\"><\/div><\/div><div class=\"jp-current-time\"><\/div><div class=\"jp-duration\"><\/div><\/div><div class=\"jp-title\"><\/div><\/div><\/div><\/div>\n<p>URL fichier: <strong>http:\/\/xn--choeurprlude-ieb.be\/wp-content\/uploads\/2023\/11\/00_tutti-Veni-veni-Emmanuel-Zoltan-KODALY.mp3<\/strong><\/p>\n<p>Soprano : <div class=\"su-audio\" data-id=\"su_audio_player_69f2fdbd99ace\" data-audio=\"http:\/\/xn--choeurprlude-ieb.be\/wp-content\/uploads\/2023\/11\/01_sopr-Veni-veni-Emmanuel-Zoltan-KODALY.mp3\" data-swf=\"https:\/\/xn--choeurprlude-ieb.be\/wp-content\/plugins\/shortcodes-ultimate\/vendor\/jplayer\/jplayer.swf\" data-autoplay=\"no\" data-loop=\"no\" style=\"\"><div id=\"su_audio_player_69f2fdbd99ace\" class=\"jp-jplayer\"><\/div><div id=\"su_audio_player_69f2fdbd99ace_container\" class=\"jp-audio\"><div class=\"jp-type-single\"><div class=\"jp-gui jp-interface\"><div class=\"jp-controls\"><span class=\"jp-play\"><\/span><span class=\"jp-pause\"><\/span><span class=\"jp-stop\"><\/span><span class=\"jp-mute\"><\/span><span class=\"jp-unmute\"><\/span><span class=\"jp-volume-max\"><\/span><\/div><div class=\"jp-progress\"><div class=\"jp-seek-bar\"><div class=\"jp-play-bar\"><\/div><\/div><\/div><div class=\"jp-volume-bar\"><div class=\"jp-volume-bar-value\"><\/div><\/div><div class=\"jp-current-time\"><\/div><div class=\"jp-duration\"><\/div><\/div><div class=\"jp-title\"><\/div><\/div><\/div><\/div>\n<p>URL fichier: <strong>http:\/\/xn--choeurprlude-ieb.be\/wp-content\/uploads\/2023\/11\/01_sopr-Veni-veni-Emmanuel-Zoltan-KODALY.mp3<\/strong><\/p>\n<p>Alto : <div class=\"su-audio\" data-id=\"su_audio_player_69f2fdbd99b13\" data-audio=\"http:\/\/xn--choeurprlude-ieb.be\/wp-content\/uploads\/2023\/11\/02_alto-Veni-veni-Emmanuel-Zoltan-KODALY.mp3\" data-swf=\"https:\/\/xn--choeurprlude-ieb.be\/wp-content\/plugins\/shortcodes-ultimate\/vendor\/jplayer\/jplayer.swf\" data-autoplay=\"no\" data-loop=\"no\" style=\"\"><div id=\"su_audio_player_69f2fdbd99b13\" class=\"jp-jplayer\"><\/div><div id=\"su_audio_player_69f2fdbd99b13_container\" class=\"jp-audio\"><div class=\"jp-type-single\"><div class=\"jp-gui jp-interface\"><div class=\"jp-controls\"><span class=\"jp-play\"><\/span><span class=\"jp-pause\"><\/span><span class=\"jp-stop\"><\/span><span class=\"jp-mute\"><\/span><span class=\"jp-unmute\"><\/span><span class=\"jp-volume-max\"><\/span><\/div><div class=\"jp-progress\"><div class=\"jp-seek-bar\"><div class=\"jp-play-bar\"><\/div><\/div><\/div><div class=\"jp-volume-bar\"><div class=\"jp-volume-bar-value\"><\/div><\/div><div class=\"jp-current-time\"><\/div><div class=\"jp-duration\"><\/div><\/div><div class=\"jp-title\"><\/div><\/div><\/div><\/div>\n<p>URL fichier: <strong>http:\/\/xn--choeurprlude-ieb.be\/wp-content\/uploads\/2023\/11\/02_alto-Veni-veni-Emmanuel-Zoltan-KODALY.mp3<\/strong><\/p>\n<p>Basse 1: <div class=\"su-audio\" data-id=\"su_audio_player_69f2fdbd99b57\" data-audio=\"http:\/\/xn--choeurprlude-ieb.be\/wp-content\/uploads\/2023\/11\/03a_bass1-Veni-veni-Emmanuel-Zoltan-KODALY.mp3\" data-swf=\"https:\/\/xn--choeurprlude-ieb.be\/wp-content\/plugins\/shortcodes-ultimate\/vendor\/jplayer\/jplayer.swf\" data-autoplay=\"no\" data-loop=\"no\" style=\"\"><div id=\"su_audio_player_69f2fdbd99b57\" class=\"jp-jplayer\"><\/div><div id=\"su_audio_player_69f2fdbd99b57_container\" class=\"jp-audio\"><div class=\"jp-type-single\"><div class=\"jp-gui jp-interface\"><div class=\"jp-controls\"><span class=\"jp-play\"><\/span><span class=\"jp-pause\"><\/span><span class=\"jp-stop\"><\/span><span class=\"jp-mute\"><\/span><span class=\"jp-unmute\"><\/span><span class=\"jp-volume-max\"><\/span><\/div><div class=\"jp-progress\"><div class=\"jp-seek-bar\"><div class=\"jp-play-bar\"><\/div><\/div><\/div><div class=\"jp-volume-bar\"><div class=\"jp-volume-bar-value\"><\/div><\/div><div class=\"jp-current-time\"><\/div><div class=\"jp-duration\"><\/div><\/div><div class=\"jp-title\"><\/div><\/div><\/div><\/div>\n<p>URL fichier: <strong>http:\/\/xn--choeurprlude-ieb.be\/wp-content\/uploads\/2023\/11\/03a_bass1-Veni-veni-Emmanuel-Zoltan-KODALY.mp3<\/strong><\/p>\n<p>Basse 2 : <div class=\"su-audio\" data-id=\"su_audio_player_69f2fdbd99b9c\" data-audio=\"http:\/\/xn--choeurprlude-ieb.be\/wp-content\/uploads\/2023\/11\/03b_bass2-Veni-veni-Emmanuel-Zoltan-KODALY.mp3\" data-swf=\"https:\/\/xn--choeurprlude-ieb.be\/wp-content\/plugins\/shortcodes-ultimate\/vendor\/jplayer\/jplayer.swf\" data-autoplay=\"no\" data-loop=\"no\" style=\"\"><div id=\"su_audio_player_69f2fdbd99b9c\" class=\"jp-jplayer\"><\/div><div id=\"su_audio_player_69f2fdbd99b9c_container\" class=\"jp-audio\"><div class=\"jp-type-single\"><div class=\"jp-gui jp-interface\"><div class=\"jp-controls\"><span class=\"jp-play\"><\/span><span class=\"jp-pause\"><\/span><span class=\"jp-stop\"><\/span><span class=\"jp-mute\"><\/span><span class=\"jp-unmute\"><\/span><span class=\"jp-volume-max\"><\/span><\/div><div class=\"jp-progress\"><div class=\"jp-seek-bar\"><div class=\"jp-play-bar\"><\/div><\/div><\/div><div class=\"jp-volume-bar\"><div class=\"jp-volume-bar-value\"><\/div><\/div><div class=\"jp-current-time\"><\/div><div class=\"jp-duration\"><\/div><\/div><div class=\"jp-title\"><\/div><\/div><\/div><\/div>\n<p>URL fichier: <strong>http:\/\/xn--choeurprlude-ieb.be\/wp-content\/uploads\/2023\/11\/03b_bass2-Veni-veni-Emmanuel-Zoltan-KODALY.mp3<\/strong><\/p>\n[\/toggle]\n","protected":false},"excerpt":{"rendered":"<p>R\u00e9alisation fichiers: Claudy CHAUVAUX REMARQUE: Si vous souhaitez r\u00e9p\u00e9ter ces partitions avec un tempo plus lent, vous pouvez les ouvrir avec le logiciel gratuit \u00ab\u00a0VLC media player\u00a0\u00bb Comment faire ? T\u00e9l\u00e9charger le fichier qui vous int\u00e9resse. Pour cela, s\u00e9lectionner l&rsquo;URL &hellip; <a href=\"https:\/\/xn--choeurprlude-ieb.be\/?page_id=2426\">Continuer la lecture <span class=\"meta-nav\">&rarr;<\/span><\/a><\/p>\n","protected":false},"author":14,"featured_media":0,"parent":163,"menu_order":5,"comment_status":"closed","ping_status":"closed","template":"","meta":{"footnotes":""},"_links":{"self":[{"href":"https:\/\/xn--choeurprlude-ieb.be\/index.php?rest_route=\/wp\/v2\/pages\/2426"}],"collection":[{"href":"https:\/\/xn--choeurprlude-ieb.be\/index.php?rest_route=\/wp\/v2\/pages"}],"about":[{"href":"https:\/\/xn--choeurprlude-ieb.be\/index.php?rest_route=\/wp\/v2\/types\/page"}],"author":[{"embeddable":true,"href":"https:\/\/xn--choeurprlude-ieb.be\/index.php?rest_route=\/wp\/v2\/users\/14"}],"replies":[{"embeddable":true,"href":"https:\/\/xn--choeurprlude-ieb.be\/index.php?rest_route=%2Fwp%2Fv2%2Fcomments&post=2426"}],"version-history":[{"count":13,"href":"https:\/\/xn--choeurprlude-ieb.be\/index.php?rest_route=\/wp\/v2\/pages\/2426\/revisions"}],"predecessor-version":[{"id":2811,"href":"https:\/\/xn--choeurprlude-ieb.be\/index.php?rest_route=\/wp\/v2\/pages\/2426\/revisions\/2811"}],"up":[{"embeddable":true,"href":"https:\/\/xn--choeurprlude-ieb.be\/index.php?rest_route=\/wp\/v2\/pages\/163"}],"wp:attachment":[{"href":"https:\/\/xn--choeurprlude-ieb.be\/index.php?rest_route=%2Fwp%2Fv2%2Fmedia&parent=2426"}],"curies":[{"name":"wp","href":"https:\/\/api.w.org\/{rel}","templated":true}]}}