{"id":781,"date":"2017-06-16T10:34:02","date_gmt":"2017-06-16T08:34:02","guid":{"rendered":"http:\/\/xn--choeurprlude-ieb.be\/?page_id=781"},"modified":"2022-11-01T15:46:31","modified_gmt":"2022-11-01T14:46:31","slug":"2017-choeurs-dopera-et-divers","status":"publish","type":"page","link":"https:\/\/xn--choeurprlude-ieb.be\/?page_id=781","title":{"rendered":"SAISON 2017-2018 Ch\u0153urs d&rsquo;op\u00e9ra et divers"},"content":{"rendered":"[toggle title=\u00a0\u00bbTCHAIKOVSKY &#8211; Eugene Onegin &#8211; Chorus of peasant girls (CH\u0152UR DE FEMMES)\u00a0\u00bb]&nbsp;<\/p>\n<p>Soprano 1:&nbsp;<div class=\"su-audio\" data-id=\"su_audio_player_69f2fd9d1609c\" data-audio=\"http:\/\/xn--choeurprlude-ieb.be\/wp-content\/uploads\/2017\/06\/Tchaikovsky-The-chorus-of-girls-Eugene-Onegin-S1.mp3\" data-swf=\"https:\/\/xn--choeurprlude-ieb.be\/wp-content\/plugins\/shortcodes-ultimate\/vendor\/jplayer\/jplayer.swf\" data-autoplay=\"no\" data-loop=\"no\" style=\"\"><div id=\"su_audio_player_69f2fd9d1609c\" class=\"jp-jplayer\"><\/div><div id=\"su_audio_player_69f2fd9d1609c_container\" class=\"jp-audio\"><div class=\"jp-type-single\"><div class=\"jp-gui jp-interface\"><div class=\"jp-controls\"><span class=\"jp-play\"><\/span><span class=\"jp-pause\"><\/span><span class=\"jp-stop\"><\/span><span class=\"jp-mute\"><\/span><span class=\"jp-unmute\"><\/span><span class=\"jp-volume-max\"><\/span><\/div><div class=\"jp-progress\"><div class=\"jp-seek-bar\"><div class=\"jp-play-bar\"><\/div><\/div><\/div><div class=\"jp-volume-bar\"><div class=\"jp-volume-bar-value\"><\/div><\/div><div class=\"jp-current-time\"><\/div><div class=\"jp-duration\"><\/div><\/div><div class=\"jp-title\"><\/div><\/div><\/div><\/div>\n<p>Soprano 2:&nbsp;<div class=\"su-audio\" data-id=\"su_audio_player_69f2fd9d160f2\" data-audio=\"http:\/\/xn--choeurprlude-ieb.be\/wp-content\/uploads\/2017\/06\/Tchaikovsky-The-chorus-of-girls-Eugene-Onegin-S2.mp3\" data-swf=\"https:\/\/xn--choeurprlude-ieb.be\/wp-content\/plugins\/shortcodes-ultimate\/vendor\/jplayer\/jplayer.swf\" data-autoplay=\"no\" data-loop=\"no\" style=\"\"><div id=\"su_audio_player_69f2fd9d160f2\" class=\"jp-jplayer\"><\/div><div id=\"su_audio_player_69f2fd9d160f2_container\" class=\"jp-audio\"><div class=\"jp-type-single\"><div class=\"jp-gui jp-interface\"><div class=\"jp-controls\"><span class=\"jp-play\"><\/span><span class=\"jp-pause\"><\/span><span class=\"jp-stop\"><\/span><span class=\"jp-mute\"><\/span><span class=\"jp-unmute\"><\/span><span class=\"jp-volume-max\"><\/span><\/div><div class=\"jp-progress\"><div class=\"jp-seek-bar\"><div class=\"jp-play-bar\"><\/div><\/div><\/div><div class=\"jp-volume-bar\"><div class=\"jp-volume-bar-value\"><\/div><\/div><div class=\"jp-current-time\"><\/div><div class=\"jp-duration\"><\/div><\/div><div class=\"jp-title\"><\/div><\/div><\/div><\/div>\n<p>Alto 1:&nbsp;<div class=\"su-audio\" data-id=\"su_audio_player_69f2fd9d1613c\" data-audio=\"http:\/\/xn--choeurprlude-ieb.be\/wp-content\/uploads\/2017\/06\/Tchaikovsky-The-chorus-of-girls-Eugene-Onegin-A1.mp3\" data-swf=\"https:\/\/xn--choeurprlude-ieb.be\/wp-content\/plugins\/shortcodes-ultimate\/vendor\/jplayer\/jplayer.swf\" data-autoplay=\"no\" data-loop=\"no\" style=\"\"><div id=\"su_audio_player_69f2fd9d1613c\" class=\"jp-jplayer\"><\/div><div id=\"su_audio_player_69f2fd9d1613c_container\" class=\"jp-audio\"><div class=\"jp-type-single\"><div class=\"jp-gui jp-interface\"><div class=\"jp-controls\"><span class=\"jp-play\"><\/span><span class=\"jp-pause\"><\/span><span class=\"jp-stop\"><\/span><span class=\"jp-mute\"><\/span><span class=\"jp-unmute\"><\/span><span class=\"jp-volume-max\"><\/span><\/div><div class=\"jp-progress\"><div class=\"jp-seek-bar\"><div class=\"jp-play-bar\"><\/div><\/div><\/div><div class=\"jp-volume-bar\"><div class=\"jp-volume-bar-value\"><\/div><\/div><div class=\"jp-current-time\"><\/div><div class=\"jp-duration\"><\/div><\/div><div class=\"jp-title\"><\/div><\/div><\/div><\/div>\n<p>Alto 2:&nbsp;<div class=\"su-audio\" data-id=\"su_audio_player_69f2fd9d16183\" data-audio=\"http:\/\/xn--choeurprlude-ieb.be\/wp-content\/uploads\/2017\/06\/Tchaikovsky-The-chorus-of-girls-Eugene-Onegin-A2.mp3\" data-swf=\"https:\/\/xn--choeurprlude-ieb.be\/wp-content\/plugins\/shortcodes-ultimate\/vendor\/jplayer\/jplayer.swf\" data-autoplay=\"no\" data-loop=\"no\" style=\"\"><div id=\"su_audio_player_69f2fd9d16183\" class=\"jp-jplayer\"><\/div><div id=\"su_audio_player_69f2fd9d16183_container\" class=\"jp-audio\"><div class=\"jp-type-single\"><div class=\"jp-gui jp-interface\"><div class=\"jp-controls\"><span class=\"jp-play\"><\/span><span class=\"jp-pause\"><\/span><span class=\"jp-stop\"><\/span><span class=\"jp-mute\"><\/span><span class=\"jp-unmute\"><\/span><span class=\"jp-volume-max\"><\/span><\/div><div class=\"jp-progress\"><div class=\"jp-seek-bar\"><div class=\"jp-play-bar\"><\/div><\/div><\/div><div class=\"jp-volume-bar\"><div class=\"jp-volume-bar-value\"><\/div><\/div><div class=\"jp-current-time\"><\/div><div class=\"jp-duration\"><\/div><\/div><div class=\"jp-title\"><\/div><\/div><\/div><\/div>\n<p>TUTTI:&nbsp;<div class=\"su-audio\" data-id=\"su_audio_player_69f2fd9d161c8\" data-audio=\"http:\/\/xn--choeurprlude-ieb.be\/wp-content\/uploads\/2017\/06\/Tchaikovsky-The-chorus-of-girls-Eugene-Onegin-SSAA.mp3\" data-swf=\"https:\/\/xn--choeurprlude-ieb.be\/wp-content\/plugins\/shortcodes-ultimate\/vendor\/jplayer\/jplayer.swf\" data-autoplay=\"no\" data-loop=\"no\" style=\"\"><div id=\"su_audio_player_69f2fd9d161c8\" class=\"jp-jplayer\"><\/div><div id=\"su_audio_player_69f2fd9d161c8_container\" class=\"jp-audio\"><div class=\"jp-type-single\"><div class=\"jp-gui jp-interface\"><div class=\"jp-controls\"><span class=\"jp-play\"><\/span><span class=\"jp-pause\"><\/span><span class=\"jp-stop\"><\/span><span class=\"jp-mute\"><\/span><span class=\"jp-unmute\"><\/span><span class=\"jp-volume-max\"><\/span><\/div><div class=\"jp-progress\"><div class=\"jp-seek-bar\"><div class=\"jp-play-bar\"><\/div><\/div><\/div><div class=\"jp-volume-bar\"><div class=\"jp-volume-bar-value\"><\/div><\/div><div class=\"jp-current-time\"><\/div><div class=\"jp-duration\"><\/div><\/div><div class=\"jp-title\"><\/div><\/div><\/div><\/div>\n[\/toggle]\n<p>________________________________________________________________<\/p>\n[toggle title=\u00a0\u00bbP. MASCAGNI &#8211; Regina coeli (Cavalleria Rusticana)\u00a0\u00bb]\n<p>Soprano 1:<div class=\"su-audio\" data-id=\"su_audio_player_69f2fd9d1620d\" data-audio=\"http:\/\/xn--choeurprlude-ieb.be\/wp-content\/uploads\/2017\/06\/Regina-coeli-Mascagni-S1.mp3\" data-swf=\"https:\/\/xn--choeurprlude-ieb.be\/wp-content\/plugins\/shortcodes-ultimate\/vendor\/jplayer\/jplayer.swf\" data-autoplay=\"no\" data-loop=\"no\" style=\"\"><div id=\"su_audio_player_69f2fd9d1620d\" class=\"jp-jplayer\"><\/div><div id=\"su_audio_player_69f2fd9d1620d_container\" class=\"jp-audio\"><div class=\"jp-type-single\"><div class=\"jp-gui jp-interface\"><div class=\"jp-controls\"><span class=\"jp-play\"><\/span><span class=\"jp-pause\"><\/span><span class=\"jp-stop\"><\/span><span class=\"jp-mute\"><\/span><span class=\"jp-unmute\"><\/span><span class=\"jp-volume-max\"><\/span><\/div><div class=\"jp-progress\"><div class=\"jp-seek-bar\"><div class=\"jp-play-bar\"><\/div><\/div><\/div><div class=\"jp-volume-bar\"><div class=\"jp-volume-bar-value\"><\/div><\/div><div class=\"jp-current-time\"><\/div><div class=\"jp-duration\"><\/div><\/div><div class=\"jp-title\"><\/div><\/div><\/div><\/div>\n<p>Soprano 2:&nbsp;<div class=\"su-audio\" data-id=\"su_audio_player_69f2fd9d16252\" data-audio=\"http:\/\/xn--choeurprlude-ieb.be\/wp-content\/uploads\/2017\/06\/Regina-coeli-Mascagni-S2.mp3\" data-swf=\"https:\/\/xn--choeurprlude-ieb.be\/wp-content\/plugins\/shortcodes-ultimate\/vendor\/jplayer\/jplayer.swf\" data-autoplay=\"no\" data-loop=\"no\" style=\"\"><div id=\"su_audio_player_69f2fd9d16252\" class=\"jp-jplayer\"><\/div><div id=\"su_audio_player_69f2fd9d16252_container\" class=\"jp-audio\"><div class=\"jp-type-single\"><div class=\"jp-gui jp-interface\"><div class=\"jp-controls\"><span class=\"jp-play\"><\/span><span class=\"jp-pause\"><\/span><span class=\"jp-stop\"><\/span><span class=\"jp-mute\"><\/span><span class=\"jp-unmute\"><\/span><span class=\"jp-volume-max\"><\/span><\/div><div class=\"jp-progress\"><div class=\"jp-seek-bar\"><div class=\"jp-play-bar\"><\/div><\/div><\/div><div class=\"jp-volume-bar\"><div class=\"jp-volume-bar-value\"><\/div><\/div><div class=\"jp-current-time\"><\/div><div class=\"jp-duration\"><\/div><\/div><div class=\"jp-title\"><\/div><\/div><\/div><\/div>\n<p>Alto:<div class=\"su-audio\" data-id=\"su_audio_player_69f2fd9d16297\" data-audio=\"http:\/\/xn--choeurprlude-ieb.be\/wp-content\/uploads\/2017\/06\/Regina-coeli-Mascagni-A.mp3\" data-swf=\"https:\/\/xn--choeurprlude-ieb.be\/wp-content\/plugins\/shortcodes-ultimate\/vendor\/jplayer\/jplayer.swf\" data-autoplay=\"no\" data-loop=\"no\" style=\"\"><div id=\"su_audio_player_69f2fd9d16297\" class=\"jp-jplayer\"><\/div><div id=\"su_audio_player_69f2fd9d16297_container\" class=\"jp-audio\"><div class=\"jp-type-single\"><div class=\"jp-gui jp-interface\"><div class=\"jp-controls\"><span class=\"jp-play\"><\/span><span class=\"jp-pause\"><\/span><span class=\"jp-stop\"><\/span><span class=\"jp-mute\"><\/span><span class=\"jp-unmute\"><\/span><span class=\"jp-volume-max\"><\/span><\/div><div class=\"jp-progress\"><div class=\"jp-seek-bar\"><div class=\"jp-play-bar\"><\/div><\/div><\/div><div class=\"jp-volume-bar\"><div class=\"jp-volume-bar-value\"><\/div><\/div><div class=\"jp-current-time\"><\/div><div class=\"jp-duration\"><\/div><\/div><div class=\"jp-title\"><\/div><\/div><\/div><\/div>\n<p>Tenor 1:<div class=\"su-audio\" data-id=\"su_audio_player_69f2fd9d162db\" data-audio=\"http:\/\/xn--choeurprlude-ieb.be\/wp-content\/uploads\/2017\/06\/Regina-coeli-Mascagni-T1.mp3\" data-swf=\"https:\/\/xn--choeurprlude-ieb.be\/wp-content\/plugins\/shortcodes-ultimate\/vendor\/jplayer\/jplayer.swf\" data-autoplay=\"no\" data-loop=\"no\" style=\"\"><div id=\"su_audio_player_69f2fd9d162db\" class=\"jp-jplayer\"><\/div><div id=\"su_audio_player_69f2fd9d162db_container\" class=\"jp-audio\"><div class=\"jp-type-single\"><div class=\"jp-gui jp-interface\"><div class=\"jp-controls\"><span class=\"jp-play\"><\/span><span class=\"jp-pause\"><\/span><span class=\"jp-stop\"><\/span><span class=\"jp-mute\"><\/span><span class=\"jp-unmute\"><\/span><span class=\"jp-volume-max\"><\/span><\/div><div class=\"jp-progress\"><div class=\"jp-seek-bar\"><div class=\"jp-play-bar\"><\/div><\/div><\/div><div class=\"jp-volume-bar\"><div class=\"jp-volume-bar-value\"><\/div><\/div><div class=\"jp-current-time\"><\/div><div class=\"jp-duration\"><\/div><\/div><div class=\"jp-title\"><\/div><\/div><\/div><\/div>\n<p>Tenor 2:<div class=\"su-audio\" data-id=\"su_audio_player_69f2fd9d16329\" data-audio=\"http:\/\/xn--choeurprlude-ieb.be\/wp-content\/uploads\/2017\/06\/Regina-coeli-Mascagni-T2.mp3\" data-swf=\"https:\/\/xn--choeurprlude-ieb.be\/wp-content\/plugins\/shortcodes-ultimate\/vendor\/jplayer\/jplayer.swf\" data-autoplay=\"no\" data-loop=\"no\" style=\"\"><div id=\"su_audio_player_69f2fd9d16329\" class=\"jp-jplayer\"><\/div><div id=\"su_audio_player_69f2fd9d16329_container\" class=\"jp-audio\"><div class=\"jp-type-single\"><div class=\"jp-gui jp-interface\"><div class=\"jp-controls\"><span class=\"jp-play\"><\/span><span class=\"jp-pause\"><\/span><span class=\"jp-stop\"><\/span><span class=\"jp-mute\"><\/span><span class=\"jp-unmute\"><\/span><span class=\"jp-volume-max\"><\/span><\/div><div class=\"jp-progress\"><div class=\"jp-seek-bar\"><div class=\"jp-play-bar\"><\/div><\/div><\/div><div class=\"jp-volume-bar\"><div class=\"jp-volume-bar-value\"><\/div><\/div><div class=\"jp-current-time\"><\/div><div class=\"jp-duration\"><\/div><\/div><div class=\"jp-title\"><\/div><\/div><\/div><\/div>\n<p>Basse:<div class=\"su-audio\" data-id=\"su_audio_player_69f2fd9d1636e\" data-audio=\"http:\/\/xn--choeurprlude-ieb.be\/wp-content\/uploads\/2017\/06\/Regina-coeli-Mascagni-B.mp3\" data-swf=\"https:\/\/xn--choeurprlude-ieb.be\/wp-content\/plugins\/shortcodes-ultimate\/vendor\/jplayer\/jplayer.swf\" data-autoplay=\"no\" data-loop=\"no\" style=\"\"><div id=\"su_audio_player_69f2fd9d1636e\" class=\"jp-jplayer\"><\/div><div id=\"su_audio_player_69f2fd9d1636e_container\" class=\"jp-audio\"><div class=\"jp-type-single\"><div class=\"jp-gui jp-interface\"><div class=\"jp-controls\"><span class=\"jp-play\"><\/span><span class=\"jp-pause\"><\/span><span class=\"jp-stop\"><\/span><span class=\"jp-mute\"><\/span><span class=\"jp-unmute\"><\/span><span class=\"jp-volume-max\"><\/span><\/div><div class=\"jp-progress\"><div class=\"jp-seek-bar\"><div class=\"jp-play-bar\"><\/div><\/div><\/div><div class=\"jp-volume-bar\"><div class=\"jp-volume-bar-value\"><\/div><\/div><div class=\"jp-current-time\"><\/div><div class=\"jp-duration\"><\/div><\/div><div class=\"jp-title\"><\/div><\/div><\/div><\/div>\n<p>TUTTI:<div class=\"su-audio\" data-id=\"su_audio_player_69f2fd9d163b3\" data-audio=\"http:\/\/xn--choeurprlude-ieb.be\/wp-content\/uploads\/2017\/06\/Regina-coeli-Mascagni-TUTTI.mp3\" data-swf=\"https:\/\/xn--choeurprlude-ieb.be\/wp-content\/plugins\/shortcodes-ultimate\/vendor\/jplayer\/jplayer.swf\" data-autoplay=\"no\" data-loop=\"no\" style=\"\"><div id=\"su_audio_player_69f2fd9d163b3\" class=\"jp-jplayer\"><\/div><div id=\"su_audio_player_69f2fd9d163b3_container\" class=\"jp-audio\"><div class=\"jp-type-single\"><div class=\"jp-gui jp-interface\"><div class=\"jp-controls\"><span class=\"jp-play\"><\/span><span class=\"jp-pause\"><\/span><span class=\"jp-stop\"><\/span><span class=\"jp-mute\"><\/span><span class=\"jp-unmute\"><\/span><span class=\"jp-volume-max\"><\/span><\/div><div class=\"jp-progress\"><div class=\"jp-seek-bar\"><div class=\"jp-play-bar\"><\/div><\/div><\/div><div class=\"jp-volume-bar\"><div class=\"jp-volume-bar-value\"><\/div><\/div><div class=\"jp-current-time\"><\/div><div class=\"jp-duration\"><\/div><\/div><div class=\"jp-title\"><\/div><\/div><\/div><\/div>\n[\/toggle]\n<p>________________________________________________________________<\/p>\n[toggle title=\u00a0\u00bbR. WAGNER &#8211; Tannh\u00e4user &#8211; Choeur Freudig begr\u00fcssen\u00a0\u00bb]\n<p>Soprano:<div class=\"su-audio\" data-id=\"su_audio_player_69f2fd9d163f8\" data-audio=\"http:\/\/xn--choeurprlude-ieb.be\/wp-content\/uploads\/2017\/05\/Wagner_Freudig_Soprane.mp3\" data-swf=\"https:\/\/xn--choeurprlude-ieb.be\/wp-content\/plugins\/shortcodes-ultimate\/vendor\/jplayer\/jplayer.swf\" data-autoplay=\"no\" data-loop=\"no\" style=\"\"><div id=\"su_audio_player_69f2fd9d163f8\" class=\"jp-jplayer\"><\/div><div id=\"su_audio_player_69f2fd9d163f8_container\" class=\"jp-audio\"><div class=\"jp-type-single\"><div class=\"jp-gui jp-interface\"><div class=\"jp-controls\"><span class=\"jp-play\"><\/span><span class=\"jp-pause\"><\/span><span class=\"jp-stop\"><\/span><span class=\"jp-mute\"><\/span><span class=\"jp-unmute\"><\/span><span class=\"jp-volume-max\"><\/span><\/div><div class=\"jp-progress\"><div class=\"jp-seek-bar\"><div class=\"jp-play-bar\"><\/div><\/div><\/div><div class=\"jp-volume-bar\"><div class=\"jp-volume-bar-value\"><\/div><\/div><div class=\"jp-current-time\"><\/div><div class=\"jp-duration\"><\/div><\/div><div class=\"jp-title\"><\/div><\/div><\/div><\/div>\n<p>Alto 1:<div class=\"su-audio\" data-id=\"su_audio_player_69f2fd9d1643d\" data-audio=\"http:\/\/xn--choeurprlude-ieb.be\/wp-content\/uploads\/2017\/05\/Wagner_Freudig_Alto1.mp3\" data-swf=\"https:\/\/xn--choeurprlude-ieb.be\/wp-content\/plugins\/shortcodes-ultimate\/vendor\/jplayer\/jplayer.swf\" data-autoplay=\"no\" data-loop=\"no\" style=\"\"><div id=\"su_audio_player_69f2fd9d1643d\" class=\"jp-jplayer\"><\/div><div id=\"su_audio_player_69f2fd9d1643d_container\" class=\"jp-audio\"><div class=\"jp-type-single\"><div class=\"jp-gui jp-interface\"><div class=\"jp-controls\"><span class=\"jp-play\"><\/span><span class=\"jp-pause\"><\/span><span class=\"jp-stop\"><\/span><span class=\"jp-mute\"><\/span><span class=\"jp-unmute\"><\/span><span class=\"jp-volume-max\"><\/span><\/div><div class=\"jp-progress\"><div class=\"jp-seek-bar\"><div class=\"jp-play-bar\"><\/div><\/div><\/div><div class=\"jp-volume-bar\"><div class=\"jp-volume-bar-value\"><\/div><\/div><div class=\"jp-current-time\"><\/div><div class=\"jp-duration\"><\/div><\/div><div class=\"jp-title\"><\/div><\/div><\/div><\/div>\n<p>Alto 2:<div class=\"su-audio\" data-id=\"su_audio_player_69f2fd9d16481\" data-audio=\"http:\/\/xn--choeurprlude-ieb.be\/wp-content\/uploads\/2017\/05\/Wagner_Freudig_Alto2.mp3\" data-swf=\"https:\/\/xn--choeurprlude-ieb.be\/wp-content\/plugins\/shortcodes-ultimate\/vendor\/jplayer\/jplayer.swf\" data-autoplay=\"no\" data-loop=\"no\" style=\"\"><div id=\"su_audio_player_69f2fd9d16481\" class=\"jp-jplayer\"><\/div><div id=\"su_audio_player_69f2fd9d16481_container\" class=\"jp-audio\"><div class=\"jp-type-single\"><div class=\"jp-gui jp-interface\"><div class=\"jp-controls\"><span class=\"jp-play\"><\/span><span class=\"jp-pause\"><\/span><span class=\"jp-stop\"><\/span><span class=\"jp-mute\"><\/span><span class=\"jp-unmute\"><\/span><span class=\"jp-volume-max\"><\/span><\/div><div class=\"jp-progress\"><div class=\"jp-seek-bar\"><div class=\"jp-play-bar\"><\/div><\/div><\/div><div class=\"jp-volume-bar\"><div class=\"jp-volume-bar-value\"><\/div><\/div><div class=\"jp-current-time\"><\/div><div class=\"jp-duration\"><\/div><\/div><div class=\"jp-title\"><\/div><\/div><\/div><\/div>\n<p>Tenor 1:<div class=\"su-audio\" data-id=\"su_audio_player_69f2fd9d164cb\" data-audio=\"http:\/\/xn--choeurprlude-ieb.be\/wp-content\/uploads\/2017\/05\/Wagner_Freudig_Tenor1.mp3\" data-swf=\"https:\/\/xn--choeurprlude-ieb.be\/wp-content\/plugins\/shortcodes-ultimate\/vendor\/jplayer\/jplayer.swf\" data-autoplay=\"no\" data-loop=\"no\" style=\"\"><div id=\"su_audio_player_69f2fd9d164cb\" class=\"jp-jplayer\"><\/div><div id=\"su_audio_player_69f2fd9d164cb_container\" class=\"jp-audio\"><div class=\"jp-type-single\"><div class=\"jp-gui jp-interface\"><div class=\"jp-controls\"><span class=\"jp-play\"><\/span><span class=\"jp-pause\"><\/span><span class=\"jp-stop\"><\/span><span class=\"jp-mute\"><\/span><span class=\"jp-unmute\"><\/span><span class=\"jp-volume-max\"><\/span><\/div><div class=\"jp-progress\"><div class=\"jp-seek-bar\"><div class=\"jp-play-bar\"><\/div><\/div><\/div><div class=\"jp-volume-bar\"><div class=\"jp-volume-bar-value\"><\/div><\/div><div class=\"jp-current-time\"><\/div><div class=\"jp-duration\"><\/div><\/div><div class=\"jp-title\"><\/div><\/div><\/div><\/div>\n<p>Tenor 2:<div class=\"su-audio\" data-id=\"su_audio_player_69f2fd9d1650f\" data-audio=\"http:\/\/xn--choeurprlude-ieb.be\/wp-content\/uploads\/2017\/05\/Wagner_Freudig_Tenor2.mp3\" data-swf=\"https:\/\/xn--choeurprlude-ieb.be\/wp-content\/plugins\/shortcodes-ultimate\/vendor\/jplayer\/jplayer.swf\" data-autoplay=\"no\" data-loop=\"no\" style=\"\"><div id=\"su_audio_player_69f2fd9d1650f\" class=\"jp-jplayer\"><\/div><div id=\"su_audio_player_69f2fd9d1650f_container\" class=\"jp-audio\"><div class=\"jp-type-single\"><div class=\"jp-gui jp-interface\"><div class=\"jp-controls\"><span class=\"jp-play\"><\/span><span class=\"jp-pause\"><\/span><span class=\"jp-stop\"><\/span><span class=\"jp-mute\"><\/span><span class=\"jp-unmute\"><\/span><span class=\"jp-volume-max\"><\/span><\/div><div class=\"jp-progress\"><div class=\"jp-seek-bar\"><div class=\"jp-play-bar\"><\/div><\/div><\/div><div class=\"jp-volume-bar\"><div class=\"jp-volume-bar-value\"><\/div><\/div><div class=\"jp-current-time\"><\/div><div class=\"jp-duration\"><\/div><\/div><div class=\"jp-title\"><\/div><\/div><\/div><\/div>\n<p>Basse:<div class=\"su-audio\" data-id=\"su_audio_player_69f2fd9d16553\" data-audio=\"http:\/\/xn--choeurprlude-ieb.be\/wp-content\/uploads\/2017\/05\/Wagner_Freudig_Basse.mp3\" data-swf=\"https:\/\/xn--choeurprlude-ieb.be\/wp-content\/plugins\/shortcodes-ultimate\/vendor\/jplayer\/jplayer.swf\" data-autoplay=\"no\" data-loop=\"no\" style=\"\"><div id=\"su_audio_player_69f2fd9d16553\" class=\"jp-jplayer\"><\/div><div id=\"su_audio_player_69f2fd9d16553_container\" class=\"jp-audio\"><div class=\"jp-type-single\"><div class=\"jp-gui jp-interface\"><div class=\"jp-controls\"><span class=\"jp-play\"><\/span><span class=\"jp-pause\"><\/span><span class=\"jp-stop\"><\/span><span class=\"jp-mute\"><\/span><span class=\"jp-unmute\"><\/span><span class=\"jp-volume-max\"><\/span><\/div><div class=\"jp-progress\"><div class=\"jp-seek-bar\"><div class=\"jp-play-bar\"><\/div><\/div><\/div><div class=\"jp-volume-bar\"><div class=\"jp-volume-bar-value\"><\/div><\/div><div class=\"jp-current-time\"><\/div><div class=\"jp-duration\"><\/div><\/div><div class=\"jp-title\"><\/div><\/div><\/div><\/div>\n<p>Tutti:&nbsp;<div class=\"su-audio\" data-id=\"su_audio_player_69f2fd9d16598\" data-audio=\"http:\/\/xn--choeurprlude-ieb.be\/wp-content\/uploads\/2017\/06\/R.-Wagner-Tannh\u00e4user-Act-2-Freudig-begr\u00fc\u00dfen-wir-die-edle-Halle.mp3\" data-swf=\"https:\/\/xn--choeurprlude-ieb.be\/wp-content\/plugins\/shortcodes-ultimate\/vendor\/jplayer\/jplayer.swf\" data-autoplay=\"no\" data-loop=\"no\" style=\"\"><div id=\"su_audio_player_69f2fd9d16598\" class=\"jp-jplayer\"><\/div><div id=\"su_audio_player_69f2fd9d16598_container\" class=\"jp-audio\"><div class=\"jp-type-single\"><div class=\"jp-gui jp-interface\"><div class=\"jp-controls\"><span class=\"jp-play\"><\/span><span class=\"jp-pause\"><\/span><span class=\"jp-stop\"><\/span><span class=\"jp-mute\"><\/span><span class=\"jp-unmute\"><\/span><span class=\"jp-volume-max\"><\/span><\/div><div class=\"jp-progress\"><div class=\"jp-seek-bar\"><div class=\"jp-play-bar\"><\/div><\/div><\/div><div class=\"jp-volume-bar\"><div class=\"jp-volume-bar-value\"><\/div><\/div><div class=\"jp-current-time\"><\/div><div class=\"jp-duration\"><\/div><\/div><div class=\"jp-title\"><\/div><\/div><\/div><\/div>\n[\/toggle]\n<p>________________________________________________________________<\/p>\n[toggle title=\u00a0\u00bbR. WAGNER &#8211; Tannh\u00e4user &#8211; Begl\u00dcckt darf nun dich, o Heimat (CH\u0152UR D&rsquo;HOMMES\u00a0\u00bb]\n<p>Tenor 1: <div class=\"su-audio\" data-id=\"su_audio_player_69f2fd9d165de\" data-audio=\"http:\/\/xn--choeurprlude-ieb.be\/wp-content\/uploads\/2017\/06\/Begluckt-darf-nun-dich-Tannhauser-T1.mp3\" data-swf=\"https:\/\/xn--choeurprlude-ieb.be\/wp-content\/plugins\/shortcodes-ultimate\/vendor\/jplayer\/jplayer.swf\" data-autoplay=\"no\" data-loop=\"no\" style=\"\"><div id=\"su_audio_player_69f2fd9d165de\" class=\"jp-jplayer\"><\/div><div id=\"su_audio_player_69f2fd9d165de_container\" class=\"jp-audio\"><div class=\"jp-type-single\"><div class=\"jp-gui jp-interface\"><div class=\"jp-controls\"><span class=\"jp-play\"><\/span><span class=\"jp-pause\"><\/span><span class=\"jp-stop\"><\/span><span class=\"jp-mute\"><\/span><span class=\"jp-unmute\"><\/span><span class=\"jp-volume-max\"><\/span><\/div><div class=\"jp-progress\"><div class=\"jp-seek-bar\"><div class=\"jp-play-bar\"><\/div><\/div><\/div><div class=\"jp-volume-bar\"><div class=\"jp-volume-bar-value\"><\/div><\/div><div class=\"jp-current-time\"><\/div><div class=\"jp-duration\"><\/div><\/div><div class=\"jp-title\"><\/div><\/div><\/div><\/div>\n<p>Tenor 2:&nbsp;<div class=\"su-audio\" data-id=\"su_audio_player_69f2fd9d16623\" data-audio=\"http:\/\/xn--choeurprlude-ieb.be\/wp-content\/uploads\/2017\/06\/Begluckt-darf-nun-dich-Tannhauser-T2.mp3\" data-swf=\"https:\/\/xn--choeurprlude-ieb.be\/wp-content\/plugins\/shortcodes-ultimate\/vendor\/jplayer\/jplayer.swf\" data-autoplay=\"no\" data-loop=\"no\" style=\"\"><div id=\"su_audio_player_69f2fd9d16623\" class=\"jp-jplayer\"><\/div><div id=\"su_audio_player_69f2fd9d16623_container\" class=\"jp-audio\"><div class=\"jp-type-single\"><div class=\"jp-gui jp-interface\"><div class=\"jp-controls\"><span class=\"jp-play\"><\/span><span class=\"jp-pause\"><\/span><span class=\"jp-stop\"><\/span><span class=\"jp-mute\"><\/span><span class=\"jp-unmute\"><\/span><span class=\"jp-volume-max\"><\/span><\/div><div class=\"jp-progress\"><div class=\"jp-seek-bar\"><div class=\"jp-play-bar\"><\/div><\/div><\/div><div class=\"jp-volume-bar\"><div class=\"jp-volume-bar-value\"><\/div><\/div><div class=\"jp-current-time\"><\/div><div class=\"jp-duration\"><\/div><\/div><div class=\"jp-title\"><\/div><\/div><\/div><\/div>\n<p>Basse 1:&nbsp;<div class=\"su-audio\" data-id=\"su_audio_player_69f2fd9d16667\" data-audio=\"http:\/\/xn--choeurprlude-ieb.be\/wp-content\/uploads\/2017\/06\/Begluckt-darf-nun-dich-Tannhauser-B1.mp3\" data-swf=\"https:\/\/xn--choeurprlude-ieb.be\/wp-content\/plugins\/shortcodes-ultimate\/vendor\/jplayer\/jplayer.swf\" data-autoplay=\"no\" data-loop=\"no\" style=\"\"><div id=\"su_audio_player_69f2fd9d16667\" class=\"jp-jplayer\"><\/div><div id=\"su_audio_player_69f2fd9d16667_container\" class=\"jp-audio\"><div class=\"jp-type-single\"><div class=\"jp-gui jp-interface\"><div class=\"jp-controls\"><span class=\"jp-play\"><\/span><span class=\"jp-pause\"><\/span><span class=\"jp-stop\"><\/span><span class=\"jp-mute\"><\/span><span class=\"jp-unmute\"><\/span><span class=\"jp-volume-max\"><\/span><\/div><div class=\"jp-progress\"><div class=\"jp-seek-bar\"><div class=\"jp-play-bar\"><\/div><\/div><\/div><div class=\"jp-volume-bar\"><div class=\"jp-volume-bar-value\"><\/div><\/div><div class=\"jp-current-time\"><\/div><div class=\"jp-duration\"><\/div><\/div><div class=\"jp-title\"><\/div><\/div><\/div><\/div>\n<p>Basse 2:&nbsp;<div class=\"su-audio\" data-id=\"su_audio_player_69f2fd9d166ac\" data-audio=\"http:\/\/xn--choeurprlude-ieb.be\/wp-content\/uploads\/2017\/06\/Begluckt-darf-nun-dich-Tannhauser-B2.mp3\" data-swf=\"https:\/\/xn--choeurprlude-ieb.be\/wp-content\/plugins\/shortcodes-ultimate\/vendor\/jplayer\/jplayer.swf\" data-autoplay=\"no\" data-loop=\"no\" style=\"\"><div id=\"su_audio_player_69f2fd9d166ac\" class=\"jp-jplayer\"><\/div><div id=\"su_audio_player_69f2fd9d166ac_container\" class=\"jp-audio\"><div class=\"jp-type-single\"><div class=\"jp-gui jp-interface\"><div class=\"jp-controls\"><span class=\"jp-play\"><\/span><span class=\"jp-pause\"><\/span><span class=\"jp-stop\"><\/span><span class=\"jp-mute\"><\/span><span class=\"jp-unmute\"><\/span><span class=\"jp-volume-max\"><\/span><\/div><div class=\"jp-progress\"><div class=\"jp-seek-bar\"><div class=\"jp-play-bar\"><\/div><\/div><\/div><div class=\"jp-volume-bar\"><div class=\"jp-volume-bar-value\"><\/div><\/div><div class=\"jp-current-time\"><\/div><div class=\"jp-duration\"><\/div><\/div><div class=\"jp-title\"><\/div><\/div><\/div><\/div>\n<p>Tutti:&nbsp;<div class=\"su-audio\" data-id=\"su_audio_player_69f2fd9d166f1\" data-audio=\"http:\/\/xn--choeurprlude-ieb.be\/wp-content\/uploads\/2017\/06\/Begluckt-darf-nun-dich-Tannhauser-TTBB.mp3\" data-swf=\"https:\/\/xn--choeurprlude-ieb.be\/wp-content\/plugins\/shortcodes-ultimate\/vendor\/jplayer\/jplayer.swf\" data-autoplay=\"no\" data-loop=\"no\" style=\"\"><div id=\"su_audio_player_69f2fd9d166f1\" class=\"jp-jplayer\"><\/div><div id=\"su_audio_player_69f2fd9d166f1_container\" class=\"jp-audio\"><div class=\"jp-type-single\"><div class=\"jp-gui jp-interface\"><div class=\"jp-controls\"><span class=\"jp-play\"><\/span><span class=\"jp-pause\"><\/span><span class=\"jp-stop\"><\/span><span class=\"jp-mute\"><\/span><span class=\"jp-unmute\"><\/span><span class=\"jp-volume-max\"><\/span><\/div><div class=\"jp-progress\"><div class=\"jp-seek-bar\"><div class=\"jp-play-bar\"><\/div><\/div><\/div><div class=\"jp-volume-bar\"><div class=\"jp-volume-bar-value\"><\/div><\/div><div class=\"jp-current-time\"><\/div><div class=\"jp-duration\"><\/div><\/div><div class=\"jp-title\"><\/div><\/div><\/div><\/div>\n[\/toggle]\n<p>________________________________________________________________<\/p>\n[toggle title=\u00a0\u00bbR. WAGNER &#8211; Lohengrin Ch\u0153ur des fian\u00e7ailles\u00a0\u00bb]\n<p>Soprano 1:<div class=\"su-audio\" data-id=\"su_audio_player_69f2fd9d16737\" data-audio=\"http:\/\/xn--choeurprlude-ieb.be\/wp-content\/uploads\/2017\/05\/choeur-des-fiancailles-sop1.mp3\" data-swf=\"https:\/\/xn--choeurprlude-ieb.be\/wp-content\/plugins\/shortcodes-ultimate\/vendor\/jplayer\/jplayer.swf\" data-autoplay=\"no\" data-loop=\"no\" style=\"\"><div id=\"su_audio_player_69f2fd9d16737\" class=\"jp-jplayer\"><\/div><div id=\"su_audio_player_69f2fd9d16737_container\" class=\"jp-audio\"><div class=\"jp-type-single\"><div class=\"jp-gui jp-interface\"><div class=\"jp-controls\"><span class=\"jp-play\"><\/span><span class=\"jp-pause\"><\/span><span class=\"jp-stop\"><\/span><span class=\"jp-mute\"><\/span><span class=\"jp-unmute\"><\/span><span class=\"jp-volume-max\"><\/span><\/div><div class=\"jp-progress\"><div class=\"jp-seek-bar\"><div class=\"jp-play-bar\"><\/div><\/div><\/div><div class=\"jp-volume-bar\"><div class=\"jp-volume-bar-value\"><\/div><\/div><div class=\"jp-current-time\"><\/div><div class=\"jp-duration\"><\/div><\/div><div class=\"jp-title\"><\/div><\/div><\/div><\/div>\n<p>Soprano 2:<div class=\"su-audio\" data-id=\"su_audio_player_69f2fd9d1677b\" data-audio=\"http:\/\/xn--choeurprlude-ieb.be\/wp-content\/uploads\/2017\/05\/choeur-des-fiancailles-sop2.mp3\" data-swf=\"https:\/\/xn--choeurprlude-ieb.be\/wp-content\/plugins\/shortcodes-ultimate\/vendor\/jplayer\/jplayer.swf\" data-autoplay=\"no\" data-loop=\"no\" style=\"\"><div id=\"su_audio_player_69f2fd9d1677b\" class=\"jp-jplayer\"><\/div><div id=\"su_audio_player_69f2fd9d1677b_container\" class=\"jp-audio\"><div class=\"jp-type-single\"><div class=\"jp-gui jp-interface\"><div class=\"jp-controls\"><span class=\"jp-play\"><\/span><span class=\"jp-pause\"><\/span><span class=\"jp-stop\"><\/span><span class=\"jp-mute\"><\/span><span class=\"jp-unmute\"><\/span><span class=\"jp-volume-max\"><\/span><\/div><div class=\"jp-progress\"><div class=\"jp-seek-bar\"><div class=\"jp-play-bar\"><\/div><\/div><\/div><div class=\"jp-volume-bar\"><div class=\"jp-volume-bar-value\"><\/div><\/div><div class=\"jp-current-time\"><\/div><div class=\"jp-duration\"><\/div><\/div><div class=\"jp-title\"><\/div><\/div><\/div><\/div>\n<p>Alto 1:<div class=\"su-audio\" data-id=\"su_audio_player_69f2fd9d167c0\" data-audio=\"http:\/\/xn--choeurprlude-ieb.be\/wp-content\/uploads\/2017\/05\/choeur-des-fiancailles-alt1.mp3\" data-swf=\"https:\/\/xn--choeurprlude-ieb.be\/wp-content\/plugins\/shortcodes-ultimate\/vendor\/jplayer\/jplayer.swf\" data-autoplay=\"no\" data-loop=\"no\" style=\"\"><div id=\"su_audio_player_69f2fd9d167c0\" class=\"jp-jplayer\"><\/div><div id=\"su_audio_player_69f2fd9d167c0_container\" class=\"jp-audio\"><div class=\"jp-type-single\"><div class=\"jp-gui jp-interface\"><div class=\"jp-controls\"><span class=\"jp-play\"><\/span><span class=\"jp-pause\"><\/span><span class=\"jp-stop\"><\/span><span class=\"jp-mute\"><\/span><span class=\"jp-unmute\"><\/span><span class=\"jp-volume-max\"><\/span><\/div><div class=\"jp-progress\"><div class=\"jp-seek-bar\"><div class=\"jp-play-bar\"><\/div><\/div><\/div><div class=\"jp-volume-bar\"><div class=\"jp-volume-bar-value\"><\/div><\/div><div class=\"jp-current-time\"><\/div><div class=\"jp-duration\"><\/div><\/div><div class=\"jp-title\"><\/div><\/div><\/div><\/div>\n<p>Alto 2:<div class=\"su-audio\" data-id=\"su_audio_player_69f2fd9d16807\" data-audio=\"http:\/\/xn--choeurprlude-ieb.be\/wp-content\/uploads\/2017\/05\/choeur-des-fiancailles-alt2.mp3\" data-swf=\"https:\/\/xn--choeurprlude-ieb.be\/wp-content\/plugins\/shortcodes-ultimate\/vendor\/jplayer\/jplayer.swf\" data-autoplay=\"no\" data-loop=\"no\" style=\"\"><div id=\"su_audio_player_69f2fd9d16807\" class=\"jp-jplayer\"><\/div><div id=\"su_audio_player_69f2fd9d16807_container\" class=\"jp-audio\"><div class=\"jp-type-single\"><div class=\"jp-gui jp-interface\"><div class=\"jp-controls\"><span class=\"jp-play\"><\/span><span class=\"jp-pause\"><\/span><span class=\"jp-stop\"><\/span><span class=\"jp-mute\"><\/span><span class=\"jp-unmute\"><\/span><span class=\"jp-volume-max\"><\/span><\/div><div class=\"jp-progress\"><div class=\"jp-seek-bar\"><div class=\"jp-play-bar\"><\/div><\/div><\/div><div class=\"jp-volume-bar\"><div class=\"jp-volume-bar-value\"><\/div><\/div><div class=\"jp-current-time\"><\/div><div class=\"jp-duration\"><\/div><\/div><div class=\"jp-title\"><\/div><\/div><\/div><\/div>\n<p>Tenor:<div class=\"su-audio\" data-id=\"su_audio_player_69f2fd9d1684b\" data-audio=\"http:\/\/xn--choeurprlude-ieb.be\/wp-content\/uploads\/2017\/05\/choeur-des-fiancailles-tenor.mp3\" data-swf=\"https:\/\/xn--choeurprlude-ieb.be\/wp-content\/plugins\/shortcodes-ultimate\/vendor\/jplayer\/jplayer.swf\" data-autoplay=\"no\" data-loop=\"no\" style=\"\"><div id=\"su_audio_player_69f2fd9d1684b\" class=\"jp-jplayer\"><\/div><div id=\"su_audio_player_69f2fd9d1684b_container\" class=\"jp-audio\"><div class=\"jp-type-single\"><div class=\"jp-gui jp-interface\"><div class=\"jp-controls\"><span class=\"jp-play\"><\/span><span class=\"jp-pause\"><\/span><span class=\"jp-stop\"><\/span><span class=\"jp-mute\"><\/span><span class=\"jp-unmute\"><\/span><span class=\"jp-volume-max\"><\/span><\/div><div class=\"jp-progress\"><div class=\"jp-seek-bar\"><div class=\"jp-play-bar\"><\/div><\/div><\/div><div class=\"jp-volume-bar\"><div class=\"jp-volume-bar-value\"><\/div><\/div><div class=\"jp-current-time\"><\/div><div class=\"jp-duration\"><\/div><\/div><div class=\"jp-title\"><\/div><\/div><\/div><\/div>\n<p>Basse:<div class=\"su-audio\" data-id=\"su_audio_player_69f2fd9d16890\" data-audio=\"http:\/\/xn--choeurprlude-ieb.be\/wp-content\/uploads\/2017\/05\/choeur-des-fiancailles-basse-1.mp3\" data-swf=\"https:\/\/xn--choeurprlude-ieb.be\/wp-content\/plugins\/shortcodes-ultimate\/vendor\/jplayer\/jplayer.swf\" data-autoplay=\"no\" data-loop=\"no\" style=\"\"><div id=\"su_audio_player_69f2fd9d16890\" class=\"jp-jplayer\"><\/div><div id=\"su_audio_player_69f2fd9d16890_container\" class=\"jp-audio\"><div class=\"jp-type-single\"><div class=\"jp-gui jp-interface\"><div class=\"jp-controls\"><span class=\"jp-play\"><\/span><span class=\"jp-pause\"><\/span><span class=\"jp-stop\"><\/span><span class=\"jp-mute\"><\/span><span class=\"jp-unmute\"><\/span><span class=\"jp-volume-max\"><\/span><\/div><div class=\"jp-progress\"><div class=\"jp-seek-bar\"><div class=\"jp-play-bar\"><\/div><\/div><\/div><div class=\"jp-volume-bar\"><div class=\"jp-volume-bar-value\"><\/div><\/div><div class=\"jp-current-time\"><\/div><div class=\"jp-duration\"><\/div><\/div><div class=\"jp-title\"><\/div><\/div><\/div><\/div>\n<p>Tutti:<div class=\"su-audio\" data-id=\"su_audio_player_69f2fd9d168d4\" data-audio=\"http:\/\/xn--choeurprlude-ieb.be\/wp-content\/uploads\/2017\/05\/Wagners-Lohengrin-Treulich-gefuhrt-1.mp3\" data-swf=\"https:\/\/xn--choeurprlude-ieb.be\/wp-content\/plugins\/shortcodes-ultimate\/vendor\/jplayer\/jplayer.swf\" data-autoplay=\"no\" data-loop=\"no\" style=\"\"><div id=\"su_audio_player_69f2fd9d168d4\" class=\"jp-jplayer\"><\/div><div id=\"su_audio_player_69f2fd9d168d4_container\" class=\"jp-audio\"><div class=\"jp-type-single\"><div class=\"jp-gui jp-interface\"><div class=\"jp-controls\"><span class=\"jp-play\"><\/span><span class=\"jp-pause\"><\/span><span class=\"jp-stop\"><\/span><span class=\"jp-mute\"><\/span><span class=\"jp-unmute\"><\/span><span class=\"jp-volume-max\"><\/span><\/div><div class=\"jp-progress\"><div class=\"jp-seek-bar\"><div class=\"jp-play-bar\"><\/div><\/div><\/div><div class=\"jp-volume-bar\"><div class=\"jp-volume-bar-value\"><\/div><\/div><div class=\"jp-current-time\"><\/div><div class=\"jp-duration\"><\/div><\/div><div class=\"jp-title\"><\/div><\/div><\/div><\/div>\n[\/toggle]\n<p>________________________________________________________________<\/p>\n[toggle title=\u00a0\u00bbG. FAURE &#8211; Cantique de Jean Racine\u00a0\u00bb]\n<p>Soprano:<\/p>\n<div class=\"su-audio\" data-id=\"su_audio_player_69f2fd9d16919\" data-audio=\"http:\/\/xn--choeurprlude-ieb.be\/wp-content\/uploads\/2017\/05\/Faure-Cantique-Soprano.wmv-1.mp3\" data-swf=\"https:\/\/xn--choeurprlude-ieb.be\/wp-content\/plugins\/shortcodes-ultimate\/vendor\/jplayer\/jplayer.swf\" data-autoplay=\"no\" data-loop=\"no\" style=\"\"><div id=\"su_audio_player_69f2fd9d16919\" class=\"jp-jplayer\"><\/div><div id=\"su_audio_player_69f2fd9d16919_container\" class=\"jp-audio\"><div class=\"jp-type-single\"><div class=\"jp-gui jp-interface\"><div class=\"jp-controls\"><span class=\"jp-play\"><\/span><span class=\"jp-pause\"><\/span><span class=\"jp-stop\"><\/span><span class=\"jp-mute\"><\/span><span class=\"jp-unmute\"><\/span><span class=\"jp-volume-max\"><\/span><\/div><div class=\"jp-progress\"><div class=\"jp-seek-bar\"><div class=\"jp-play-bar\"><\/div><\/div><\/div><div class=\"jp-volume-bar\"><div class=\"jp-volume-bar-value\"><\/div><\/div><div class=\"jp-current-time\"><\/div><div class=\"jp-duration\"><\/div><\/div><div class=\"jp-title\"><\/div><\/div><\/div><\/div>\n<p>Alto:<\/p>\n<div class=\"su-audio\" data-id=\"su_audio_player_69f2fd9d1695d\" data-audio=\"http:\/\/xn--choeurprlude-ieb.be\/wp-content\/uploads\/2017\/05\/Faure-ALTOCantique-Alto.wmv.mp3\" data-swf=\"https:\/\/xn--choeurprlude-ieb.be\/wp-content\/plugins\/shortcodes-ultimate\/vendor\/jplayer\/jplayer.swf\" data-autoplay=\"no\" data-loop=\"no\" style=\"\"><div id=\"su_audio_player_69f2fd9d1695d\" class=\"jp-jplayer\"><\/div><div id=\"su_audio_player_69f2fd9d1695d_container\" class=\"jp-audio\"><div class=\"jp-type-single\"><div class=\"jp-gui jp-interface\"><div class=\"jp-controls\"><span class=\"jp-play\"><\/span><span class=\"jp-pause\"><\/span><span class=\"jp-stop\"><\/span><span class=\"jp-mute\"><\/span><span class=\"jp-unmute\"><\/span><span class=\"jp-volume-max\"><\/span><\/div><div class=\"jp-progress\"><div class=\"jp-seek-bar\"><div class=\"jp-play-bar\"><\/div><\/div><\/div><div class=\"jp-volume-bar\"><div class=\"jp-volume-bar-value\"><\/div><\/div><div class=\"jp-current-time\"><\/div><div class=\"jp-duration\"><\/div><\/div><div class=\"jp-title\"><\/div><\/div><\/div><\/div>\n<p>Tenor:<\/p>\n<div class=\"su-audio\" data-id=\"su_audio_player_69f2fd9d169a2\" data-audio=\"http:\/\/xn--choeurprlude-ieb.be\/wp-content\/uploads\/2017\/05\/Cantique-J-RACINE-BASSE.mp3\" data-swf=\"https:\/\/xn--choeurprlude-ieb.be\/wp-content\/plugins\/shortcodes-ultimate\/vendor\/jplayer\/jplayer.swf\" data-autoplay=\"no\" data-loop=\"no\" style=\"\"><div id=\"su_audio_player_69f2fd9d169a2\" class=\"jp-jplayer\"><\/div><div id=\"su_audio_player_69f2fd9d169a2_container\" class=\"jp-audio\"><div class=\"jp-type-single\"><div class=\"jp-gui jp-interface\"><div class=\"jp-controls\"><span class=\"jp-play\"><\/span><span class=\"jp-pause\"><\/span><span class=\"jp-stop\"><\/span><span class=\"jp-mute\"><\/span><span class=\"jp-unmute\"><\/span><span class=\"jp-volume-max\"><\/span><\/div><div class=\"jp-progress\"><div class=\"jp-seek-bar\"><div class=\"jp-play-bar\"><\/div><\/div><\/div><div class=\"jp-volume-bar\"><div class=\"jp-volume-bar-value\"><\/div><\/div><div class=\"jp-current-time\"><\/div><div class=\"jp-duration\"><\/div><\/div><div class=\"jp-title\"><\/div><\/div><\/div><\/div>\n<p>Basse:<\/p>\n<div class=\"su-audio\" data-id=\"su_audio_player_69f2fd9d169e6\" data-audio=\"http:\/\/xn--choeurprlude-ieb.be\/wp-content\/uploads\/2017\/05\/Faure-Cantique-Bass.wmv.mp3\" data-swf=\"https:\/\/xn--choeurprlude-ieb.be\/wp-content\/plugins\/shortcodes-ultimate\/vendor\/jplayer\/jplayer.swf\" data-autoplay=\"no\" data-loop=\"no\" style=\"\"><div id=\"su_audio_player_69f2fd9d169e6\" class=\"jp-jplayer\"><\/div><div id=\"su_audio_player_69f2fd9d169e6_container\" class=\"jp-audio\"><div class=\"jp-type-single\"><div class=\"jp-gui jp-interface\"><div class=\"jp-controls\"><span class=\"jp-play\"><\/span><span class=\"jp-pause\"><\/span><span class=\"jp-stop\"><\/span><span class=\"jp-mute\"><\/span><span class=\"jp-unmute\"><\/span><span class=\"jp-volume-max\"><\/span><\/div><div class=\"jp-progress\"><div class=\"jp-seek-bar\"><div class=\"jp-play-bar\"><\/div><\/div><\/div><div class=\"jp-volume-bar\"><div class=\"jp-volume-bar-value\"><\/div><\/div><div class=\"jp-current-time\"><\/div><div class=\"jp-duration\"><\/div><\/div><div class=\"jp-title\"><\/div><\/div><\/div><\/div>\n<p>Tutti:<\/p>\n<div class=\"su-audio\" data-id=\"su_audio_player_69f2fd9d16a2b\" data-audio=\"http:\/\/xn--choeurprlude-ieb.be\/wp-content\/uploads\/2017\/05\/Cantique-de-Jean-Racine-Faure.mp3\" data-swf=\"https:\/\/xn--choeurprlude-ieb.be\/wp-content\/plugins\/shortcodes-ultimate\/vendor\/jplayer\/jplayer.swf\" data-autoplay=\"no\" data-loop=\"no\" style=\"\"><div id=\"su_audio_player_69f2fd9d16a2b\" class=\"jp-jplayer\"><\/div><div id=\"su_audio_player_69f2fd9d16a2b_container\" class=\"jp-audio\"><div class=\"jp-type-single\"><div class=\"jp-gui jp-interface\"><div class=\"jp-controls\"><span class=\"jp-play\"><\/span><span class=\"jp-pause\"><\/span><span class=\"jp-stop\"><\/span><span class=\"jp-mute\"><\/span><span class=\"jp-unmute\"><\/span><span class=\"jp-volume-max\"><\/span><\/div><div class=\"jp-progress\"><div class=\"jp-seek-bar\"><div class=\"jp-play-bar\"><\/div><\/div><\/div><div class=\"jp-volume-bar\"><div class=\"jp-volume-bar-value\"><\/div><\/div><div class=\"jp-current-time\"><\/div><div class=\"jp-duration\"><\/div><\/div><div class=\"jp-title\"><\/div><\/div><\/div><\/div>\n[\/toggle]\n<p>________________________________________________________________<\/p>\n[toggle title=\u00a0\u00bbHAENDEL &#8211; Alleluia du Messie \u00ab\u00a0]\n<p>Soprano:<\/p>\n<div class=\"su-audio\" data-id=\"su_audio_player_69f2fd9d16a70\" data-audio=\"http:\/\/xn--choeurprlude-ieb.be\/wp-content\/uploads\/2017\/09\/Hallelujah-Soprano-Messiah-by-G-F-Handel-Learn-The-Soprano-Choral-Part.mp3\" data-swf=\"https:\/\/xn--choeurprlude-ieb.be\/wp-content\/plugins\/shortcodes-ultimate\/vendor\/jplayer\/jplayer.swf\" data-autoplay=\"no\" data-loop=\"no\" style=\"\"><div id=\"su_audio_player_69f2fd9d16a70\" class=\"jp-jplayer\"><\/div><div id=\"su_audio_player_69f2fd9d16a70_container\" class=\"jp-audio\"><div class=\"jp-type-single\"><div class=\"jp-gui jp-interface\"><div class=\"jp-controls\"><span class=\"jp-play\"><\/span><span class=\"jp-pause\"><\/span><span class=\"jp-stop\"><\/span><span class=\"jp-mute\"><\/span><span class=\"jp-unmute\"><\/span><span class=\"jp-volume-max\"><\/span><\/div><div class=\"jp-progress\"><div class=\"jp-seek-bar\"><div class=\"jp-play-bar\"><\/div><\/div><\/div><div class=\"jp-volume-bar\"><div class=\"jp-volume-bar-value\"><\/div><\/div><div class=\"jp-current-time\"><\/div><div class=\"jp-duration\"><\/div><\/div><div class=\"jp-title\"><\/div><\/div><\/div><\/div>\n<p>Alto:<\/p>\n<div class=\"su-audio\" data-id=\"su_audio_player_69f2fd9d16ab6\" data-audio=\"http:\/\/xn--choeurprlude-ieb.be\/wp-content\/uploads\/2017\/09\/Hallelujah-Alto-Messiah-by-G-F-Handel-Learn-The-Alto-Choral-Part.mp3\" data-swf=\"https:\/\/xn--choeurprlude-ieb.be\/wp-content\/plugins\/shortcodes-ultimate\/vendor\/jplayer\/jplayer.swf\" data-autoplay=\"no\" data-loop=\"no\" style=\"\"><div id=\"su_audio_player_69f2fd9d16ab6\" class=\"jp-jplayer\"><\/div><div id=\"su_audio_player_69f2fd9d16ab6_container\" class=\"jp-audio\"><div class=\"jp-type-single\"><div class=\"jp-gui jp-interface\"><div class=\"jp-controls\"><span class=\"jp-play\"><\/span><span class=\"jp-pause\"><\/span><span class=\"jp-stop\"><\/span><span class=\"jp-mute\"><\/span><span class=\"jp-unmute\"><\/span><span class=\"jp-volume-max\"><\/span><\/div><div class=\"jp-progress\"><div class=\"jp-seek-bar\"><div class=\"jp-play-bar\"><\/div><\/div><\/div><div class=\"jp-volume-bar\"><div class=\"jp-volume-bar-value\"><\/div><\/div><div class=\"jp-current-time\"><\/div><div class=\"jp-duration\"><\/div><\/div><div class=\"jp-title\"><\/div><\/div><\/div><\/div>\n<p>Tenor:<\/p>\n<div class=\"su-audio\" data-id=\"su_audio_player_69f2fd9d16afb\" data-audio=\"http:\/\/xn--choeurprlude-ieb.be\/wp-content\/uploads\/2017\/09\/Hallelujah-Tenor-Messiah-by-G-F-Handel-Learn-The-Tenor-Choral-Part.mp3\" data-swf=\"https:\/\/xn--choeurprlude-ieb.be\/wp-content\/plugins\/shortcodes-ultimate\/vendor\/jplayer\/jplayer.swf\" data-autoplay=\"no\" data-loop=\"no\" style=\"\"><div id=\"su_audio_player_69f2fd9d16afb\" class=\"jp-jplayer\"><\/div><div id=\"su_audio_player_69f2fd9d16afb_container\" class=\"jp-audio\"><div class=\"jp-type-single\"><div class=\"jp-gui jp-interface\"><div class=\"jp-controls\"><span class=\"jp-play\"><\/span><span class=\"jp-pause\"><\/span><span class=\"jp-stop\"><\/span><span class=\"jp-mute\"><\/span><span class=\"jp-unmute\"><\/span><span class=\"jp-volume-max\"><\/span><\/div><div class=\"jp-progress\"><div class=\"jp-seek-bar\"><div class=\"jp-play-bar\"><\/div><\/div><\/div><div class=\"jp-volume-bar\"><div class=\"jp-volume-bar-value\"><\/div><\/div><div class=\"jp-current-time\"><\/div><div class=\"jp-duration\"><\/div><\/div><div class=\"jp-title\"><\/div><\/div><\/div><\/div>\n<p>Basse:<\/p>\n<div class=\"su-audio\" data-id=\"su_audio_player_69f2fd9d16b41\" data-audio=\"http:\/\/xn--choeurprlude-ieb.be\/wp-content\/uploads\/2017\/09\/Hallelujah-Bass-Messiah-by-G-F-Handel-Learn-The-Bass-Choral-Part-1.mp3\" data-swf=\"https:\/\/xn--choeurprlude-ieb.be\/wp-content\/plugins\/shortcodes-ultimate\/vendor\/jplayer\/jplayer.swf\" data-autoplay=\"no\" data-loop=\"no\" style=\"\"><div id=\"su_audio_player_69f2fd9d16b41\" class=\"jp-jplayer\"><\/div><div id=\"su_audio_player_69f2fd9d16b41_container\" class=\"jp-audio\"><div class=\"jp-type-single\"><div class=\"jp-gui jp-interface\"><div class=\"jp-controls\"><span class=\"jp-play\"><\/span><span class=\"jp-pause\"><\/span><span class=\"jp-stop\"><\/span><span class=\"jp-mute\"><\/span><span class=\"jp-unmute\"><\/span><span class=\"jp-volume-max\"><\/span><\/div><div class=\"jp-progress\"><div class=\"jp-seek-bar\"><div class=\"jp-play-bar\"><\/div><\/div><\/div><div class=\"jp-volume-bar\"><div class=\"jp-volume-bar-value\"><\/div><\/div><div class=\"jp-current-time\"><\/div><div class=\"jp-duration\"><\/div><\/div><div class=\"jp-title\"><\/div><\/div><\/div><\/div>\n<p>Tutti (Interpr\u00e9tation \u00ab\u00a0Accentus\u00a0\u00bb):<\/p>\n<div class=\"su-audio\" data-id=\"su_audio_player_69f2fd9d16b88\" data-audio=\"http:\/\/xn--choeurprlude-ieb.be\/wp-content\/uploads\/2017\/09\/Alleluia-Haendel-Accentus-Concerto-K\u00f6ln-Nuit-Sacr\u00e9e-07.mp3\" data-swf=\"https:\/\/xn--choeurprlude-ieb.be\/wp-content\/plugins\/shortcodes-ultimate\/vendor\/jplayer\/jplayer.swf\" data-autoplay=\"no\" data-loop=\"no\" style=\"\"><div id=\"su_audio_player_69f2fd9d16b88\" class=\"jp-jplayer\"><\/div><div id=\"su_audio_player_69f2fd9d16b88_container\" class=\"jp-audio\"><div class=\"jp-type-single\"><div class=\"jp-gui jp-interface\"><div class=\"jp-controls\"><span class=\"jp-play\"><\/span><span class=\"jp-pause\"><\/span><span class=\"jp-stop\"><\/span><span class=\"jp-mute\"><\/span><span class=\"jp-unmute\"><\/span><span class=\"jp-volume-max\"><\/span><\/div><div class=\"jp-progress\"><div class=\"jp-seek-bar\"><div class=\"jp-play-bar\"><\/div><\/div><\/div><div class=\"jp-volume-bar\"><div class=\"jp-volume-bar-value\"><\/div><\/div><div class=\"jp-current-time\"><\/div><div class=\"jp-duration\"><\/div><\/div><div class=\"jp-title\"><\/div><\/div><\/div><\/div>\n[\/toggle]\n","protected":false},"excerpt":{"rendered":"<p>[toggle title=\u00a0\u00bbTCHAIKOVSKY &#8211; Eugene Onegin &#8211; Chorus of peasant girls (CH\u0152UR DE FEMMES)\u00a0\u00bb]&nbsp; Soprano 1:&nbsp; Soprano 2:&nbsp; Alto 1:&nbsp; Alto 2:&nbsp; TUTTI:&nbsp; [\/toggle] ________________________________________________________________ [toggle title=\u00a0\u00bbP. MASCAGNI &#8211; Regina coeli (Cavalleria Rusticana)\u00a0\u00bb] Soprano 1: Soprano 2:&nbsp; Alto: Tenor 1: Tenor &hellip; <a href=\"https:\/\/xn--choeurprlude-ieb.be\/?page_id=781\">Continuer la lecture <span class=\"meta-nav\">&rarr;<\/span><\/a><\/p>\n","protected":false},"author":14,"featured_media":0,"parent":163,"menu_order":20,"comment_status":"closed","ping_status":"closed","template":"","meta":{"footnotes":""},"_links":{"self":[{"href":"https:\/\/xn--choeurprlude-ieb.be\/index.php?rest_route=\/wp\/v2\/pages\/781"}],"collection":[{"href":"https:\/\/xn--choeurprlude-ieb.be\/index.php?rest_route=\/wp\/v2\/pages"}],"about":[{"href":"https:\/\/xn--choeurprlude-ieb.be\/index.php?rest_route=\/wp\/v2\/types\/page"}],"author":[{"embeddable":true,"href":"https:\/\/xn--choeurprlude-ieb.be\/index.php?rest_route=\/wp\/v2\/users\/14"}],"replies":[{"embeddable":true,"href":"https:\/\/xn--choeurprlude-ieb.be\/index.php?rest_route=%2Fwp%2Fv2%2Fcomments&post=781"}],"version-history":[{"count":8,"href":"https:\/\/xn--choeurprlude-ieb.be\/index.php?rest_route=\/wp\/v2\/pages\/781\/revisions"}],"predecessor-version":[{"id":2456,"href":"https:\/\/xn--choeurprlude-ieb.be\/index.php?rest_route=\/wp\/v2\/pages\/781\/revisions\/2456"}],"up":[{"embeddable":true,"href":"https:\/\/xn--choeurprlude-ieb.be\/index.php?rest_route=\/wp\/v2\/pages\/163"}],"wp:attachment":[{"href":"https:\/\/xn--choeurprlude-ieb.be\/index.php?rest_route=%2Fwp%2Fv2%2Fmedia&parent=781"}],"curies":[{"name":"wp","href":"https:\/\/api.w.org\/{rel}","templated":true}]}}