{"id":96,"date":"2017-01-25T10:56:25","date_gmt":"2017-01-25T09:56:25","guid":{"rendered":"http:\/\/xn--choeurprlude-ieb.be\/?page_id=96"},"modified":"2026-01-21T17:08:11","modified_gmt":"2026-01-21T16:08:11","slug":"informations-utiles","status":"publish","type":"page","link":"https:\/\/xn--choeurprlude-ieb.be\/?page_id=96","title":{"rendered":"Informations utiles"},"content":{"rendered":"<div><\/div>\n<div><\/div>\n<div><strong><span style=\"font-size: 16pt;\">Prochaines r\u00e9p\u00e9titions:\u00a0<\/span><\/strong><\/div>\n<div><\/div>\n<div><\/div>\n<div>\n<div>\n<div><span style=\"font-size: 16pt;\"><strong>&#8211; Lundi 26 janvier au local<\/strong><\/span><\/div>\n<div><\/div>\n<div><span style=\"font-size: 21.3333px;\"><b>Apporter All\u00e9luia de Thompson et Healing light de Jenkins<\/b><\/span><\/div>\n<div><span style=\"font-size: 21.3333px;\"><strong style=\"font-size: 24px;\">Nous avons \u00e9tudi\u00e9:<\/strong><\/span><\/div>\n<div><\/div>\n<\/div>\n<div>\n<div><strong><span style=\"font-size: 18pt;\">Ce lundi 19 janvier:<\/span><\/strong><\/div>\n<div><span style=\"font-size: 16pt;\">Morir non puo (Maddalena Casulana)<\/span><\/div>\n<div><span style=\"font-size: 16pt;\">Ave Regina Caelorum (Isabella Leonarda)<\/span><\/div>\n<div><\/div>\n<\/div>\n<div>\n<div><strong><span style=\"font-size: 18pt;\">Ce lundi 12 janvier:<\/span><\/strong><\/div>\n<div><span style=\"font-size: 16pt;\">Morir non puo (Maddalena Casulana)<\/span><\/div>\n<div><\/div>\n<\/div>\n<div><strong><span style=\"font-size: 16pt;\">Ce lundi 24 novembre:<\/span><\/strong><\/div>\n<div><span style=\"font-size: 16pt;\">Ave Regina Coelorum IV (Jan Dismas Zele<\/span><span style=\"font-size: 21.3333px;\">nka)<\/span><\/div>\n<div><span style=\"font-size: 16pt;\">No\u00ebl, No\u00ebl est venu (E. Daniel)<\/span><\/div>\n<div><span style=\"font-size: 16pt;\">Evening rise<\/span> (<span style=\"font-size: 21.3333px;\">M. Ansohn)<\/span><\/div>\n<div>\n<div><span style=\"font-size: 16pt;\">Cor meum est templum sacrum (Patricia Van Ness)<\/span><\/div>\n<div><span style=\"font-size: 16pt;\">In oculis Dei (Patricia Van Ness)<\/span><\/div>\n<\/div>\n<div><\/div>\n<div><strong><span style=\"font-size: 16pt;\">Ce samedi 22 novembre:\u00a0<\/span><\/strong><\/div>\n<div><span style=\"font-size: 16pt;\">The Wise Men and the Star (Olivier Tarney)<\/span><\/div>\n<div><span style=\"font-size: 16pt;\">MAGNIFICAT (F. Durante) 1 et 3<\/span><\/div>\n<div><span style=\"font-size: 16pt;\">El noi de la mare (E. cervera)<\/span><\/div>\n<div><span style=\"font-size: 16pt;\">Nothern Lights (Ola Gjeilo)<\/span><\/div>\n<div><\/div>\n<div>\n<div>\n<div><strong><span style=\"font-size: 16pt;\">Ce lundi 10 novembre:<\/span><\/strong><\/div>\n<div><span style=\"font-size: 16pt;\">Cor meum est templum sacrum (Patricia Van Ness)<\/span><\/div>\n<div><span style=\"font-size: 16pt;\">In oculis Dei (Patricia Van Ness)<\/span><\/div>\n<div><span style=\"font-size: 16pt;\">Ave Regina Coelorum IV (Jan Dismas Zele<\/span><span style=\"font-size: 21.3333px;\">nka)<\/span><\/div>\n<div><span style=\"font-size: 16pt;\">No\u00ebl de Bresse<\/span><\/div>\n<\/div>\n<\/div>\n<div><\/div>\n<div><strong><span style=\"font-size: 16pt;\">Ce samedi 8 novembre:<\/span><\/strong><\/div>\n<div><span style=\"font-size: 16pt;\">Cor meum est templum sacrum (Patricia Van Ness)<\/span><\/div>\n<div><span style=\"font-size: 16pt;\">In oculis Dei (Patricia Van Ness)<\/span><\/div>\n<div><span style=\"font-size: 16pt;\">Ring Christmas Bells (Mykola Leontovich)<\/span><\/div>\n<div><span style=\"font-size: 16pt;\">The Wise Men and the Star (Olivier Tarney)<\/span><\/div>\n<div><\/div>\n<div>\n<div><span style=\"font-size: 16pt;\"><strong>Ce lundi 3 novembre:<\/strong><\/span><\/div>\n<div><span style=\"font-size: 16pt;\">BAMBINO DIVINO (Gian Paolo Dal Dosso): tout<\/span><\/div>\n<div><span style=\"font-size: 16pt;\">SACRIS SOLEMNIIS (Claudio Casciolini): tout<\/span><\/div>\n<div><span style=\"font-size: 16pt;\">THE WISE MEN AND THE STAR (Olivier Tarney): tout<\/span><\/div>\n<div><\/div>\n<\/div>\n<div>\n<div><span style=\"font-size: 16pt;\"><strong>Ce lundi 27 octobre:<\/strong><\/span><\/div>\n<div><span style=\"font-size: 16pt;\">SACRIS SOLEMNIIS (Claudio Casciolini): tout<\/span><\/div>\n<div><span style=\"font-size: 16pt;\">BAMBINO DIVINO (Gian Paolo Dal Dosso): tout<\/span><\/div>\n<div><span style=\"font-size: 16pt;\">Karacsonyi bolcs\u00f6dal (Lajos Bardos)<\/span><\/div>\n<\/div>\n<div>\n<div><\/div>\n<\/div>\n<div><span style=\"font-size: 16pt;\"><strong>Ce lundi 20 octobre:<\/strong><\/span><\/div>\n<div><span style=\"font-size: 16pt;\">SACRIS SOLEMNIIS (Claudio Casciolini): tout<\/span><\/div>\n<div><span style=\"font-size: 16pt;\">BAMBINO DIVINO (Gian Paolo Dal Dosso): tout<\/span><\/div>\n<div><span style=\"font-size: 16pt;\">Ave Regina Coelorum IV (Jan Dismas Zele<\/span><span style=\"font-size: 21.3333px;\">nka): tout<\/span><\/div>\n<div>\n<div><\/div>\n<\/div>\n<\/div>\n<div><span style=\"font-size: 16pt;\"><strong>Ce lundi 6 octobre:<\/strong><\/span><\/div>\n<div><span style=\"font-size: 16pt;\">THE WISE MEN AND THE STAR (Olivier Tarney): tout<\/span><\/div>\n<div><span style=\"font-size: 16pt;\">ALLELUIA (R. Thompson): jusque mes. 50<\/span><\/div>\n<div>\n<div>\n<div><\/div>\n<\/div>\n<div><span style=\"font-size: 16pt;\"><strong>Ce lundi 25 ao\u00fbt:<\/strong><\/span><\/div>\n<div><span style=\"font-size: 16pt;\">Karacsonyi bolcs\u00f6dal (Lajos Bardos): tout<\/span><\/div>\n<div><span style=\"font-size: 16pt;\">Ave Regina Coelorum IV (Jan Dismas Zele<\/span><span style=\"font-size: 21.3333px;\">nka): mes. 1 \u00e0 +\/- 20<\/span><\/div>\n<div><\/div>\n<div><strong><span style=\"font-size: 16pt;\">Nous avons re\u00e7u les partitions de:<\/span><br \/>\n<\/strong><span style=\"font-size: 16pt;\">Karacsonyi bolcs\u00f6dal (Lajos Bardos)<\/span><\/div>\n<div><span style=\"font-size: 16pt;\">Ave Regina Coelorum IV (Jan Dismas Zelenka)<\/span><\/div>\n<div><span style=\"font-size: 16pt;\">The Wise Men and the Star (Olivier Tarney)<\/span><\/div>\n<\/div>\n<div><\/div>\n<div><span style=\"font-size: 16pt;\"><strong>Ce lundi 14 avril:<\/strong><\/span><\/div>\n<div><span style=\"font-size: 16pt;\">In oculis Dei (Patricia Van Ness): tout<\/span><\/div>\n<div><span style=\"font-size: 16pt;\">Alle eure Sorgen werfet auf den Herrn (Theodor Ch. REINHOLD): mes. 1 \u00e0<\/span><span style=\"font-size: 21.3333px;\">\u00a0<\/span><span style=\"font-size: 21.3333px;\">+\/-<\/span><span style=\"font-size: 16pt;\">\u00a025 selon les pupitres<\/span><\/div>\n<div><\/div>\n<div><\/div>\n<div><span style=\"font-size: 16pt;\"><strong>Ce samedi\u00a0 29 mars<\/strong><\/span><span style=\"font-size: 16pt;\"><strong>:<\/strong><\/span><\/div>\n<div><span style=\"font-size: 16pt;\">Missa Quadragesimalis . MH 552 (M. Haydn): <\/span><span style=\"font-size: 16pt;\">Tout<\/span><\/div>\n<div><span style=\"font-size: 16pt;\">An den Fl\u00fcssen Babylons: tout<\/span><\/div>\n<div><span style=\"font-size: 16pt;\">Nothern Lights (Ola Gjeilo): tout<\/span><\/div>\n<div><span style=\"font-size: 16pt;\">Cor meum est templum sacrum (Patricia Van Ness): tout<\/span><\/div>\n<div><\/div>\n<div><span style=\"font-size: 16pt;\"><strong>Ce lundi\u00a0 24 mars<\/strong><\/span><span style=\"font-size: 16pt;\"><strong>:<\/strong><\/span><\/div>\n<div>\n<div><span style=\"font-size: 16pt;\">Herr, wenn Tr\u00fcbsal da ist (G.A. Homiliuus)<\/span><\/div>\n<\/div>\n<div><span style=\"font-size: 21.3333px;\">Christus factus est (Goicoechea)<\/span><\/div>\n<div><span style=\"font-size: 16pt;\">Cor meum est templum sacrum (Patricia Van Ness)<\/span><\/div>\n<div><\/div>\n<div><span style=\"font-size: 16pt;\"><strong>Ce lundi 17 mars<\/strong><\/span><span style=\"font-size: 16pt;\"><strong>:<\/strong><\/span><\/div>\n<div>\n<div><span style=\"font-size: 16pt;\">STABAT MATER (Frantis\u00ebk T<span style=\"font-size: 12pt;\"><strong>\u016e<\/strong><\/span><\/span><span style=\"font-size: 16pt;\">ma):<\/span><\/div>\n<div><span style=\"font-size: 16pt;\">\u00a0 \u00a0 \u00a0 \u00a0 Part. 1, 2, 5, 6, 7 et 9:\u00a0 tout (avec orgue)<\/span><\/div>\n<\/div>\n<div><\/div>\n<div>\n<div><span style=\"font-size: 16pt;\"><strong>Ce lundi 10 mars<\/strong><\/span><span style=\"font-size: 16pt;\"><strong>:<\/strong><\/span><\/div>\n<div><span style=\"font-size: 16pt;\">Missa Quadragesimalis . MH 552 (M. Haydn)<\/span><\/div>\n<div>\u00a0<span style=\"font-size: 16pt;\">\u00a0 \u00a0 \u00a0 \u00a0 \u00a0 Sanctus: tout<\/span><\/div>\n<div><span style=\"font-size: 16pt;\">\u00a0 \u00a0 \u00a0 \u00a0 \u00a0 Agnus: presque tout<\/span><\/div>\n<\/div>\n<div><\/div>\n<div><span style=\"font-size: 16pt;\"><strong>Ce lundi 03 mars<\/strong><\/span><span style=\"font-size: 16pt;\"><strong>:<\/strong><\/span><\/div>\n<div><span style=\"font-size: 16pt;\">An den Fl\u00fcssen Babylons: tout<\/span><\/div>\n<div><span style=\"font-size: 16pt;\">Nothern Lights (Ola Gjeilo):\u00a0 presque tout<\/span><\/div>\n<div><\/div>\n<div><span style=\"font-size: 16pt;\"><strong>Ce 22 f\u00e9vrier<\/strong><\/span><span style=\"font-size: 16pt;\"><strong>:<\/strong><\/span><\/div>\n<div><span style=\"font-size: 16pt;\">Missa Quadragesimalis . MH 552 (M. Haydn)<\/span><\/div>\n<div><span style=\"font-size: 16pt;\">\u00a0 \u00a0 \u00a0 \u00a0 \u00a0Credo: tout<\/span><\/div>\n<div><span style=\"font-size: 16pt;\">An den Fl\u00fcssen Babylons: tout<\/span><\/div>\n<div><\/div>\n<div>\n<div><span style=\"font-size: 16pt;\"><strong>Ce 17 f\u00e9vrier<\/strong><\/span><span style=\"font-size: 16pt;\"><strong>:<\/strong><\/span><\/div>\n<div><span style=\"font-size: 16pt;\">STABAT MATER (Frantis\u00ebk T<span style=\"font-size: 12pt;\"><strong>\u016e<\/strong><\/span><\/span><span style=\"font-size: 16pt;\">ma):<\/span><\/div>\n<div><span style=\"font-size: 16pt;\">\u00a0 \u00a0 \u00a0 \u00a0 Part. 9, 10 et 11 (p.26 \u00e0 40):\u00a0 tout<\/span><\/div>\n<div><span style=\"font-size: 16pt;\">Missa Quadragesimalis . MH 552 (M. Haydn)<\/span><\/div>\n<div><span style=\"font-size: 16pt;\">\u00a0 \u00a0 \u00a0 \u00a0 Kyrie: tout<\/span><\/div>\n<div><\/div>\n<\/div>\n<div>\n<div><span style=\"font-size: 16pt;\"><strong>Ce 10 f\u00e9vrier<\/strong><\/span><span style=\"font-size: 16pt;\"><strong>:<\/strong><\/span><\/div>\n<div><span style=\"font-size: 16pt;\">STABAT MATER (Frantis\u00ebk T<span style=\"font-size: 12pt;\"><strong>\u016e<\/strong><\/span><\/span><span style=\"font-size: 16pt;\">ma):<\/span><\/div>\n<div><span style=\"font-size: 16pt;\">\u00a0 \u00a0 \u00a0 \u00a0 Part. 6 (p.14):\u00a0 tout<\/span><\/div>\n<div><span style=\"font-size: 16pt;\">\u00a0 \u00a0 \u00a0 \u00a0 Part. 7 (p.17): tout<\/span><\/div>\n<div>\n<div><span style=\"font-size: 21.3333px;\">Christus factus est (Goicoechea): tout<\/span><\/div>\n<\/div>\n<\/div>\n<div><\/div>\n<div>\n<div><span style=\"font-size: 16pt;\"><strong>Ce 08 f\u00e9vrier<\/strong><\/span><span style=\"font-size: 16pt;\"><strong>:<\/strong><\/span><\/div>\n<div><span style=\"font-size: 16pt;\">STABAT MATER (Frantis\u00ebk T<span style=\"font-size: 12pt;\"><strong>\u016e<\/strong><\/span><\/span><span style=\"font-size: 16pt;\">ma):<\/span><\/div>\n<div><span style=\"font-size: 16pt;\">\u00a0 \u00a0 \u00a0 \u00a0 Part. 6 (p.14):\u00a0 tout<\/span><\/div>\n<div><span style=\"font-size: 16pt;\">\u00a0 \u00a0 \u00a0 \u00a0 Part. 7 (p.17): tout<\/span><\/div>\n<div>\n<div><span style=\"font-size: 21.3333px;\">Christus factus est (Goicoechea): tout<\/span><\/div>\n<div>\n<div><span style=\"font-size: 16pt;\">Cor meum est templum sacrum (Patricia Van Ness): tout<\/span><\/div>\n<\/div>\n<\/div>\n<\/div>\n<div><\/div>\n<div>\n<div><span style=\"font-size: 16pt;\"><strong>Ce 3 f\u00e9vrier<\/strong><\/span><span style=\"font-size: 16pt;\"><strong>:<\/strong><\/span><\/div>\n<div><span style=\"font-size: 16pt;\">STABAT MATER (Frantis\u00ebk T<span style=\"font-size: 12pt;\"><strong>\u016e<\/strong><\/span><\/span><span style=\"font-size: 16pt;\">ma):<\/span><\/div>\n<div><span style=\"font-size: 16pt;\">\u00a0 \u00a0 \u00a0 \u00a0 Part. 2 (p.5): tout<\/span><\/div>\n<div><span style=\"font-size: 16pt;\">\u00a0 \u00a0 \u00a0 \u00a0 Part. 5 (p.13): tout<\/span><\/div>\n<div><span style=\"font-size: 16pt;\">\u00a0 \u00a0 \u00a0 \u00a0 Part. 6 (p.14): presque tout<\/span><\/div>\n<\/div>\n<div><\/div>\n<div>\n<div><span style=\"font-size: 16pt;\"><strong>Ce 27 janvier<\/strong><\/span><span style=\"font-size: 16pt;\"><strong>:<\/strong><\/span><\/div>\n<div><span style=\"font-size: 16pt;\">STABAT MATER (Frantis\u00ebk T<span style=\"font-size: 12pt;\"><strong>\u016e<\/strong><\/span><\/span><span style=\"font-size: 16pt;\">ma):<\/span><\/div>\n<div><span style=\"font-size: 16pt;\">\u00a0 \u00a0 \u00a0 \u00a0 Part. 11 (p.32): tout<\/span><\/div>\n<div><span style=\"font-size: 16pt;\">\u00a0 \u00a0 \u00a0 \u00a0 Part. 1: mes. 1 \u00e0 36<\/span><\/div>\n<\/div>\n<div><\/div>\n<div>\n<div><span style=\"font-size: 16pt;\"><strong>Ce 20 janvier<\/strong><\/span><span style=\"font-size: 16pt;\"><strong>:<\/strong><\/span><\/div>\n<div><span style=\"font-size: 16pt;\">STABAT MATER (Frantis\u00ebk T<span style=\"font-size: 12pt;\"><strong>\u016e<\/strong><\/span><\/span><span style=\"font-size: 16pt;\">ma):<\/span><\/div>\n<div><span style=\"font-size: 16pt;\">\u00a0 \u00a0 \u00a0 \u00a0 Part. 11 (p.32): tout<\/span><\/div>\n<\/div>\n<div><\/div>\n<div>\n<div><span style=\"font-size: 16pt;\"><strong>Ce 13 janvier<\/strong><\/span><span style=\"font-size: 16pt;\"><strong>:<\/strong><\/span><\/div>\n<div><span style=\"font-size: 16pt;\">Herr, wenn Tr\u00fcbsal da ist (G.A. Homiliuus): tout<\/span><\/div>\n<div><span style=\"font-size: 16pt;\">STABAT MATER (Frantis\u00ebk T<span style=\"font-size: 12pt;\"><strong>\u016e<\/strong><\/span><\/span><span style=\"font-size: 16pt;\">ma):<\/span><\/div>\n<div><span style=\"font-size: 16pt;\">\u00a0 \u00a0 \u00a0 \u00a0 Part. 10 (p.31): rapide r\u00e9vision de tout<\/span><\/div>\n<div><span style=\"font-size: 16pt;\">\u00a0 \u00a0 \u00a0 \u00a0 Part. 11 (p.32): mes. 1 \u00e0 15<\/span><\/div>\n<\/div>\n<div><\/div>\n<div><span style=\"font-size: 16pt;\"><strong>Ce 6 janvier<\/strong><\/span><span style=\"font-size: 16pt;\"><strong>:<\/strong><\/span><\/div>\n<div><span style=\"font-size: 16pt;\">Herr, wenn Tr\u00fcbsal da ist (G.A. Homiliuus): tout<\/span><\/div>\n<div><\/div>\n<div>\n<div><span style=\"font-size: 16pt;\"><strong>Ce 16 d\u00e9cembre<\/strong><\/span><span style=\"font-size: 16pt;\"><strong>:<\/strong><\/span><\/div>\n<div><span style=\"font-size: 16pt;\"><span style=\"font-size: 16pt;\">STABAT MATER (Frantis\u00ebk T<span style=\"font-size: 12pt;\"><strong>\u016e<\/strong><\/span><\/span><\/span><span style=\"font-size: 16pt;\">ma):<\/span><\/div>\n<div><span style=\"font-size: 16pt;\">\u00a0 \u00a0 \u00a0 \u00a0 Part. 5 (p.13): tout<\/span><\/div>\n<div><span style=\"font-size: 16pt;\">\u00a0 \u00a0 \u00a0 \u00a0 Part. 6 (p.14): tout<\/span><\/div>\n<div><span style=\"font-size: 16pt;\">\u00a0 \u00a0 \u00a0 \u00a0 Part. 7 (p.17): tout<\/span><\/div>\n<\/div>\n<div><\/div>\n<div>\n<div><span style=\"font-size: 16pt;\"><strong>Ce 9 d\u00e9cembre<\/strong><\/span><span style=\"font-size: 16pt;\"><strong>:<\/strong><\/span><\/div>\n<div><span style=\"font-size: 16pt;\">STABAT MATER (Frantis\u00ebk T<span style=\"font-size: 12pt;\"><strong>\u016e<\/strong><\/span>ma):<\/span><\/div>\n<div><span style=\"font-size: 16pt;\">\u00a0 \u00a0 \u00a0 \u00a0 Part. 1: mes. 1 \u00e0 36<\/span><\/div>\n<div><span style=\"font-size: 16pt;\">\u00a0 \u00a0 \u00a0 \u00a0 Part. 2 (p.5): mes. 1 \u00e0 29<\/span><\/div>\n<div><span style=\"font-size: 16pt;\">\u00a0 \u00a0 \u00a0 \u00a0 Part. 9 (p.26): mes 1 \u00e0 27<\/span><\/div>\n<div><span style=\"font-size: 16pt;\">\u00a0 \u00a0 \u00a0 \u00a0 Part. 10 (p.31): mes. 1 \u00e0 8<\/span><\/div>\n<div><span style=\"font-size: 16pt;\">\u00a0 \u00a0 \u00a0 \u00a0 Part. 11 (p.32): mes. 1 \u00e0 19<\/span><\/div>\n<div><\/div>\n<div><span style=\"font-size: 16pt;\">Herr, wenn Tr\u00fcbsal da ist (G.A. Homiliuus): tout<\/span><\/div>\n<\/div>\n<div><\/div>\n<div>\n<div><span style=\"font-size: 16pt;\"><strong>Ce 2 d\u00e9cembre<\/strong><\/span><span style=\"font-size: 16pt;\"><strong>:<\/strong><\/span><\/div>\n<div><span style=\"font-size: 16pt;\">STABAT MATER (Frantis\u00ebk T<span style=\"font-size: 12pt;\"><strong>\u016e<\/strong><\/span>ma):<\/span><\/div>\n<div><span style=\"font-size: 16pt;\">\u00a0 \u00a0 \u00a0 \u00a0 Part. 1: mes. 1 \u00e0 36<\/span><\/div>\n<div>\u00a0 \u00a0 \u00a0 \u00a0 \u00a0 \u00a0 \u00a0 \u00a0<span style=\"font-size: 16pt;\">Par. 2 (p.5): mes. 1 \u00e0 29<\/span><\/div>\n<div>\u00a0 \u00a0 \u00a0 \u00a0 \u00a0 \u00a0 \u00a0 <span style=\"font-size: 16pt;\">Part 9 (p.26): mes 1 \u00e0 27<\/span><\/div>\n<\/div>\n<div><\/div>\n<div><span style=\"font-size: 16pt;\"><strong>Ce 25 novembre<\/strong><\/span><span style=\"font-size: 16pt;\"><strong>:<\/strong><\/span><\/div>\n<div><span style=\"font-size: 16pt;\">STABAT MATER (Frantis\u00ebk T<span style=\"font-size: 12pt;\"><strong>\u016e<\/strong><\/span>ma):<\/span><\/div>\n<div><span style=\"font-size: 16pt;\">\u00a0 \u00a0 \u00a0 \u00a0 1. mes. 1 \u00e0 36<\/span><\/div>\n<div>\u00a0 \u00a0 \u00a0 \u00a0 \u00a0 \u00a0 \u00a0\u00a0<span style=\"font-size: 16pt;\">9. (p.26) mes 1 \u00e0 27<\/span><\/div>\n<div><\/div>\n<div>\n<div><span style=\"font-size: 16pt;\"><strong>Ce 18 novembre<\/strong><\/span><span style=\"font-size: 16pt;\"><strong>:<\/strong><\/span><\/div>\n<div><span style=\"font-size: 16pt;\">Herr, wenn Tr\u00fcbsal da ist (G.A. Homiliuus): mes. 1 \u00e0 45<\/span><\/div>\n<\/div>\n<div><\/div>\n<div><\/div>\n<div>\n<div><span style=\"font-size: 16pt;\"><strong>Ce 11 novembre<\/strong><\/span><span style=\"font-size: 16pt;\"><strong>:<\/strong><\/span><\/div>\n<div><span style=\"font-size: 16pt;\">Again (D. Lang) mes. 22 \u00e0 28<\/span><\/div>\n<div><span style=\"font-size: 16pt;\">Herr, wenn Tr\u00fcbsal da ist (G.A. Homiliuus): mes. 1 \u00e0 45<\/span><\/div>\n<\/div>\n<div><\/div>\n<div>\n<div><span style=\"font-size: 16pt;\"><strong>Ce 4 novembre<\/strong><\/span><span style=\"font-size: 16pt;\"><strong>:<\/strong><\/span><\/div>\n<div><span style=\"font-size: 16pt;\">Again (D. Lang) mes. 1 \u00e0 21<\/span><\/div>\n<div><span style=\"font-size: 16pt;\">Herr, wenn Tr\u00fcbsal da ist (G.A. Homiliuus): mes. 1 \u00e0 35<\/span><\/div>\n<\/div>\n<div><\/div>\n<div>\n<div><span style=\"font-size: 16pt;\"><strong>Ce 28 octobre<\/strong><\/span><span style=\"font-size: 16pt;\"><strong>:<\/strong><\/span><\/div>\n<div><span style=\"font-size: 16pt;\">Again (D. Lang)<\/span><\/div>\n<div><span style=\"font-size: 16pt;\">Herr, wenn Tr\u00fcbsal da ist (G.A. Homiliuus)<\/span><\/div>\n<\/div>\n<div><\/div>\n<div><span style=\"font-size: 16pt;\"><strong>Ce 21 octobre<\/strong><\/span><span style=\"font-size: 16pt;\"><strong>:<\/strong><\/span><\/div>\n<div><span style=\"font-size: 16pt;\">Again (D. Lang)<\/span><\/div>\n<div><span style=\"font-size: 16pt;\">Herr, wenn Tr\u00fcbsal da ist (G.A. Homiliuus)<\/span><\/div>\n<div><span style=\"font-size: 12pt;\"><em><strong>Nous avons re\u00e7u : <\/strong>Again pp 1 \u00e0 6<\/em><\/span><\/div>\n<div><span style=\"font-size: 12pt;\"><em>\u00a0 \u00a0 \u00a0 \u00a0 \u00a0 \u00a0 \u00a0 \u00a0 \u00a0 \u00a0 \u00a0 \u00a0 \u00a0 \u00a0 \u00a0 \u00a0 \u00a0 \u00a0 \u00a0 Herr, wenn Tr\u00fcbsal da ist pp 1 \u00e0 5<\/em><\/span><\/div>\n<div>\u00a0 \u00a0 \u00a0 \u00a0 \u00a0 \u00a0 \u00a0 \u00a0 \u00a0 \u00a0 \u00a0 \u00a0 \u00a0 \u00a0 \u00a0 \u00a0 \u00a0 \u00a0 \u00a0 \u00a0 \u00a0 \u00a0 \u00a0 \u00a0 \u00a0 <span style=\"font-size: 12pt;\">\u00a0Stabat Mater 1 p<\/span><\/div>\n<div><\/div>\n<div><span style=\"font-size: 16pt;\"><strong>Ce 19 septembre<\/strong><\/span><span style=\"font-size: 16pt;\"><strong>:<\/strong><\/span><\/div>\n<div><span style=\"font-size: 16pt;\">TOUT<\/span><\/div>\n<div><\/div>\n<div>\n<div><span style=\"font-size: 16pt;\"><strong>Ce 14 septembre<\/strong><\/span><span style=\"font-size: 16pt;\"><strong>:<\/strong><\/span><\/div>\n<div><span style=\"font-size: 16pt;\">Missa Quadragesimalis . MH 552 (M. Haydn)<\/span><\/div>\n<div><span style=\"font-size: 16pt;\">\u00a0 \u00a0 \u00a0 \u00a0 \u00a0 \u00a0 \u00a0Credo et Sanctus<\/span><\/div>\n<div><\/div>\n<\/div>\n<div><\/div>\n<div><span style=\"font-size: 16pt;\"><strong>Ce 9 septembre<\/strong><\/span><span style=\"font-size: 16pt;\"><strong>:<\/strong><\/span><\/div>\n<div><span style=\"font-size: 16pt;\">Missa Quadragesimalis . MH 552 (M. Haydn)<\/span><\/div>\n<div><\/div>\n<div>\n<div><span style=\"font-size: 16pt;\"><strong>Ce 2 septembre<\/strong><\/span><span style=\"font-size: 16pt;\"><strong>:<\/strong><\/span><\/div>\n<div><span style=\"font-size: 21.3333px;\">Cor meum est templum sacrum<\/span><\/div>\n<div><span style=\"font-size: 16pt;\">Northern Lights<\/span><\/div>\n<div><\/div>\n<\/div>\n<div><\/div>\n<div>\n<div><span style=\"font-size: 16pt;\"><strong>Ce 31 ao\u00fbt<\/strong><\/span><span style=\"font-size: 16pt;\"><strong>:<\/strong><\/span><\/div>\n<div><span style=\"font-size: 16pt;\">Missa Quadragesimalis . MH 552 (M. Haydn)<\/span><\/div>\n<div>\u00a0 \u00a0 \u00a0 \u00a0 \u00a0 \u00a0<span style=\"font-size: 16pt;\"> Agnus Dei (a.p.d. mes. 298)<\/span><\/div>\n<div><span style=\"font-size: 21.3333px;\">Cor meum est templum sacrum<\/span><\/div>\n<div><span style=\"font-size: 21.3333px;\">Christus factus est<\/span><\/div>\n<\/div>\n<div><\/div>\n<div>\n<div><span style=\"font-size: 16pt;\"><strong>Ce 26 ao\u00fbt<\/strong><\/span><span style=\"font-size: 16pt;\"><strong>:<\/strong><\/span><\/div>\n<div><span style=\"font-size: 16pt;\">An den Fl\u00fcssen Babylons<\/span><\/div>\n<div><span style=\"font-size: 21.3333px;\">Christus factus est<\/span><\/div>\n<div><\/div>\n<\/div>\n<div><span style=\"font-size: 16pt;\"><strong>Ce 19 ao\u00fbt<\/strong><\/span><span style=\"font-size: 16pt;\"><strong>:<\/strong><\/span><\/div>\n<div><span style=\"font-size: 16pt;\">An den Fl\u00fcssen Babylons: tout<\/span><\/div>\n<div><\/div>\n<div><\/div>\n<div>\n<div><span style=\"font-size: 16pt;\"><strong>Ce 1er juillet<\/strong><strong>:<\/strong><\/span><\/div>\n<div><span style=\"font-size: 21.3333px;\">Christus factus est (Goicoechea): mesures 1 \u00e0 44<\/span><\/div>\n<div>\n<div><span style=\"font-size: 16pt;\">Cor meum est templum sacrum (Patricia Van Ness);<\/span><\/div>\n<div><span style=\"font-size: 16pt;\">\u00a0 \u00a0 \u00a0 \u00a0 \u00a0 \u00a0 \u00a0 \u00a0 \u00a0mesures 1 \u00e0 57<\/span><\/div>\n<\/div>\n<div>\n<div><span style=\"font-size: 16pt;\">Nothern Lights (Ola Gjeilo)<\/span><\/div>\n<div><span style=\"font-size: 16pt;\">\u00a0 \u00a0 \u00a0 \u00a0 \u00a0 \u00a0 \u00a0 \u00a0 mesures 1 \u00e0 70<\/span><\/div>\n<\/div>\n<div><span style=\"font-size: 16pt;\">Missa Quadragesimalis . MH 552 (M. Haydn)<br \/>\nCredo: mesures 30 \u00e0 95<\/span><\/div>\n<\/div>\n<div><\/div>\n<div><span style=\"font-size: 16pt;\"><strong>Ce 24 juin<\/strong><strong>:<\/strong><\/span><\/div>\n<div><span style=\"font-size: 16pt;\">Missa Quadragesimalis . MH 552 (M. Haydn)<br \/>\nKyrie: tout<\/span><\/div>\n<div><span style=\"font-size: 16pt;\">Christus factus est (Goicoechea): mesures 1 \u00e0 44<\/span><\/div>\n<div><\/div>\n<div>\n<div><span style=\"font-size: 16pt;\"><strong>Ce 17 juin<\/strong><strong>:<\/strong><\/span><\/div>\n<div>\n<div><span style=\"font-size: 16pt;\">Missa Quadragesimalis . MH 552 (M. Haydn)<\/span><\/div>\n<div><span style=\"font-size: 16pt;\">\u00a0 \u00a0 \u00a0 \u00a0 \u00a0 \u00a0 \u00a0 \u00a0 \u00a0Agnus 4.1 et 4.2: mesures 298 \u00e0 356<\/span><\/div>\n<div><span style=\"font-size: 16pt;\">An den Fl\u00fcssen Babylons: mes. 1 \u00e0 50<\/span><\/div>\n<div>\n<div><span style=\"font-size: 16pt;\">Cor meum est templum sacrum (Patricia Van Ness);<\/span><\/div>\n<div><span style=\"font-size: 16pt;\">\u00a0 \u00a0 \u00a0 \u00a0 \u00a0 \u00a0 \u00a0 \u00a0 \u00a0mes. 1 \u00e0 57<\/span><\/div>\n<\/div>\n<\/div>\n<\/div>\n<div><\/div>\n<div>\n<div><span style=\"font-size: 16pt;\"><strong>Ce 10 juin<\/strong><strong>:<\/strong><\/span><\/div>\n<div>\n<div><span style=\"font-size: 16pt;\">Missa Quadragesimalis . MH 552 (M. Haydn)<\/span><\/div>\n<div><span style=\"font-size: 16pt;\">\u00a0 \u00a0 \u00a0 \u00a0 \u00a0 \u00a0 \u00a0 \u00a0 \u00a0Agnus 4.1 et 4.2: mesures 298 \u00e0 356<\/span><\/div>\n<div><span style=\"font-size: 16pt;\">An den Fl\u00fcssen Babylons: tout<\/span><\/div>\n<\/div>\n<\/div>\n<div><\/div>\n<div>\n<div><span style=\"font-size: 16pt;\"><strong>Ce 3 juin<\/strong><strong>:<\/strong><\/span><\/div>\n<div>\n<div><span style=\"font-size: 16pt;\">Nothern Lights (Ola Gjeilo)<\/span><\/div>\n<div><span style=\"font-size: 16pt;\">\u00a0 \u00a0 \u00a0 \u00a0 \u00a0 \u00a0 \u00a0 \u00a0 mes. 1 \u00e0 70<\/span><\/div>\n<\/div>\n<div>\n<div><span style=\"font-size: 16pt;\">Missa Quadragesimalis . MH 552 (M. Haydn)<\/span><\/div>\n<div><span style=\"font-size: 16pt;\">\u00a0 \u00a0 \u00a0 \u00a0 \u00a0 \u00a0 \u00a0 \u00a0 \u00a0Sanctus 3.1 et 3.2: mesures 200 \u00e0 309<\/span><\/div>\n<\/div>\n<\/div>\n<div><\/div>\n<div>\n<div><span style=\"font-size: 16pt;\"><strong>Ce 27 mai<\/strong><strong>:<\/strong><\/span><\/div>\n<div>\n<div><span style=\"font-size: 16pt;\">Nothern Lights (Ola Gjeilo)<\/span><\/div>\n<div><span style=\"font-size: 16pt;\">\u00a0 \u00a0 \u00a0 \u00a0 \u00a0 \u00a0 \u00a0 \u00a0 mes. 1 \u00e0 70<\/span><\/div>\n<\/div>\n<div>\n<div><span style=\"font-size: 16pt;\">Missa Quadragesimalis . MH 552 (M. Haydn)<\/span><\/div>\n<div><span style=\"font-size: 16pt;\">\u00a0 \u00a0 \u00a0 \u00a0 \u00a0 \u00a0 \u00a0 \u00a0 \u00a0Sanctus 3.1 et 3.2: mesures 200 \u00e0 297<\/span><\/div>\n<div><\/div>\n<\/div>\n<\/div>\n<div>\n<div><span style=\"font-size: 16pt;\"><strong>Ce 20 mai<\/strong><strong>:<\/strong><\/span><\/div>\n<div><span style=\"font-size: 16pt;\">Cor meum est templum sacrum (Patricia Van Ness);<\/span><\/div>\n<div><span style=\"font-size: 16pt;\">\u00a0 \u00a0 \u00a0 \u00a0 \u00a0 \u00a0 \u00a0 \u00a0 \u00a0mes. 1 \u00e0 57<\/span><\/div>\n<div>\n<div><span style=\"font-size: 16pt;\">Nothern Lights (Ola Gjeilo)<\/span><\/div>\n<div><span style=\"font-size: 16pt;\">\u00a0 \u00a0 \u00a0 \u00a0 \u00a0 \u00a0 \u00a0 \u00a0 mes. 1 \u00e0 70<\/span><\/div>\n<\/div>\n<div>\n<div><span style=\"font-size: 16pt;\">Missa Quadragesimalis . MH 552 (M. Haydn)<\/span><\/div>\n<div><span style=\"font-size: 16pt;\">\u00a0 \u00a0 \u00a0 \u00a0 \u00a0 \u00a0 \u00a0 \u00a0 \u00a0 Sanctus 3.1: mesures 200 \u00e0 257<\/span><\/div>\n<\/div>\n<\/div>\n<div><\/div>\n<div>\n<div><span style=\"font-size: 16pt;\"><strong>Ce 13 mai<\/strong><strong>:<\/strong><\/span><\/div>\n<div><span style=\"font-size: 16pt;\">Cor meum est templum sacrum (Patricia Van Ness); mes. 1 \u00e0 57<\/span><\/div>\n<div>\n<div><span style=\"font-size: 16pt;\">Missa Quadragesimalis . MH 552 (M. Haydn)<\/span><\/div>\n<div><span style=\"font-size: 16pt;\">\u00a0 \u00a0 \u00a0 \u00a0 \u00a0 \u00a0 \u00a0 \u00a0 \u00a04.2 Agnus &#8211; Dona nobis pacem: mesures 328 \u00e0 341<\/span><\/div>\n<div><\/div>\n<\/div>\n<\/div>\n<div>\n<div><span style=\"font-size: 16pt;\"><strong>Ce 29 avril<\/strong><strong>:<\/strong><\/span><\/div>\n<div><span style=\"font-size: 16pt;\">Christus factus est (Goicoechea): mesures 1 \u00e0 44<\/span><\/div>\n<div>\n<div><span style=\"font-size: 16pt;\">Nothern Lights (Ola Gjeilo)<\/span><\/div>\n<div><span style=\"font-size: 16pt;\">\u00a0 \u00a0 \u00a0 \u00a0 \u00a0 \u00a0 \u00a0 \u00a0 Mes. 1 \u00e0 45<\/span><\/div>\n<\/div>\n<\/div>\n<div><\/div>\n<div>\n<div><span style=\"font-size: 16pt;\"><strong>Ce 22 avril<\/strong><strong>:<\/strong><\/span><\/div>\n<div><span style=\"font-size: 16pt;\">Christus factus est (Goicoechea): mesures 1 \u00e0 44<\/span><\/div>\n<div>\n<div><span style=\"font-size: 16pt;\">Nothern Lights (Ola Gjeilo)<\/span><\/div>\n<div><span style=\"font-size: 16pt;\">\u00a0 \u00a0 \u00a0 \u00a0 \u00a0 \u00a0 \u00a0 \u00a0 Mes. 1 \u00e0 18<\/span><\/div>\n<\/div>\n<\/div>\n<div><\/div>\n<div><span style=\"font-size: 16pt;\"><strong>Ce 15 avril<\/strong><strong>:<\/strong><\/span><\/div>\n<div><span style=\"font-size: 16pt;\">Christus factus est (Goicoechea): mesures 1 \u00e0 33<\/span><\/div>\n<div>\n<div><span style=\"font-size: 16pt;\">Missa Quadragesimalis . MH 552 (M. Haydn)<\/span><\/div>\n<div><span style=\"font-size: 16pt;\">\u00a0 \u00a0 \u00a0 \u00a0 \u00a0Sanctus: mesures 200 \u00e0 241<\/span><\/div>\n<div><\/div>\n<\/div>\n<div>\n<div><span style=\"font-size: 16pt;\"><strong>Ce 8 avril<\/strong><strong>:<\/strong><\/span><\/div>\n<div><span style=\"font-size: 16pt;\">An den Fl\u00fcssen Babylons: tout<\/span><\/div>\n<div>\n<div><span style=\"font-size: 16pt;\">Missa Quadragesimalis . MH 552 (M. Haydn)<\/span><\/div>\n<div><span style=\"font-size: 16pt;\">\u00a0 \u00a0 \u00a0 \u00a0 \u00a0Sanctus: mesures 200 \u00e0 233<\/span><\/div>\n<div><span style=\"font-size: 16pt;\"><em>+ re\u00e7u feuilles pp 15 \u00e0 19<\/em><\/span><\/div>\n<\/div>\n<div><\/div>\n<\/div>\n<div><\/div>\n<div>\n<div><span style=\"font-size: 16pt;\"><strong>Ce 25 mars<\/strong><strong>:<\/strong><\/span><\/div>\n<div>\n<div><span style=\"font-size: 16pt;\">Missa Quadragesimalis . MH 552 (M. Haydn)<\/span><\/div>\n<div><span style=\"font-size: 16pt;\">\u00a0 \u00a0 \u00a0 \u00a0 \u00a0 \u00a0 \u00a0 \u00a0Credo: tout<\/span><\/div>\n<div><span style=\"font-size: 16pt;\">Nothern Lights (Ola Gjeilo)<\/span><\/div>\n<div><span style=\"font-size: 16pt;\">\u00a0 \u00a0 \u00a0 \u00a0 \u00a0 \u00a0 \u00a0 \u00a0 Mes. 1 \u00e0 18<\/span><\/div>\n<\/div>\n<\/div>\n<div><\/div>\n<div>\n<div><span style=\"font-size: 16pt;\"><strong>Ce 18 mars<\/strong><strong>:<\/strong><\/span><\/div>\n<div><span style=\"font-size: 16pt;\">An den Fl\u00fcssen Babylons: mesures 1 \u00e0 111<\/span><\/div>\n<div><span style=\"font-size: 16pt;\">Cor meum est templum sacrum (Patricia Van Ness); mes. 1 \u00e0 57<\/span><\/div>\n<div>\n<div><span style=\"font-size: 16pt;\">Missa Quadragesimalis . MH 552 (M. Haydn)<\/span><\/div>\n<div><span style=\"font-size: 16pt;\">\u00a0 \u00a0 \u00a0 \u00a0 \u00a0Sanctus: mesures 200 \u00e0 215<\/span><\/div>\n<div><\/div>\n<\/div>\n<\/div>\n<div>\n<div><span style=\"font-size: 14pt;\"><strong>Ce 11 mars<\/strong><strong>:<\/strong><\/span><\/div>\n<div><span style=\"font-size: 16pt;\">An den Fl\u00fcssen Babylons: mesures 1 \u00e0 92<\/span><\/div>\n<div><span style=\"font-size: 16pt;\">Cor meum est templum sacrum (Patricia Van Ness); mes. 1 \u00e0 20<\/span><\/div>\n<\/div>\n<div><\/div>\n<div>\n<div><span style=\"font-size: 14pt;\"><strong>Ce 4 mars<\/strong><strong>:<\/strong><\/span><\/div>\n<div><span style=\"font-size: 16pt;\">An den Fl\u00fcssen Babylons: mesures 1 \u00e0 75<\/span><\/div>\n<div><span style=\"font-size: 16pt;\">Missa Quadragesimalis . MH 552 (M. Haydn)<br \/>\n<\/span><\/div>\n<div><span style=\"font-size: 16pt;\">\u00a0 \u00a0 \u00a0 \u00a0 \u00a0Credo 2: mesures 88 \u00e0 125<\/span><\/div>\n<\/div>\n<div><\/div>\n<div>\n<div><span style=\"font-size: 14pt;\"><strong>Ce 26 f\u00e9vr<\/strong><strong>ier:<\/strong><\/span><\/div>\n<div><span style=\"font-size: 16pt;\">An den Fl\u00fcssen Babylons: mesures 1 \u00e0 54<\/span><\/div>\n<div><span style=\"font-size: 16pt;\">Missa Quadragesimalis . MH 552 (M. Haydn)<br \/>\n<\/span><\/div>\n<div><span style=\"font-size: 16pt;\">\u00a0 \u00a0 \u00a0 \u00a0 \u00a0Credo 2: mesures 88 \u00e0 91<\/span><\/div>\n<\/div>\n<div><\/div>\n<div>\n<div><span style=\"font-size: 14pt;\"><strong>Ce 19 f\u00e9vr<\/strong><strong>ier:<\/strong><\/span><\/div>\n<div><span style=\"font-size: 16pt;\">An den Fl\u00fcssen Babylons: mesures 1 \u00e0 54<\/span><\/div>\n<div><span style=\"font-size: 16pt;\">Missa Quadragesimalis . MH 552 (M. Haydn)<br \/>\n<\/span><\/div>\n<div><span style=\"font-size: 16pt;\">\u00a0 \u00a0 \u00a0 \u00a0 \u00a0Credo: mesures 1 \u00e0 95<\/span><\/div>\n<\/div>\n<div><\/div>\n<div>\n<div><span style=\"font-size: 14pt;\"><strong>Ce 04 f\u00e9vr<\/strong><strong>ier:<\/strong><\/span><\/div>\n<div><span style=\"font-size: 16pt;\">An den Fl\u00fcssen Babylons: mesures 1 \u00e0 28<\/span><\/div>\n<div><span style=\"font-size: 16pt;\">Missa Quadragesimalis . MH 552 (M. Haydn)<br \/>\n<\/span><\/div>\n<div><span style=\"font-size: 16pt;\">\u00a0 \u00a0 \u00a0 \u00a0 \u00a0Credo: mesures 1 \u00e0 73<\/span><\/div>\n<\/div>\n<div><\/div>\n<div>\n<div><span style=\"font-size: 14pt;\"><strong>Ce 22<\/strong><strong>\u00a0janvier:<\/strong><\/span><\/div>\n<div><span style=\"font-size: 16pt;\">Missa Quadragesimalis . MH 552 (M. Haydn)<br \/>\nKyrie: tout<\/span><\/div>\n<div><span style=\"font-size: 16pt;\">\u00a0 \u00a0 \u00a0 \u00a0 \u00a0Credo: mesures 1 \u00e0 63<\/span><\/div>\n<div><span style=\"font-size: 16pt;\">And the mother did weep (K. Jenkins)<\/span><\/div>\n<div><span style=\"font-size: 16pt;\">\u00a0 \u00a0 \u00a0 \u00a0 \u00a0survol rapide jusque mes. 28<\/span><\/div>\n<\/div>\n<div><\/div>\n<div>\n<div><span style=\"font-size: 14pt;\"><strong>Ce 15<\/strong><strong>\u00a0janvier:<\/strong><\/span><\/div>\n<div><span style=\"font-size: 16pt;\">Missa Quadragesimalis . MH 552 (M. Haydn)<br \/>\nKyrie: tout<\/span><\/div>\n<div><span style=\"font-size: 16pt;\">And the mother did weep (K. Jenkins)<\/span><\/div>\n<div><span style=\"font-size: 16pt;\">\u00a0 \u00a0 \u00a0 \u00a0 \u00a0pp 81 \u00e0 84 mes. 28<\/span><\/div>\n<\/div>\n<div><\/div>\n<div>\n<div>\n<div><\/div>\n<\/div>\n<div><span style=\"font-size: 14pt;\"><strong>Ce <\/strong><strong>08 janvier:<\/strong><\/span><\/div>\n<div><span style=\"font-size: 16pt;\">Missa Quadragesimalis . MH 552 (M. Haydn)<br \/>\nKyrie pp 2 et 3: d\u00e9chiffrage<\/span><\/div>\n<div><\/div>\n<\/div>\n<div><\/div>\n<div>\n<p><span style=\"font-size: 12pt;\"><strong><span style=\"text-decoration: underline;\">Voici quelques dates \u00e0 noter dans votre agenda<\/span>:<\/strong><\/span><\/p>\n<\/div>\n<p style=\"text-align: left;\">[\/toggle]<a id=\"repetitions\"><\/a><\/p>\n[toggle title=\u00a0\u00bbINFOS PROCHAINS CONCERTS \u00ab\u00a0]\n<p><span style=\"font-size: 16pt;\"><span style=\"text-decoration: underline;\"><strong>21 septembre 2024:<\/strong><\/span> Concert avec orgues Habay-La-Neuve<\/span><\/p>\n<p><img decoding=\"async\" src=\"http:\/\/xn--choeurprlude-ieb.be\/wp-content\/uploads\/2024\/09\/Programme-concert-21-septembre-2024-Habay-Orgue-et-PRELUDE.jpg\" \/><\/p>\n<p><span style=\"font-size: 16pt;\"><span style=\"text-decoration: underline;\"><strong>6 avril 2025 15H00:<\/strong><\/span> Concert Messancy<\/span><\/p>\n<div>\n<div class=\"gmail_signature\" dir=\"ltr\" data-smartmail=\"gmail_signature\">\n<div dir=\"ltr\">\n<div>\n<div dir=\"ltr\">\n<div>\n<div dir=\"ltr\">\n<div>\n<div dir=\"ltr\">\n<div>\n<div><\/div>\n<\/div>\n<\/div>\n<\/div>\n<\/div>\n<\/div>\n<\/div>\n<\/div>\n<\/div>\n<\/div>\n<\/div>\n<div>\n<div>\n<div>http:\/\/xn--choeurprlude-ieb.be\/wp-content\/uploads\/2023\/11\/Programme-St-Hubert.docx<\/div>\n<\/div>\n<\/div>\n<div class=\"gmail_default\"><i>\u00a0<\/i><\/div>\n<div class=\"gmail_default\"><i><b><u>Concert\u00a0\u00e0 Saint-Hubert, \u00c9glise Saint-Gilles<\/u><\/b>:\u00a0<strong>9 d\u00e9cembre \u00e0 18h<\/strong><br \/>\n<\/i><\/div>\n<div>\u00a0 \u00a0<strong>RDV sur place 16H00<\/strong><\/div>\n<div><\/div>\n<div>\n<div><em><strong>Programme<\/strong><\/em><\/div>\n<div><\/div>\n<div>\n<table width=\"680\">\n<tbody>\n<tr>\n<td width=\"66\"><strong>\u00a0<\/strong><\/td>\n<td width=\"111\"><strong>Coc<\/strong><strong>her<\/strong><strong><u>\u00a0<\/u><\/strong><strong><u>ceux\u00a0<\/u><\/strong><strong><u>que vous n\u2019avez pas<\/u><\/strong><strong>\u00a0<\/strong><\/td>\n<td width=\"237\"><strong>Titre<\/strong><\/td>\n<td width=\"266\"><strong>Auteur ou origine<\/strong><\/td>\n<\/tr>\n<tr>\n<td width=\"66\">1.<\/td>\n<td width=\"111\"><\/td>\n<td width=\"237\">Evening rise<\/td>\n<td width=\"266\">Chant traditionnel des Am\u00e9rin\u00addiens, arrangement\u00a0: Meinhard ANSOHN<\/td>\n<\/tr>\n<tr>\n<td width=\"66\">2.<\/td>\n<td width=\"111\"><\/td>\n<td width=\"237\">Cantate Domino<\/td>\n<td width=\"266\">Hans Leo HASSLER (Allemagne 1564 \u2013 1612)<\/td>\n<\/tr>\n<tr>\n<td width=\"66\">3.<\/td>\n<td width=\"111\"><\/td>\n<td width=\"237\">Alleluia \u2013 Extrait de\u00a0<em>Der Herr ist mit mir<\/em><\/td>\n<td width=\"266\">Dietrich BUXTEHUDE (Allemagne 1637 \u2013 1707)<\/td>\n<\/tr>\n<tr>\n<td width=\"66\">4.<\/td>\n<td width=\"111\"><\/td>\n<td width=\"237\">Ave Regina coelorum<\/td>\n<td width=\"266\">Antonio LOTTI (Italie 1666 \u2013 1740)<\/td>\n<\/tr>\n<tr>\n<td width=\"66\">5.<\/td>\n<td width=\"111\"><\/td>\n<td width=\"237\">Magnificat\u00a0: ch\u0153ur 1 \u2013 Magnificat<\/td>\n<td width=\"266\">Francesco DURANTE (Italie 1684 \u2013 1755)<\/td>\n<\/tr>\n<tr>\n<td width=\"66\">6.<\/td>\n<td width=\"111\"><\/td>\n<td width=\"237\">Magnificat\u00a0: ch\u0153ur 3 \u2013 Deposuit potentes<\/td>\n<td width=\"266\">Francesco DURANTE (Italie 1684 \u2013 1755)<\/td>\n<\/tr>\n<tr>\n<td width=\"66\">7.<\/td>\n<td width=\"111\"><\/td>\n<td width=\"237\">Ave Maria<\/td>\n<td width=\"266\">Anonyme<\/td>\n<\/tr>\n<tr>\n<td width=\"66\">8.<\/td>\n<td width=\"111\"><\/td>\n<td width=\"237\">Halleluja<\/td>\n<td width=\"266\">Heinz Martin LONQUICH (Allemagne 1937 \u2013 2014)<\/td>\n<\/tr>\n<tr>\n<td width=\"66\">9.<\/td>\n<td width=\"111\"><\/td>\n<td width=\"237\">Cantate Domino<\/td>\n<td width=\"266\">Karl JENKINS (Angleterre 1944 \u2013\u00a0\u00a0\u00a0\u00a0\u00a0 )<\/td>\n<\/tr>\n<tr>\n<td width=\"66\">10.<\/td>\n<td width=\"111\"><\/td>\n<td width=\"237\">Veni, veni Emmanuel<\/td>\n<td width=\"266\">Zoltan KODALY (Hongrie 1882 \u2013 1967)<\/td>\n<\/tr>\n<tr>\n<td width=\"66\">11.<\/td>\n<td width=\"111\"><\/td>\n<td width=\"237\">Der Mensch, vom Weibe geboren<\/td>\n<td width=\"266\">Johann Christoph BACH (Allemagne 1642 \u2013 1703)<\/td>\n<\/tr>\n<tr>\n<td width=\"66\">12.<\/td>\n<td width=\"111\"><\/td>\n<td width=\"237\">Ich steh an deiner Krippe hier, extrait de l\u2019<em>Oroatorio de No\u00ebl<\/em>\u00a0BWV 248<\/td>\n<td width=\"266\">Jean-S\u00e9bastien BACH (Allemagne 1685-1750)<\/td>\n<\/tr>\n<tr>\n<td width=\"66\">13.<\/td>\n<td width=\"111\"><\/td>\n<td width=\"237\">The Holly and the Ivy<\/td>\n<td width=\"266\">Vieille m\u00e9lodie fran\u00e7aise<\/td>\n<\/tr>\n<tr>\n<td width=\"66\">14.<\/td>\n<td width=\"111\"><\/td>\n<td width=\"237\">Lully, Lulla<\/td>\n<td width=\"266\">Philip STOPFORD (Angleterre 1977 \u2013\u00a0\u00a0\u00a0 )<\/td>\n<\/tr>\n<tr>\n<td width=\"66\">15.<\/td>\n<td width=\"111\"><\/td>\n<td width=\"237\">Ring Christmas Bells<\/td>\n<td width=\"266\">Mykola LEONTOVITCH (Ukraine 1877 \u2013 1921)<\/td>\n<\/tr>\n<tr>\n<td width=\"66\">16.<\/td>\n<td width=\"111\"><\/td>\n<td width=\"237\">Nova Radist stala<\/td>\n<td width=\"266\">No\u00ebl Ukrainien<\/td>\n<\/tr>\n<tr>\n<td width=\"66\">17.<\/td>\n<td width=\"111\"><\/td>\n<td width=\"237\">Merveille que les anges<\/td>\n<td width=\"266\">Arrangement David WILLICKS<\/td>\n<\/tr>\n<tr>\n<td width=\"66\">18.<\/td>\n<td width=\"111\"><\/td>\n<td width=\"237\">Entre le b\u0153uf et l\u2019\u00e2ne gris<\/td>\n<td width=\"266\">Arrangement\u00a0: Bernard DEWAGTER<\/td>\n<\/tr>\n<tr>\n<td width=\"66\">19.<\/td>\n<td width=\"111\"><\/td>\n<td width=\"237\">Marche des Rois<\/td>\n<td width=\"266\">No\u00ebl de Lully, (th\u00e8me \u00e9galement de l\u2019Arl\u00e9sienne de Bizet) \u00a0harm.\u00a0: Joseph NOYON<\/td>\n<\/tr>\n<tr>\n<td width=\"66\">20.<\/td>\n<td width=\"111\"><\/td>\n<td width=\"237\">No\u00ebl de Bresse<\/td>\n<td width=\"266\">Harm. Michel GENTILHOMME<\/td>\n<\/tr>\n<tr>\n<td width=\"66\">21.<\/td>\n<td width=\"111\"><\/td>\n<td width=\"237\">El noi de la Mare<\/td>\n<td width=\"266\">Harm. Ernest CERVERA (Espagne, Catalogne)<\/td>\n<\/tr>\n<tr>\n<td width=\"66\">22.<\/td>\n<td width=\"111\"><\/td>\n<td width=\"237\">Adeste<\/td>\n<td width=\"266\">John Francis WADE (Angleterre 1711 \u2013 1786) \u2013 Harm. Joseph GELINEAU<\/td>\n<\/tr>\n<tr>\n<td width=\"66\"><\/td>\n<td width=\"111\"><\/td>\n<td width=\"237\"><\/td>\n<td width=\"266\"><\/td>\n<\/tr>\n<tr>\n<td width=\"66\">23.<\/td>\n<td width=\"111\"><\/td>\n<td width=\"237\">O Ntei Ya Butu<\/td>\n<td><\/td>\n<\/tr>\n<\/tbody>\n<\/table>\n<\/div>\n<\/div>\n<div><em><strong><i><b>Concert\u00a0<\/b><\/i>Virton:\u00a0le\u00a0<i>15 d\u00e9cembre.<\/i><\/strong><\/em><\/div>\n<div><\/div>\n<div class=\"gmail_default\"><i><b>Concert<\/b>\u00a0<\/i><em><em><strong>Esch sur Alzette:\u00a0le\u00a0<i>16 d\u00e9cembre.<br \/>\n<\/i><\/strong><\/em><\/em><\/div>\n<div><\/div>\n<div>[\/toggle]<\/div>\n<div>[divider]<\/div>\n<div id=\"m_-5178278219777519289yiv4459892827\">CONCERNANT LE SITE WHATSAPP : merci de ne l&rsquo;utiliser QUE POUR LES COMMUNICATIONS PR\u00c9LUDE.\u00a0 Ni pour des pubs, des coups de c\u0153ur ou accus\u00e9s de r\u00e9ception\u00a0 \u00a0sauf si ceux-ci sont demand\u00e9s.<\/div>\n<div id=\"m_-5178278219777519289yiv4459892827\">Merci pour votre lecture. Bon dimanche et \u00e0 demain<\/div>\n<div id=\"m_-5178278219777519289yiv4459892827\">Marie-Jeanne<\/div>\n<p style=\"text-align: left;\">[divider]\n<p style=\"text-align: left;\">[toggle title=\u00a0\u00bbNUMERO DE COMPTE DU\u00a0CHOEUR\u00a0\u00bb color=\u00a0\u00bb#c9f571&Prime;]IBAN: BE35 2670 0473 5437[\/toggle]<a id=\"repetitions\"><\/a><\/p>\n[toggle title=\u00a0\u00bbUNIFORME \u00ab\u00a0]\n<div>\n<div>\n<div>\n<div><span style=\"text-decoration: underline;\"><span style=\"font-size: 14pt;\">Nouveaut\u00e9 d\u00e9cembre 2018<\/span><\/span><\/div>\n<div><\/div>\n<div class=\"gmail_default\"><span style=\"font-size: 12pt;\">Colette et Pierre ont \u00e9t\u00e9 r\u00e9cemment en Tha\u00eflande, pays r\u00e9put\u00e9 pour les tissus en soie.<\/span><\/div>\n<div class=\"gmail_default\"><span style=\"font-size: 12pt;\">Avant leur d\u00e9part, Pierre avait propos\u00e9 au comit\u00e9 d&rsquo;acheter des foulards en soie pour la chorale. Ils sont revenus de Tha\u00eflande avec des foulards et ceux-ci vous seront remis lors de la r\u00e9p\u00e9tition de samedi. Ces foulards seront pay\u00e9s par la caisse de Pr\u00e9lude.<\/span><\/div>\n<div class=\"gmail_default\"><span style=\"font-size: 12pt;\">Nous vous remettrons un petit document qui vous expliquera comment entretenir ces foulards en soie. Merci d&rsquo;en prendre soin.<\/span><\/div>\n<div class=\"gmail_default\"><span style=\"font-size: 12pt;\">Les hommes auront une petite pochette en soie.<\/span><\/div>\n<\/div>\n<\/div>\n<\/div>\n[\/toggle]\n<div>\n<div class=\"gmail_default\"><\/div>\n<\/div>\n","protected":false},"excerpt":{"rendered":"<p>Prochaines r\u00e9p\u00e9titions:\u00a0 &#8211; Lundi 26 janvier au local Apporter All\u00e9luia de Thompson et Healing light de Jenkins Nous avons \u00e9tudi\u00e9: Ce lundi 19 janvier: Morir non puo (Maddalena Casulana) Ave Regina Caelorum (Isabella Leonarda) Ce lundi 12 janvier: Morir non &hellip; <a href=\"https:\/\/xn--choeurprlude-ieb.be\/?page_id=96\">Continuer la lecture <span class=\"meta-nav\">&rarr;<\/span><\/a><\/p>\n","protected":false},"author":14,"featured_media":0,"parent":76,"menu_order":20,"comment_status":"closed","ping_status":"closed","template":"","meta":{"footnotes":""},"_links":{"self":[{"href":"https:\/\/xn--choeurprlude-ieb.be\/index.php?rest_route=\/wp\/v2\/pages\/96"}],"collection":[{"href":"https:\/\/xn--choeurprlude-ieb.be\/index.php?rest_route=\/wp\/v2\/pages"}],"about":[{"href":"https:\/\/xn--choeurprlude-ieb.be\/index.php?rest_route=\/wp\/v2\/types\/page"}],"author":[{"embeddable":true,"href":"https:\/\/xn--choeurprlude-ieb.be\/index.php?rest_route=\/wp\/v2\/users\/14"}],"replies":[{"embeddable":true,"href":"https:\/\/xn--choeurprlude-ieb.be\/index.php?rest_route=%2Fwp%2Fv2%2Fcomments&post=96"}],"version-history":[{"count":335,"href":"https:\/\/xn--choeurprlude-ieb.be\/index.php?rest_route=\/wp\/v2\/pages\/96\/revisions"}],"predecessor-version":[{"id":3271,"href":"https:\/\/xn--choeurprlude-ieb.be\/index.php?rest_route=\/wp\/v2\/pages\/96\/revisions\/3271"}],"up":[{"embeddable":true,"href":"https:\/\/xn--choeurprlude-ieb.be\/index.php?rest_route=\/wp\/v2\/pages\/76"}],"wp:attachment":[{"href":"https:\/\/xn--choeurprlude-ieb.be\/index.php?rest_route=%2Fwp%2Fv2%2Fmedia&parent=96"}],"curies":[{"name":"wp","href":"https:\/\/api.w.org\/{rel}","templated":true}]}}